{"id":2799,"date":"2021-11-08T20:51:46","date_gmt":"2021-11-08T20:51:46","guid":{"rendered":"http:\/\/www.losataos.org\/w\/?page_id=2799"},"modified":"2021-11-08T20:51:48","modified_gmt":"2021-11-08T20:51:48","slug":"fotografias-2013","status":"publish","type":"page","link":"https:\/\/www.losataos.org\/w\/fotografias-2013\/","title":{"rendered":"Fotograf\u00edas 2013"},"content":{"rendered":"<div id=\"wppb-builder-container\" class=\"wppb-builder-container\">                <div  class=\"wppb-row-parent  wppb-row-1636306637285 \"  >\n\t\t\t\t\t\n\t\t\t\t\t\t\t\t\t\t\n\t\t\t\t\t\t\t\t\t\t\n\t\t\t\t\t<div class=\"wppb-container \">\n\t\t\t\t\t\t\t\t\t\t\t\t\t\n                        <div class=\"wppb-row\">\n\t\t\t\t\t\t\t                                    <div  class=\"wppb-column-parent wppb-column-parent-view wppb-col-1636306637282  \"  >\n                                        <div class=\"wppb-column\">\n\t\t\t\t\t\n\t\t\t\t\t\t\t\t\t\t\t\n                                            <div class=\"wppb-builder-addons\">\n\t\t\t\t\t\t\t\t\t\t\t\t<div class='wppb-builder-addon wppb-addon-1636306637094'  data-addon-id='1636306637094'><div class='wppb-addon'><div class=\"wppb-person-addon\"><div class=\"wppb-person-addon-content person-layout-one\"><div class=\"wppb-person-image\"><img decoding=\"async\" class=\"wppb-person-addon-img\" src=\"http:\/\/www.losataos.org\/w\/wp-content\/uploads\/2012_1.jpg\" alt=\"Jueves Lardero\"><\/div><div class=\"wppb-person-information\"><span class=\"wppb-person-name\"><a  href=\"https:\/\/photos.app.goo.gl\/sb5dJPusoQ9FkuUZ6\" target=_blank>Jueves Lardero<\/a><\/span><\/div><\/div><\/div><\/div><\/div>                                            <\/div>\n                                        <\/div>\n                                    <\/div>\n\t\t\t\t\t\t\t\t\t                                    <div  class=\"wppb-column-parent wppb-column-parent-view wppb-col-1636306637283  \"  >\n                                        <div class=\"wppb-column\">\n\t\t\t\t\t\n\t\t\t\t\t\t\t\t\t\t\t\n                                            <div class=\"wppb-builder-addons\">\n\t\t\t\t\t\t\t\t\t\t\t\t<div class='wppb-builder-addon wppb-addon-1636306637092'  data-addon-id='1636306637092'><div class='wppb-addon'><div class=\"wppb-person-addon\"><div class=\"wppb-person-addon-content person-layout-one\"><div class=\"wppb-person-image\"><img decoding=\"async\" class=\"wppb-person-addon-img\" src=\"http:\/\/www.losataos.org\/w\/wp-content\/uploads\/2012_2.jpg\" alt=\"Subida de Carnaval - 1\u00aa\"><\/div><div class=\"wppb-person-information\"><span class=\"wppb-person-name\"><a  href=\"https:\/\/photos.app.goo.gl\/L1nq2b9sJQdBR8Qm8\" target=_blank>Subida de Carnaval - 1\u00aa<\/a><\/span><\/div><\/div><\/div><\/div><\/div>                                            <\/div>\n                                        <\/div>\n                                    <\/div>\n\t\t\t\t\t\t\t\t\t                                    <div  class=\"wppb-column-parent wppb-column-parent-view wppb-col-1636306637284  \"  >\n                                        <div class=\"wppb-column\">\n\t\t\t\t\t\n\t\t\t\t\t\t\t\t\t\t\t\n                                            <div class=\"wppb-builder-addons\">\n\t\t\t\t\t\t\t\t\t\t\t\t<div class='wppb-builder-addon wppb-addon-1636306637090'  data-addon-id='1636306637090'><div class='wppb-addon'><div class=\"wppb-person-addon\"><div class=\"wppb-person-addon-content person-layout-one\"><div class=\"wppb-person-image\"><img decoding=\"async\" class=\"wppb-person-addon-img\" src=\"http:\/\/www.losataos.org\/w\/wp-content\/uploads\/2012_3.jpg\" alt=\"Subida de Tentaciones - 2\u00aa\"><\/div><div class=\"wppb-person-information\"><span class=\"wppb-person-name\"><a  href=\"https:\/\/photos.app.goo.gl\/2Wgy1Rw3BcWxVSNE9\" target=_blank>Subida de Tentaciones - 2\u00aa<\/a><\/span><\/div><\/div><\/div><\/div><\/div>                                            <\/div>\n                                        <\/div>\n                                    <\/div>\n\t\t\t\t\t\t\t\t\t                        <\/div>\n\n                    <\/div>\n                <\/div>\n\t\t\t\t                <div  class=\"wppb-row-parent  wppb-row-1636306637088 \"  >\n\t\t\t\t\t\n\t\t\t\t\t\t\t\t\t\t\n\t\t\t\t\t\t\t\t\t\t\n\t\t\t\t\t<div class=\"wppb-container \">\n\t\t\t\t\t\t\t\t\t\t\t\t\t\n                        <div class=\"wppb-row\">\n\t\t\t\t\t\t\t                                    <div  class=\"wppb-column-parent wppb-column-parent-view wppb-col-1636306637089  \"  >\n                                        <div class=\"wppb-column\">\n\t\t\t\t\t\n\t\t\t\t\t\t\t\t\t\t\t\n                                            <div class=\"wppb-builder-addons\">\n\t\t\t\t\t\t\t\t\t\t\t\t<div class='wppb-builder-addon wppb-addon-1636306637281'  data-addon-id='1636306637281'><div class='wppb-addon'><div class=\"wppb-person-addon\"><div class=\"wppb-person-addon-content person-layout-one\"><div class=\"wppb-person-image\"><img decoding=\"async\" class=\"wppb-person-addon-img\" src=\"http:\/\/www.losataos.org\/w\/wp-content\/uploads\/2012_4.jpg\" alt=\"Comida Virgen de la Gu\u00eda\"><\/div><div class=\"wppb-person-information\"><span class=\"wppb-person-name\"><a  href=\"https:\/\/photos.app.goo.gl\/aszEByUAQDPt6YRz7\" target=_blank>Comida Virgen de la Gu\u00eda<\/a><\/span><\/div><\/div><\/div><\/div><\/div>                                            <\/div>\n                                        <\/div>\n                                    <\/div>\n\t\t\t\t\t\t\t\t\t                                    <div  class=\"wppb-column-parent wppb-column-parent-view wppb-col-1636306637091  \"  >\n                                        <div class=\"wppb-column\">\n\t\t\t\t\t\n\t\t\t\t\t\t\t\t\t\t\t\n                                            <div class=\"wppb-builder-addons\">\n\t\t\t\t\t\t\t\t\t\t\t\t<div class='wppb-builder-addon wppb-addon-1636306637279'  data-addon-id='1636306637279'><div class='wppb-addon'><div class=\"wppb-person-addon\"><div class=\"wppb-person-addon-content person-layout-one\"><div class=\"wppb-person-image\"><img decoding=\"async\" class=\"wppb-person-addon-img\" src=\"http:\/\/www.losataos.org\/w\/wp-content\/uploads\/2012_5.jpg\" alt=\"Subida de Transfiguraci\u00f3n - 3\u00aa\"><\/div><div class=\"wppb-person-information\"><span class=\"wppb-person-name\"><a  href=\"https:\/\/photos.app.goo.gl\/vXKErFbwX6hFjb3W6\" target=_blank>Subida de Transfiguraci\u00f3n - 3\u00aa<\/a><\/span><\/div><\/div><\/div><\/div><\/div>                                            <\/div>\n                                        <\/div>\n                                    <\/div>\n\t\t\t\t\t\t\t\t\t                                    <div  class=\"wppb-column-parent wppb-column-parent-view wppb-col-1636306637093  \"  >\n                                        <div class=\"wppb-column\">\n\t\t\t\t\t\n\t\t\t\t\t\t\t\t\t\t\t\n                                            <div class=\"wppb-builder-addons\">\n\t\t\t\t\t\t\t\t\t\t\t\t<div class='wppb-builder-addon wppb-addon-1636306637277'  data-addon-id='1636306637277'><div class='wppb-addon'><div class=\"wppb-person-addon\"><div class=\"wppb-person-addon-content person-layout-one\"><div class=\"wppb-person-image\"><img decoding=\"async\" class=\"wppb-person-addon-img\" src=\"http:\/\/www.losataos.org\/w\/wp-content\/uploads\/2012_6.jpg\" alt=\"Subida Diablo Mudo - 4\u00aa\"><\/div><div class=\"wppb-person-information\"><span class=\"wppb-person-name\"><a  href=\"https:\/\/photos.app.goo.gl\/KAdVKf5buRVdEfzg9\" target=_blank>Subida Diablo Mudo - 4\u00aa<\/a><\/span><\/div><\/div><\/div><\/div><\/div>                                            <\/div>\n                                        <\/div>\n                                    <\/div>\n\t\t\t\t\t\t\t\t\t                        <\/div>\n\n                    <\/div>\n                <\/div>\n\t\t\t\t                <div  class=\"wppb-row-parent  wppb-row-1636306636779 \"  >\n\t\t\t\t\t\n\t\t\t\t\t\t\t\t\t\t\n\t\t\t\t\t\t\t\t\t\t\n\t\t\t\t\t<div class=\"wppb-container \">\n\t\t\t\t\t\t\t\t\t\t\t\t\t\n                        <div class=\"wppb-row\">\n\t\t\t\t\t\t\t                                    <div  class=\"wppb-column-parent wppb-column-parent-view wppb-col-1636306636776  \"  >\n                                        <div class=\"wppb-column\">\n\t\t\t\t\t\n\t\t\t\t\t\t\t\t\t\t\t\n                                            <div class=\"wppb-builder-addons\">\n\t\t\t\t\t\t\t\t\t\t\t\t<div class='wppb-builder-addon wppb-addon-1636306656979'  data-addon-id='1636306656979'><div class='wppb-addon'><div class=\"wppb-person-addon\"><div class=\"wppb-person-addon-content person-layout-one\"><div class=\"wppb-person-image\"><img decoding=\"async\" class=\"wppb-person-addon-img\" src=\"http:\/\/www.losataos.org\/w\/wp-content\/uploads\/2012_7.jpg\" alt=\"Subida de Pan y Peces - 5\u00aa\"><\/div><div class=\"wppb-person-information\"><span class=\"wppb-person-name\"><a  href=\"https:\/\/photos.app.goo.gl\/KAdVKf5buRVdEfzg9\" target=_blank>Subida de Pan y Peces - 5\u00aa<\/a><\/span><\/div><\/div><\/div><\/div><\/div>                                            <\/div>\n                                        <\/div>\n                                    <\/div>\n\t\t\t\t\t\t\t\t\t                                    <div  class=\"wppb-column-parent wppb-column-parent-view wppb-col-1636306636777  \"  >\n                                        <div class=\"wppb-column\">\n\t\t\t\t\t\n\t\t\t\t\t\t\t\t\t\t\t\n                                            <div class=\"wppb-builder-addons\">\n\t\t\t\t\t\t\t\t\t\t\t\t<div class='wppb-builder-addon wppb-addon-1636306636855'  data-addon-id='1636306636855'><div class='wppb-addon'><div class=\"wppb-person-addon\"><div class=\"wppb-person-addon-content person-layout-one\"><div class=\"wppb-person-image\"><img decoding=\"async\" class=\"wppb-person-addon-img\" src=\"http:\/\/www.losataos.org\/w\/wp-content\/uploads\/2012_8.jpg\" alt=\"Subida de Pasi\u00f3n - 6\u00aa\"><\/div><div class=\"wppb-person-information\"><span class=\"wppb-person-name\"><a  href=\"https:\/\/photos.app.goo.gl\/vXKErFbwX6hFjb3W6\" target=_blank>Subida de Pasi\u00f3n - 6\u00aa<\/a><\/span><\/div><\/div><\/div><\/div><\/div>                                            <\/div>\n                                        <\/div>\n                                    <\/div>\n\t\t\t\t\t\t\t\t\t                                    <div  class=\"wppb-column-parent wppb-column-parent-view wppb-col-1636306636778  \"  >\n                                        <div class=\"wppb-column\">\n\t\t\t\t\t\n\t\t\t\t\t\t\t\t\t\t\t\n                                            <div class=\"wppb-builder-addons\">\n\t\t\t\t\t\t\t\t\t\t\t\t<div class='wppb-builder-addon wppb-addon-1636306636852'  data-addon-id='1636306636852'><div class='wppb-addon'><div class=\"wppb-person-addon\"><div class=\"wppb-person-addon-content person-layout-one\"><div class=\"wppb-person-image\"><img decoding=\"async\" class=\"wppb-person-addon-img\" src=\"http:\/\/www.losataos.org\/w\/wp-content\/uploads\/2012_9.jpg\" alt=\"S\u00e1bado de Ramos\"><\/div><div class=\"wppb-person-information\"><span class=\"wppb-person-name\"><a  href=\"https:\/\/photos.app.goo.gl\/QiLYSAKjKmq9wJSR8\" target=_blank>S\u00e1bado de Ramos<\/a><\/span><\/div><\/div><\/div><\/div><\/div>                                            <\/div>\n                                        <\/div>\n                                    <\/div>\n\t\t\t\t\t\t\t\t\t                        <\/div>\n\n                    <\/div>\n                <\/div>\n\t\t\t\t                <div  class=\"wppb-row-parent  wppb-row-1636401503347 \"  >\n\t\t\t\t\t\n\t\t\t\t\t\t\t\t\t\t\n\t\t\t\t\t\t\t\t\t\t\n\t\t\t\t\t<div class=\"wppb-container \">\n\t\t\t\t\t\t\t\t\t\t\t\t\t\n                        <div class=\"wppb-row\">\n\t\t\t\t\t\t\t                                    <div  class=\"wppb-column-parent wppb-column-parent-view wppb-col-1636401503348  \"  >\n                                        <div class=\"wppb-column\">\n\t\t\t\t\t\n\t\t\t\t\t\t\t\t\t\t\t\n                                            <div class=\"wppb-builder-addons\">\n\t\t\t\t\t\t\t\t\t\t\t\t<div class='wppb-builder-addon wppb-addon-1636401503349'  data-addon-id='1636401503349'><div class='wppb-addon'><div class=\"wppb-person-addon\"><div class=\"wppb-person-addon-content person-layout-one\"><div class=\"wppb-person-image\"><img decoding=\"async\" class=\"wppb-person-addon-img\" src=\"http:\/\/www.losataos.org\/w\/wp-content\/uploads\/2012_a.jpg\" alt=\"Martes Santo\"><\/div><div class=\"wppb-person-information\"><span class=\"wppb-person-name\"><a  href=\"https:\/\/photos.app.goo.gl\/GjGKyzvha4pTpmRZ6\" target=_blank>Martes Santo<\/a><\/span><\/div><\/div><\/div><\/div><\/div>                                            <\/div>\n                                        <\/div>\n                                    <\/div>\n\t\t\t\t\t\t\t\t\t                                    <div  class=\"wppb-column-parent wppb-column-parent-view wppb-col-1636401503350  \"  >\n                                        <div class=\"wppb-column\">\n\t\t\t\t\t\n\t\t\t\t\t\t\t\t\t\t\t\n                                            <div class=\"wppb-builder-addons\">\n\t\t\t\t\t\t\t\t\t\t\t\t<div class='wppb-builder-addon wppb-addon-1636401503351'  data-addon-id='1636401503351'><div class='wppb-addon'><div class=\"wppb-person-addon\"><div class=\"wppb-person-addon-content person-layout-one\"><div class=\"wppb-person-image\"><img decoding=\"async\" class=\"wppb-person-addon-img\" src=\"http:\/\/www.losataos.org\/w\/wp-content\/uploads\/2012_b.jpg\" alt=\"Jueves Santo\"><\/div><div class=\"wppb-person-information\"><span class=\"wppb-person-name\"><a  href=\"https:\/\/photos.app.goo.gl\/NmTpYR9wse5yP1df8\" target=_blank>Jueves Santo<\/a><\/span><\/div><\/div><\/div><\/div><\/div>                                            <\/div>\n                                        <\/div>\n                                    <\/div>\n\t\t\t\t\t\t\t\t\t                                    <div  class=\"wppb-column-parent wppb-column-parent-view wppb-col-1636401503352  \"  >\n                                        <div class=\"wppb-column\">\n\t\t\t\t\t\n\t\t\t\t\t\t\t\t\t\t\t\n                                            <div class=\"wppb-builder-addons\">\n\t\t\t\t\t\t\t\t\t\t\t\t<div class='wppb-builder-addon wppb-addon-1636401503353'  data-addon-id='1636401503353'><div class='wppb-addon'><div class=\"wppb-person-addon\"><div class=\"wppb-person-addon-content person-layout-one\"><div class=\"wppb-person-image\"><img decoding=\"async\" class=\"wppb-person-addon-img\" src=\"http:\/\/www.losataos.org\/w\/wp-content\/uploads\/2012_c.jpg\" alt=\"Viernes Santo\"><\/div><div class=\"wppb-person-information\"><span class=\"wppb-person-name\"><a  href=\"https:\/\/photos.app.goo.gl\/6JK4cwBhtPWVt2tC9\" target=_blank>Viernes Santo<\/a><\/span><\/div><\/div><\/div><\/div><\/div>                                            <\/div>\n                                        <\/div>\n                                    <\/div>\n\t\t\t\t\t\t\t\t\t                        <\/div>\n\n                    <\/div>\n                <\/div>\n\t\t\t\t                <div  class=\"wppb-row-parent  wppb-row-1636401503455 \"  >\n\t\t\t\t\t\n\t\t\t\t\t\t\t\t\t\t\n\t\t\t\t\t\t\t\t\t\t\n\t\t\t\t\t<div class=\"wppb-container \">\n\t\t\t\t\t\t\t\t\t\t\t\t\t\n                        <div class=\"wppb-row\">\n\t\t\t\t\t\t\t                                    <div  class=\"wppb-column-parent wppb-column-parent-view wppb-col-1636401503454  \"  >\n                                        <div class=\"wppb-column\">\n\t\t\t\t\t\n\t\t\t\t\t\t\t\t\t\t\t\n                                            <div class=\"wppb-builder-addons\">\n\t\t\t\t\t\t\t\t\t\t\t\t<div class='wppb-builder-addon wppb-addon-1636401974830'  data-addon-id='1636401974830'><div class='wppb-addon'><div class=\"wppb-text-block-addon\"><div class=\"wppb-text-block-content 0\"><h3><span style=\"color: #ff6600\"><strong>Cr\u00f3nicas<\/strong><\/span><\/h3><\/div><\/div><\/div><\/div>                                            <\/div>\n                                        <\/div>\n                                    <\/div>\n\t\t\t\t\t\t\t\t\t                        <\/div>\n\n                    <\/div>\n                <\/div>\n\t\t\t\t                <div  class=\"wppb-row-parent  wppb-row-1636401503485 \"  >\n\t\t\t\t\t\n\t\t\t\t\t\t\t\t\t\t\n\t\t\t\t\t\t\t\t\t\t\n\t\t\t\t\t<div class=\"wppb-container \">\n\t\t\t\t\t\t\t\t\t\t\t\t\t\n                        <div class=\"wppb-row\">\n\t\t\t\t\t\t\t                                    <div  class=\"wppb-column-parent wppb-column-parent-view wppb-col-1636401503484  \"  >\n                                        <div class=\"wppb-column\">\n\t\t\t\t\t\n\t\t\t\t\t\t\t\t\t\t\t\n                                            <div class=\"wppb-builder-addons\">\n\t\t\t\t\t\t\t\t\t\t\t\t<div class='wppb-builder-addon wppb-addon-1636402032542'  data-addon-id='1636402032542'><div class='wppb-addon'><div class=\"wppb-accordion-addon\"><div class=\"wppb-accordion-addon-content\"><div class=\"wppb-accordion-items\"><div class=\"wppb-accordion-item repeater-0\"><div class=\"wppb-accordion-title wppb-toggle-right \"><i class=\"fas fa-pen-alt\"><\/i><span class=\"wppb-accordion-title-content\">Jueves Lardero<\/span><span class=\"wppb-toggle-direction wppb-toggle-right\"><i class=\"fas fas fa-angle-right\"><\/i><\/span><\/div><div class=\"wppb-panel-collapse\" style=\"display: none;\"><div class=\"wppb-accordion-content\"><figure class=\"wp-block-table\">\n<figure class=\"wp-block-table\">\n<p><strong><span style=\"color: #000080\">Resonando todav\u00eda en nuestros o\u00eddos, el canto de los villancicos y el sabor de los dulces navide\u00f1os, y con un mes de enero lleno de acontecimientos mananteros, llego con mucho adelanto, el ansioso y esperado \u201cJueves Lardero\u201d.<\/span><\/strong><\/p>\n<p><strong><span style=\"color: #000080\">Como viene siendo habitual desde muchos a\u00f1os atr\u00e1s, nuestra corporaci\u00f3n de los Ataos, Judas, Pedro y Pablo, celebro junta general el jueves Landero, para tratar los puntos del orden del d\u00eda, todos relacionados con nuestra cuaresma, la que hasta el mi\u00e9rcoles Santo, no volveremos a celebrar junta general.<\/span><\/strong><\/p>\n<p><strong><span style=\"color: #000080\">Nuestro Presidente Manuel G\u00e1lvez Espadas, abr\u00eda la cesi\u00f3n d\u00e1ndoles a todos los hermanos incluidos los m\u00fasicos la bienvenida, dese\u00e1ndonos que pas\u00e1semos un buena noche y comida de hermandad, todo ello en \u00a0la antesala de la cuaresma, con una buena participaci\u00f3n de hermanos Ataos y Hermanos M\u00fasicos.<\/span><\/strong><\/p>\n<p><strong><span style=\"color: #000080\">Anteriormente a la comida de hermanad, nuestro Presidente junto con el Decano Manuel G\u00e1lvez y algunos hermanos m\u00e1s, asistieron a la Parroquia de la Purificaci\u00f3n, donde se celebr\u00f3 el magn\u00edfico Preg\u00f3n del Jueves Lardero, corriendo a cargo, de Luis Rejano Molina, hermano de la Corporaci\u00f3n de las Virtudes Cardinales, que en este a\u00f1o 2013, conmemoran el 350 aniversario de la aparici\u00f3n escrita, de su figura emblem\u00e1tica, la \u201dSibila de Cumas\u201d, que aparece en las actas de la hermandad de Jes\u00fas Nazareno, del a\u00f1o del Se\u00f1or de 1663.<\/span><\/strong><\/p>\n<p><strong><span style=\"color: #000080\">Un preg\u00f3n digno de elogios, con el cual Luis Rejano, toco los sentimientos m\u00e1s profundos de los Mananteros Pontanos y del numeroso p\u00fablico asistente, que llenaba a rebosar, la Parroquia de la Purificaci\u00f3n. Con una magnifica puesta en escena y desfilando a paso lento, desde la puerta de la Iglesia por el pasillo central, hasta hacer la reverencia en el altar mayor, que lo presid\u00eda el Cristo del Calvario, mientras el pregonero citaba el pasaje de la citada figura B\u00edblica.<\/span><\/strong><\/p>\n<p><strong><span style=\"color: #000080\">Terminada la junta y mientras depart\u00edamos la cena, nuestros hermanos m\u00fasicos, nos deleitaban con pasodobles Ataos y nuestro himno \u201cBarrabas\u201d Una noche la cual transcurri\u00f3 llena de sentimientos y hermandad, con el pensamiento puesto, en nuestro primer S\u00e1bado de Cuaresma.<\/span><\/strong><\/p>\n<p><strong><span style=\"color: #000080\">Redacci\u00f3n de A. G. S.<\/span><\/strong><\/p>\n<\/figure>\n<\/figure><\/div><\/div><\/div><div class=\"wppb-accordion-item repeater-1\"><div class=\"wppb-accordion-title wppb-toggle-right \"><i class=\"fas fa-pen-alt\"><\/i><span class=\"wppb-accordion-title-content\">Subida de Carnaval<\/span><span class=\"wppb-toggle-direction wppb-toggle-right\"><i class=\"fas fas fa-angle-right\"><\/i><\/span><\/div><div class=\"wppb-panel-collapse\" style=\"display: none;\"><div class=\"wppb-accordion-content\"><figure class=\"wp-block-table\">\n<figure class=\"wp-block-table\">\n<figure class=\"wp-block-table\">\n<table>\n<tbody>\n<tr>\n<td><strong>Tras un a\u00f1o donde desafortunadamente, dejaron este para\u00edso terrenal algunos e importantes hermanos mananteros, de Corporaciones punteras de nuestra inigualable Semana Santa, por fin llego de nuevo nuestra ansiada Cuaresma.<br \/><br \/>Como es obvio la Corporaci\u00f3n de los Ataos Judas, Pedro y Pablo, abri\u00f3 sus puertas para celebrar el primer S\u00e1bado de cuaresma, reuni\u00e9ndose los hermanos Ataos, hermanos M\u00fasicos y un nutrido grupo de hermanos de las \u201cVirtudes Morales\u201d, encabezados por su presidente, los cuales vienen compartiendo mesa y mantel, junto a los hermanos Ataos, este primer s\u00e1bado de cuaresma desde algunos a\u00f1os atr\u00e1s. Siendo para esta corporaci\u00f3n un gran orgullo y ya casi constituido el s\u00e1bado de las Virtudes Morales.<br \/><br \/>A la hora indicada nuestro Presidente Manuel G\u00e1lvez Espadas, daba la bienvenida a todos los hermanos Ataos presentes, a nuestros hermanos del grupo de m\u00fasica, a los hermanos de Las Virtudes Morales, y alg\u00fan que otro invitado m\u00e1s, deseando de que pas\u00e1semos una buena noche y un serio y vistoso desfile hacia las cumbres del Calvario.<br \/><br \/>Acto seguido nuestro Presidente, cedi\u00f3 la palabra al Presidente de las Virtudes Morales, quien agradec\u00eda la buena acogida que por parte de la Corporaci\u00f3n de los Ataos, les hac\u00edamos todos los a\u00f1os, sinti\u00e9ndose este s\u00e1bado de cuaresma, \u00e9l y todos sus hermanos de corporaci\u00f3n, unos hermanos m\u00e1s de los Ataos. Acto seguido el presidente Manuel G\u00e1lvez, le ced\u00eda la palabra, a nuestro ex hermano Hip\u00f3lito Romero, quien nos dirig\u00eda unas breves palabras, remat\u00e1ndolas con una extraordinaria Saeta, de su estilo personal.<br \/><br \/>A continuaci\u00f3n los hermanos m\u00fasicos, abr\u00edan la noche musical, con el emblem\u00e1tico pasodoble Roman\u00ed, \u201cEriquetilla\u201d. Tras un receso, para degustar las exquisitas viandas y compartir unas copas de vino, de nuevo los hermanos m\u00fasicos, nos deleitaban con un pasodoble Atao. A continuaci\u00f3n el presidente nos rogaba que fu\u00e9semos apurando las copas, para iniciar la primera subida hacia las cumbre del Calvario.<br \/><br \/>Tras el paso de los Romanos por delante de los Ataos, haciendo el tradicional saludo por ambas corporaciones en la puerta de la Iglesia de la concepci\u00f3n, inici\u00e1bamos nuestro desfile con el orden y seriedad que nos caracteriza, haciendo un peque\u00f1o receso para el intercambio del gallo y Bengalas, \u00a0sub\u00edamos la cuestecilla de Jes\u00fas, a los sones del pasodoble \u201cBarrabas\u201d hasta \u00a0Nuestra parada tradicional, bajo la Cruz de los Ca\u00eddos.<br \/><br \/>Despu\u00e9s del receso obligado, nuestros hermanos m\u00fasicos entonaron el tradicional Miserere y St\u00e1bat Mater, bajo el p\u00f3rtico de la Parroquia de Jes\u00fas Nazareno. Terminado este, de nuevo inici\u00e1bamos la bajada hacia nuestro cuartel, no sin antes, hacer las paradas de rigor, plaza de Veracruz y esquina de la C\/ Horno, donde se entonaron Alondras y Ruise\u00f1ores y las tradicionales saetas cuarteleras, \u00a0por parte de los asistentes, su padre perteneci\u00f3 a esta gran corporaci\u00f3n.<br \/><br \/>Terminado el ritual, bajamos la C\/ Horno al comp\u00e1s de la marcha lenta Virgen de la Gu\u00eda, que nuestros hermanos m\u00fasicos interpretaban, llegando a nuestra casa cuartel desfilando a los sones del pasodoble Barrabas, himno de nuestra Corporaci\u00f3n. Ya de nuevo sentados todos entorno a las mesas, el presidente cedi\u00f3 la palabra al hermano de las Virtudes Jos\u00e9 Rodr\u00edguez, \u201cEl Trompa\u201d, coment\u00e1ndonos que llevaba meses, d\u00edas y horas, esperando este ansiado momento, de compartir mesa y mantel con los Ataos, porque aunque el ten\u00eda fijada su residencia en la Capital de Espa\u00f1a, no olvidaba que \u00e9l naci\u00f3 en nuestro pueblo, vistiendo desde ni\u00f1o , las figuras chiquitas de los Ataos, ya que por aquellos a\u00f1os<br \/>Sacando de su bolsillo un peque\u00f1a cuartilla, nos comentaba a modo de poes\u00eda, de c\u00f3mo se siente un Pontano fuera de su tierra y de sus tradiciones, con el agravante de tener que explicar a sus amigos madrile\u00f1os, lo que es la Cuaresma pontana. Acto seguido otro hermano de las Virtudes, residente en Barcelona, tomaba la palabra, requiriendo la presencia de los dos presidentes, asi\u00e9ndole entrega, para nuestra Corporaci\u00f3n de una composici\u00f3n fotogr\u00e1fica, teniendo de fondo el \u201cTerrible\u201d, el rostrillo de San Pedro, con el gallo reflejado sobre un fondo de un casco de romano, de la Corporaci\u00f3n de Las Virtudes Morales.<br \/><br \/>Sin tregua, el presidente le ced\u00eda la palabra al hermano Vice Decano, Antonio G\u00e1lvez, (Chifarri), quien con unas breves palabras, se dirig\u00eda a los hermanos de la Virtudes, comunicando que en el nombre de todos sus hermanos Ataos, sentirnos tambi\u00e9n ansiosos de celebrar este primer s\u00e1bado de Cuaresma, con la grata presencia del nutrido grupo de hermanos de las Virtudes, rematando sus palabras como el nos tiene acostumbrados, con una sentida Saeta, que un Atao Decano en el Cielo, cantaba con estilo propio y dif\u00edcil de imitar.<br \/><br \/>Seguidamente, tomaba la palabra el hermano Atao, Francisco, J. Membiela, el cual felicitaba a otro hermano de la Virtudes, por su homenaje como hermano bastonero, de la Cofrad\u00eda del Se\u00f1or de la Humildad y Paciencia, por ser uno de los primeros bastoneros de dicha Cofrad\u00eda.<br \/><br \/>Tras ello, nuestro presidente, procedi\u00f3 a quitarle la primera pata a la Vieja Cuaresmera, la cual fue dedicada a nuestro hermano y Vice-Presidente de la Agrupaci\u00f3n de cofrad\u00edas y Figuras B\u00edblicas, Salvador Gonz\u00e1les G\u00e1lvez, el cual con sentidas palabras, les dedicaba la patita de la Vieja Cuaresmera, a su Padre que fue Atao y a su Abuelo materno, el gran Manantero Atao y Romano en el Cielo, Manuel Calvez Linares, Patriarca de la saga de los \u201cChifarri\u201d. Terminando el protocolo, dedic\u00e1ndoles nuestros hermanos m\u00fasicos, su pasodoble Atao, titulado \u201cManolete\u201d. Una noche inmemorable que los Ataos, Virtudes e invitados, disfrutamos en un buen gran ambiente de Hermandad y confraternidad.<br \/><br \/><\/strong><\/td>\n<\/tr>\n<\/tbody>\n<\/table>\n<strong>Sin mas pre\u00e1mbulos, nuestros hermanos m\u00fasicos nos deleitaban con el genial pasodoble Atao titulado \u201cCaralimpia\u201d, tras el cual nuestro presidente nos informaba que fu\u00e9semos apurando las copas, para iniciar la tradicional subidas al Calvario.\u00a0 Durante todo el recorrido nuestros hermanos m\u00fasicos, intercalaban los pasodobles Ataos, \u201cAntonio Cuenca\u201d y\u00a0 \u201cRedobles Pontanos\u201d, subiendo cuestecilla de Jes\u00fas, hasta la explanada del Calvario, con nuestro pasodoble que identifica a los Ataos \u201cBarrabas\u201d.\u00a0 Tras tomar unas copitas de rigor y tocar bajo el P\u00f3rtico de Jes\u00fas, el \u201cMiserere\u201d y el \u201cStabat Mater, inici\u00e1bamos la bajada hacia nuestro cuartel, no sin antes hacer la tradicionales pardas de rigor. Placita de Veracruz y esquina de C\/ Horno, donde se canta a coro \u201cLas Alondras\u201d y alguna que otra saeta Cuartelera.<\/strong><\/figure>\n<p><strong>\u00a0\u00a0\u00a0\u00a0\u00a0\u00a0\u00a0\u00a0\u00a0\u00a0\u00a0\u00a0\u00a0\u00a0\u00a0 Ya bajando el tramo de C\/Horno desfilando a macha lenta, bajo los sones de la genial marcha \u201cSoledad Pontana\u201d, llegando a nuestro cuartel como es tradicional con el pasodoble \u201cBarrabas\u201d. Ya en el cuartel y mientras degust\u00e1bamos la cena, nuestro Presidente comenzaba el protocolo, no sin antes dar la felicitaci\u00f3n a todos por el gran desfile realizado. Cedi\u00e9ndole la palabra al hermano Atao \u201cFran\u201d el cual nos dec\u00eda que le hab\u00eda encargado una pintura a nuestro hermano Mois\u00e9s Gonz\u00e1lez, joven promesa de la pintura al \u00f3leo, con la composici\u00f3n siguiente, la cara de la Virgen de la Amargura sin corona ni manto a un lado, en el otro destacando la Figura Prudencia de la Virtudes Cardinales, dej\u00e1ndose entrever en la parte baja la silueta del puente que une el pueblo con el barrio de Miragenil, entreg\u00e1ndoselo al hermano de las Virtudes Cardinales Javier Roa G\u00e1lvez, quien agradeci\u00f3 la acogida por parte de los hermanos Atos, sinti\u00e9ndose esta noche como si fuese un hermano mas de la misma, y como no a su amigo \u201cFran\u201d por el regalo del cuadro, recordando la figura de su difunto Padre \u201cEl Rubio Trenas\u201d, como un gran Atao mas en el cielo.<\/strong><\/p>\n<p><strong>\u00a0\u00a0\u00a0\u00a0\u00a0\u00a0\u00a0\u00a0\u00a0\u00a0\u00a0\u00a0\u00a0\u00a0\u00a0 Acto seguido nuestros hermanos m\u00fasicos hac\u00edan sonar de nuevo sus instrumentos, deleit\u00e1ndonos con el pasodoble Atao Judas, Pedro y Pablo.<\/strong><\/p>\n<p><strong>Sin pausa por la premura del tiempo, nuestro Presidente Jos\u00e9 G\u00f3mez, le ced\u00eda la palabra al hermano de \u201cLos Milagros de Jes\u00fas\u201d\u00a0 Juli S\u00e1nchez, el cual nos dec\u00eda, que llevando treinta y dos a\u00f1os en su Corporaci\u00f3n, solo hab\u00eda dejado de asistir a su cuartel un s\u00e1bado de Cuaresma para asistir a otras corporaciones, haciendo hincapi\u00e9 de que en todas la corporaciones se nutre de vivencias distintas que le dan sello particular a cada una de ellas. Pero que esta noche gracias a su amigo Manuel Garc\u00eda Garcia, hab\u00eda podido conocer mejor a los Ataos, protagonistas indiscutibles junto con el Imperio Romano de los desfiles cuaresmales, el cual les daba las gracias a los hermanos Ataos, el haber podido compartir con nosotros esta m\u00e1gica noche, carg\u00e1ndose las bater\u00edas del coraz\u00f3n, para lo que queda de la Cuaresma y la Semana Santa.<\/strong><\/p>\n<p><strong>\u00a0\u00a0\u00a0\u00a0\u00a0\u00a0\u00a0\u00a0\u00a0\u00a0\u00a0\u00a0\u00a0\u00a0\u00a0 Terminando su intervenci\u00f3n el hermano \u201cJuli\u201d coment\u00e1ndonos que el junto con vuestro hermano Manuel Garcia, hab\u00edan asistido al medio d\u00eda, a un acto de hermandad en la Corporaci\u00f3n de los \u201cBabilonios\u201d corporaci\u00f3n matriz de San Juan Evangelista, pudiendo tambi\u00e9n haber vivido unas extraordinarias vivencias.<\/strong><\/p>\n<p><strong>\u00a0\u00a0\u00a0\u00a0\u00a0\u00a0\u00a0\u00a0\u00a0\u00a0\u00a0\u00a0\u00a0\u00a0\u00a0 Ya terminado de servir los postres, el Presidente de los Ataos, proced\u00eda a quitarle la quinta pata al vieja Cuaresmera, la cual tuvo el gran honor de quit\u00e1rsela nuestro hermano y m\u00fasico, Eduardo L\u00f3pez Cosano, destacando nuestro Presidente su gran aportaci\u00f3n a crear el actual grupo de m\u00fasica de los Ataos, ya que le honra que con una edad avanzada no muy normal, comenzara sus estudios de solfeo, tocar el bajo con gran profesionalidad y aportando a la m\u00fasica de los Ataos, con su hijo Eduardo extraordinario m\u00fasico del instrumento del bombardino, y comprometiendo a su hermano \u201cPaco\u201d para tocar los platillos.<\/strong><\/p>\n<p><strong>\u00a0\u00a0\u00a0\u00a0\u00a0\u00a0\u00a0\u00a0\u00a0\u00a0\u00a0\u00a0\u00a0\u00a0\u00a0 Nuestro hermano Eduardo, despu\u00e9s de dar las gracias se dirigi\u00f3 a su compa\u00f1eros m\u00fasicos, dici\u00e9ndoles que esta pata es merecimiento de todos su hermanos m\u00fasicos y que esta la compart\u00eda con ellos, animando a los hermanos Ataos de que alguno de sus hijos o familiares ingresaran en la escuela de m\u00fasica de los Ataos, por el bien del futuro de la de la misma en nuestra Corporaci\u00f3n. Respondi\u00e9ndole\u00a0 el portavoz de los m\u00fasicos Miguel Trigos, que no pod\u00eda dejar pasar la ocasi\u00f3n de decirle a su hermano m\u00fasico Eduardo L\u00f3pez, el respeto que todos los m\u00fasicos les procesan, dedic\u00e1ndoles el pasodoble creado por su hijo Eduardo, \u201cCaralimpia\u201d en honor a la familia L\u00f3pez Cosano, desfilando todos tras el hermano Eduardo que portaba el gallo, por todo el sal\u00f3n del Cuartel.<\/strong><\/p>\n<p><strong>\u00a0\u00a0\u00a0\u00a0\u00a0\u00a0\u00a0\u00a0\u00a0\u00a0\u00a0\u00a0\u00a0\u00a0\u00a0 Tras ello, el hermano Antonio G\u00e1lvez le dedicaba a su hermano de Corporaci\u00f3n Eduardo, una tradicional Saeta de su repertorio Nazareno de la Puente.\u00a0\u00a0 Otro s\u00e1bado mas con un gran ambiente de hermandad vivido el la Corporaci\u00f3n de los Ataos junto con todos sus invitados.<\/strong><\/p>\n<p><strong>\u00a0\u00a0\u00a0\u00a0\u00a0\u00a0\u00a0\u00a0\u00a0\u00a0\u00a0\u00a0\u00a0\u00a0\u00a0\u00a0\u00a0\u00a0\u00a0\u00a0\u00a0\u00a0\u00a0\u00a0\u00a0\u00a0\u00a0\u00a0\u00a0\u00a0\u00a0\u00a0\u00a0\u00a0\u00a0\u00a0\u00a0\u00a0\u00a0\u00a0\u00a0\u00a0\u00a0\u00a0\u00a0\u00a0\u00a0\u00a0\u00a0\u00a0\u00a0\u00a0 Redacci\u00f3n de A.G. S.<\/strong><\/p>\n<\/figure>\n<\/figure><\/div><\/div><\/div><div class=\"wppb-accordion-item repeater-2\"><div class=\"wppb-accordion-title wppb-toggle-right \"><i class=\"fas fa-pen-alt\"><\/i><span class=\"wppb-accordion-title-content\">Subida de Tentaciones<\/span><span class=\"wppb-toggle-direction wppb-toggle-right\"><i class=\"fas fas fa-angle-right\"><\/i><\/span><\/div><div class=\"wppb-panel-collapse\" style=\"display: none;\"><div class=\"wppb-accordion-content\"><figure class=\"wp-block-table\">\n<figure class=\"wp-block-table\">\n<p><strong><span style=\"color: #000080\">El segundo s\u00e1bado de Cuaresma, se present\u00f3 cargado de actividad Manantera, para la Corporaci\u00f3n de los Ataos. Comenzando reunidos sobre las 2 del mediod\u00eda, en la Plaza Nacional, encarando la calle postigos y desfilando junto con nuestros hermanos m\u00fasicos, en perfecta formaci\u00f3n, desde el Pasaje del Carmen, hasta el cuartel de \u201clos Profetas\u201d bajo los sones del pasodoble \u201cBarrabas\u201d donde los hermanos Profetas los recibieron con un caluroso aplauso y abrazos fraternales.<\/span><\/strong><br \/><br \/><strong><span style=\"color: #000080\">Invitaci\u00f3n que se produjo, como devoluci\u00f3n por la tambi\u00e9n invitaci\u00f3n que los Ataos les hicieron el a\u00f1o pasado 2012, a la Corporaci\u00f3n de Los Profetas, compartiendo mesa y mantel y subida a las Cubres del Calvario, la dos corporaciones unidas.<\/span><\/strong><br \/><br \/><strong><span style=\"color: #000080\">Ya todos los asistentes sentados en torno a las mesas, compartiendo unas viandas y unos exquisitos caldos de vino de nuestra tierra, el presidente de Los Profetas \u00a0Francisco Fresno, daba la bienvenida a los hermanos de los Ataos y de su Corporaci\u00f3n, aludiendo que para \u00e9l y como para todos sus hermanos, era todo un honor compartir con los hermanos Ataos, esta comida de hermandad.<\/span><\/strong><br \/><br \/><strong><span style=\"color: #000080\">Durante el trascurso de la comida, se produjo diferentes intervenciones por parte de hermanos de ambas Corporaciones. Abriendo el acto nuestros hermanos m\u00fasicos, interpretando el genial pasodoble Romano \u201cEnriquetilla\u201d.<\/span><\/strong><br \/><br \/><span style=\"color: #000080\"><span style=\"color: #000080\"><b>De nuevo tomando la palabra el presidente de los Profetas, se la ced\u00eda al presidente de Los Ataos Manuel G\u00e1lvez Espadas, quien con un poco de nerviosismo y argumentando de no ser una persona de palabras f\u00e1ciles, agradec\u00edan la deferencia por parte de los hermanos Profetas, de dicha invitaci\u00f3n, pronunciando unas palabras llenas de contenido emocional. Recordando a los hermanos no presentes y a todos los hermanos difuntos de ambas Corporaciones, especialmente record\u00f3\u00a0a su t\u00edo \u201cManolo Huertas\u201d hermano Profeta en el cielo, que el a\u00f1o pasado lo paso en grande, cuando las dos corporaciones celebraron su primer encuentro.<\/b><\/span><\/span><br \/><br \/><strong><span style=\"color: #000080\">El presidente de los Ataos, les ofreci\u00f3 un presente a los hermanos de los Profetas, consistente en un palo de desfilar, decorado con motivos de la Corporaci\u00f3n. Por su parte el Presidente de los Profetas les ofreci\u00f3 otro presente a los hermanos Ataos, consistente de un cuadro de su Corporaci\u00f3n, cuando celebraron el ciento cincuenta aniversario de Los profetas.<\/span><\/strong><br \/><br \/><strong><span style=\"color: #000080\">Sin prisas pero sin pausa, tomaba la palabra el hermano de los Profetas y promotor de estos dos encuentros, de las dos Corporaciones, Juan Manuel Buron, quien centro su discurso, a alabando a los hermanos J\u00f3venes m\u00fasicos, por la proyecci\u00f3n en pros del asentamiento de la m\u00fasica en los Ataos. Acto seguido el portavoz de los m\u00fasicos Miguel Trigos, agradec\u00eda las palabras de cari\u00f1o hacia sus hermanos y J\u00f3venes m\u00fasicos, argumentado que todos al un\u00edsono, se sienten cada a\u00f1o m\u00e1s Ataos y con el compromiso firme, de que la m\u00fasica en los ataos no falte, por la gran cantera de educandos que estudian m\u00fasica en los Ataos; y que ha continuaci\u00f3n interpretar\u00edan la marcha \u201cRecuerdo\u201d en honor a todos los hermanos difuntos de ambas Corporaciones; y en especial, a los hermanos de los Profetas, Joaqu\u00edn Rejano y Manolo Huertas. Tambi\u00e9n los hermanos m\u00fasicos, durante el trascurso de la tarde, interpretaron pasodobles Ataos, como \u201cJudas Pedro y Pablo\u201d \u2013 \u201cCara Limpia\u201d y otros.<\/span><\/strong><br \/><br \/><strong><span style=\"color: #000080\">De nuevo el Presidente Paco Fresno interven\u00eda, para ceder la palabra al Decano de los Profetas, Joven de noventa a\u00f1os y de sesenta a\u00f1os en activo de su Corporaci\u00f3n, el cual recordaba sus muchos a\u00f1os como hermanos de los Profetas, con sus vivencias y an\u00e9cdotas vividas a lo largo de su trayectoria Manantera. Al igual Paco Fresno le ced\u00eda la palabra, al Decano de los Ataos Manuel G\u00e1lvez (Chifarri), que este a\u00f1o cumple sus cincuenta a\u00f1os en activo en su Corporaci\u00f3n, aunque su homenaje se producir\u00e1 D.m. a petici\u00f3n propia, el pr\u00f3ximo a\u00f1o, cuando la Corporaci\u00f3n celebrara el 350 aniversario de los dos ladrones Dimas y Gesta, contando tambi\u00e9n sus vivencias, del modo que a \u00e9l le caracteriza y vividas en los Ataos.<\/span><\/strong><br \/><br \/><strong><span style=\"color: #000080\">Tambi\u00e9n tomaba la palabra el hermano de los Profetas Paco Solano, que con su gracejo particular y sus dotes de buen orador, recitaba una poes\u00eda referente al gallo de los Ataos, mientras el mismo, estaba posado sobre el atril, escoltado por el Le\u00f3n y el Oso, que decora dicho atril.<\/span><\/strong><br \/><br \/><strong><span style=\"color: #000080\">Al igual se le ced\u00eda la palabra al hermano de los Ataos, Francisco J. Membiela, quien glosaba la figura y personalidad, de sus dos hermanos Ataos, Salvador Gonz\u00e1lez y Emilio Palos, que este a\u00f1o se le impondr\u00e1 las medallas de los veinte y cinco a\u00f1os, de permanencia consecutiva como Ataos en activo.<\/span><\/strong><br \/><br \/><strong><span style=\"color: #000080\">Ya casi al caer la tarde, el Presidente Paco Fresno, le ced\u00eda la palabra al nuevo hermano de los Ataos Antonio Gama, quien con sentimientos retra\u00eddos y sin apenas articular palabra, recordaba que su padre Antonio Gama Rivas, perteneci\u00f3 a la Corporaci\u00f3n de los Profetas cuando el solo era un ni\u00f1o, habiendo vivido algunos momentos junto a su padre, en esta se\u00f1era Corporaci\u00f3n. Tambi\u00e9n record\u00f3 que su hermano menor tambi\u00e9n hab\u00eda pertenecido a dicha Corporaci\u00f3n durante algunos a\u00f1os.<\/span><\/strong><br \/><br \/><strong><span style=\"color: #000080\">De nuevo y para finalizar dicho acto, el Presidente Paco Fresno, le ced\u00eda la palabra en calidad de Vice Presidente de la Agrupaci\u00f3n de Cofrad\u00edas y Figuras B\u00edblicas, a Salvador Gonz\u00e1lez G\u00e1lvez, quien recomendaba desde estas dos Corporaciones Se\u00f1eras, seguir fomentando y trasmitiendo a todas las Cofrad\u00edas y Corporaciones, la seriedad y el buen hacer en los desfiles procesionales, en pro de nuestra Semana<\/span><\/strong><br \/><strong><span style=\"color: #000080\">Santa. Respondi\u00e9ndoles el Decano de los Profetas, que cuando un hermano viste de figura, siempre lo haga con el mayor respeto y buen comportamiento.<\/span><\/strong><br \/><br \/><strong><span style=\"color: #000080\">Finalizado el acto y con el pensamiento puesto en la segunda subida al Calvario, conversaban en el sal\u00f3n bajo, compartiendo unas refrescantes bebidas.<\/span><\/strong><br \/><br \/><strong><span style=\"color: #000080\">Una buena tarde cuaresmal celebrada entre dos Corporaciones tan se\u00f1eras, como la de los Profetas y Ataos.<\/span><\/strong><br \/><br \/><strong><span style=\"color: #000080\">**************************************<\/span><\/strong><br \/><br \/><br \/><strong><span style=\"color: #000080\">Ya por la noche, como viene siendo tradici\u00f3n en los \u00faltimos a\u00f1os, se reun\u00edan de nuevo en comida de confraternidad en el Cuartel de Los Ataos, las Corporaciones hermanas de Las Potencias del Alma y la de Los Ataos, Judas, Pedro y Pablo, acompa\u00f1ados de los hermanos del Grupo de M\u00fasica, con una buena representaci\u00f3n de ambas corporaciones.<\/span><\/strong><br \/><br \/><strong><span style=\"color: #000080\">A la 9,30 de la noche, nuestro Presidente Manuel G\u00e1lvez Espadas, daba la bienvenida a todos los presentes. Seguidamente nuestro Presidente le cedi\u00f3 la palabra, al presidente de Las Potencias del Alma, el Joven \u00c1ngel Pozo Rodr\u00edguez, el cual compart\u00eda Presidencia; y con\u00a0 nerviosismo, nos dec\u00eda, que les perdon\u00e1ramos los posibles errores que se pudieran producir, porque \u00e9l era nuevo en estos menesteres y su primer mandato como Presidente de las Potencias.<\/span><\/strong><br \/><br \/><strong><span style=\"color: #000080\">Tambi\u00e9n nos dec\u00eda \u00c1ngel, que se congratulaba de que otro a\u00f1o m\u00e1s, de nuevo se reunieran las dos Corporaciones hermanas y vecinas, deseando de que este encuentro se siga celebrando durante muchos a\u00f1os m\u00e1s. Aprovechando su intervenci\u00f3n, se dirig\u00eda a los hermanos m\u00fasicos, d\u00e1ndoles las buenas noches y pas\u00e1ndole la palabra a su portavoz Miguel Trigos, quien les daba la bienvenida a su cuartel, a los hermanos de las Potencias, abriendo la noche musical, con el emblem\u00e1tico pasodoble \u201cEriquetilla\u201d.<\/span><\/strong><br \/><br \/><strong><span style=\"color: #000080\">El presidente de los Ataos, invitaba otro a\u00f1o m\u00e1s, a que el hermano de las Potencias Antonio Estrada \u201cEl Chango\u201d, cantara la saeta cuartelera, que hab\u00eda compuesto, respondiendo Antonio, que su compa\u00f1ero de saeta Antonio L\u00f3pez, esta noche no estaba en plenas facultades, pero que la cantar\u00eda aunque lo hiciese solo, porque las tradiciones se hacen leyes.<\/span><\/strong><\/p>\n<figure class=\"wp-block-table\">\n<table>\n<tbody>\n<tr>\n<td class=\"has-text-align-center\" style=\"text-align: center\" data-align=\"center\"><strong><span style=\"color: #000080\">Saeta del hermano Antonio Estrada<\/span><\/strong><br \/><strong><span style=\"color: #000080\">\u201cEl Chango\u201d<\/span><\/strong><br \/><br \/><strong><span style=\"color: #000080\">Viernes santo tarde<\/span><\/strong><br \/><strong><span style=\"color: #000080\">Al calvario va Jes\u00fas<\/span><\/strong><br \/><strong><span style=\"color: #000080\">Y los ataos van detr\u00e1s<\/span><\/strong><br \/><strong><span style=\"color: #000080\">Ayud\u00e1ndole con la Cruz.<\/span><\/strong><\/td>\n<\/tr>\n<\/tbody>\n<\/table>\n<\/figure>\n<p><strong><span style=\"color: #000080\">Sin pausa el Presidente de los Ataos, le ced\u00eda la palabra al hermano de las potencias Francisco Perea, el cual como a \u00e9l le caracteriza, se traslad\u00f3 al fondo del sal\u00f3n, para pronunciar unas palabra entra\u00f1ables que fueron rematadas como siempre, con una poes\u00eda de su cosecha personal. Terminadas las palabras del hermano Perea y la poes\u00eda, nuestros hermanos M\u00fasicos, dedicaban a los hermanos de Las Potencias y todos los all\u00ed presentes, la marcha procesional pontana titulada \u201cLa Maga\u201d himno de las Potencias.<\/span><\/strong><br \/><br \/><strong><span style=\"color: #000080\">Al t\u00e9rmino de la misma, el Presidente de Los Ataos, nos recomendaba que apur\u00e1semos las copas para iniciar la subida al Calvario, no sin antes recordar que esperaba que hici\u00e9semos un desfile serio y uniforme, como los Ataos sabemos hacerlo. Como es tradici\u00f3n, la comitiva se pon\u00eda en marcha, desde la Plaza de Lara, hasta las puertas de la Iglesia de la Concepci\u00f3n, donde se hace un comp\u00e1s de espera, para el paso de los hermanos del Imperio Romano, produci\u00e9ndose como es tradici\u00f3n, el saludo entre las dos Corporaciones.<\/span><\/strong><br \/><br \/><strong><span style=\"color: #000080\">Nuestros hermanos m\u00fasicos desde la Plaza de Lara, hasta las cumbres del calvario, interpretaron pasodobles Ataos, y nuestro himno \u201cBarrabas\u201d desde el inicio de la cuestecilla de Jes\u00fas, hasta la plaza del Calvario. Tras la interpretaci\u00f3n bajo el p\u00f3rtico de Jes\u00fas, del Miserere y el St\u00e1bat Mater, retorn\u00e1bamos de nuevo hacia nuestro Cuartel, haciendo las tradicionales paradas, en placita de Veracruz y equina con C\/ Horno, donde se canta a coro las Alondras y Ruise\u00f1ores y alguna que otra saeta cuartelera.<\/span><\/strong><br \/><br \/><strong><span style=\"color: #000080\">Terminada la citada parada, baj\u00e1bamos C\/ Horno con una marcha lenta titulada \u201cLagrimas de la Virgen\u201d, llegando al cuartel bajo los sones\u00a0 del \u201cBarrabas\u201d. Ya todos sentados en torno a las mesas y mientras se serv\u00eda la cena, dos hermanos de las Potencias Enrique y Jos\u00e9 Carlos, cantaban un cuartelera, alusiva de las Potencias. Tras ello el Presidente de las Potencias, interven\u00eda para cederle la palabra a Antonio G\u00e1lvez (Chifarri), comentando el Presidente \u00c1ngel Pozo, que \u00e9l se fijaba y mucho, en los grandes mananteros como Antonio, de \u00e9l y de muchos m\u00e1s, nos dec\u00eda que intentaba aprender todo la que pudiese. Antonio interven\u00eda, con unas palabras emotivas y nos recomendaba, que esta uni\u00f3n de las dos corporaciones, siguiera fortaleci\u00e9ndose; terminando sus intervenci\u00f3n, como \u00e9l nos tiene acostumbrados, con una saeta, esta vez la titulada \u00bfDe oro son Las Potencias?<\/span><\/strong><br \/><br \/><strong><span style=\"color: #000080\">Los dos presidentes procedieron a quitarle la segunda pata a la Vieja Cuaresmera, recayendo la de las Potencias, en el hermano Atao Eduardo Cosano \u201cEl Cartero\u201d, quien con su gracejo particular, agradec\u00eda la citada pata, mientras la de los Ataos fue concedida, a Francisco Jos\u00e9 Perea, el cual todo emocionado, agradec\u00eda un poco sorprendido, el honor de poseer una pata de la Vieja Cuaresmera de los Ataos. Finalizando la noche con la interpretaci\u00f3n por parte de los hermanos m\u00fasicos, con un pasodoble Ataos, con el cual desfil\u00e1bamos todos los presentes.<\/span><\/strong><br \/><br \/><strong><span style=\"color: #000080\">Antonio G\u00e1lvez Silva<\/span><\/strong><\/p>\n<p class=\"has-text-align-center\" style=\"text-align: center\"><strong><span style=\"color: #000080\">POESIA DE FRANCISCO PEREA<br \/>Dedicada a Eduardo Cosano \u201cEl Cartero\u201d<\/span><\/strong><\/p>\n<p class=\"has-text-align-center\" style=\"text-align: center\"><strong><span style=\"color: #000080\">Cada segundo s\u00e1bado de cuaresma<\/span><\/strong><br \/><strong><span style=\"color: #000080\">En este cuartel de los Ataos<\/span><\/strong><br \/><strong><span style=\"color: #000080\">Y con ellos las Potencias<\/span><\/strong><br \/><strong><span style=\"color: #000080\">Hay uno que no puede estar \u201ccallao\u201d<\/span><\/strong><\/p>\n<p class=\"has-text-align-center\" style=\"text-align: center\"><strong><span style=\"color: #000080\">Y como lo prometido es deuda<\/span><\/strong><br \/><strong><span style=\"color: #000080\">Va esta poes\u00eda para ese \u201camarrao\u201d<\/span><\/strong><br \/><strong><span style=\"color: #000080\">Que si bien su estatura es peque\u00f1a<\/span><\/strong><br \/><strong><span style=\"color: #000080\">Con su vos hace ruido el \u201ccondenao\u201d<\/span><\/strong><\/p>\n<p class=\"has-text-align-center\" style=\"text-align: center\"><strong><span style=\"color: #000080\">Y no es porque cante, (que da pena)<\/span><\/strong><br \/><strong><span style=\"color: #000080\">Sino que enmudece el gallo<\/span><\/strong><br \/><strong><span style=\"color: #000080\">Y no haceros los locos en la mesa<\/span><\/strong><br \/><strong><span style=\"color: #000080\">Que si, que es el cartero: Eduardo<\/span><\/strong><\/p>\n<p class=\"has-text-align-center\" style=\"text-align: center\"><strong><span style=\"color: #000080\">Seguro que ahora saltara<\/span><\/strong><br \/><strong><span style=\"color: #000080\">Y no me habr\u00e9 yo \u201cesquivocao\u201d<\/span><\/strong><br \/><strong><span style=\"color: #000080\">Si su vos no a sido escuchada<\/span><\/strong><br \/><strong><span style=\"color: #000080\">Ahora seguro que habr\u00e1 \u201csaltao\u201d<\/span><\/strong><\/p>\n<p class=\"has-text-align-center\" style=\"text-align: center\"><strong><span style=\"color: #000080\">Echando atr\u00e1s una mirada<\/span><\/strong><br \/><strong><span style=\"color: #000080\">Tengo que decir de este hermano<\/span><\/strong><br \/><strong><span style=\"color: #000080\">Que es una persona admirada<\/span><\/strong><br \/><strong><span style=\"color: #000080\">Por quien est\u00e1 a su lado<\/span><\/strong><\/p>\n<p class=\"has-text-align-center\" style=\"text-align: center\"><strong><span style=\"color: #000080\">S\u00e1bado de cuaresma al medio d\u00eda<\/span><\/strong><br \/><strong><span style=\"color: #000080\">Las Potencias siempre a \u201cvicitao\u201d<\/span><\/strong><br \/><strong><span style=\"color: #000080\">A ver lo que all\u00ed se coc\u00eda<\/span><\/strong><br \/><strong><span style=\"color: #000080\">Y sal\u00eda bien despachao<\/span><\/strong><\/p>\n<p class=\"has-text-align-center\" style=\"text-align: center\"><strong><span style=\"color: #000080\">All\u00ed echa su tarde con los changos<\/span><\/strong><br \/><strong><span style=\"color: #000080\">Pozos, Pereas y dem\u00e1s hermanos<\/span><\/strong><br \/><strong><span style=\"color: #000080\">Y el aporta tambi\u00e9n: Ataos<\/span><\/strong><br \/><strong><span style=\"color: #000080\">Y bebe leche con whisky el \u201cmalvao\u201d<\/span><\/strong><\/p>\n<p class=\"has-text-align-center\" style=\"text-align: center\"><strong><span style=\"color: #000080\">Y cuando ya esta harto, a cualquiera<\/span><\/strong><br \/><strong><span style=\"color: #000080\">Manda a tomar por\u2026bueno eso, \u201cimaginaos\u201d<\/span><\/strong><br \/><strong><span style=\"color: #000080\">Y coge y se va a reponer fuerzas<\/span><\/strong><br \/><strong><span style=\"color: #000080\">Por que el, lo que quiere, son sus Ataos<\/span><\/strong><\/p>\n<p class=\"has-text-align-center\" style=\"text-align: center\"><strong><span style=\"color: #000080\">Este hermano muy bien poco cantara<\/span><\/strong><br \/><strong><span style=\"color: #000080\">Quiz\u00e1s nunca ser\u00e1 Manantero Ejemplar<\/span><\/strong><br \/><strong><span style=\"color: #000080\">Pero es de los que siempre esta<\/span><\/strong><br \/><strong><span style=\"color: #000080\">Y cuando hace falta con \u00e9l se puede contar<\/span><\/strong><\/p>\n<p class=\"has-text-align-center\" style=\"text-align: center\"><strong><span style=\"color: #000080\">Porque hay algo que me maravilla<\/span><\/strong><br \/><strong><span style=\"color: #000080\">Y lo digo con toda raz\u00f3n<\/span><\/strong><br \/><strong><span style=\"color: #000080\">Que nunca una panilla<\/span><\/strong><br \/><strong><span style=\"color: #000080\">Contuvo tan gran coraz\u00f3n.<\/span><\/strong><\/p>\n<\/figure>\n<\/figure><\/div><\/div><\/div><div class=\"wppb-accordion-item repeater-3\"><div class=\"wppb-accordion-title wppb-toggle-right \"><i class=\"fas fa-pen-alt\"><\/i><span class=\"wppb-accordion-title-content\">Subida de Transfiguraci\u00f3n<\/span><span class=\"wppb-toggle-direction wppb-toggle-right\"><i class=\"fas fas fa-angle-right\"><\/i><\/span><\/div><div class=\"wppb-panel-collapse\" style=\"display: none;\"><div class=\"wppb-accordion-content\"><figure class=\"wp-block-table\">\n<figure class=\"wp-block-table\">\n<p><strong><span style=\"color: #000080\">La Corporaci\u00f3n B\u00edblica de los Ataos, celebro el tercer s\u00e1bado de cuaresma con gran solemnidad, en un cuartel lleno de hermanos Ataos, junto con nuestros hermanos m\u00fasicos y un nutrido n\u00famero de invitados, entre los cuales se encontraba, el Pregonero 2013, Antonio Carmona Ruiz, invitado de honor de la Corporaci\u00f3n, haci\u00e9ndolo tambi\u00e9n como invitado y simpatizante de los ataos Juan Miguel Gradados, actual Presidente de la Agrupaci\u00f3n de Cofrad\u00edas, Hermandades y Corporaciones B\u00edblicas de nuestra localidad.<\/span><\/strong><\/p>\n<p><strong><span style=\"color: #000080\">Tambi\u00e9n esta noche, nos acompa\u00f1aban dos c\u00e1maras de televisi\u00f3n y su director Miguel Trigos, del Grupo Comunica, \u201cPuente Genil Televisi\u00f3n\u201d, haci\u00e9ndolo dentro del cuartel y acompa\u00f1\u00e1ndonos en la Calle durante todo el recorrido, invitaci\u00f3n producida por la Corporaci\u00f3n, pensando en el 350 Aniversario de Dimas \u00a0y Gestas.<\/span><\/strong><\/p>\n<p><strong><span style=\"color: #000080\">A las 9,30 de la noche, nuestro Presidente Manuel G\u00e1lvez Espadas, daba la bienvenida a todos los hermanos Ataos y a los numerosos invitados, limit\u00e1ndose a destacar la presencia del pregonero. Exponi\u00e9ndonos el presidente, que era tan extenso el n\u00famero de invitados, y que al saludarlos uno a uno, por caer en el error de dejarse alguno atr\u00e1s.<\/span><\/strong><\/p>\n<p><strong><span style=\"color: #000080\">Acto seguido le ced\u00eda la palabra, al Cofrade Mayor de la Cofrad\u00eda Sacramental de la Santa Cena y Virgen del Amor, Alfonso Morales, invitado por un hermano de los Ataos. Sus palabras de intervenci\u00f3n, consistieron en \u00a0recordar que sus primeros pasos como Manantero, los<\/span><\/strong><\/p>\n<p><strong><span style=\"color: #000080\">cuales se iniciaron en esta Corporaci\u00f3n, cuando solo era un ni\u00f1o, vistiendo las figuras y romanos de los Ataos chiquitos. Mas cuando ya era un zagal\u00f3n, por mediaci\u00f3n de su amistad con los m\u00fasicos de anta\u00f1o, tuvo la oportunidad de tocar, la caja de acompa\u00f1amiento y vestir de aquellos romanos Ataos, que les llamabais \u201clos Agr\u00edcolas\u201d.<\/span><\/strong><\/p>\n<p><strong><span style=\"color: #000080\">Continuaba Alfonso, diciendo encontrarse muy a gusto esta noche, compartiendo mesa y mantel, con los hermanos de esta gran Corporaci\u00f3n, como lo es, la de los Ataos, argumentando que intentar\u00eda pasar una buena noche, incluyendo el desfile en la calle, que pronto comenzar\u00eda.<\/span><\/strong><\/p>\n<p><strong><span style=\"color: #000080\">Terminado su intervenci\u00f3n hesitando una Pose\u00eda, que izo vibrar los corazones de todos los presentes. Sin tregua por la premura del tiempo, para iniciar el tradicional desfile cuaresmal, el Presidente le ced\u00eda la palabra al Vice Decano de los Ataos, Antonio G\u00e1lvez (Chifarri), el cual comenzaba de la siguiente manera.<\/span><\/strong><\/p>\n<p><br \/><strong><span style=\"color: #000080\">\u201cBuenas noches queridos hermanos e invitados. \u2013 Gracias hermano Presidente por cederme la palabra. \u2013 Con tu permiso hermano Decano.<\/span><\/strong><\/p>\n<p><strong><span style=\"color: #000080\">No s\u00e9, \u00a0cuantos Astros y estrellas, se han conjuntado, \u00a0junto con el eterno padre, Jes\u00fas de Nazareno y Mar\u00eda Sant\u00edsima, para que esta noche, se sienten en nuestras mesas y compartir con los Ataos y nuestros hermanos m\u00fasicos, esta gran noche Cuaresmal, llamada de Transfiguraci\u00f3n con un buen ramillete, de buenos Mananteros. \u00a0 \u00a0\u00bfEs Decir? \u00a0\u2013 \u2013 una buena arte, de \u00a0\u00bfLa Cren\u00a0de la Cren? De la Semana Santa Pontana.<\/span><\/strong><\/p>\n<p><strong><span style=\"color: #000080\">Creo que hoy puede ser, una noche m\u00e1gica, para los hermanos Ataos y para nuestros invitados. \u00a0Y digo una \u00a1Noche M\u00e1gica! \u00a0 Porque se prev\u00e9 larga y extensa, por todo aquel hermano e invitado, que desee intervenir, dirigi\u00e9ndonos unas palabras, poes\u00edas o alguna que otra Saeta. Contando \u201ccomo no\u201d \u00a0 con nuestros hermanos m\u00fasicos.<\/span><\/strong><\/p>\n<p><strong><span style=\"color: #000080\">Esta Corporaci\u00f3n, no tiene por norma, el comenzar el protocolo antes de la subida al Calvario. \u00a0Pero como he dicho anteriormente, es una \u00a1Noche M\u00e1gica! \u00a0Y por ello el presidente ha decidido, comenzar parte del protocolo, antes de hacer el \u00a0desfile a las cumbres del Calvario, el cual a todas luces, ser\u00e1 sin duda alguna multitudinario, por parte de Los Ataos y sus invitados.<\/span><\/strong><\/p>\n<p><strong><span style=\"color: #000080\">Deseo esta noche destacar, \u00a0de la manera m\u00e1s breve posible, la figura y personalidad, de algunos de los \u00a0invitados y muy especialmente a los que m\u00e1s conozco por su trayectoria Mantera y de otra \u00edndole. Sin desmerecer al recto de los dem\u00e1s, \u00a0los cuales son tan Mananteros, como los que citare.<\/span><\/strong><\/p>\n<p><strong><span style=\"color: #000080\">Comenzare d\u00e1ndoles la bienvenida, a este su cuartel, \u00a0al Joven baluarte sin pulir Semanantero, Francisco Avil\u00e9s Baena. Hijo de nuestro hermano Francisco Avil\u00e9s \u201cCisco\u201d, segundo Vice Decano de los Ataos. \u00a0 Este Joven Pontano \u2014 es una persona totalmente identificada, con nuestra corporaci\u00f3n, \u2013 de la cual espero que muy pronto, sea hermano de todo derecho. \u00a0<\/span><\/strong><\/p>\n<p><strong><span style=\"color: #000080\">Bastonero desde ni\u00f1o de su Virgen de la Gu\u00eda, a la cual le procesa un gran fervor y devoci\u00f3n.<\/span><\/strong><\/p>\n<p><strong><span style=\"color: #000080\">Desde muy ni\u00f1o, ya bestia las figuras chiquitas de los Ataos, con gran seriedad y responsabilidad, lo mismo que lo hace desde que era un zagal\u00f3n, hasta la actualidad, vistiendo las Figuras que su padre, le corresponde en el sorteo.<\/span><\/strong><\/p>\n<p><strong><span style=\"color: #000080\">Un hombre, con unas cualidades importantes, gust\u00e1ndole tanto la Corporaci\u00f3n, como \u00a0las Cofrad\u00edas, \u2013 con una proyecci\u00f3n de futuro, para tirar del carro, en tiempos no muy lejanos. Ya que el, junto con otros J\u00f3venes Pontanos, tendr\u00e1n en sus manos, la gesti\u00f3n del futuro de nuestra Semana Santa, aquella que nos legaron nuestros antepasados. Porque los que ya pintamos canas, tenemos la obligaci\u00f3n de dejar paso a ellos, porque nosotros, \u00a0ya tenemos \u00a0las ideas oxidadas y caducas.<\/span><\/strong><\/p>\n<p><strong><span style=\"color: #000080\">Por ello Francis, te deseo con todo mi cari\u00f1o, que no cambies, \u00a0y que en un futuro no muy lejano, seas Atao de todo derecho. Esta es tu casa, y que esta noche, lo p\u00e1satelo en grande.<\/span><\/strong><\/p>\n<p><strong><span style=\"color: #000080\">Tambi\u00e9n esta noche, he invitado por mi persona, se encuentra entre nosotros, uno de los m\u00e1s grandes personajes del entramado Manantero. Yo creo, que desde que se engendro en el vientre de su madre, ya se perfilaba la clase de persona y Manantera que lo es.<\/span><\/strong><\/p>\n<p><strong><span style=\"color: #000080\">\u00bfYo no s\u00e9? \u00a0Si cuando naci\u00f3, sus padres les pusieron \u00a0adrede, el nombre de Jes\u00fas, por el cual durante toda su vida, iba a estar ligado muy \u00edntimamente, a nuestro Padre Jes\u00fas Nazareno, \u00a0\u201cEl Terrible\u201d.<\/span><\/strong><\/p>\n<p><strong><span style=\"color: #000080\">Creo, que ya todos sabremos, que no es una inc\u00f3gnita, \u201cse trata ni m\u00e1s ni menos\u201d que de Jes\u00fas Rodr\u00edguez Bachot, \u00a0 Fiel Cristiano y fiel devoto, de Jes\u00fas de Nazaret y Mar\u00eda Sant\u00edsima, en sus distintas Advocaciones.<\/span><\/strong><\/p>\n<p><strong><span style=\"color: #000080\">Persona muy social, y entregado de cuerpo y alma, a fomentar las tradiciones, de nuestro inigualable pueblo de Puente Genil, que como dice la cancioncilla, \u201cEs un pueblo muy especial?<\/span><\/strong><\/p>\n<p><strong><span style=\"color: #000080\">Jes\u00fas Rodr\u00edguez, es un hombre amable, \u00a0sencillo y de conducta intachable, aunque algunos opinen lo contrario, todos tenemos nuestros benefactores y detractores. Pero lo que nadie puede dudar, es que todo aquel, que llega a \u00e9l, de buena voluntad, es correspondido con todo lo que \u00e9l pueda dar decir.<\/span><\/strong><\/p>\n<p><strong><span style=\"color: #000080\">Muchos de mis hermanos Ataos, tenemos constancia de su generosidad y desinteresada colaboraci\u00f3n. Cuando este Cuartel se construyo desde sus cimientos, el nos proporciono toda la herramientas necesaria y disponibles, para los trabajos de alba\u00f1iler\u00eda, al ser uno de los mas importantes constructores de nuestro Pueblo.<\/span><\/strong><\/p>\n<p><strong><span style=\"color: #000080\">Por todo ello hermano Jes\u00fas, la Semana Santa en general, y en espacial Loa Ataos, tienen mucho que agradecerte. Te deseo con todo el cari\u00f1o del mundo, que el eterno Padre y Mar\u00eda Sant\u00edsima, \u00a0 te de muchos m\u00e1s a\u00f1os de vida, \u00a0 para disfrutar de tu familia y que sigas siendo un \u00a1Abuelazo! Como hasta ahora. Bienvenido a los ataos y espero que pases una buena noche.<\/span><\/strong><\/p>\n<p><strong><span style=\"color: #000080\">Tambi\u00e9n invitado por m\u00ed persona, esta noche se encuentra entre nosotros, Francisco Cabello Chac\u00f3n. \u00a0Y os preguntareis \u00bfQui\u00e9n es este personaje? Pues bien hermanos, este personaje es \u201cKico\u201d al cual yo lo llamo este a\u00f1o con un poco de \u201cGuasa\u201d \u00a0\u00a1El presidente del a\u00f1o!. \u00a0 Pero lo hago, desde el respeto y todo el cari\u00f1o del mundo.<\/span><\/strong><\/p>\n<p><strong><span style=\"color: #000080\">Es un hermano, que por suerte le ha tocado ser Presidente de la Corporaci\u00f3n B\u00edblica, \u201cLas Virtudes Teologales\u201d. Muy pocos presidentes pueden presumir, de presidir un Corporaci\u00f3n en un 350 Aniversario. \u00a0 \u00c9l lo hace este a\u00f1o, con una de sus figuras m\u00e1s emblem\u00e1ticas, de su Corporaci\u00f3n y de nuestra Semana Santa, como lo es, \u00a0la de \u201cSim\u00f3n Cirineo\u201d.<\/span><\/strong><\/p>\n<p><strong><span style=\"color: #000080\">Hermano Kico, \u00a0eres un envidioso y picajoso, y te lo digo como te lo he dicho antes, desde el respeto y todo mi cari\u00f1o. \u00a0\u00bfPero t\u00edo? \u00a0Te has convertido en el protector y la sombra de tu \u201cPregonero\u201d, donde el va, tu tambi\u00e9n quieres ir. \u00a0\u00bfJoder Kico? \u00a0 Eres cansino, deja que el Pregonero, asista donde tenga que asistir, \u00a0y no lo manipules tanto.<\/span><\/strong><\/p>\n<p><strong><span style=\"color: #000080\">Pero Kico, \u00a0no tengas en cuenta estas palabras, estas las he dicho, por ponerle un poco de humor a la noche. T\u00fa eres un excelente Manantero, quieres mucho a tu Corporaci\u00f3n y lo demuestras d\u00eda a d\u00eda.<\/span><\/strong><\/p>\n<p><strong><span style=\"color: #000080\">Que sigas teniendo un buen mandato, y que \u00a0esta noche, lo pases en grande. Porque para m\u00ed, \u00a0 \u00a0y creo que para todos mis hermanos ataos, es un placer contar \u00a0con tu presencia, \u00a0en esta noche cuaresmal.<\/span><\/strong><\/p>\n<p><strong><span style=\"color: #000080\">\u00bfY c\u00f3mo no? Tambi\u00e9n esta noche se encuentra entre nosotros, y como se dice en el albor Taurino, el \u201cMaestro y sus mozos de espadas\u201d, el hermano \u201cMigueli\u201d \u2013 \u00a0\u201cL\u00f3pez y Andujar\u201d, tres pesos pesados de la Corporaci\u00f3n hermana y vecina del Apostolado. \u00a0\u201cMigueli\u201d adem\u00e1s de ser el Presidente de la Agrupaci\u00f3n de Cofrad\u00edas, es para los Ataos, un hermano m\u00e1s de la misma.<\/span><\/strong><\/p>\n<p><strong><span style=\"color: #000080\">Desde a\u00f1os atr\u00e1s, se a creado un vinculo entre los Ataos y \u00a0\u201cMigueli\u201d muy importante, el cual deseo de todo coraz\u00f3n, \u00a0que perdure \u00a0durante muchos a\u00f1os m\u00e1s. T\u00fa tienes muchas cualidades \u201cMigueli\u201d, pero si hay alguna por destacar, es por ser amigo de tus amigos.<\/span><\/strong><\/p>\n<p><strong><span style=\"color: #000080\">Persona sencilla, amable y servicial, que por tu car\u00e1cter abierto, todo el que llega a ti, de buena voluntad, las puertas de tu hogar y las de tu coraz\u00f3n, siempre est\u00e1n abiertas, para dar lo mejor de tu persona.<\/span><\/strong><\/p>\n<p><strong><span style=\"color: #000080\">M\u00e1s no tengo que decirte, que t\u00fa \u00a0siempre eres bien recibido, en esta Corporaci\u00f3n de los Ataos. Has convivido con nosotros en muchas ocasiones, y has descubierto que cuando visitas este cuartel, te sientes como si fueses un hermano mas de los Ataos. Estoy casi seguro, que por ese descubrimiento, tienes el coraz\u00f3n dividido, entre Ap\u00f3stoles y Ataos.<\/span><\/strong><\/p>\n<p><br \/><strong><span style=\"color: #000080\">No hace falta que te diga, que te lo pases bien esta noche con nosotros, porque yo s\u00e9, que siempre que comparte mesa y mantel con los Ataos, te lo pasas en grade. Por lo tanto, no hace faltas mas elogios, disfruta de esta noche, lo mejor que puedas. Bienvenido hermano \u201cMigueli\u201d a ti y a tus mozos de espadas<\/span><\/strong><\/p>\n<p><strong><span style=\"color: #000080\">Y como no, tambi\u00e9n esta noche se encuentra con nosotros, el invitado de honor de esta Corporaci\u00f3n. \u201cEl Pregonero\u201d de nuestra Semana Santa 2013. Antonio Carmona Ruiz, \u00a0 \u00a0\u00bfHay es na? \u00a0 Al que yo califico como mi hermano peque\u00f1o. Por la relaci\u00f3n tan intima, que yo y toda mi familia, hemos tenido y seguimos teniendo con el, con su hermana Mari Conchi, con su difunto y extraordinario Padre, que ya duerme la eternidad, junto al Eterno Padre, Jes\u00fas Nazareno y Mar\u00eda Sant\u00edsima, y con la reina de su casa, Conchita Ruiz Ja\u00e9n.<\/span><\/strong><\/p>\n<p><strong><span style=\"color: #000080\">No es por casualidad, y seguro que Agrupaci\u00f3n de Cofrad\u00edas y Corporaciones B\u00edblicas cuando le otorgo el Preg\u00f3n, \u00a0a la Corporaci\u00f3n de Virtudes Teologales, no hubo dudas ninguna de quien iba a pregonar nuestra Semana Santa. \u00a0Como tambi\u00e9n estoy seguro que \u00a0si Dios no lo<\/span><\/strong><br \/><strong><span style=\"color: #000080\">impide, cera un gran Preg\u00f3n.<\/span><\/strong><\/p>\n<p><strong><span style=\"color: #000080\">Porque creo firmemente, que para pregonar la Semana Santa, no hay que ser un hombre de \u00bfLetras, ni Poeta, ni Rapsoda? , ni un gran Orador, simplemente decirlo desde el Coraz\u00f3n, del buen Manantero Pontano. \u00a0 \u00a0Y os lo puedo asegurar, Antonio Carmona lo es. \u00a0Disfrutaremos con su Preg\u00f3n, que nos tocara las fibras del cuerpo y llegara al alma de todo Pontano.<\/span><\/strong><\/p>\n<p><strong><span style=\"color: #000080\">Exponer las cualidades de Antonio Carmona, seria un tanto largo, y que ya otros han glosado sobre su figura. \u00a0Yo podr\u00eda destacar tanto bueno de el y de su familia, que nos ocupar\u00eda casi toda la noche. \u00a0Pero este no es el prop\u00f3sito. \u00a0Solo decir que Antonio es una persona amable y<\/span><\/strong><br \/><strong><span style=\"color: #000080\">servicial, \u2013 un gran Pintor Polifac\u00e9tico, del que muchos han imitado, \u2013 \u00a0un Miragenile\u00f1o como la copa de un pino, \u2013 un Manantero excepcional, \u2013 y gran amante de todo lo cultural y social, de nuestro querido pueblo de Puente Genil.<\/span><\/strong><\/p>\n<p><strong><span style=\"color: #000080\">Por ello hermano Antonio, y nunca mejor dicho, disfruta de la noche cuaresmal en los Ataos, dese\u00e1ndote los mejores parabienes, en ese tan esperado Preg\u00f3n. Terminado Antonio (Chifarri) su intervenci\u00f3n, como el nos tiene acostumbrados, con una saeta al \u201cTerrible\u201d, rematada por un martinete, alusivo a Sim\u00f3n Cirineo.<\/span><\/strong><br \/><strong><span style=\"color: #000080\">Ya sin tiempo para mas, el Presidente nos recomendaba, que fu\u00e9semos apurando las copas, que iniciar\u00edamos el desfile \u00a0hacia el Calvario. Ya en la plazuela de Lara, nos esperaban los hermanos de las Virtudes Cardinales, athab\u00edados con t\u00fanicas negras, para hacer el recorrido,<\/span><\/strong><br \/><strong><span style=\"color: #000080\">junto a los Ataos. Ello se produjo, parque nuestros \u00a0hermanos m\u00fasicos, estrenar\u00edan en la calle, el nuevo pasodoble titulado La Sibila de Cumas, compuesto, por nuestro hermano Eduardo L\u00f3pez Gil, con el motivo del 350 aniversario de su figura m\u00e1s emblem\u00e1tica \u201cLa Sibila de Cumas\u201d.<\/span><\/strong><\/p>\n<p><strong><span style=\"color: #000080\">Tras el saludo tradicional, a los hermano del Imperio Romano en la puerta de la Iglesia \u00a0de la Concepci\u00f3n, inici\u00e1bamos el desfile, como los ataos solemos hacerlo, serio y ordenado, \u00a0bajo los sones del nuevo pasodoble \u201cLa Sibila de Cumas\u201d, con una gran hilera de hermanos Ataos, invitados y los hermanos de la Corporaci\u00f3n de la Virtudes Cardinales, que se adaptaron perfectamente, a las indicaciones que el presidente recomendaba, \u00a0haciendo un vistoso y desfile por la C\/ Aguilar, hasta la Ermita de la Veracruz, donde se hace una breva parada para en intercambio del Gallo y las bengalas, subiendo cuestecilla de Jes\u00fas, al comp\u00e1s del pasodoble \u201cBarrabas\u201d hasta llegar a la explanada de la Parroquia de Jes\u00fas junto a la cruz de los ca\u00eddos.<\/span><\/strong><br \/><strong><span style=\"color: #000080\">Ya bajo el p\u00f3rtico de Jes\u00fas, nuestros hermanos m\u00fasicos, hac\u00edan sonar sus instrumentos, interpretando el \u201cMiserere y el St\u00e1bat Mater, mientras se intercambiaba el gallo entre un hermano de los Ataos y otro de las Virtudes. Tras ello inici\u00e1bamos el regreso al cuartel. No<\/span><\/strong><br \/><strong><span style=\"color: #000080\">sin antes hacer las tradicionales paradas en Veracruz y C\/ Horno, donde cant\u00e1bamos a coro Alondras y Ruise\u00f1ores y saetas cuarteleras de los Ataos y tradicionales de otras corporaciones, todo ello bajo un gran ambiente de confraternidad y hermandad. \u00a0Tras el alto en el<\/span><\/strong><br \/><strong><span style=\"color: #000080\">camino bajamos C\/ Horno con una marcha lenta, esta vez titulada Virgen de la Gu\u00eda, llegando de nuevo al cuartel bajo los sones del \u201cBarrabas\u201d.<\/span><\/strong><\/p>\n<p><strong><span style=\"color: #000080\">Cuando todos los hermanos e invitados, ocupaban sus asientos, se personaron en el sal\u00f3n todos los hermanos de las Virtudes Cardinales, tomando la palabra el hermano Presidente de la misma Francisco Cabezas Roa, quien con unas emotivas palabras de agradecimiento, entregaba al Presidente de los Ataos un presente. Tomando la palabra el Presidente<\/span><\/strong><br \/><strong><span style=\"color: #000080\">de los Ataos Manuel G\u00e1lvez Espadas, nos comentaba que con el pasodoble que nuestros hermanos m\u00fasicos, os han dedicado, se unen aun m\u00e1s los lazos entre Ataos y Virtudes Cardinales, agradeci\u00e9ndoles el buen comportamiento y compostura, que hab\u00edan realizado en el desfile, como si de unos hermanos mas de los Ataos fuesen.<\/span><\/strong><br \/><strong><span style=\"color: #000080\">Ya sin la presencia de los hermanos de las Virtudes, el Presidente retomaba el protocolo, cedi\u00e9ndole la palabra al Presidente de las Virtudes Teologales Francisco Cabello Chac\u00f3n, el cual daba en principio las gracias al hermano Antonio (Chifarri) por su invitaci\u00f3n, comentando que era la primera vez que compart\u00eda con los hermanos Ataos una noche Cuaresmal, la cual se quedar\u00eda grabada en su coraz\u00f3n para toda su vida, siendo el tercer acto m\u00e1s relevante al que av\u00eda acudido, felicitando a Los Ataos por esta noche tan entra\u00f1able y Manantera. Invit\u00e1ndonos que asisti\u00e9semos el domingo de Ramos al Preg\u00f3n, que su hermano Antonio Carmona, pronunciara en nombre de su Corporaci\u00f3n, por su 350 a\u00f1os de su figura emblem\u00e1tica de Sim\u00f3n Cirineo.<\/span><\/strong><\/p>\n<p><strong><span style=\"color: #000080\">Sin prisa pero sin pausa, el Presidente ced\u00eda la palabra a nuestro hermano F\u00ba Jos\u00e9 Membiela, pregunt\u00e1ndole de c\u00f3mo se hab\u00eda realizado la presentaci\u00f3n del pasodoble que nuestro hermanos m\u00fasicos les dedicaron a las Virtudes y otros actos m\u00e1s realizados por parte de las Virtudes Cardinales, en las Bodegas Delgado al medio d\u00eda, ya que el no pudo asistir por encontrarse indispuesto y en su lugar asisti\u00f3 Membiela y otro hermano mas, \u00a0en \u00a0representaci\u00f3n de los Ataos.<\/span><\/strong><\/p>\n<p><strong><span style=\"color: #000080\">Membiela con su buena oratoria y totalmente emocionado, desgranaba lo all\u00ed ocurrido, felicitando a nuestros hermanos m\u00fasicos, por su extraordinaria participaci\u00f3n, siendo un gran acto, lleno de contenido Manantero y con buena m\u00fasica. Tambi\u00e9n el hermano Membiela y<\/span><\/strong><br \/><strong><span style=\"color: #000080\">dirigi\u00e9ndose a nuestros hermanos Salvador Gonz\u00e1lez y Emilio Palos, que este a\u00f1o recibir\u00e1n la medalla de los veinte y cinco a\u00f1os de permanencia consecutiva en los Ataos, nos recitaba un poes\u00eda de su cosecha dedicada a ellos, que en su d\u00eda dedico a otro hermano que tambi\u00e9n cumpl\u00eda los 25 a\u00f1os, y aleg\u00f3rica a la Virgen de la Gu\u00eda.<\/span><\/strong><\/p>\n<p><strong><span style=\"color: #000080\">Veinticinco a\u00f1os son muchos,<\/span><\/strong><br \/><strong><span style=\"color: #000080\">Venerando tu dolor<\/span><\/strong><br \/><strong><span style=\"color: #000080\">Veinticinco a\u00f1os, muy pocos<\/span><\/strong><br \/><strong><span style=\"color: #000080\">Regal\u00e1ndonos tu amor.<\/span><\/strong><\/p>\n<p><strong><span style=\"color: #000080\">Madrecita \u00a1Virgen nuestra<\/span><\/strong><br \/><strong><span style=\"color: #000080\">Eres Gu\u00eda y fervor<\/span><\/strong><br \/><strong><span style=\"color: #000080\">Nos alientas y nos acompa\u00f1as<\/span><\/strong><br \/><strong><span style=\"color: #000080\">Entreg\u00e1ndonos tu flor.<\/span><\/strong><\/p>\n<p><strong><span style=\"color: #000080\">Veinticinco son muy pocos<\/span><\/strong><br \/><strong><span style=\"color: #000080\">Mas doblarlos quiero yo<\/span><\/strong><br \/><strong><span style=\"color: #000080\">Entregado en tus v\u00e1rales<\/span><\/strong><br \/><strong><span style=\"color: #000080\">Con piropos de fervor.<\/span><\/strong><\/p>\n<p><strong><span style=\"color: #000080\">Compartiendo paso a paso<\/span><\/strong><br \/><strong><span style=\"color: #000080\">Esas cuatro y dulce horas<\/span><\/strong><br \/><strong><span style=\"color: #000080\">De Pontano y de pasi\u00f3n.<\/span><\/strong><\/p>\n<p><strong><span style=\"color: #000080\">\u00a1Mas! te juro Madre m\u00eda<\/span><\/strong><br \/><strong><span style=\"color: #000080\">Que otros veinticinco seria<\/span><\/strong><br \/><strong><span style=\"color: #000080\">Tu cerero en candeal<\/span><\/strong><br \/><strong><span style=\"color: #000080\">Para darte luminarla<\/span><\/strong><br \/><strong><span style=\"color: #000080\">Y tu dulce cara iluminar.<\/span><\/strong><\/p>\n<p><strong><span style=\"color: #000080\">Tu Cofrade, \u00a0tu costero<\/span><\/strong><br \/><strong><span style=\"color: #000080\">El que el agua va a llevar<\/span><\/strong><br \/><strong><span style=\"color: #000080\">El que reza con su canto<\/span><\/strong><br \/><strong><span style=\"color: #000080\">El que con el cirio va.<\/span><\/strong><\/p>\n<p><strong><span style=\"color: #000080\">\u00a1hay! Pontana, pontana guapa<\/span><\/strong><br \/><strong><span style=\"color: #000080\">Tan sencilla, tan morena<\/span><\/strong><br \/><strong><span style=\"color: #000080\">Yo seria, lo que t\u00fa quisieras<\/span><\/strong><br \/><strong><span style=\"color: #000080\">Aunque sea para decirte<\/span><\/strong><br \/><strong><span style=\"color: #000080\">Estas cuatro alabanzas.<\/span><\/strong><\/p>\n<p><strong><span style=\"color: #000080\">Cuando pasas por el arco<\/span><\/strong><br \/><strong><span style=\"color: #000080\">Y te mecen en tu casa<\/span><\/strong><br \/><strong><span style=\"color: #000080\">Esa casa donde espera<\/span><\/strong><br \/><strong><span style=\"color: #000080\">Tos tus hijos con templanza.<\/span><\/strong><\/p>\n<p><strong><span style=\"color: #000080\">Que alborota to \u00a0el genito<\/span><\/strong><br \/><strong><span style=\"color: #000080\">Y que rompe las gargantas<\/span><\/strong><br \/><strong><span style=\"color: #000080\">De Pontanos y Pontanas<\/span><\/strong><br \/><strong><span style=\"color: #000080\">Esperando tu llegada.<\/span><\/strong><\/p>\n<p><strong><span style=\"color: #000080\">Un a\u00f1o m\u00e1s se nos ira<\/span><\/strong><br \/><strong><span style=\"color: #000080\">Y tu, sublime, sin palio<\/span><\/strong><br \/><strong><span style=\"color: #000080\">Ni madreperlas, si oros<\/span><\/strong><br \/><strong><span style=\"color: #000080\">ni bambalinas.<\/span><\/strong><\/p>\n<p><strong><span style=\"color: #000080\">Todos y cada uno de tus portadores<\/span><\/strong><br \/><strong><span style=\"color: #000080\">Comenzaremos abrasar<\/span><\/strong><br \/><strong><span style=\"color: #000080\">El tiempo y la noche<\/span><\/strong><br \/><strong><span style=\"color: #000080\">Relumbrada por la bengala<\/span><\/strong><br \/><strong><span style=\"color: #000080\">Ese tortuoso camino<\/span><\/strong><br \/><strong><span style=\"color: #000080\">Para tu nueva llegada.<\/span><\/strong><\/p>\n<p><strong><span style=\"color: #000080\">Y miras a tu hermano<\/span><\/strong><br \/><strong><span style=\"color: #000080\">Y solo con esas mirada<\/span><\/strong><br \/><strong><span style=\"color: #000080\">Preguntaras con el alma<\/span><\/strong><br \/><strong><span style=\"color: #000080\">\u00bfCuanto nos queda para verte? Nada.<\/span><\/strong><\/p>\n<p><strong><span style=\"color: #000080\">Para quererte \u00a0un a\u00f1o m\u00e1s<\/span><\/strong><br \/><strong><span style=\"color: #000080\">Sin cruz para poder de nuevo llevarte<\/span><\/strong><br \/><strong><span style=\"color: #000080\">Arropados por su hermoso manto<\/span><\/strong><br \/><strong><span style=\"color: #000080\">Madre m\u00eda de la Gu\u00eda.<\/span><\/strong><\/p>\n<p><strong><span style=\"color: #000080\">De nuevo el presidente interven\u00eda, glosando un poco la figura del Pregonero y cedi\u00e9ndole la palabra. Antonio Carmona se situaba al lado del Decano de los Ataos y nos comentaba, que eran ya muchas la invitaciones a las que av\u00eda acudido y las que le queda por asistir, pero que para \u00e9l, esta era un de las m\u00e1s esperadas, porque en ella comenzaron su primeros pasos como Manantero, vistiendo las figuras y romanos chiquitos, de la mano de sus t\u00edos Pablo y Manuel Ruiz Ja\u00e9n, Ataos en el cielo.<\/span><\/strong><\/p>\n<p><strong><span style=\"color: #000080\">Tambi\u00e9n felicitaba a los hermanos m\u00fasicos, por su destacada participaci\u00f3n en el acto celebrado en las Bodegas Delgado, organizado por \u00a0las Virtudes Cardinales. Continuando Antonio Carmona nos comentaba, que esta era la segunda vez que compart\u00eda una noche<\/span><\/strong><br \/><strong><span style=\"color: #000080\">cuaresmal junto a los Ataos, felicit\u00e1ndonos por el grandioso desfile efectuado en la calle, las Alondras y Ruise\u00f1ores, saetas cuarteleras y la marcha lenta de la C\/ Horno. \u00a0Terminaba su intervenci\u00f3n Antonio Carmona, coment\u00e1ndonos que en su Preg\u00f3n, aparecen Los Ataos, en sus<\/span><\/strong><br \/><strong><span style=\"color: #000080\">recuerdos de ni\u00f1o, de la plazuela de Lara, el Arco y la Cazada, invit\u00e1ndonos finalmente a que acudi\u00e9semos al Preg\u00f3n, todo aquel que pudiese.<\/span><\/strong><\/p>\n<p><strong><span style=\"color: #000080\">Mientras depart\u00edamos la cena, el Presidente le ced\u00eda la palabra a Jes\u00fas Rodr\u00edguez Bachot, el cual daba en principio las gracias, a Antonio (Chifarri) por su invitaci\u00f3n y el poder compartir esta noche cuaresmal con los Ataos. Visiblemente erosionado, nos comenta de que<\/span><\/strong><br \/><strong><span style=\"color: #000080\">hab\u00eda estado toda la tarde preparando alg\u00fan escrito, pero despu\u00e9s de lo vivido esta noche con los Ataos, solo se pod\u00edan hablar desde el coraz\u00f3n y los sentimiento, y para ello sobran los papeles y escritos.<\/span><\/strong><\/p>\n<p><strong><span style=\"color: #000080\">Yo solo soy un hombre que se ha dedicado a la construcci\u00f3n y la oratoria no es mi fuerte.<\/span><\/strong><\/p>\n<p><strong><span style=\"color: #000080\">Jes\u00fas Rodr\u00edguez nos comentaba, que \u00e9l solo se hab\u00eda sentado a las mesas de los Ataos, en una ocasi\u00f3n y esta noche. La primera fue cuando se inauguro el cuartel en el a\u00f1o 1981, por mi colaboraci\u00f3n desinteresada en la construcci\u00f3n del mismo. Pero la de esta noche, es<\/span><\/strong><br \/><strong><span style=\"color: #000080\">un mundo aparte. Estoy august\u00edsimo y tengo que deciros de he disfrutado de lo grande, hab\u00e9is hecho un grandioso desfile, en todo su recorrido y en el cual yo me incluyo, serio y ordenado, descubriendo otras facetas de los Ataos, como esos Misereres en el p\u00f3rtico de<\/span><\/strong><br \/><strong><span style=\"color: #000080\">Jes\u00fas, y ese Gallo entre los hermanos m\u00fasicos, a los cuales os felicito, porque me hab\u00e9is hecho vibrar de emoci\u00f3n, m\u00e1xime en ese desfile a marcha lenta en la C\/Horno.<\/span><\/strong><\/p>\n<p><strong><span style=\"color: #000080\">Como creo que todos sab\u00e9is, yo he sido un hombre de Corporaci\u00f3n, hermano de los Jud\u00edos y Azotes, \u201cLos Jetones\u201d durante muchos a\u00f1os, pero en su momento tuve que dejarla, al dedicarme de lleno a la Cofrad\u00eda de nuestro Padre Jes\u00fas Nazareno, d\u00e1ndome cuenta que las dos cosas para mi, eran incompatibles. Ya para terminar, quiero deciros que no cambies nunca, que sig\u00e1is como vais y apoyar mucho a vuestros hermanos m\u00fasicos, que junto con vosotros, sois entre otras, la mejor Corporaci\u00f3n de nuestra Semana Santa.<\/span><\/strong><br \/><strong><span style=\"color: #000080\">Ya casi a los postres tomaba la palabra, el hermano \u201cMigueli\u201d Juan Miguel Granados, presidente de la Agrupaci\u00f3n de Cofrad\u00edas y Figuras B\u00edblicas, quien con pocas palabras, nos dec\u00eda, que con todo lo que se hab\u00eda dicho aqu\u00ed esta noche, poco ten\u00eda \u00a0que a\u00f1adir, que \u00e9l se quedaba con la lectura del \u00a0pasaje de la Biblia. \u00a0Puesto que el Evangelio, nos dec\u00eda que durante la Transfiguraci\u00f3n los ap\u00f3stoles Pedro, Santiago y Juan, estaban tan bien que pidieron al Se\u00f1or hacer unas tiendas o pabellones, y que en nuestra Semana Santa, no es solo el sentirse a gusto y disfrutar de nuestra Semana Santa, sino que hay otros momentos, glosando por todos los hermanos que se ocupan de los trabajos en los cuarteles, recomend\u00e1ndonos, que el 350 aniversario de Dimas Gestas, estaba a la vuelta de la esquina, hacerlo todo vuestro y sentar las bases de la pir\u00e1mides donde se asienta, vuestra Corporaci\u00f3n y la de la Semana Santa, de nuestro pueblo.<\/span><\/strong><br \/><strong><span style=\"color: #000080\">Ya cerrando el turno de intervenciones, el Presidente agradec\u00eda la presencia en esta noche, de tantos y tan buenos Mananteros, cedi\u00e9ndole la palabra al Decano de los Ataos Manuel G\u00e1lvez (Chifarri), que con su caracter\u00edstica forma de ser, nos comentaba que se sent\u00eda muy a gusto, por el gran S\u00e1bado de Cuaresma vivido, tanto en el cuartel como en la calle, junto con las Virtudes Cardinales.<\/span><\/strong><br \/><strong><span style=\"color: #000080\">Como es obvio y tradici\u00f3n, el Presidente proced\u00eda a quitarle la tercera patita a la Vieja Cuaresmera. Para ello invitaba a nuestro hermano Emilio Palos, en el cual bah\u00eda reca\u00eddo tal honor.<\/span><\/strong><br \/><strong><span style=\"color: #000080\">Tras recibir la patita, el hermano Emilio Palos, nos comentaba que en los veinte y cinco a\u00f1os como hermano de los Ataos, era la primera vez que le dedicaban una pata, que siendo una cosa tan simple, pudiera producir tanta alegr\u00eda y a la vez, tanto nerviosismo. Que el recibir<\/span><\/strong><br \/><strong><span style=\"color: #000080\">esta pata, era para \u00e9l todo un orgullo y m\u00e1xime la de la Transfiguraci\u00f3n con lo que ella significa, recomendados que disfrut\u00e1semos al M\u00e1ximo el d\u00eda a d\u00eda. En ese momento el hermano Emilio enmudeci\u00f3 y les afloraron las l\u00e1grimas.<\/span><\/strong><br \/><strong><span style=\"color: #000080\">Ya recuperado por la emoci\u00f3n que le embargaba, nos dec\u00eda, que se hab\u00eda acordado de los malos momentos sufridos por su persona, de su intervenci\u00f3n quir\u00fargica meses atr\u00e1s, y con lagrimas todav\u00eda en sus mejillas, nos dec\u00eda que nos quer\u00eda a todos como hermanos de los Ataos, que el querer se demuestra en los malos momentos, pero que tambi\u00e9n en<\/span><\/strong><br \/><strong><span style=\"color: #000080\">los buenos, d\u00e1ndole las gracias al Presidente por haberse acordado esta noche de \u00e9l. Terminando todos los presentes desfilando por todos por el sal\u00f3n, bajo los acordes de un pasodoble Atao, interpretado por nuestros hermanos m\u00fasicos.<\/span><\/strong><br \/><strong><span style=\"color: #000080\">Un grandioso s\u00e1bado de Cuaresma, vivido por los Ataos y sus invitados, que quedara inscrito con letras de oro en los anales de la historia de la Corporaci\u00f3n de los Ataos.<\/span><\/strong><\/p>\n<p><strong><span style=\"color: #000080\">Redacci\u00f3n, A. G. S<\/span><\/strong><\/p>\n<\/figure>\n<\/figure><\/div><\/div><\/div><div class=\"wppb-accordion-item repeater-4\"><div class=\"wppb-accordion-title wppb-toggle-right \"><i class=\"fas fa-pen-alt\"><\/i><span class=\"wppb-accordion-title-content\">Subida de Diablo Mudo<\/span><span class=\"wppb-toggle-direction wppb-toggle-right\"><i class=\"fas fas fa-angle-right\"><\/i><\/span><\/div><div class=\"wppb-panel-collapse\" style=\"display: none;\"><div class=\"wppb-accordion-content\"><figure class=\"wp-block-table\">\n<figure class=\"wp-block-table\">\n<p><span style=\"color: #000080\"><strong>Un a\u00f1o m\u00e1s, celebr\u00e1bamos la Corporaci\u00f3n de los Ataos, el 4\u00aa s\u00e1bado de\u00a0Cuaresma, llamado\u00a0Diablo Mudo.<\/strong><\/span><\/p>\n<p><span style=\"color: #000080\"><strong>\u00a0 \u00a0 \u00a0 \u00a0 Sobre las 9-30 de la noche, el Presidente Manuel G\u00e1lvez Espadas, daba la bienvenida a los hermanos Ataos, incluidos los hermanos m\u00fasicos e invitados, dese\u00e1ndoles a todos que pas\u00e1semos una buena noche cuaresmal. No hab\u00edamos casi empezado a degustar las viandas, cuando recib\u00edamos la grata presencia de la \u201cChusma\u201d, recibi\u00e9ndolo todos de pie y aplaudiendo, mientras los hermanos m\u00fasicos, interpretaban el genial pasodoble \u201cEnriquetilla\u201d, ofreci\u00e9ndoles unas viandas y unas copitas de vino, fundi\u00e9ndose Ataos y Romanos, en saludos y abrazos<\/strong><\/span><br \/><span style=\"color: #000080\"><strong>fraternales.<\/strong><\/span><\/p>\n<p><span style=\"color: #000080\"><strong>\u00a0 \u00a0 \u00a0 \u00a0 \u00a0Entre otros invitados, se encontraba Rafael Serrano Cosano, tesorero de la junta gestora, de la Cofrad\u00eda del Se\u00f1or Resucitado, invitaci\u00f3n que todos los a\u00f1os se produce por su hermano y Atao, Francisco Serrano Cosano. Tambi\u00e9n se encontraba Jos\u00e9 Mar\u00eda Mart\u00ednez, hermano de la Corporaci\u00f3n de las \u201cPar\u00e1bolas\u201d e hijo de nuestro hermano y caja redoblante, Francisco J. Mart\u00ednez Serrano.<\/strong><\/span><\/p>\n<p><span style=\"color: #000080\"><strong>Abriendo la noche musical, nuestros hermanos m\u00fasicos interpretaban el pasodoble, Jos\u00e9 Mar\u00eda Mart\u00ednez, compuesto el a\u00f1o pasado por nuestro hermano Eduardo L\u00f3pez Gil, joven baluarte con un futuro musical importante, estrenado en su d\u00eda, en la Corporaci\u00f3n de \u201cLas Par\u00e1bolas\u201d y dedicado al hermano de la misma, el hermanito Mart\u00ednez.\u00a0\u00a0\u00a0\u00a0\u00a0\u00a0\u00a0\u00a0\u00a0\u00a0\u00a0\u00a0\u00a0\u00a0\u00a0\u00a0\u00a0\u00a0\u00a0\u00a0\u00a0\u00a0\u00a0\u00a0\u00a0\u00a0\u00a0\u00a0\u00a0\u00a0\u00a0\u00a0\u00a0\u00a0\u00a0\u00a0\u00a0\u00a0\u00a0\u00a0\u00a0\u00a0\u00a0\u00a0\u00a0\u00a0\u00a0\u00a0\u00a0\u00a0\u00a0\u00a0\u00a0\u00a0\u00a0\u00a0\u00a0\u00a0\u00a0\u00a0\u00a0\u00a0\u00a0\u00a0\u00a0\u00a0\u00a0\u00a0<\/strong><\/span><\/p>\n<p><span style=\"color: #000080\"><strong>Mientras depart\u00edamos las exquisitas viandas, nuestro Presidente, felicitaba a los hermanos m\u00fasicos, ya que al medio d\u00eda hab\u00edan acudido a una comida de hermandad, en los \u201cBabilonios\u201d, Corporaci\u00f3n matriz de San Juan Evangelista, donde se encontraban un grupo de j\u00f3venes f\u00e9minas, \u201cDel Legado de Mar\u00eda\u201d, que pronto ser\u00e1n miembros de la Agrupaci\u00f3n de Cofrad\u00edas y Figuras B\u00edblicas, encabezada por su presidenta, hija mayor de nuestro hermano Antonio Cuenca. Encontr\u00e1ndose tambi\u00e9n en la misma, el presidente de la citada Agrupaci\u00f3n, Juan Miguel Granados y sus dos subalternos, L\u00f3pez y Andujar. Un tr\u00edo de ases, que no los mata ni una porra de hierro.<\/strong><\/span><\/p>\n<p><span style=\"color: #000080\"><strong>A la hora indicada, los hermanos de los Ataos, m\u00fasicos e invitados, inici\u00e1bamos la cuarta subida al Calvario, haciendo como es obvio, las tradicionales paradas, puerta de la Iglesia de la Concepci\u00f3n, Veracruz para el intercambio de Gallo y Bengalas, subida de la cuestecilla de Jes\u00fas, al comp\u00e1s del \u201cBarrabas\u201d y llegada a la Cruz de los Ca\u00eddos, en la plazoleta del Calvario.<\/strong><\/span><br \/><br \/><span style=\"color: #000080\"><strong>Tras la interpretaci\u00f3n por parte de nuestros hermanos m\u00fasicos, del Miserere y St\u00e1bat Mater, bajo el p\u00f3rtico de la Parroquia de Jes\u00fas Nazareno, retornando al cuartel, no sin antes hacer las paradas de Veracruz y esquina de Calle Horno, donde se canta a coro las Alondras y Ruise\u00f1ores y saetas cuarteleras. Bajando dicha Calle, a los sones de la marcha \u201cBastoneros de la Soledad\u201d, compuesta en su d\u00eda, por nuestro paisano y gran m\u00fasico, Eugenio Palomero,\u00a0\u00a0\u00a0\u00a0\u00a0\u00a0\u00a0\u00a0\u00a0\u00a0\u00a0\u00a0\u00a0\u00a0\u00a0\u00a0\u00a0\u00a0\u00a0\u00a0\u00a0\u00a0\u00a0\u00a0 llegando al cuartel con el pasodoble \u201cBarrabas\u201d.<\/strong><\/span><br \/><span style=\"color: #000080\"><strong>Cuando ya todos sentados entorno a las mesas, \u00a0se proced\u00eda a leer la el pasaje de la biblia, haci\u00e9ndolo \u00a0Francisco J. Mart\u00ednez hermano m\u00fasico. Tras ello se le ced\u00eda la palabra, a Jos\u00e9 Mar\u00eda Mart\u00ednez, Hermano de las \u201cPar\u00e1bolas\u201d, con una intervenci\u00f3n muy breve, agradec\u00eda la acogida que los Ataos les hacian, siempre que compart\u00eda con nosotros una noche cuaresmal o en otras ocasiones.<\/strong><\/span><\/p>\n<p><span style=\"color: #000080\"><strong>Tras ello, se le ced\u00eda la palabra, a Rafael Serrano, quien en su corta intervenci\u00f3n, nos dec\u00eda sentirse Atao siempre que visitaba el cuartel, dando las gracias, ya que el era bastonero y hermano de la Virgen de la Gu\u00eda.<\/strong><\/span><br \/><span style=\"color: #000080\"><strong>Sin descanso, nuestros hermanos m\u00fasicos, nos deleitaban \u00a0con una marcha lenta, titulada \u201cCofrade Manantero\u201d, de Eugenio Palomero y dedicada en su d\u00eda, a el inolvidable \u00a0Manantero Ejemplar en el cielo, Jos\u00e9 Antonio Torres Aguilar. La cual va incluida en el repertorio de la Banda de M\u00fasica de los Ataos.<\/strong><\/span><\/p>\n<p><span style=\"color: #000080\"><strong>Por \u00faltimo se procedi\u00f3 a quitarle la cuarta pata a la Vieja Cuaresmera, teniendo el honor de hacerlo, el Director de nuestros hermanos m\u00fasicos, Eduardo L\u00f3pez Gil, quien algo emocionado, compart\u00eda la misma, con sus grupo de m\u00fasica. Desfilando todos por el Sal\u00f3n, bajo los sones del pasodoble \u201cCaralimpia\u201d compuesto por el mismo y dedicado a su familia. Sin m\u00e1s termin\u00e1bamos este s\u00e1bado de cuaresma, con el pensamiento puesto en el quinto.<\/strong><\/span><br \/><br \/><span style=\"color: #000080\"><strong>\u00a0 \u00a0 \u00a0 \u00a0 A. G. S.<\/strong><\/span><\/p>\n<\/figure>\n<\/figure><\/div><\/div><\/div><div class=\"wppb-accordion-item repeater-5\"><div class=\"wppb-accordion-title wppb-toggle-right \"><i class=\"fas fa-pen-alt\"><\/i><span class=\"wppb-accordion-title-content\">Subida de Pan Y Peces<\/span><span class=\"wppb-toggle-direction wppb-toggle-right\"><i class=\"fas fas fa-angle-right\"><\/i><\/span><\/div><div class=\"wppb-panel-collapse\" style=\"display: none;\"><div class=\"wppb-accordion-content\"><figure class=\"wp-block-table\">\n<figure class=\"wp-block-table\">\n<p><strong><span style=\"color: #000080\">Con un d\u00eda desapacible y con una lluvia intermitente, los hermanos de\u00a0los Ataos, celebramos el 5\u00ba s\u00e1bado de cuaresma. La jornada comenzaba con una comida informal al mediod\u00eda, ofrecida por nuestro hermano\u00a0Secretario Rafael \u00c1ngel Ruiz Romero (El Botijo).<\/span><\/strong><br \/><br \/><strong><span style=\"color: #000080\">El motivo no fue otro, que agasajar a sus hermanos de Corporaci\u00f3n,\u00a0incluidos nuestro hermanos m\u00fasicos y amigos \u00edntimos del anfitri\u00f3n, con carne de una baquilla que hubo de sacrificar, ya que en su d\u00eda sirvi\u00f3\u00a0para torearla en una rudimentaria placita, montada en los bajo pegados al r\u00edo Genil, de la casa de nuestro hermano en el cielo (El Rubio\u00a0Trenas) suegro de nuestro hermano Rafael Ruiz. Todo bajo un gran ambiente de confraternidad y mananterismo, donde no faltaron las\u00a0saetas cuarteleras y la m\u00fasica.<\/span><\/strong><br \/><br \/><strong><span style=\"color: #000080\">Ya por la noche, celebr\u00e1bamos la tradicional comida de hermandad y\u00a0subida al Calvario, con un cuartel repleto de hermanos e invitados. A la hora indicada nuestro Presidente Manuel G\u00e1lvez Espadas, daba la\u00a0bienvenida a todos los presentes, dese\u00e1ndonos que pas\u00e1semos un buena\u00a0noche cuaresmal. Entre los invitados se encontraban, un hermano de la\u00a0Corporaci\u00f3n de \u201cLos Lazaros\u201d, otro \u201cDel Centuri\u00f3n\u201d y otro de la\u00a0\u201cSentencia\u201d.<\/span><\/strong><br \/><br \/><strong><span style=\"color: #000080\">Tras el saludo de bienvenida, tomaba la palabra nuestro hermano Miguel\u00a0Trigos, portavoz de nuestro hermanos m\u00fasicos, el cual nos comentaba,\u00a0que av\u00eda felicitado a los hermanos m\u00fasicos y a la Corporaci\u00f3n hermana del Imperio Romano, por el gesto que hab\u00edan tenido el s\u00e1bado pasado,\u00a0tocando por la cuesta Baena, nuestro himno (Barrabas), en honor a los\u00a0Ataos, cosa que se llevaba algunos a\u00f1os sin hacerlo.<\/span><\/strong><br \/><br \/><strong><span style=\"color: #000080\">Tambi\u00e9n el hermano Trigos y dirigi\u00e9ndose a nuestro hermano Nicol\u00e1s\u00a0Valera, le aclaraba que el sabado anterior le hab\u00eda solicitado que\u00a0tocasen en la calle el pasodoble (El Humilde), dici\u00e9ndole que cada\u00a0sabado, tienen previsto el repertorio de pasodobles, que los m\u00fasicos\u00a0interpretaban en todo el recorrido, pero que esta noche comenzar\u00edan su\u00a0intervenciones musicales, entonado dicho pasodoble, dedicado\u00a0especialmente a \u00e9l, mostr\u00e1ndole el hermano Nicol\u00e1s las gracias y que\u00a0lo perdonara por no tener conocimientos de sus actuaciones.<\/span><\/strong><\/p>\n<p><strong><span style=\"color: #000080\">Tambi\u00e9n el hermano Membiela, tomaba la palabra, para agradecer la\u00a0deferencia del hermano Rafael Ruiz, inform\u00e1ndonos a los hermanos que\u00a0no hab\u00edan podido asistir al almuerzo del mediod\u00eda, que fue uno de los<\/span><\/strong><br \/><strong><span style=\"color: #000080\">ratos, los que \u00a0hacen hermandad y uni\u00f3n manantera.<\/span><\/strong><\/p>\n<p><strong><span style=\"color: #000080\">\u00a0Ya sin m\u00e1s,\u00a0comenz\u00e1bamos nuestro desfile en la calle, como viene haciendo por\u00a0tradici\u00f3n, con subida al Calvario y las paradas de rigor. Bajando\u00a0calle Horno a los sones de una marcha lenta, titulada \u201cSoledad\u00a0Pontana\u201d, y llegando de nuevo al cuartel, con el \u201cBarrabas\u201d.<\/span><\/strong><\/p>\n<p><strong><span style=\"color: #000080\">Ya, de nuevo todos sentados en torno a las mesas, para degustar la\u00a0cena, el Presidente daba las gracias a todos los comensales y en\u00a0especial a nuestros hermanos m\u00fasicos, por el gran desfile realizado.\u00a0Como el ambiente estaba bien caldeado, nuestro hermano V\u00edctor Morales,\u00a0cantaba una saeta aleg\u00f3rica a Jes\u00fas Nazarenos.<\/span><\/strong><\/p>\n<p><strong><span style=\"color: #000080\">Tambi\u00e9n como cont\u00e1bamos\u00a0con la grata presencia de nuestro casi hermano Francisco Avil\u00e9s Baena, hijo de nuestro hermano (Cisco), nos sorprend\u00eda cantando un magnifica\u00a0saeta, con un buen estilo personal, quedando todos prendados de su\u00a0intervenci\u00f3n y aplaudiendo calurosamente todos de pie.<\/span><\/strong><br \/><br \/><strong><span style=\"color: #000080\">Tras ello, se procedi\u00f3 a leer la lectura correspondiente al pasaje de\u00a0la Biblia, haci\u00e9ndolo con gran soltura, nuestro hermano Tesorero,\u00a0Jaime \u00a0Rodas Luque.<\/span><\/strong><\/p>\n<p><strong><span style=\"color: #000080\">Como el ambiente segu\u00eda caldeado, nuestro hermano \u201cFran S\u00e1nchez\u201d, \u00a0tambi\u00e9n procedi\u00f3 a cantar otra saeta con el estilo que\u00a0a \u00e9l le caracteriza.<\/span><\/strong><\/p>\n<p><strong><span style=\"color: #000080\">El hermano Presidente viendo el gran ambiente\u00a0manantera que se estaba produciendo, invitaba a su t\u00edo Antonio \u201cChifarri\u201d, que tambi\u00e9n nos cantase un saeta, haci\u00e9ndolo como el bien\u00a0sabe, con su estilo personal, dedicada a Mar\u00eda, y remat\u00e1ndola con un\u00a0soberbio martinete.<\/span><\/strong><br \/><br \/><strong><span style=\"color: #000080\">A continuaci\u00f3n, nuestros hermanos m\u00fasicos nos sorprend\u00edan, interpretando un maravillosa marcha procesional, titulada \u201cCallejuela\u00a0de Lao\u201d, la cual incluye un solo de trompeta, que efectu\u00f3\u00a0maravillosamente, nuestro hermano Miguel \u00c1ngel Palos. Acabada la\u00a0citada marcha y sin algunos m\u00fasicos, que no hab\u00edan podido asistir esta\u00a0noche por diversos motivos, todos los presentes de pie, les dedicamos un largo y caluroso aplauso, por tan magn\u00edfica interpretaci\u00f3n.<\/span><\/strong><br \/><br \/><strong><span style=\"color: #000080\">Si m\u00e1s, se procedi\u00f3 a quitarle la quinta pata a la Vieja Cuaresmera,\u00a0honor que recay\u00f3 en nuestro hermano Rafael Ruiz (El Botijo), quien un\u00a0tanto nervioso, con los ojos humedecidos, nos comentaba que el no se consideraba tan importante para tan merecido honor, que esta pata se\u00a0la dedicaba a sus familiares y muy especialmente, a su padre Rafael\u00a0Ruiz, que junto con suegro El Rubio Trenas, desde el cielo la\u00a0recibir\u00edan con gran honor.<\/span><\/strong><br \/><br \/><strong><span style=\"color: #000080\">Terminado el ritual y desfilando por todo el cuartel, el Presidente\u00a0nos comunicaba, que hab\u00eda adquirido un compromiso con la Corporaci\u00f3n\u00a0de \u201cLa Bengala\u201d, de hacerle una visita de cortes\u00eda, ya que esta estaba\u00a0celebrando este a\u00f1o, su veinte y cinco aniversario de \u00a0la fundaci\u00f3n\u00a0dicha Corporaci\u00f3n.\u00a0<\/span><\/strong><\/p>\n<p><strong><span style=\"color: #000080\">Con un numeroso hermanos y acompa\u00f1ados por nuestro grupo de m\u00fasica,\u00a0irrump\u00edamos en \u00a0cuartel de la \u201cBengala\u201d, bajo los sones del pasodoble\u00a0\u201cEriquetilla\u201d. Ya en su sal\u00f3n principal abarrotado de hermanos e\u00a0invitados, donde no cab\u00eda ni un alfiles, nos recib\u00edan todos de pie y\u00a0con sonoros aplausos. Nuestro Presidente Manuel G\u00e1lvez Espadas, se\u00a0dirig\u00eda a los hermanos, de dicha Corporaci\u00f3n, disculp\u00e1ndose por su no\u00a0presencia al acto que celebraron, al no encontrarse bien de salud.,\u00a0pero que su lugar lo ocup\u00f3, el Vice Presidente, V\u00edctor Morales\u2026. \u2013\u00a0Tras ello, tomaba la palabra el Presidente de \u201cLa Bengala\u201d, Jos\u00e9 \u00c1ngel\u00a0Chaparro Roa, quien con sentidas palabras, agradec\u00eda la presencia de\u00a0los hermanos de los Ataos y su grupo de m\u00fasica. Haci\u00e9ndole a nuestro\u00a0Presidente entrega de un cuadro, con el cartel anunciador del 25\u00a0Aniversario, el cual conten\u00eda sus figuras, \u00a0la (Coronaci\u00f3n de Jeh\u00fa).\u00a0<\/span><\/strong><\/p>\n<p><strong><span style=\"color: #000080\">Y as\u00ed terminaba el 5\u00ba s\u00e1bado de cuaresma, llamado de Pan y Peces, para\u00a0los hermanos de los Ataos.<\/span><\/strong><br \/><strong><span style=\"color: #000080\">\u00a0 \u00a0 \u00a0 \u00a0 A. G. S.<\/span><\/strong><\/p>\n<\/figure>\n<\/figure><\/div><\/div><\/div><div class=\"wppb-accordion-item repeater-6\"><div class=\"wppb-accordion-title wppb-toggle-right \"><i class=\"fas fa-pen-alt\"><\/i><span class=\"wppb-accordion-title-content\">Subida de Pasi\u00f3n<\/span><span class=\"wppb-toggle-direction wppb-toggle-right\"><i class=\"fas fas fa-angle-right\"><\/i><\/span><\/div><div class=\"wppb-panel-collapse\" style=\"display: none;\"><div class=\"wppb-accordion-content\"><figure class=\"wp-block-table\">\n<figure class=\"wp-block-table\">\n<p><strong><span style=\"color: #000080\">En un abrir y cerrar de ojos, se nos paso la ansiada cuaresma. La Corporaci\u00f3n b\u00edblica, Judas, Pedro y Pablo, bestia sus mejores galas, para la celebraci\u00f3n del 6\u00ba s\u00e1bado de cuaresma, llamado de Pasi\u00f3n.<\/span><\/strong><\/p>\n<p><strong><span style=\"color: #000080\">Nuestro sal\u00f3n comedor se encontraba repleto de hermanos Ataos, m\u00fasicos y un nutrido numero de invitados, entre los cuales se encontraba como invitado de honor, el Manantero Ejemplar 2013, D. Carlos Delgado \u00c1lvarez de Sotomayor, hermano de la Corporaci\u00f3n de la \u201cEspina\u201d y miembro destacado de la Schola Cantorum Santa Cecilia.<\/span><\/strong><br \/><br \/><strong><span style=\"color: #000080\">Invitado por nuestro hermano Ra\u00fal Fern\u00e1ndez, se encontraba D. Antonio Pineda Bonilla, hermano de la Corporaci\u00f3n hermana del Imperio Romano, y Delegado del \u00c1rea de Cultura, de la Diputaci\u00f3n de C\u00f3rdoba y primer Edil, del P.P. de nuestro Ilustre Ayuntamiento de Puente Genil.<\/span><\/strong><\/p>\n<p><strong><span style=\"color: #000080\">Algunos amigos \u00edntimos de nuestro hermano Manuel Garc\u00eda, un hermano de la Corporaci\u00f3n de las Virtudes Cardinales y Sibila de Cumas, Jos\u00e9 Roa \u201cPaquete\u201d y un hermano de la joven Corporaci\u00f3n de las \u201cSiete palabras de Cristo\u201d, invitado por nuestro hermano m\u00fasico Ismael Ortu\u00f1o.<\/span><\/strong><br \/><br \/><strong><span style=\"color: #000080\">Como manda los c\u00e1nones, sobre las 9,30 de la noche, nuestro Presidente Manuel G\u00e1lvez Espadas, daba la bienvenida a todos los all\u00ed presentes. Rompiendo el hielo de la noche nuestros hermanos m\u00fasicos, que interpretaba un pasodoble Atao. \u00a0Aunque en nuestro cuartel no se comienza el protocolo antes de la subida al Calvario, el Presidente ced\u00eda la palabra, al Vice Decano Antonio G\u00e1lvez (Chifarri), quien hacia una breve y emotiva semblanza del Mananteros Ejemplar.<\/span><\/strong><\/p>\n<p><strong><span style=\"color: #000080\">\u2013 Gracias hermano Presidente, con tu permiso hermano Decano, buenas noches hermanos todos: En el tercer s\u00e1bado de Cuaresma en mi intervenci\u00f3n, os dec\u00eda que esta era una noche \u00bfM\u00e1gica? Ello fue debido, a que nos acompa\u00f1aban como invitados, un buen n\u00famero de importantes y buenos Mananteros.<\/span><\/strong><br \/><br \/><strong><span style=\"color: #000080\">Pues bien hermanos\u201d hoy tambi\u00e9n pude ser, otra noche \u00bfM\u00e1gica?, \u00a0porque entre nuestros invitados, se encuentra ni mas ni menos, que el Manantero Ejemplar de nuestra Semana Santa 2013, Carlos Delgado y como no, tambi\u00e9n contamos, con la grata presencia, del Delegado del \u00c1rea de Cultura de la Diputaci\u00f3n de nuestra provincia Cordobesa, Antonio Pineda, importante hermano de la Corporaci\u00f3n hermana del Imperio Romano y muchas cosas m\u00e1s, que en su momento se destacaran.<\/span><\/strong><br \/><br \/><strong><span style=\"color: #000080\">Pero como es obvio, tengo que destacar la figura y personalidad del Manantero Ejemplar: quiz\u00e1s para muchos de los que nos encontramos aqu\u00ed esta noche, en este cuartel de los Ataos, celebrando este s\u00e1bado de cuaresma, denominado de Pasi\u00f3n, no conozcan muy bien a nuestro invitado de honor.<\/span><\/strong><br \/><br \/><strong><span style=\"color: #000080\">Pues bien hermanos, yo tampoco tengo mucha referencia, nuestro Manantero Ejemplar, CARLOS DELGADO, aunque lo conozco desde hace muchos a\u00f1os, he tenido que tirar de hemeroteca, \u00a0para poder hacerle una peque\u00f1a semblanza.<\/span><\/strong><br \/><br \/><strong><span style=\"color: #000080\">Lo que si puedo afirmar, \u00a0si temor al equivoco, que \u00a0procede de unas de las familias, \u00a0mas ilustres de nuestro querido pueblo. Antes Pont\u00f3n de D. Gonzalo, y desde muchos a\u00f1os atr\u00e1s Puente Genil, como son, \u00a0los Delgado y \u00c1lvarez de Sotomayor, en sus distintas ramas.<\/span><\/strong><br \/><br \/><strong><span style=\"color: #000080\">Destacar las muchas cualidades, que posee Carlos, nos ocupar\u00eda un largo tiempo del cual no disponemos. Nuestro Manantero Ejemplar desde muy ni\u00f1o, le corre por sangre sus venas, el amor y fervor a \u201cEl Terrible\u201d y a Mar\u00eda Sant\u00edsima, en sus distinta advocaciones, y \u00a0como no, a nuestra Semana Santa.<\/span><\/strong><br \/><br \/><strong><span style=\"color: #000080\">Entre las muchas cualidades que posee Carlos, os puedo asegurar, que es un gran conocedor, amante y defensor, a divulgar las tradiciones pontanas. Con su voz c\u00e1lida y armoniosa, al escucharla remueve los corazones de los montanos. Es un gran conocedor de la historia de nuestro pueblo, un excelente Poeta, \u00a0\u2013 Orador y Comunicador, \u2013 Compositor de Canto, Columnista y actual director de la Revista<\/span><\/strong><br \/><strong><span style=\"color: #000080\">mensual del \u201cPONTON\u201d.<\/span><\/strong><br \/><br \/><strong><span style=\"color: #000080\">Carlos, perteneces como hermano, a la Corporaci\u00f3n de \u201cLA ESPINA\u201d y hermano Cofrade de la mayor\u00eda de las Cofrad\u00edas de Pasi\u00f3n y Gloria, de Puente Genil. \u00a0Junto con su gran amigo y hermano de corporaci\u00f3n, Rafa S\u00e1nchez, son la columna vertebral de esa gran, \u00a0Schola Cantorum Santa Cecilia, que es el alma en los triduos y quinaros, que se celebran durante toda la Cuaresma, dedicados a nuestros santos titulares.<\/span><\/strong><br \/><br \/><strong><span style=\"color: #000080\">Fuiste un buen Pregonero, de nuestra Semana Santa, en el a\u00f1o 2005, \u00a0y tuve la gran suerte, de compartir contigo la entrega de obsequio que otorga al Pregonero y Manantero Ejemplar, por parte de la Agrupaci\u00f3n de Cofrad\u00edas y Corporaciones B\u00edblicas, \u00a0en el entre acto, del Preg\u00f3n del 2006.<\/span><\/strong><br \/><br \/><strong><span style=\"color: #000080\">Tambi\u00e9n eres, un fervoroso hermano Cofrade, de la Reina de la Isla, \u201cLa Virgen de la Soledad\u201d y la de la \u201cAngustias\u201d, a las cuales perteneces desde ni\u00f1o por tradici\u00f3n familiar. \u00a0Por todo ello y mucho mas hermano Carlos, esta Corporaci\u00f3n \u00a0se siente orgullosa, de contar con tu presencia en esta noche Cuaresmal, compartiendo mesa y mantel con todos los hermanos Ataos, nuestros hermanos m\u00fasicos y los muchos invitados que esta noche nos acompa\u00f1an. \u00a0 Inform\u00e1ndote, de que nos encontramos inmersos en la celebraci\u00f3n del 350 aniversario de nuestra figuras B\u00edblicas, DIMAS Y GESTAS, que dan nombre a nuestra Corporaci\u00f3n, \u00a0invit\u00e1ndote si nuestros actos lo requieren, contar con tu colaboraci\u00f3n y la de la Schola Cantorum.<\/span><\/strong><br \/><br \/><strong><span style=\"color: #000080\">Felicit\u00e1ndote a dem\u00e1s, por tu reciente nombramiento de Nazareno de Honor, junto con tu gran amigo Rafa S\u00e1nchez, concedido por la Real Cofrad\u00eda de Jes\u00fas Nazareno. Dese\u00e1ndote que el \u201cTerrible\u201d y Mar\u00eda Sant\u00edsima, te den larga vida y que no dudes ni un momento, que las puertas de esta Corporaci\u00f3n, siempre estar\u00e1n abiertas para cuando tu lo creas conveniente, y poder conocer mejor, lo que son los Ataos dentro y fuera de de nuestro cuartel.<\/span><\/strong><br \/><br \/><strong><span style=\"color: #000080\">Tras la semblanza echa por Antonio G\u00e1lvez, el Presidente le hac\u00eda entrega a Carlos Delgado, un presente de su paso por la Corporaci\u00f3n de los Ataos, consistente en un cuadro con la Figura de Barrabas y texto conmemorativo de este d\u00eda. Tomando la palabra el portavoz de nuestros hermanos m\u00fasicos Miguel Trigos, el cual felicitaba tambi\u00e9n a Calos, por su nombramiento de Manantero Ejemplar, al cual les dedicaban la marcha procesional \u201cSoledad Pontana\u201d.<\/span><\/strong><br \/><br \/><strong><span style=\"color: #000080\">Sin descanso por la premura del tiempo, tomaba la palabra Salvador Gonz\u00e1lez, que como Vice Presidente de la Agrupaci\u00f3n de Cofrad\u00edas y Figuras B\u00edblicas, se dirig\u00eda a Carlos Delgado, comentando entre palabras de elogios y felicit\u00e1ndolo por tan honor\u00edfico nombramiento, aludiendo que \u00a0el \u00a0reun\u00eda todas las cualidades que se necesitan, para ser Manantero Ejemplar.<\/span><\/strong><br \/><br \/><strong><span style=\"color: #000080\">Con el tiempo, muy justito, tomaba la palabra el Manantero Ejemplar Carlos Delgado, quien visiblemente emocionado, agradec\u00eda las palabras de presentaci\u00f3n dedicadas a su persona, por \u00a0Antonio \u201cChifarri\u201d, comentando no ser merecedor de tanto elogio, que el solo era un ciudadano de a pie, que ama y siente las tradiciones que nuestros antepasados nos legaron, como nuestra inigualable Semana Santa.<\/span><\/strong><br \/><br \/><strong><span style=\"color: #000080\">Tambi\u00e9n Carlos Delgado, agradec\u00eda la deferencia que la Corporaci\u00f3n de los Ataos, hab\u00edan tenido con el, y el poder compartir esta noche cuaresmal, con una Corporaci\u00f3n tan centenaria y emblem\u00e1tica como es la de los Ataos, que tanto en los desfiles de los s\u00e1bados de Cuaresma, como en Semana Santa, la cual brilla con luz propia, sintiendo mucho el no poder compartir toda la noche con los Ataos, por motivos de salud y de otro compromiso, ya adquirido, teniendo acudir a otro acto, al ser nombrado Nazareno de Honor. Continuando Carlos con el turno de la palabra, nos comentaba que el se quedaba con tres momentos sublimes de la Corporaci\u00f3n de los Ataos, con la subida de \u00a0cuesta Baena el S\u00e1bado de Ramos, con vuestra titular la Virgen de la Gu\u00eda acompa\u00f1ada por el pasodoble \u201cBarrabas\u201d e interpretado por vuestros hermanos m\u00fasicos, orgullo de los Ataos y part\u00edcipe del pueblo en general. Con las subidas al Calvario en perfecta formaci\u00f3n, con vuestras t\u00fanicas negras y palo al hombro, tras el portador de ese picaruelo y vivo gallo blanco, y sobre todo con vuestras figuras desfilando tras Jes\u00fas Nazareno el Viernes Santo, comentando Carlos, que en el ultima revista del PONTON, la cual el dirige, se incluye una foto antiqu\u00edsima del siglo pasado, no cambiando la estampa de los Ataos tras el \u201cTerrible\u201d.<\/span><\/strong><br \/><br \/><strong><span style=\"color: #000080\">Tambi\u00e9n Carlos Delgado nos dec\u00eda, que no dudaremos ni un momento, su posible y desinteresada participaci\u00f3n, si los Ataos lo precisaban, en 350 Aniversario que vuestra Corporaci\u00f3n celebrara el a\u00f1o pr\u00f3ximo, con la aparici\u00f3n de Dima y Gesta, como figuras b\u00edblicas, nacidas en el seno com\u00fan de la Cofrad\u00eda de Jes\u00fas Nazareno. Terminado su intervenci\u00f3n Carlos Delgado, recitando una poes\u00eda con su caracter\u00edstica voz c\u00e1lida<\/span><\/strong><br \/><strong><span style=\"color: #000080\">y armoniosa del buen Poeta. Ya desfilando en la calle, Carlos nos acompa\u00f1aba de paisano tras los m\u00fasicos, en compa\u00f1\u00eda de Antonio G\u00e1lvez y otros hermanos de los Ataos, hasta la puerta de la Iglesia de la Concepci\u00f3n, cedi\u00e9ndole el gallo un Atao, para el paso de los Romanos, haci\u00e9ndolo con el brazo estirado y saludado por el Capit\u00e1n del Imperio y otros hermanos mas, que lo saludaban con palo hacia arriba y vitore\u00e1ndolo.<\/span><\/strong><br \/><br \/><strong><span style=\"color: #000080\">Pasado ese momento, ya sin la presencia de Carlos Delgado, los Ataos iniciaban la subida al Calvario como manda la tradici\u00f3n. Ya en la calle horno, la baj\u00e1bamos con la emblem\u00e1tica marcha lenta, \u201cRecuerdo\u201d, llegando como siempre a nuestro cuartel, con el pasodoble \u201cBarrabas\u201d.<\/span><\/strong><br \/><br \/><strong><span style=\"color: #000080\">Sentados ya todos en torno a la mesa, y mientras se serv\u00eda la cena, se proced\u00eda a la lectura del correspondiente pasaje de la Sagrada Biblia, honor que recay\u00f3, en nuestro hermano Manuel Garc\u00eda. \u00a0En un gran ambiente de hermandad y confraternidad, el hermano de la Corporaci\u00f3n de las Virtudes Cardinales y Sibila de Cumas, Jos\u00e9 Roa \u201cPaquete\u201d, cantaba una saeta que removi\u00f3 los sentimientos de los presentes.<\/span><\/strong><br \/><br \/><strong><span style=\"color: #000080\">Mientras disgust\u00e1bamos la cena, tomaba la palabra nuestro hermano m\u00fasico, Ismael, el cual presentaba y le ced\u00eda la palabra a su invitado, Joven hermano de la Corporaci\u00f3n de las \u201cSiete Palabras de Cristo\u201d, quien nos dec\u00eda, que aunque el era un Joven manantero, se sent\u00eda muy a gusto y orgulloso, de vivir una noche cuaresmal, en una Corporaci\u00f3n tan antiqu\u00edsima y popular como la de los Ataos, aprendiendo de ella, sirvi\u00e9ndole de experiencia, para ser un buen manantero en el futuro. En un ambiente totalmente cuaresmal y de canto de saetas cuarteleras por doquier, tomaba la palabra nuestro hermano Ra\u00fal Fern\u00e1ndez, quien nos dec\u00eda que para el era un gran placer y agradecimiento el asestar su invitaci\u00f3n, la de un gran Romano, como lo es Antonio Pineda. El cual le respond\u00eda, que las gracias la daba el, por el poder compartir una noche cuaresmal con los Ataos. Al tratarse de un personaje de la<\/span><\/strong><br \/><strong><span style=\"color: #000080\">vida Pol\u00edtica, Social y Manantera, nuestro Presidente Manuel G\u00e1lvez, les hacia entrega a Antonio Pineda, de otro cuadro como el que se le hab\u00eda entregado al Manantero Ejemplar.<\/span><\/strong><br \/><br \/><strong><span style=\"color: #000080\">Antonio Pineda, en su intervenci\u00f3n, comentaba no ser merecedor de tal obsequio, ya que el era solo un invitado mas de los Ataos, Corporaci\u00f3n que visita todos los a\u00f1os el Domingo de Ramos, formado parte de la \u201cChusma\u201d. En sus palabras Pineda, dec\u00eda que \u00e9l era solo un pontano mas de los de a pie, pero ya que por su cargo Pol\u00edtico, de Delegado de Cultura de la Diputaci\u00f3n de C\u00f3rdoba, el trabajaba hasta el a\u00f1o del<\/span><\/strong><br \/><strong><span style=\"color: #000080\">termino de su mandato en el 2015, fomentando la cultura y las tradiciones de los pueblos de la provincia de C\u00f3rdoba: cargo que lo llevo con orgullo, m\u00e1xime siendo de Puente Genil, trabajando y aportando todo lo que est\u00e9 en sus manos, en lo concerniente a la cultura y la riqueza de las tradiciones que en nuestro pueblo se<\/span><\/strong><br \/><strong><span style=\"color: #000080\">desarrollan, como nuestra inigualable Semana Santa.<\/span><\/strong><br \/><br \/><strong><span style=\"color: #000080\">Argumentaba tambi\u00e9n Pineda, que el ponerse la t\u00fanica negra y desfilar con vosotros, era para el un gran orgullo, sinti\u00e9ndose como un hermano mas de los Ataos, descubriendo con la seriedad que as\u00e9is el desfile, todos en prefecta formaci\u00f3n, tanto en la subida al Calvario, como en la bajada, quedando prendado de la parada que as\u00e9is en la C\/Horno, con el canto de las Alondras, Saetas Cuarteleras y la bajada a marcha lenta de la citada calle, con un silencio sepulcral y solo sintiendo las notas de los m\u00fasicos. Tambi\u00e9n nos informaba Pineda, que por la relevancia de su cargo, se est\u00e1 produciendo un intercambio Cultural con los Americanos, para dar a conocer y trasladar las tradiciones de los pueblos cordobeses a Am\u00e9rica, siendo un tanto dif\u00edcil de explicar sobre todo, lo que significa nuestra Cuaresma y las vivencias en nuestros cuarteles.<\/span><\/strong><\/p>\n<p><strong><span style=\"color: #000080\">Estando abierto a colaborar en la medida de sus posibilidades, en la celebraci\u00f3n del 350 Aniversario de nuestras figuras Dimas y Gestas. Siguiendo con el gran ambiente cuartelero, nuestro hermano V\u00edctor Morales, nos cantaba una sentida Saeta. Tras ello el hermano Sergio Arjona, hacia uso del turno de la palabra, halagando al hermano V\u00edctor, amigo personal y compa\u00f1ero en el cargo de abastos de los Ataos, haci\u00e9ndole entrega de una figura artesanal de Judas, figura que el hermano V\u00edctor, gusta de vestir el Viernes Santo tarde.<\/span><\/strong><\/p>\n<p><strong><span style=\"color: #000080\">El Decano Manuel G\u00e1lvez \u201cEl Am\u00e9rica\u201d, tomaba la palabra elogiando a las personalidades que en los \u00faltimos a\u00f1os, han convivido con los Ataos, tanto invitados de otras corporaciones, como autoridades Municipales, Provinciales, Mananteros Ejemplares y este a\u00f1o el Pregonero 2013.<\/span><\/strong><br \/><strong><span style=\"color: #000080\">Ya casi terminada la noche, el Presidente le otorgaba el gran honor de quitarle a la Vieja Cuaresmera la cesta pata, llamada de Pasi\u00f3n, honor que recay\u00f3 en el hermano V\u00edctor Morales, que por fortuna lo tenemos entre nosotros, ya que hace dos a\u00f1os, por causa de un accidente de tr\u00e1fico, pudo costarle la vida. V\u00edctor totalmente emocionado no pudo ni articular palabra, solo decir \u201cViva los Ataos\u201d, sorprendido por tantos elogios.<\/span><\/strong><br \/><br \/><strong><span style=\"color: #000080\">Tras ello, tomaba el turno de la palabra, el portavoz de nuestros hermanos m\u00fasicos Miguel Trigos, quien dirigi\u00e9ndose a Antonio Pineda, le dec\u00eda que aunque el apoyaba las tradiciones pontanas, les dedicar\u00edan una marcha sevillana, titulada \u201cHermano Costalero\u201d.<\/span><\/strong><br \/><br \/><strong><span style=\"color: #000080\">Y de esta manera, terminaba el cesto y \u00faltimo S\u00e1bado de Cuaresma, ya con el pensamiento puesto, en la celebraci\u00f3n de los cultos cuaresmales y la procesi\u00f3n de nuestra titular la Virgen de la Gu\u00eda.<\/span><\/strong><br \/><br \/><strong><span style=\"color: #000080\">Redacci\u00f3n A. G. S<\/span><\/strong><\/p>\n<\/figure>\n<\/figure><\/div><\/div><\/div><div class=\"wppb-accordion-item repeater-7\"><div class=\"wppb-accordion-title wppb-toggle-right \"><i class=\"fas fa-pen-alt\"><\/i><span class=\"wppb-accordion-title-content\">Triduo Virgen de la Gu\u00eda y almuerzo de hermandad<\/span><span class=\"wppb-toggle-direction wppb-toggle-right\"><i class=\"fas fas fa-angle-right\"><\/i><\/span><\/div><div class=\"wppb-panel-collapse\" style=\"display: none;\"><div class=\"wppb-accordion-content\"><figure class=\"wp-block-table\">\n<figure class=\"wp-block-table\">\n<p><strong><span style=\"color: #000080\">TRIDUO EN HONOR DE LA VIRGEN DE LA GUIA Y COMIDA DE HERMANDAD DE SALIDA<\/span><\/strong><\/p>\n<p><strong><span style=\"color: #000080\">Como viene siendo tradici\u00f3n, la Cofrad\u00eda de la Virgen de la Gu\u00eda, celebro triduo en honor de nuestra titular, durante los d\u00edas \u2013 20 \u2013 21 y 22 de marzo del 2013, con una buena participaci\u00f3n de hermanos, hermanas de la misma, junto con sus familiares, amigos y otros que fueron participes del mismo, ocupando la \u2013 Sagrada C\u00e1tedra, Rvdo. Padre Fray \u00c1ngel S\u00e1nchez Cabezas, (de la Orden de los Carmelitas Descalzos de Granada), con unas Homil\u00edas llenas de contenido solidario, que los Cristianos debemos practicar durante todo el a\u00f1o, que Mar\u00eda era el camino y gu\u00eda donde tenemos que fijarnos, m\u00e1xime en estos tiempos que estamos atravesando, porque ella tambi\u00e9n paso necesidades en su tiempo, junto con su esposo San Jos\u00e9, para criar y dar de comer, a su hijo Jes\u00fas de Nazaret, salvador de los m\u00e1s desfavorecidos, dando su vida por defenderlos.<\/span><\/strong><\/p>\n<p><br \/><strong><span style=\"color: #000080\">Hay que destacar, que el ultimo d\u00eda del Triduo viernes de Dolores, se estrenaba por nuestro Coro Santa Cecilia, un canto dedicado a la Virgen de la Gu\u00eda, compuesto por su Director Rafael S\u00e1nchez y Carlos Delgado, una gran obra que se cantara en adelante, todos los viernes de Dolores en el triduo, dedicada a Jes\u00fas G\u00e1lvez (Chifarri). Desde estas l\u00edneas, la Cofrad\u00eda queda totalmente agradecida al Coro, por tan magn\u00edfica obra.<\/span><\/strong><\/p>\n<p><strong><span style=\"color: #000080\">Como tambi\u00e9n viene siendo tradici\u00f3n, los hermanos de la Virgen de la Gu\u00eda, celebraron, comida de hermandad, el s\u00e1bado 22, al mediod\u00eda, en el cuartel de Los Ataos, Corporaci\u00f3n matriz de la Virgen de la Gu\u00eda, con una buena participaci\u00f3n de hermanos de la misma. Sobre las tres de la tarde, el Cofrade Mayor Jos\u00e9 Amador Beltr\u00e1n, daba la bienvenida a todos los all\u00ed presentes, y muy especialmente a los J\u00f3venes hermanos del 1\u00ba de la Gu\u00eda.<\/span><\/strong><\/p>\n<p><br \/><strong><span style=\"color: #000080\">Seguidamente, el hermano Salvador Gonz\u00e1lez y Vice Presidente de la Agrupaci\u00f3n de Cofrad\u00edas, bendec\u00eda la mesa y los alimentos a degustar, Rezando un Padre Nuestro y un Ave Mar\u00eda. En el trascurso de la comida, el Cofrade ced\u00eda la palabra al presidente del 1\u00ba de la Gu\u00eda, quien nos dec\u00eda, que agradec\u00eda en nombre de todos sus hermanos, la confianza depositada en ellos, desde que se fund\u00f3 su corporaci\u00f3n, que gracias a la Cofrad\u00eda, ellos forma parte de la Agrupaci\u00f3n de Cofrad\u00edas y Figuras B\u00edblicas, de la mano del entonces Cofrade Mayor Jes\u00fas G\u00e1lvez, ofreci\u00e9ndose a colaborar de la forma que el nuevo Cofrade Mayor, salga de las elecciones a celebrar, inform\u00e1ndonos tambi\u00e9n, que tenias contacto con otro grupo de j\u00f3venes, que tambi\u00e9n quieren ser hermanos de la Gu\u00eda.<\/span><\/strong><\/p>\n<p><strong><span style=\"color: #000080\">Tambi\u00e9n, el Cofrade Mayor Honor\u00edfico Antonio G\u00e1lvez, hacia uso de la palabra, resaltando la gesti\u00f3n del Cofrade Mayor, durante su quinto mandato, aludiendo que como cualquier ser humano, hab\u00eda tenido sus aciertos y desaciertos, pero que la Virgen se hab\u00eda posesionado, durante los cuatro a\u00f1os anteriores, con la lucidez y seriedad que nos caracteriza. Felicitando al hermano Mayor Ra\u00fal Fern\u00e1ndez, por su mandato en este 2013, dese\u00e1ndole que el tiempo meteorol\u00f3gico nos acompa\u00f1e y nuestra madre recorra las calles del pueblo, como ella se merece, terminado como en el es habitual, cant\u00e1ndole al hermano Mayor una Saeta alusiva a la Virgen.<\/span><\/strong><br \/><strong><span style=\"color: #000080\">Haciendo tambi\u00e9n el uso de la palabra, el hermano F\u00ba.J. Membiela y adhiri\u00e9ndose a lo comentado por el hermano Antonio G\u00e1lvez, dec\u00eda que el 1\u00ba de la Gu\u00eda, junto con los j\u00f3venes Ataos y del recto de la Cofrad\u00eda, trabajando todos al un\u00edsono y poni\u00e9ndole buena voluntad, el futuro de la Cofrad\u00eda estaba asegurado. Felicitando tambi\u00e9n al hermano Mayor Ra\u00fal Fern\u00e1ndez por su mandato, y que aunque de momento llov\u00eda sin cesar, seguro que a la hora de la salida, cesar\u00eda la lluvia y podr\u00eda lucirse al mando de los bastoneros, con nuestra madre.<\/span><\/strong><\/p>\n<p><br \/><strong><span style=\"color: #000080\">El Cofrade Mayor, Jos\u00e9 Amador Beltr\u00e1n, hacia uso de la palabra, agradeciendo a todos los hermanos de la Cofrad\u00eda, la confianza depositada en \u00e9l, durante su mandato. Que el solo era la cabeza visible de la Cofrad\u00eda, pero sin el apollo de todos los hermano, ello no hubiese sido posible, y que sin la ayuda de Salvador Gonz\u00e1lez, promotor de las dos cruces de Mayo y sin la ayuda de Manuel Cano y Antonio Morillo, en su labor como mayordomos y todos los que de una forma u otra hab\u00edan trabajado, su labor Cofrade Mayor no hubiese sido<\/span><\/strong><\/p>\n<p><br \/><strong><span style=\"color: #000080\">posible, alegando y asumiendo los errores y las virtudes, pero que el cargo que a \u00e9l se le hab\u00eda encomendado, lo ha desarrollado de la mejor forma, dentro de sus posibilidades y el tiempo que su trabajo le hab\u00eda permitido.<\/span><\/strong><br \/><strong><span style=\"color: #000080\">Cerrando la tarde y el turno de intervenciones, tomaba la palabra el hermano Mayor Ra\u00fal Fern\u00e1ndez, quien visiblemente preocupado por la lluvia, agradec\u00eda el poder ser hermano Mayor de la Gu\u00eda. Ello se lo deb\u00eda, al difunto hermano (Rubio Trenas) y a su t\u00edo Eduardo Cosano el (Cartero), que fueron sus padrinos para formar parte como hermano de los Ataos, y como es obvio tambi\u00e9n de la Virgen de la Gu\u00eda, y m\u00e1xime al estar casado con la camarera mayor, su esposa Mari Carmen Jim\u00e9nez, a la cual agradec\u00eda su apoyo en todo momento.<\/span><\/strong><\/p>\n<p><br \/><strong><span style=\"color: #000080\">Ya a la hora indicada, nos dirig\u00edamos a la Iglesia para celebrar la Funci\u00f3n de Regla, en honor de nuestra madre, la Virgen de la Gu\u00eda. Predicada magistralmente, por el Rvdo. Padre Fray \u00c1ngel S\u00e1nchez Cabezas, y el acompa\u00f1amiento de la Schola Cantorum Santa Cecilia, resultado de gran brillantez.<\/span><\/strong><\/p>\n<p><strong><span style=\"color: #000080\">Tras ello, nos dispon\u00edamos a hacer estaci\u00f3n de penitencia con nuestra madre a la hora indicada, pero la lluvia no cesaba, teniendo que aplazar la salida media hora, con el consentimiento del Presidente de la Agrupaci\u00f3n de Cofrad\u00edas Miguel Granados y los cargos directivos m\u00e1s relevantes de la Cofrad\u00eda, junto al Cofrade Mayor de la misma, quien estaban en con el contacto permanente, de la informaci\u00f3n del parte meteorol\u00f3gico y de los pueblos m\u00e1s cercanos, hubo que prologar media hora m\u00e1s la salida, es decir hasta las 9 de la noche. Al no dejar de llover, se tomo la decisi\u00f3n de dejarla encerrada.<\/span><\/strong><\/p>\n<p><strong><span style=\"color: #000080\">Entre llantos de impotencia de todos los hermanos de la Cofrad\u00eda, por no poder hacer estaci\u00f3n de penitencia, los bastoneros mecieron a la Virgen dentro de la Iglesia, acompa\u00f1ada por la banda de m\u00fasica, que entonaban las dos marchas de la Virgen de la Gu\u00eda y el pasodoble (Barrabas).<\/span><\/strong><\/p>\n<p><br \/><strong><span style=\"color: #000080\">Aunque todos los hermanos destrozados, por tan acertada decisi\u00f3n, se le cantaron Saetas por parte del el hermano Mario Quero, Antonio (Chifarri) y Rafi Herrador, ay\u00fadante de Camarera de la Cofrad\u00eda, haciendo brotar las lagrimas de los hermanos y del publico espectador, que protegidos de sus paraguas, no se movieron de la Calle, hasta que se serraron las puertas de la Iglesia.<\/span><\/strong><\/p>\n<p><strong><span style=\"color: #000080\">Hay que destacar, que desde el a\u00f1o 1974, cuando la Cofrad\u00eda se reorganizo, nunca se hab\u00eda dejado de hacer estaci\u00f3n de penitencia, pero nuestra madre este a\u00f1o ha querido que as\u00ed sea, experimentado todos los hermanos, lo que se siente cuando una Imagen tiene que quedarse<\/span><\/strong><\/p>\n<p><br \/><strong><span style=\"color: #000080\">encerrada en su templo. Esperanzado que el a\u00f1o pr\u00f3ximo si ella as\u00ed lo quiera, salga en procesi\u00f3n, recorriendo las calles de nuestro pueblo, radiante y bella, como ella lo es.<\/span><\/strong><\/p>\n<p><br \/><strong><span style=\"color: #000080\">Redacci\u00f3n de A. G. S<\/span><\/strong><\/p>\n<\/figure>\n<\/figure><\/div><\/div><\/div><div class=\"wppb-accordion-item repeater-8\"><div class=\"wppb-accordion-title wppb-toggle-right \"><i class=\"fas fa-pen-alt\"><\/i><span class=\"wppb-accordion-title-content\">S\u00e1bado de Ramos<\/span><span class=\"wppb-toggle-direction wppb-toggle-right\"><i class=\"fas fas fa-angle-right\"><\/i><\/span><\/div><div class=\"wppb-panel-collapse\" style=\"display: none;\"><div class=\"wppb-accordion-content\"><figure class=\"wp-block-table\">\n<figure class=\"wp-block-table\">\n<p><span style=\"color: #000080\"><strong>Con la tristeza e impotencia, reflejada en los hermanos de la Corporaci\u00f3n de Los Ataos y de la Gu\u00eda, al no haber podido Procesional el S\u00e1bado de Ramos, a nuestra Bendita Madre la Virgen de la Gu\u00eda, nos dispon\u00edamos a celebrar la \u00faltima subida al Calvario.<\/strong><\/span><\/p>\n<p><span style=\"color: #000080\"><strong>Como ya viene siendo habitual en los \u00faltimos a\u00f1os, el Domingo de Ramos, celebramos este d\u00eda, sin presencia de invitados, solo los Ataos y nuestros hermanos m\u00fasicos, e hijos de los Ataos. \u00a0Apenas sin presencia de hermanos y m\u00fasicos, recib\u00edamos antes de lo previsto, la grata visita de la CHUSMA, encabezada por su Capit\u00e1n Manuel Reina G\u00f3mez, acompa\u00f1ado de las viejas Glorias y de las nuevas generaciones de J\u00f3venes, de nuestra Corporaci\u00f3n hermana del Imperio Romano.<\/strong><\/span><\/p>\n<p><span style=\"color: #000080\"><strong>Como la visita se produjo antes de lo previsto, no pudimos recibirlos como es habitual, tocando los hermanos m\u00fasicos un pasodoble Romano. Tanto fue as\u00ed, que cuando llegaron, todav\u00eda no se hab\u00eda puesto en las mesas, las primeras viandas, pero con la eficacia y rapidez del equipo de cocina, de inmediato se les ofrecieron unos \u00e1gapes, compartiendo con ellos, saludos y abrazos fraternales. Sin pasar mucho tiempo, ya se completaba el grupo de m\u00fasica, el cual inmediatamente, interpretaban el pasodoble \u201cEnriquetilla\u201d desfilando entorno a las mesas del sal\u00f3n, como pudimos, Romanos y Ataos.<\/strong><\/span><\/p>\n<p><span style=\"color: #000080\"><strong>Tras ello, nuestro Presidente Manuel G\u00e1lvez Espadas, les daba la bienvenida, pas\u00e1ndole la palabra al Capit\u00e1n de los Romanos, el cual se disculpaba por la pronta visita y record\u00e1ndonos como lo viene haciendo desde muchos a\u00f1os atr\u00e1s, que los dos grupos de m\u00fasica, interpretar\u00edan al un\u00edsono el Gloria al muerto, a las faldas de la Cruz de los Ca\u00eddos, sito en la Plaza del Calvario.<\/strong><\/span><\/p>\n<p><span style=\"color: #000080\"><strong>Tras la citada visita y los hermanos de los Ataos al completo, el Presidente nos daba las buenas noches y la bienvenida, y especialmente a Ra\u00fal Serrano Urbano, Francisco Jos\u00e9 Amador y a Eduardo L\u00f3pez Gil, hijos de nuestro hermanos, Paco Serrano, Jos\u00e9 Amador y Eduardo L\u00f3pez, a los cuales el Presidente le ced\u00eda la palabra, uno \u00a0a uno. Mas o menos coincidieron en \u00a0su intervenci\u00f3n, agradeciendo la buena acogida, que se le hab\u00edan hecho por parte de los hermanos de los Ataos incluyendo a nuestros hermanos m\u00fasicos.<\/strong><\/span><\/p>\n<p><span style=\"color: #000080\"><strong>Como todos los s\u00e1bados de cuaresma, comenz\u00e1bamos nuestro desfile hacia las cumbres del calvario, llevado a cabo lo antes expresado por el capit\u00e1n del Imperio romano, el tocar el Gloria al muerto los dos grupos de m\u00fasica, ante la Cruz de los Ca\u00eddos. Hay que destacar, que por motivos de horario, cuando los Ataos desfil\u00e1bamos por Calle Madre de Dios, el Imperio Romano ya llegaba a la Iglesia de la Concepci\u00f3n, teniendo el gran detalle de esperar a los Ataos en la puerta de la Iglesia con las bengalas encendidas. Si duda alguna fue un gran gesto por parte del Imperio Romano, hacia nuestra Corporaci\u00f3n.<\/strong><\/span><\/p>\n<p><span style=\"color: #000080\"><strong>Tras la interpretaci\u00f3n del Miserere y el St\u00e1bat Mater por parte de nuestros hermanos m\u00fasicos bajo el P\u00f3rtico de la Parroquia de Jes\u00fas, baj\u00e1bamos desde la plaza del Calvario desfilando, a los sones del Gloria al muerto, haci\u00e9ndolo como es tradicional, por toda la Calle Aguilar, hasta la iglesia de la Concepci\u00f3n, donde se cantaba a coro las Alondras y las Saetas cuarteras. Tras ese comp\u00e1s de espera, baj\u00e1bamos por Cuesta Baena y Borrego, hasta Calle D. Gonzalo, desfilando por la misma, a marchas lentas, bajo un silencio sepulcral, y muchos hermanos de otras Corporaciones y p\u00fablico en general, que presenciaban respetuosamente, dicho desfile.<\/strong><\/span><\/p>\n<p><span style=\"color: #000080\"><strong>Tras ello, nos dirig\u00edamos hacia el Cuartel del Imperio Romano, para hacer la tradicional visita de rigor, entrando en el mismo tocando Gloria al Muerto y desfilando por todo el sal\u00f3n, junto con los hermanos del Imperio que all\u00ed se encontraban, compartiendo de nuevo, saludos y abraso fraternales, acompa\u00f1ado de unas uvitas de vino y algunas viandas. Antes de retornar a nuestro Cuartel, el Presidente de los Ataos, se disculpaba y a la vez agradec\u00eda, el gesto producido anteriormente en la Iglesia de la Concepci\u00f3n.<\/strong><\/span><\/p>\n<p><span style=\"color: #000080\"><strong>Ya, de nuevo en nuestro Cuartel y sin la presencia de muchos hermanos, que ten\u00eda que acudir a sus puestos de trabajo, se proced\u00eda a dar lectura al pasaje de la Biblia, honor que recay\u00f3 en nuestro hermano Jos\u00e9 Amador Beltr\u00e1n. Terminada la cena y ya ha altas horas de la madrugada del lunes, se procedi\u00f3 a quitarle la ultima pata a la Vieja Cuaresmera, recayendo tal honor en esta ocasi\u00f3n, en nuestro hermano Antonio J. Hurtado Borrego (El Casero), actual en cargado de la despensa de bebidas, el cual visiblemente emocionado nos dec\u00eda, que aunque el llevaba pocos a\u00f1os en los Ataos, daba las gracias por su buena acogida, por parte de todos sus hermanos de Corporaci\u00f3n y que la pata tambi\u00e9n se la dedicaba a su amigo y Atao en el Cielo, (El Rubio Trenas), dedic\u00e1ndoles los hermanos m\u00fasicos un pasodoble Atao, con el cual desfil\u00e1bamos por el sal\u00f3n de la Corporaci\u00f3n.<\/strong><\/span><\/p>\n<p><span style=\"color: #000080\"><strong>Y de esta manera terminaba el domingo de Ramos los Ataos, ya con el pensamiento puesto en los d\u00edas de nuestra Semana Santa.<\/strong><\/span><\/p>\n<p><span style=\"color: #000080\"><strong>Redacci\u00f3n de A. G. S.<\/strong><\/span><\/p>\n<\/figure>\n<\/figure><\/div><\/div><\/div><div class=\"wppb-accordion-item repeater-9\"><div class=\"wppb-accordion-title wppb-toggle-right \"><i class=\"fas fa-pen-alt\"><\/i><span class=\"wppb-accordion-title-content\">Martes Santo<\/span><span class=\"wppb-toggle-direction wppb-toggle-right\"><i class=\"fas fas fa-angle-right\"><\/i><\/span><\/div><div class=\"wppb-panel-collapse\" style=\"display: none;\"><div class=\"wppb-accordion-content\"><figure class=\"wp-block-table\">\n<figure class=\"wp-block-table\">\n<p><strong><span style=\"color: #000080\">MARTES SANTO, COMIDA EN HONOR DE NUESTRAS MUJERES<\/span><\/strong><\/p>\n<p><strong><span style=\"color: #000080\">Sobre las 10, de la noche, la Corporaci\u00f3n B\u00edblica los Ataos, celebr\u00e1bamos la tradicional comida de hermandad, en honor de nuestras mujeres, donde tambi\u00e9n se aprovecha para la imposici\u00f3n de medallas, a los hermanos que cumplen los 25 a\u00f1os consecutivos como hermano de los Ataos. En esta noche se le impusieron las citadas medallas, a nuestros hermanos Emilio Palos Rodr\u00edguez y Salvador Gonz\u00e1les G\u00e1lvez.<\/span><\/strong><\/p>\n<p><strong><span style=\"color: #000080\">Nuestro Presidente Manuel G\u00e1lvez Espadas, daba la bienvenida a todos los hermanos y hermanas, junto con nuestros hermanos m\u00fasicos, esposas y novias, dando tambi\u00e9n la bienvenida a las esposas de los dos nuevos Ataos, las cuales asist\u00edan por primera vez a dicha comida, cedi\u00e9ndoles el Presidente la palabra a las dos. La primera fue Charo Palos, esposa de Antonio Gama Delgado, la cual muy cortada y nerviosa, se limit\u00f3 a<\/span><\/strong><br \/><strong><span style=\"color: #000080\">darse a conocer y darle gracias a los Ataos por esta magn\u00edfica noche.<\/span><\/strong><\/p>\n<p><strong><span style=\"color: #000080\">Seguidamente el Presidente tambi\u00e9n les ced\u00eda la palabra, a Yolanda Cach\u00f3n, esposa de\u00a0 Antonio Jes\u00fas Ruiz Calzado, la cual se limit\u00f3 a decir lo mismo que la anterior.<\/span><\/strong><\/p>\n<p><strong><span style=\"color: #000080\">Tras las presentaciones, el Presidente se dirig\u00eda a nuestro hermanos m\u00fasicos, d\u00e1ndoles las gracias por tan magnifico desfile del Domingo de Ramos, respondi\u00e9ndole nuestro hermano Miguel Trigos, que asestaba los piropos del Presidente, pero que ellos les pon\u00edan toda la buena voluntad del mundo, para que los Ataos brillen con luz propia, durante la cuaresma. Abriendo la noche musical, interpretando Virgen de la<\/span><\/strong><br \/><strong><span style=\"color: #000080\">Gu\u00eda, por la no salida de nuestra Madre.<\/span><\/strong><\/p>\n<p><strong><span style=\"color: #000080\">Tras ello, tuvimos que interrumpir la comida, para presencial la procesi\u00f3n de las Im\u00e1genes de Jes\u00fas de los afligidos y la Virgen del Rosario, no pudiendo tocar el Stabat Mater a la Virgen, porque empezaba a llover. Al no pasar los siguientes pasos del Cristo del Calvario y de la Virgen del Consuelo, comenz\u00e1bamos con la comida y el protocolo.<\/span><\/strong><\/p>\n<p><strong><span style=\"color: #000080\">Rompiendo el hielo de la noche, el Presidente ced\u00eda la palabra al Vice-Decano Antonio G\u00e1lvez, el cual, nos dec\u00eda que esta noche nos faltaban dos hermanos muy queridos, Manuel Barco y Se\u00f1ora, que por motivos de enfermada, no se encontraba esta noche con nosotros y Francisco Mart\u00ednez y su esposa Mar\u00eda Teresa L\u00f3pez, los cuales no asistieron por el fatal accidente de trafico su hijo. Ella todos los a\u00f1os nos dedicaba una poes\u00eda de su cosecha, pero en su honor Antonio recitaba una poes\u00eda de Mar\u00eda Teresa. Dedicada a Mar\u00eda Teresa y Francisco Mart\u00ednez Titulada\u00a0 \u201cMadre\u201d<\/span><\/strong><\/p>\n<figure class=\"wp-block-table\">\n<table>\n<tbody>\n<tr>\n<td class=\"has-text-align-center\" data-align=\"center\"><strong><span style=\"color: #000080\">\u00bfHabr\u00e1 palabra mas simple<\/span><\/strong><br \/><strong><span style=\"color: #000080\">y que signifique tanto?<\/span><\/strong><br \/><strong><span style=\"color: #000080\">\u00a1que sin madre no tendr\u00edas<\/span><\/strong><br \/><strong><span style=\"color: #000080\">la vida que ella te a dado!<\/span><\/strong><br \/><br \/><strong><span style=\"color: #000080\">Madre a la vez es cari\u00f1o,<\/span><\/strong><br \/><strong><span style=\"color: #000080\">alegr\u00eda y sufrimiento.<\/span><\/strong><br \/><strong><span style=\"color: #000080\">sacrificio, el justo nombre,<\/span><\/strong><br \/><strong><span style=\"color: #000080\">cumpliendo d\u00eda y momento<\/span><\/strong><br \/><br \/><strong><span style=\"color: #000080\">Es, un amor sano y puro<\/span><\/strong><br \/><strong><span style=\"color: #000080\">y sin ning\u00fan inter\u00e9s,<\/span><\/strong><br \/><strong><span style=\"color: #000080\">es el cari\u00f1o m\u00e1s grande<\/span><\/strong><br \/><strong><span style=\"color: #000080\">que un ser puede contener.<\/span><\/strong><br \/><br \/><strong><span style=\"color: #000080\">\u00a1que feliz Madre te encuentras<\/span><\/strong><br \/><strong><span style=\"color: #000080\">si a tus hijos vez contentos,<\/span><\/strong><br \/><strong><span style=\"color: #000080\">y que alegr\u00eda te entra<\/span><\/strong><br \/><strong><span style=\"color: #000080\">cuando los vez satisfechos!<\/span><\/strong><br \/><br \/><strong><span style=\"color: #000080\">Sin en algo te perjudican<\/span><\/strong><br \/><strong><span style=\"color: #000080\">jam\u00e1s le guardas rencor<\/span><\/strong><br \/><strong><span style=\"color: #000080\">lo que corre por sus venas<\/span><\/strong><br \/><strong><span style=\"color: #000080\">es tu sangre !Son tu amor\u00a1<\/span><\/strong><br \/><br \/><strong><span style=\"color: #000080\">Los hijos para sus madres<\/span><\/strong><br \/><strong><span style=\"color: #000080\">son sin duda los mejores,<\/span><\/strong><br \/><strong><span style=\"color: #000080\">aunque luego en sus adentros<\/span><\/strong><br \/><strong><span style=\"color: #000080\">sufran sus faltas y errores.<\/span><\/strong><br \/><br \/><strong><span style=\"color: #000080\">Cuando enferman te deprimes<\/span><\/strong><br \/><strong><span style=\"color: #000080\">y te desvives por cuidarlos y<\/span><\/strong><br \/><strong><span style=\"color: #000080\">cuando est\u00e1n ya curados<\/span><\/strong><br \/><strong><span style=\"color: #000080\">gracias das a Dios rezando.<\/span><\/strong><br \/><br \/><strong><span style=\"color: #000080\">Sufres hasta lo indecible<\/span><\/strong><br \/><strong><span style=\"color: #000080\">si algo a tus hijos pasara,<\/span><\/strong><br \/><strong><span style=\"color: #000080\">y sientes todo en tus carnes<\/span><\/strong><br \/><strong><span style=\"color: #000080\">del mal que le ocurriera.<\/span><\/strong><br \/><br \/><strong><span style=\"color: #000080\">Una Madre por sus hijo<\/span><\/strong><br \/><strong><span style=\"color: #000080\">\u00bf Que sacrificios no har\u00eda?<\/span><\/strong><br \/><strong><span style=\"color: #000080\">que si fuese\u00a0 preciso<\/span><\/strong><br \/><strong><span style=\"color: #000080\">\u00a1hasta la vida dar\u00eda!<\/span><\/strong><br \/><br \/><strong><span style=\"color: #000080\">Un sin vivir angustioso<\/span><\/strong><br \/><strong><span style=\"color: #000080\">entre si te llega tarde,<\/span><\/strong><br \/><strong><span style=\"color: #000080\">pensando siempre que algo<\/span><\/strong><br \/><strong><span style=\"color: #000080\">a el pudiera el azar pasarle.<\/span><\/strong><br \/><br \/><strong><span style=\"color: #000080\">Siente tanto al mismo tiempo<\/span><\/strong><br \/><strong><span style=\"color: #000080\">una Madre por su hijos,<\/span><\/strong><br \/><strong><span style=\"color: #000080\">que a ella le faltan palabras<\/span><\/strong><br \/><strong><span style=\"color: #000080\">para poder describirlos.<\/span><\/strong><br \/><br \/><strong><span style=\"color: #000080\">\u00a1 Por mucho que te lo expliquen<\/span><\/strong><br \/><strong><span style=\"color: #000080\">y por mucho que lo piensas,<\/span><\/strong><br \/><strong><span style=\"color: #000080\">no sabes lo que es ser Madre,<\/span><\/strong><br \/><strong><span style=\"color: #000080\">hasta que lo experimentas!<\/span><\/strong><br \/><br \/><strong><span style=\"color: #000080\">Porque ser Madre para sus hijos<\/span><\/strong><br \/><strong><span style=\"color: #000080\">no es una cosa cualquiera<\/span><\/strong><br \/><strong><span style=\"color: #000080\">\u00a1Es sangre de su propia sangre!<\/span><\/strong><\/td>\n<\/tr>\n<\/tbody>\n<\/table>\n<\/figure>\n<p><strong><span style=\"color: #000080\">A continuaci\u00f3n, se proced\u00eda a las imposiciones de medallas. El Presidente Manuel G\u00e1lvez, presentaba a Salvador Gonz\u00e1les G\u00e1lvez, destacando la personalidad y las grandes virtudes que posee \u201cSalvi\u201d, siendo para \u00e9l, un buen referente como Atao y manantero en general, pasando por varios cargos directivos, culminando como Presidente durante dos a\u00f1os, llevando a la Corporaci\u00f3n por bandera y con buenas relaciones con otras Corporaciones, llegando en la actualidad a ser Bise Presidente de la Agrupaci\u00f3n de Cofrad\u00edas y Figuras B\u00edblicas.<\/span><\/strong><\/p>\n<p><strong><span style=\"color: #000080\">Felicit\u00e1ndolo por todo ello, por este homenaje. Haci\u00e9ndole entrega el hermano Membiela del pergamino conmemorativo, con abrazos fraternales. La medalla de los veinte y cinco a\u00f1os, se la impuso su hijo y hermano de los Ataos, Mois\u00e9s Gonz\u00e1les Gil, fundi\u00e9ndose en unos abrazos cari\u00f1osos, Mujer e Hijos, culminado por el abraso del Presidente. Tambi\u00e9n la Mujer del Presidente le entregaba a \u201cLoli Gil\u201d, Se\u00f1ora de<\/span><\/strong><br \/><strong><span style=\"color: #000080\">Salvi, un bonito presente por parte de la Corporaci\u00f3n.<\/span><\/strong><\/p>\n<p><strong><span style=\"color: #000080\">Tras ello, varios hermanos se sumaban, dirigi\u00e9ndose con palabras de halagos al Homenajeado y entreg\u00e1ndoles diferentes obsequios. En primer lugar lo hizo Manuel G\u00e1lvez (El Lobo), felicit\u00e1ndolo y alegando que al ser hombre de pocas palabras, le ced\u00eda la palabra a su mujer (Chonchi), dedic\u00e1ndole una poes\u00eda y asi\u00e9ndole sendos regalos, consistentes en un \u00e1lbum de fotos, que encabezaba su caricatura y un cuadro de la poes\u00eda antes relatada.<\/span><\/strong><\/p>\n<p><strong><span style=\"color: #000080\">Fernando Anfruns, tras felicitar a Salvador Gonz\u00e1lez, le hac\u00eda entrega de una foto montaje, con Jes\u00fas Nazareno al fondo, la figura de su Abuelo Chifarri, vestido de romano y el vestido de Judas, con el texto por su XXV a\u00f1os, y dedicatoria como su gran amigo y hermano de Corporaci\u00f3n. Aprovechando el turno de la palabra, Fernando se dirig\u00eda a Emilio Palos que tambi\u00e9n recib\u00eda homenaje y medalla en esta noche, que el mejor homenaje y medalla, se la dieron a \u00e9l, en el Hospital Reina Sof\u00eda tras su delicada Operaci\u00f3n.<\/span><\/strong><\/p>\n<p><strong><span style=\"color: #000080\">El hermano Antonio Cuenca, tambi\u00e9n se sumaba al homenajeado \u201cSalvi\u201d, felicit\u00e1ndolo a \u00e9l y a su mujer, haci\u00e9ndole entrega de una teja pintada, con la figura de San Pedro con el gallo.<\/span><\/strong><\/p>\n<p><strong><span style=\"color: #000080\">Tambi\u00e9n el hermano F.J. Membiela, se sumaba al homenaje de \u201cSavi\u201d, record\u00e1ndole sus a\u00f1os de ni\u00f1o como Mananteros, entreg\u00e1ndole una foto, vestido de los viejos Romanos de los Ataos, a los cuales les llam\u00e1bamos \u00a1Los Agr\u00edcolas!, coment\u00e1ndole que en su bodega encontrar\u00eda un lugar para colgarlo, con el texto, a mi hermano Manolete\u201d, por su XXV Aniversario, de tu amigo y hermano Francisco J. Membiela.<\/span><\/strong><\/p>\n<p><strong><span style=\"color: #000080\">El acto se prolongaba, por calidad y personalidad del homenajeado, sum\u00e1ndose tambi\u00e9n a el, el Cofrade Mayor de la Virgen de la Gu\u00eda Jos\u00e9 Amador Beltr\u00e1n, el cual le dec\u00eda, que cuando el entro como hermano de los Ataos, con \u201cSalvi\u201d comenz\u00f3 a fomentar una buena amistad como hermano y persona, al cual le procesa un gran cari\u00f1o, siendo un buen baluarte manantero y apoy\u00e1ndolo como Cofrade, Felicit\u00e1ndolo y agradeci\u00e9ndole su entrega y trabajo, como m\u00e1ximo responsable del montaje de las dos Cruces de Mayo, en beneficio de la Cofrad\u00eda, siendo todo un \u00e9xito, entreg\u00e1ndole tambi\u00e9n un presente.<\/span><\/strong><\/p>\n<p><strong><span style=\"color: #000080\">Manuel Garc\u00eda Garc\u00eda, tambi\u00e9n se sumaba al homenajeado, destacando tres facetas de \u201cSalvi\u201d, su personalidad, su gran mandato como Presidente de los Ataos, culminado como Vice Presidente de la Agrupaci\u00f3n de Cofrad\u00edas. Haci\u00e9ndole entrega de un catavinos con la figura de Barrabas, para que lo cambiase por el que usa en el despacho de vinos de \u201cRufino\u201d, el cual ya est\u00e1 caduco de usarlo en las tertulias del citado despacho, recomend\u00e1ndole que no cambiase nunca, ni como persona, ni como amigo y hermano de los Ataos.<\/span><\/strong><\/p>\n<p><strong><span style=\"color: #000080\">Tambi\u00e9n el hermano Antonio Moreno, les dedicaba unas palabras de felicitaci\u00f3n a \u201cSalvi\u201d, argumentando que desde que el es hermano de los Ataos, el le hab\u00eda trasmitido el cari\u00f1o por la Corporaci\u00f3n, haci\u00e9ndole entrega de un obsequio.<\/span><\/strong><\/p>\n<p><strong><span style=\"color: #000080\">Su hijo Mois\u00e9s, hermano tambi\u00e9n de los Ataos, se sumaba al homenaje, felicitando en principio al hermano Emilio J. Palos. Trasmiti\u00e9ndole a su padre un mensaje de nuestro hermano \u201cFran\u201d, lamentado el no poder estar esta noche de homenajes, por motivos de su trabajo en la lejan\u00eda, record\u00e1ndoles que su Padre (El Rubio Trenas) le ense\u00f1o a respetar los valores que tienen los m\u00e1s veteranos, tanto como Ataos o de la Cofrad\u00eda de la Gu\u00eda. Tras ello nuestro hermano \u201cMoi\u201d, le hac\u00eda entrega a su Padre en nombre de su Madre, de su Hermano Daniel y de el mismo, un \u00e1lbum de fotos, desde que \u201cSalvi\u201d era solo un ni\u00f1o y de mayor. Daniel tambi\u00e9n intervino, felicitando a Emilio, alegando que aunque \u00e9l no era manantero, esta noche se lo estaba pasando muy bien.<\/span><\/strong><\/p>\n<p><strong><span style=\"color: #000080\">Interviniendo tambi\u00e9n su mujer \u201cLoli Gil\u201d, que le dedicaba a su marido unas palabras de cari\u00f1o y de lo buen Padre que lo es, apoy\u00e1ndolo lo mejor posible, por su amor a los Ataos, la Virgen de la Gu\u00eda y a la Semana Santa en General.<\/span><\/strong><\/p>\n<p><strong><span style=\"color: #000080\">El hermano, Nicol\u00e1s S\u00e1nchez, tomaba la palabra, felicitando a los dos hermanos homenajeados, aludiendo que cuando el llego a formar Parte como hermano de los Ataos, aprendi\u00f3 de ellos dos y de los m\u00e1s veteranos lo que es ser Atao, trasmiti\u00e9ndoles, las felicidades de su Madre \u201cLoli Parra\u201d y un mensaje que le hab\u00eda mandado en este momento su hermano \u201cFran\u201d por el tel\u00e9fono M\u00f3vil.<\/span><\/strong><\/p>\n<p><strong><span style=\"color: #000080\">\u2026Y que decir del d\u00eda que se va a vivir\u00a0 hoy en\u00a0 nuestro cuartel, hermano \u201cSalvi\u201d, te hablo desde el coraz\u00f3n, se congratula hoy a un hombre que no hay palabras para definirlo, solo sentimientos. Un hombre capaz de sentir y trasmitir lo que significa nuestro cuartel y su Virgen de la Gu\u00eda dentro y fuera de el, llevando a gala su sabidur\u00eda sobre la mananta y sus conocimientos de ella. Record\u00e1ndote la noche que te presentantes en nuestra casa, junto con Rafael de la Torre, entreg\u00e1ndole ese bello cuadro a mi madre, que preside el sal\u00f3n de la misma, si mi padre el (Rubio Trenas) lo hubiese visto,\u00a0 su alma se estremecer\u00eda, pero all\u00e1 donde este, seguro que llorara cuando lo ve.\u00a0 Encima, tenemos la suerte de contar con la semillita que cada d\u00eda fl\u00f3rese con m\u00e1s fuerza, la de tu hijo Mois\u00e9s. Qu\u00e9 grande es para un padre que su hijo siga los mismos pasos. Nada m\u00e1s\u00a0 hermano \u201cSalvi\u201d, lamento much\u00edsimo el no poder estar presente esta noche en tu homenaje, dese\u00e1ndote que pases la noche m\u00e1s maravillosa, acompa\u00f1ado de tus seres m\u00e1s queridos y que sigas por lo menos 25 a\u00f1os m\u00e1s. Recibe un fuerte abrazo de este que es tu alumno de corporaci\u00f3n,\u00a0 tu hermano \u201cFran\u201d.<\/span><\/strong><\/p>\n<p><strong><span style=\"color: #000080\">Tras ello, hac\u00eda uso de la palabra el Decano Manuel G\u00e1lvez, el cual con su caracter\u00edstica forma de ser, destacaba la personalidad del homenajeado, halag\u00e1ndolo como personas y hermanos de los Ataos y sangre de su propia sangre.<\/span><\/strong><\/p>\n<p><strong><span style=\"color: #000080\">Sin descanso el portavoz de los hermanos m\u00fasicos Miguel Trigos, halagaba tambi\u00e9n a los dos hermanos que se estaban homenajeando, que para \u00e9l hab\u00eda sido una suerte el haberlos conocido y tratarlos, dedic\u00e1ndole su grupo de m\u00fasica a \u201cSalvi\u201d, su pasodoble titulado \u00a1Manolete! Desfil\u00e1ndolo toda su familia, incluyendo su madre y suegra, acompa\u00f1ados de varias mujeres y Ataos.<\/span><\/strong><\/p>\n<p><strong><span style=\"color: #000080\">Retomado de nuevo la compostura de todos los asistentes,\u00a0 el Presidente le ced\u00eda la palabra al homenajeado Salvador Gonz\u00e1les G\u00e1lvez, quien en principio felicitaba al hermano Emilio Palos, pr\u00f3ximo homenajeado. Expresando que la verdadera persona manantera era su mujer, la que aguanta en soledad la falta de su marido d\u00eda a d\u00eda, para que el pudiese dedicarse al trabajo de los temas Mananteros, dedic\u00e1ndoles algunos piropos como la madre de sus hijos. Tambi\u00e9n y dirigi\u00e9ndose a su madre le dec\u00eda, sentirse muy a gusto con su presencia en este d\u00eda de su homenaje, al ser ella la que lo engendro y le dio la vida, excusando la no presencia de su padre, al encontrase indispuesto para acudir al acto, al un\u00edsono tambi\u00e9n agradec\u00eda la presencia de su madre pol\u00edtica\u2026su suegra. \u201cSalvi\u201d tambi\u00e9n les dedicaba unos halagos a sus t\u00edos Manuel\u00a0 Antonio G\u00e1lvez, resaltando el haber aprendido de ellos los valores Mananteros, al ser el un progenitor de una familia tan manantera como la de los (Chifarri).<\/span><\/strong><\/p>\n<p><strong><span style=\"color: #000080\">Continuaba \u201cSalvi\u201d, dando las gracias a todos sus hermanos Ataos, por el apoyo recibido en sus a\u00f1os de Presidencia en el mismo. Dirigi\u00e9ndose a nuestros hermanos m\u00fasicos, les dec\u00eda que sin ellos los Ataos no ser\u00edan lo mismo, agradeci\u00e9ndoles su apoyo, cuando fue Presidente y el pasodoble que les hab\u00edan dedicado, con ese nombre tan torero como el de\u201d Manolete\u201d. Tambi\u00e9n \u201cSalvi\u201d recordaba a su difunto Suegro Manuel Gil (El Baila), argumentando que para \u00e9l hab\u00eda sido como su segundo padre y seguro que all\u00e1 en el Cielo junto con el Eterno Padre, estar\u00eda practicando su gran afici\u00f3n como cazador.<\/span><\/strong><\/p>\n<p><strong><span style=\"color: #000080\">Terminando sus palabras, agradeci\u00e9ndoles uno a uno, a los hermanos Ataos,\u00a0 los elogios recibidos y los regalos, aludiendo no ser merecedor de tanto, terminando con un viva a los Ataos, a la Virgen de la Gu\u00eda y a nuestro Padre Jes\u00fas Nazareno.<\/span><\/strong><\/p>\n<p><strong><span style=\"color: #000080\">Sin apenas descanso, el Presidente Manuel G\u00e1lvez Espadas, Presentaba al segundo homenajeado Emilio J. Palos Rodr\u00edguez, destacando su personalidad humana, como hermano de los Ataos, el cari\u00f1o que le procesa a su Virgen de la Gu\u00eda y calidad como hombre de empresa.<\/span><\/strong><\/p>\n<p><strong><span style=\"color: #000080\">Record\u00e1ndole sus buenos ratos pasados, sentado en la parte de la mesa donde se sienta el Decano, con tus comentarios jocosos y los dibujos que pinta en las servilletas, reclamado la presencia del Decano Manuel G\u00e1lvez, el cual le hacia la entrega del cuadro con el pergamino conmemorativo. Contest\u00e1ndole Emilio que para \u00e9l era un gran honor recibirlo de las manos del Decano de los Ataos.<\/span><\/strong><\/p>\n<p><strong><span style=\"color: #000080\">El Presidente le entregaba a su mujer Julia la medalla para que se la impusiera, traslad\u00e1ndosela esta, a la mujer del Presidente para su imposici\u00f3n, la cual de daba las gracias\u00a0 a Julia, por tal honor.<\/span><\/strong><\/p>\n<p><strong><span style=\"color: #000080\">Tras ello, interven\u00eda nuestro hermano Jos\u00e9 Amador Beltr\u00e1n, que con palabras de cari\u00f1o, le dec\u00eda a Emilio, ser para el mas que un hermano, \u00a1un gran amigo!, que junto con Antonio Moreno y Manuel Garc\u00eda, somos como parte de su familia, los cuales se sent\u00edan muy felices por este merecido homenaje. Tambi\u00e9n le recordaba los mucho y buenos ratos, pasados en su reuniones como si fuesen familia, contando infinidad de an\u00e9cdotas vividas todos juntos. Tambi\u00e9n Pepe, nos comentaba las ocurrencias de Emilio y los dibujos en las servilletas, sentados en el rinc\u00f3n del Decano, asi\u00e9ndole Pepe entrega de un precioso regalo, el cual Emilio agradec\u00eda, pas\u00e1ndole la palabra a su mujer Inma, quien dedicaba una sentidas palabras a su amiga Julia.<\/span><\/strong><\/p>\n<p><strong><span style=\"color: #000080\">Aunque la noche se alargaba, el Presidente le ced\u00eda la palabra a nuestro hermano Antonio Moreno, el cual tras felicitarlo en su nombre y de su mujer por su homenaje,\u00a0 le recordaba en forma jocosa, que nos faltaba el presidente de la esquina llamada de los tontos, \u00a1Manuel Barcos!, el cual hubiese disfrutado de tu homenaje, ya que el desidia si podr\u00edan entra a formar parte del grupo de los tontos alg\u00fan Atao, pero por desgracia, quiz\u00e1s no pueda estar en la presidencia de los tontos, debido a su enfermedad, al cual todos los presentes les dedicamos un caluroso y fuerte aplauso. Haci\u00e9ndole entrega a nuestro homenajeado Emilio Palos, de un libro con los dibujos pintados en las servilletas, explicando por encima, el significad de algunos de ellos.<\/span><\/strong><\/p>\n<p><strong><span style=\"color: #000080\">Continuando con el turno de intervenciones, tomaba la palabra nuestro hermano Manuel Garc\u00eda, el cual tras felicitar a Emilio y Julia, nos dec\u00eda que despu\u00e9s de las an\u00e9cdotas, hab\u00eda que ponerse serio, para definir la figura y personalidad de Emilio, leyendo un complet\u00edsimo curriculum del homenajeado, haci\u00e9ndole entrega de otro bonito regalo.<\/span><\/strong><\/p>\n<p><strong><span style=\"color: #000080\">Respond\u00eda Emilio, a todos los que acta el momento hab\u00edan intervenido, no ser merecedor de tanto elogio, que el solo se consideraba un buen Atao.<\/span><\/strong><\/p>\n<p><strong><span style=\"color: #000080\">Tambi\u00e9n con sus dotes de buen orador, interven\u00eda nuestro hermano Fco. J. Membiela, el cual tras felicitarlo por su homenaje, le dedicaba unas palabras muy emotivas a \u00e9l y su familia, presentes en este emotivo acto. Ya de forma jocosa, le dec\u00eda que \u00e9l no hab\u00eda aprobado la asignatura para poder formar parte de la esquina de los tontos, entreg\u00e1ndole un peque\u00f1o regalo, consistente en una teja, con la pintura de los cuatro romanos con la t\u00fanica. Respondi\u00e9ndole Emilio, que lo colgar\u00eda en un lugar destacado de su casa de campo, argumentado Emilio, que si la Agrupaci\u00f3n de Cofrad\u00edas le otorgaba el Preg\u00f3n del 2014, \u00e9l iba a estar a su lado para todo lo que hiciese falta, que todos los Atoas lo arropar\u00edamos en su momento.<\/span><\/strong><\/p>\n<p><strong><span style=\"color: #000080\">\u00a0Ya bien entrada la madrugada del lunes Santo, su hermano de sangre Joaqu\u00edn, tomaba la palabra. \u2013 Aunque no soy hombre de cuartel, esta noche lo estoy pasando en grande, m\u00e1xime porque los Ataos homenajeaba a su Hermano Emilio, aludiendo que ya poco hab\u00eda que a\u00f1adir a lo dicho anteriormente, solo desearle a mi hermano, en mi nombre y en el de mis padres y familia, que llegue a cumplir al menos otros 25 a\u00f1os m\u00e1s en esta popular Corporaci\u00f3n. Emilio le respond\u00eda a su hermano Joaqu\u00edn, agradeci\u00e9ndole, que \u00e9l se quedaba al frente de los negocios de la familia, para que el pudiese disfrutar de sus Ataos y de su Virgen de la Gu\u00eda. Argumentado Emilio, sentirse muy a gusto, al estar acompa\u00f1ado de sus padres, hermano y cu\u00f1ada y la presencia de sus dos hijas.<\/span><\/strong><\/p>\n<p><strong><span style=\"color: #000080\">El presidente, le agradec\u00eda a Julia hija de Emilio, la levanta como costalero del Cristo de los Afligidos, tras el Miserere interpretado por nuestros hermanos m\u00fasicos, a las puertas del Cuartel. Cedi\u00e9ndole a continuaci\u00f3n la palabra al Decano Manuel G\u00e1lvez, expres\u00e1ndole a Emilio, sus m\u00e1s sinceras felicitaciones por este homenaje, dedic\u00e1ndole unas palabras llenas de contenido\u00a0 cari\u00f1oso y de hermandad.<\/span><\/strong><\/p>\n<p><strong><span style=\"color: #000080\">Respondi\u00e9ndole Emilio al Decano, d\u00e1ndole las gracias y record\u00e1ndole las antiguas estaciones que hac\u00edan los Ataos el Mi\u00e9rcoles Santo, viviendo con \u00e9l y otros Ataos, infinidad de an\u00e9cdotas.<\/span><\/strong><\/p>\n<p><strong><span style=\"color: #000080\">Tras ello, el Presidente le ced\u00eda la palabra a nuestra hermana Julia, esposa de Emilio Palos, la cual dacia, que cuando se enamor\u00f3 de su esposo y despu\u00e9s se casaron, al no ser de este pueblo, no entend\u00edan muy bien esto de los cuarteles, la Cuaresma y Semana Santa de Puente Genil, ya que ella solo conoc\u00eda desde ni\u00f1a, la Semana Santa de su Pueblo, Mor\u00f3n de la Frontera. Dedic\u00e1ndole a su esposo Emilio unas bonitas palabras de amor y cari\u00f1o, recomend\u00e1ndole que se cuidase, ya que ella y su familia pasaron momentos muy dif\u00edciles con su enfermedad, que ella nunca le hab\u00eda puesto trabas para asistir a los Ataos y disfrutar de su corporaci\u00f3n y de su Virgen de la Gu\u00eda.\u00a0\u00a0\u00a0 Sus dos hijas, Julia y Mar\u00eda, le dedicaban unas sentidas palabras, llenas de sentimientos de amor y cari\u00f1o, hacia unos padres ejemplares.\u00a0<\/span><\/strong><br \/><strong><span style=\"color: #000080\">Nuestro hermano, Miguel Trigos, tambi\u00e9n se sumaba al homenajeado, argumentado que aunque Emilio no es muy protagonista en esta Corporaci\u00f3n, si es para los m\u00fasicos un amante y defensor de la m\u00fasica en los Ataos, que debido a su profesi\u00f3n, les iban a dedicar el Gloria al Muerto y a todos los difuntos. Y como es un gran hermano Cofrade de la Virgen de la Gu\u00eda, germinar\u00edan interpretando la marcha Procesional Virgen de la Gu\u00eda.<\/span><\/strong><\/p>\n<p><strong><span style=\"color: #000080\">Concluidas todas las intervenciones prevista, tomaba la palabra el homenajeado, \u00a0Emilio Palos, expresando sus sentimientos y agradeciendo a todos los Ataos, tambi\u00e9n a las sentidas palabras de sus hijas y la de su mujer Julia y\u00a0 las expresada por Miguel Trigos, argumentando que los m\u00fasicos eran los verdaderos protagonista, que los s\u00e1bados de cuaresma nos llev\u00e1is en volandas, hacia las cumbres del Calvario, demostrando al populacho, lo que son los Ataos.<\/span><\/strong><\/p>\n<p><strong><span style=\"color: #000080\">Tambi\u00e9n en su intervenci\u00f3n Emilio, nos comunicaba, que se hab\u00eda levantado muy temprano, para preparar el discurso de esta noche, pero no encontraba la formula, estando con muchas dudas lo que quer\u00eda expresar. Voy a intentar hablar de un tir\u00f3n, ya que \u00faltimamente estoy muy lacrim\u00f3geno.\u00a0 Como os pod\u00e9is imaginar, estoy tan contento, como un chiquillo el d\u00eda de Reyes, cuando uno se siente protagonista, y eso<\/span><\/strong><br \/><strong><span style=\"color: #000080\">siempre te provoca nerviosismos y dudas de lo que hay que hacer.<\/span><\/strong><\/p>\n<p><strong><span style=\"color: #000080\">Continuaba dici\u00e9ndonos, que llevaba d\u00e1ndole vueltas varios d\u00edas, pensando en lo que significa el\u00a0 25 aniversario.\u00a0 Claro 25 a\u00f1os. Y me pregunte, que ha pasado en 25 a\u00f1os? Han pasado muchas cosas, a lo mejor son las mismas cosas que se van repitiendo a\u00f1o tras a\u00f1o. Y ah\u00ed empec\u00e9 a ver lo que ocurr\u00eda, que la historia se repite cada a\u00f1o, cada cuaresma, cada Semana Santa.\u00a0 Con esa idea de repetici\u00f3n y con mi afici\u00f3n por los n\u00fameros, se me ocurri\u00f3 indagar el significado del n\u00famero 25, pero no lo encontraba por ning\u00fan sitio. Me di cuenta, que 25 es el cuadrado perfecto de 5. Entonces busque significado del 5 sorprendentemente encontr\u00e9 lo siguiente.<\/span><\/strong><\/p>\n<p><strong><span style=\"color: #000080\">Signo de la acci\u00f3n, de la libertad, de la adaptabilidad, de la sociabilidad, de las nuevas ideas, de la rapidez. Es un s\u00edmbolo de lo polifac\u00e9tico, de lo curioso y de lo ingenioso. Y es el n\u00famero de la fortuna y de la magia.\u00a0\u00a0\u00a0\u00a0<\/span><\/strong><\/p>\n<p><strong><span style=\"color: #000080\">Por el lado negativo, representa la inquietud, el descontento, la insatisfacci\u00f3n, la tensi\u00f3n, la precipitaci\u00f3n, etc.\u00a0\u00a0 Me daba cuenta de que era perfecto, no solo como n\u00famero cuadrado, sino como definici\u00f3n de aquello que se repet\u00eda cada a\u00f1o.<\/span><\/strong><\/p>\n<p><strong><span style=\"color: #000080\">Cuando llega la cuaresma nos ponemos en acci\u00f3n, estamos deseando hacer algo nuevo este a\u00f1o para que sea distinto al anterior. Tambi\u00e9n cuando llegamos al cuartel, sentimos libertad por estar en nuestra casa, nos adaptamos a nuestros hermanos de corporaci\u00f3n, nos volvemos las sociables con todo el mundo, se nos ocurren nuevas ideas para aplicar en tantos actos y celebraciones que metemos en una cuaresma apretada.<\/span><\/strong><\/p>\n<p><strong><span style=\"color: #000080\">Pensamos la forma r\u00e1pida de solucionar problemas que surgen y que hay que resorber inmediatamente y adem\u00e1s de muchas cosas distintas: cambios en los desfiles, invitados imprevistos en las comidas, inclemencias del tiempo,\u00a0 etc.. Nos volvemos y algo exploradores, acudiendo a actos cuaresmales que nos revelan cosas interesant\u00edsimas que jam\u00e1s hab\u00edamos escuchado.<\/span><\/strong><\/p>\n<p><strong><span style=\"color: #000080\">As\u00ed se van pasando las semanas y consumiendo los mejores 40 d\u00edas del a\u00f1o y nos damos cuenta de que igual que el n\u00famero 5, somos afortunados por disfrutar de la compa\u00f1\u00eda, el cari\u00f1o y la amistad de nuestro hermanos de corporaci\u00f3n y eso hace que nos olvidemos de la faceta negativa del n\u00famero, que no es nada m\u00e1s que nuestra vida cotidiana y por eso, antes de entrar en el cuartel, dejamos fuera aparcados: la inquietud, el descontento, la insatisfacci\u00f3n, la tensi\u00f3n y logramos que nos envuelva la caracter\u00edstica m\u00e1s bonita del n\u00famero que es la MAGIA.\u00a0 Esta magia que tiene el cuartel, que consigue que afloren sentimientos, que nos transformemos en personas distintas a lo que somos el resto del a\u00f1o, que nos da el valor para en p\u00fablico, que hace que \u00a0se nos ocurran ideas que no imaginar\u00edamos en otro escenario que no fuera nuestro cuartel.<\/span><\/strong><\/p>\n<p><strong><span style=\"color: #000080\">El final de esta historia es que encontr\u00e9 la explicaci\u00f3n de por qu\u00e9 se me hab\u00eda ocurrido este regalo y no otro. \u201cMagia Cuartelera\u201d, que es la responsable de que el s\u00e1bado de transfiguraci\u00f3n, cuando el presidente me dedico la pata, yo estuviera observando la foto m\u00e1s impresionante que, para m\u00ed, tenemos en nuestro cuartel y en ese momento imaginaba a Barrabas el Viernes Santo tarde de 1982, en la Plaza del Calvario, solo con su sombra, sin saber si quiera si ese personaje existi\u00f3 o alguien se lo invento; una foto en blanco y negro, dos colores contradictorios, opuestos, como fue la vida de Barrabas, como nuestra propia existencia. La foto es tan evocadora, que solo me \u00a0faltaba tocarla. Entonces pens\u00e9, imagine, \u00bfse puede tocar al protagonista de la foto? Pues claro que si, solo tengo que pasar de 2 a 3 dimensiones y me empe\u00f1e en construir la tercera dimensi\u00f3n de esta foto, y cuando toque la figura de Barrabas y lo mire de distintos \u00e1ngulos, me pareci\u00f3 que estaba vivo. Entonces dije, tengo que repetirlo, tantas veces como Ataos conozco, para que cada uno de vosotros tenga un recuerdo m\u00e1gico de lo que es un cuartel y de lo que es un aniversario, el 25, que no es m\u00e1s que algo maravilloso. Repetido 5 veces 5.<\/span><\/strong><\/p>\n<p><strong><span style=\"color: #000080\">Despu\u00e9s de esta maravillosa exposici\u00f3n que nos dedic\u00f3 nuestro hermano Emilio, nos dec\u00eda que ya solo le quedaba dar las gracias a todos de verdad, por estos maravillosos 25 a\u00f1os, y dejaros otros 25 a\u00f1os de alegr\u00eda y de magia.<\/span><\/strong><\/p>\n<p><strong><span style=\"color: #000080\">Mientras segu\u00edamos cenando, nuestros hermanos Dani y Jos\u00e9 Carlos, repart\u00edan el obsequio entre todos los Ataos, consistente en un peque\u00f1o m\u00e1rmol, reproduciendo la sombra del\u00a0 empedrado y la figura de Barrabas sobre puesta de pie, emulando la de la fotograf\u00eda, acompa\u00f1ada de una cartulina con la citada foto y texto.<\/span><\/strong><\/p>\n<p><strong><span style=\"color: #000080\">Ya bien entrada la madrugada del lunes, el Presidente daba por terminada la imposici\u00f3n de las medallas, dese\u00e1ndonos que pas\u00e1semos una buena Semana Santa. Terminando la noche musical, interpretando los hermanos m\u00fasicos, la marcha procesional, Callejuela de la Ho y el Barrabas, desfilado todos como pudimos por todo el sal\u00f3n.<\/span><\/strong><\/p>\n<p><strong><span style=\"color: #000080\">Un magnifico martes Santo Glorioso, que quedara inscrito con letras de oro en los anales de la historia de la corporaci\u00f3n, gracia a este que suscribe.<\/span><\/strong><\/p>\n<p><strong><span style=\"color: #000080\">Antonio G\u00e1lvez (Chifarri)<\/span><\/strong><\/p>\n<\/figure>\n<\/figure><\/div><\/div><\/div><div class=\"wppb-accordion-item repeater-10\"><div class=\"wppb-accordion-title wppb-toggle-right \"><i class=\"fas fa-pen-alt\"><\/i><span class=\"wppb-accordion-title-content\">Mi\u00e9rcoles Santo<\/span><span class=\"wppb-toggle-direction wppb-toggle-right\"><i class=\"fas fas fa-angle-right\"><\/i><\/span><\/div><div class=\"wppb-panel-collapse\" style=\"display: none;\"><div class=\"wppb-accordion-content\"><figure class=\"wp-block-table\">\n<figure class=\"wp-block-table\">\n<p><span style=\"color: #000080\"><strong>Despu\u00e9s de un martes Santo glorioso, de comida en honor a nuestras mujeres y de dos homenajeados con la medalla de los veinte y cinco a\u00f1os, los hermanos de la corporaci\u00f3n B\u00edblica los Ataos, Judas, Pedro y Pablo, nos reun\u00edamos por primera vez, el mi\u00e9rcoles Santo al medio d\u00eda, en Junta General.<\/strong><\/span><\/p>\n<p><span style=\"color: #000080\"><strong>En ella se acordaron los temas cl\u00e1sicos de una corporaci\u00f3n. \u00a0Despu\u00e9s y terminada la comida de hermandad, se proced\u00eda al sorteo de nuestras Figuras y Romanos. Terminado el mismo y que como es cl\u00e1sico, los hermanos proced\u00edan al intercambio de las mismas, procurando de vestir<\/strong><\/span><\/p>\n<p><span style=\"color: #000080\"><strong>la que cada hermano le gusta. Ello se desarrollo en un ambiente jocoso y de hermandad. Pudiendo los hermanos que quisieron presencial la salida de las im\u00e1genes que se posesionan en este Mi\u00e9rcoles Santo.<\/strong><\/span><br \/><span style=\"color: #000080\"><strong>De esta forma, la cena de la noche se llevaba a cabo con normalidad, no teniendo como en a\u00f1os anteriores que interrumpir la misma y la junta, por el paso de las im\u00e1genes por la puerta de nuestro cuartel.<\/strong><\/span><br \/><span style=\"color: #000080\"><strong>Como he comentado anteriormente, al no ser Junta General se pudo disfrutar sin obst\u00e1culos, el paso de procesi\u00f3n de todas las Im\u00e1genes que participan en este mi\u00e9rcoles Santo.<\/strong><\/span><br \/><br \/><span style=\"color: #000080\"><strong>Hay que resaltar, que como todos los a\u00f1os se habilitaba la parte baja de nuestro cuartel, incluido el portal de la misma, para el descanso obligado, para reponer fuerzas y bocadillos incluidos, de los hermanos del Se\u00f1or del Lavatorio, para proseguir con la procesi\u00f3n.<\/strong><\/span><br \/><br \/><span style=\"color: #000080\"><strong>Tambi\u00e9n por primera vez, los hermanos del Se\u00f1or de la Humildad y Paciencia, deten\u00edan el paso a la puerta de nuestro cuartel, asiendo un receso para degustar los bocadillos a los hermanos Bastoneros y miembros de la Cofrad\u00eda, pero al destetar los hermanos de los Ataos que no hab\u00eda sitio suficiente en la parte baja, se les invito a que subiesen al sal\u00f3n, descansando sentados y suministr\u00e1ndoles por parte de los Ataos, unas uvitas de vino y bebidas refrescantes.<\/strong><\/span><br \/><br \/><span style=\"color: #000080\"><strong>Un gesto que no interrumpi\u00f3 para nada nuestra cena y que los dirigente de la citada Cofrad\u00eda, encabezada por su Cofrade Mayor Rafael Fern\u00e1ndez Reina, agradec\u00eda en nombre de sus bastoneros y de todos los hermanos de la Cofrad\u00eda en General.<\/strong><\/span><\/p>\n<p><span style=\"color: #000080\"><strong>Ya terminada la cena y con tiempo suficiente, algunos de los hermanos Ataos, pudieron presenciar el encierro de todas las im\u00e1genes que participaron en este mi\u00e9rcoles Santo a las puertas de la Iglesia de la Concepci\u00f3n y sin la presencia afortunadamente de la lluvia.<\/strong><\/span><br \/><br \/><span style=\"color: #000080\"><strong>\u00a0 \u00a0 \u00a0 \u00a0 Redacci\u00f3n: A.G.S.<\/strong><\/span><\/p>\n<\/figure>\n<\/figure><\/div><\/div><\/div><div class=\"wppb-accordion-item repeater-11\"><div class=\"wppb-accordion-title wppb-toggle-right \"><i class=\"fas fa-pen-alt\"><\/i><span class=\"wppb-accordion-title-content\">Jueves Santo<\/span><span class=\"wppb-toggle-direction wppb-toggle-right\"><i class=\"fas fas fa-angle-right\"><\/i><\/span><\/div><div class=\"wppb-panel-collapse\" style=\"display: none;\"><div class=\"wppb-accordion-content\"><figure class=\"wp-block-table\">\n<figure class=\"wp-block-table\">\n<p><span style=\"color: #000080\"><strong>TITULAR DE LA COMIDAD DE HERMANDAD DEL JUEVEZ SANTO, DIA DEL AMOR FRATERNO 2013.<\/strong><\/span><\/p>\n<p><span style=\"color: #000080\"><strong>La Corporaci\u00f3n B\u00edblica los Ataos Judas, Pedro y Pablo, celebro con gran solemnidad y con fraternidad, la comida de hermandad del Jueves Santo al medio d\u00eda. Con un sal\u00f3n comedor, lleno de hermanos Ataos, hermanos m\u00fasicos e invitados tradicionales, dentro de un gran ambiente totalmente Manantero, donde aforaron los sentimientos y se tocaron las fibras de los corazones de todos los presentes. Con grandes intervenciones, por parte de los hermanos Ataos, Invitados y un buen repertorio musical, interpretado por nuestros hermanos m\u00fasicos. Jueves Santo 2013.<\/strong><\/span><\/p>\n<p><br \/><span style=\"color: #000080\"><strong>COMIDA DE HERMANDAD DEL JUEVES SANTO DEL 2013<\/strong><\/span><\/p>\n<p><span style=\"color: #000080\"><strong>Como muchos a\u00f1os atr\u00e1s, la corporaci\u00f3n B\u00edblica los Ataos, Judas, Pedro y Pablo, celebro la extraordinaria comida de hermandad, del jueves Santo al medio d\u00eda, con casi la misma presencia de invitados de todos los a\u00f1os en este d\u00eda, junto con nuestro extraordinarios hermanos m\u00fasicos.<\/strong><\/span><\/p>\n<p><span style=\"color: #000080\"><strong>Sobre las tres del medio d\u00eda, el Presidente Manuel G\u00e1lvez Espadas, daba la bienvenida, a todos los hermanos ataos, hermanos m\u00fasicos, e invitados tradicionales, nombr\u00e1ndolos uno a uno y recordando a nuestros hermanos Francisco Mart\u00ednez y a Manuel Barcos, los cuales pasaban por momentos muy dif\u00edciles.<\/strong><\/span><\/p>\n<p><span style=\"color: #000080\"><strong>A continuaci\u00f3n se guardaba un minuto de silencio, por el fallecimiento de la abuela de nuestro hermano Sergio Arjona, abriendo la tarde musical, nuestros hermanos m\u00fasicos, recordando a todos los fallecidos en este a\u00f1o, Mananteros y no Mananteros, y muy especialmente a los de los Ataos de todos los tiempos, interpretando la gran marcha procesional \u201cRecuerdo\u201d.<\/strong><\/span><\/p>\n<p><span style=\"color: #000080\"><strong>Seguidamente el hermano Salvador Gonz\u00e1lez G\u00e1lvez, nos dec\u00eda las preces y bendec\u00eda los alimentos a degustar.<\/strong><\/span><br \/><span style=\"color: #000080\"><strong>Iniciando el protocolo el Presidente, recordaba la no presencia de nuestro Decano Manuel G\u00e1lvez \u201cEl America\u201d, Antonio Cuenca y Jos\u00e9 M\u00e1rquez, por diversos motivos. Cedi\u00e9ndole\u00a0 la palabra al Vice Decano de los Ataos y Mananteros Ejemplar 2006, Antonio G\u00e1lvez (Chifarri), quien se atrevi\u00f3 a recitarnos una poes\u00eda titulada \u201cEncuentro con el Terrible\u201d haci\u00e9ndolo con buenas maneras.<\/strong><\/span><\/p>\n<p class=\"has-text-align-center\"><span style=\"color: #000080\"><strong>Confundido entre la gente<br \/>lo buscaba en todos lados,<br \/>el aire que respiraba<br \/>era suspiro callado<br \/>que Puente Genil lucia<br \/>desde el alba del Viernes Santo.<\/strong><\/span><\/p>\n<p class=\"has-text-align-center\"><span style=\"color: #000080\"><strong>Remotamente escuchaba<br \/>tambores en ronco llanto<br \/>que avivaban mis sentidos<br \/>y encend\u00eda mi entusiasmo.<\/strong><\/span><\/p>\n<p class=\"has-text-align-center\"><span style=\"color: #000080\"><strong>La ansiedad me consum\u00eda<br \/>pues no sabia encontrarlo.<\/strong><\/span><\/p>\n<p class=\"has-text-align-center\"><span style=\"color: #000080\"><strong>Recorr\u00ed plazas y calles<br \/>Sin que\u00a0 notara el cansancio.<\/strong><\/span><\/p>\n<p class=\"has-text-align-center\"><span style=\"color: #000080\"><strong>\u00a1Como pod\u00eda tenerlo<br \/>si lo que estaba buscando<br \/>me llenar\u00eda de luz<br \/>con tan solo contemplarlo!<\/strong><\/span><\/p>\n<p class=\"has-text-align-center\"><span style=\"color: #000080\"><strong>\u00a1Yo lo sabia muy bien!<\/strong><\/span><\/p>\n<p class=\"has-text-align-center\"><span style=\"color: #000080\"><strong>Lo hab\u00eda experimentado<br \/>en todos los que rezaban<br \/>con los ojos enturbiados,<br \/>ante su imagen divina<br \/>en los cuarteles pontanos.<\/strong><\/span><\/p>\n<p class=\"has-text-align-center\"><span style=\"color: #000080\"><strong>\u00a1Que me podr\u00edan contar<br \/>si en mi memoria guardados<br \/>reinaban muchos recuerdos<br \/>de tantos buenos hermanos<br \/>que con bellas cuarteleras<br \/>penetrantes como dardos<br \/>me llenaron alma y cuerpo<br \/>cual si fuera un dulce b\u00e1lsamo!<\/strong><\/span><\/p>\n<p class=\"has-text-align-center\"><span style=\"color: #000080\"><strong>\u00a1Oh, Dios m\u00edo!\u00a0 \u00bfD\u00f3nde estas\u00bf<\/strong><\/span><\/p>\n<p class=\"has-text-align-center\"><span style=\"color: #000080\"><strong>\u00bfNo vez que estoy suspirando\u00bf<\/strong><\/span><\/p>\n<p class=\"has-text-align-center\"><span style=\"color: #000080\"><strong>\u00bfNo sientes mi nerviosismo<br \/>y un temblor entre mis manos?<\/strong><\/span><\/p>\n<p class=\"has-text-align-center\"><span style=\"color: #000080\"><strong>De repente alce la vista<br \/>y se produjo el milagro.<\/strong><\/span><\/p>\n<p class=\"has-text-align-center\"><span style=\"color: #000080\"><strong>Radiante y lleno de luz<\/strong><\/span><\/p>\n<p class=\"has-text-align-center\"><span style=\"color: #000080\"><strong>fulgurante como el rayo<br \/>desbordado y generoso<br \/>plet\u00f3ricamente exhausto\u2026<br \/>yo ten\u00eda ante mis ojos<br \/>su semblante soberano.<\/strong><\/span><\/p>\n<p>\u00a0<\/p>\n<p class=\"has-text-align-center\"><span style=\"color: #000080\"><strong>Escalofr\u00edos de fuego<br \/>prendieron mi cuerpo raudos.<\/strong><\/span><\/p>\n<p class=\"has-text-align-center\"><span style=\"color: #000080\"><strong>\u00a1No sabia que decir!<\/strong><\/span><\/p>\n<p class=\"has-text-align-center\"><span style=\"color: #000080\"><strong>Las palabras en mis labios<br \/>eran todo sentimiento<br \/>de amor, de rezo, de salmo<br \/>por nuestro padre Jes\u00fas<br \/>del que estaba cautivado.<\/strong><\/span><\/p>\n<p class=\"has-text-align-center\"><span style=\"color: #000080\"><strong>Un susurro imperceptible<br \/>insinuaba en mi o\u00eddo algo,<br \/>era Dios, el que me hablaba<br \/>en tono sencillo y santo.<\/strong><\/span><\/p>\n<p class=\"has-text-align-center\"><span style=\"color: #000080\"><strong>\u201cHace tiempo que te espero<br \/>ven, ac\u00e9rcate a mi lado.<br \/>bebe el aura celestial<br \/>que por la puente derramo.<\/strong><\/span><\/p>\n<p class=\"has-text-align-center\"><span style=\"color: #000080\"><strong>Si\u00e9ntete como el que m\u00e1s<br \/>buen pontan\u00e9s y cristiano.<\/strong><\/span><\/p>\n<p class=\"has-text-align-center\"><span style=\"color: #000080\"><strong>Y tan sublimes palabras<br \/>muy dentro de mi las guardo<br \/>y adonde quiera que estoy<br \/>orgullosamente exclamo.<\/strong><\/span><\/p>\n<p class=\"has-text-align-center\"><span style=\"color: #000080\"><strong>\u201cYo bebo de la mananta<br \/>porque yo nac\u00ed pontano,<br \/>y yo lo llevo en el alma<br \/>como cualquier otro hermano,<br \/>y me duele, y me estremece<br \/>y me causa gozo, llanto,<br \/>alegr\u00eda, sufrimiento,<br \/>jubilo, pena, quebranto,<br \/>cuando contemplo a Jes\u00fas<br \/>con esa cruz soportando,<br \/>y lo veo tan hermoso<br \/>y me p\u00e1rese tan guapo,<br \/>y se muestra tan divino<br \/>con su rostro iluminado<br \/>que como todos le grito<\/strong><\/span><\/p>\n<p class=\"has-text-align-center\"><span style=\"color: #000080\"><strong>\u00a1TERRIBLE .. TERRIBLE..Te quiero tanto!<\/strong><\/span><\/p>\n<p><span style=\"color: #000080\"><strong>El Presidente prosegu\u00eda con el acto, felicitando de nuevo a los dos homenajeados, del martes Santo,\u00a0 cedi\u00e9ndole a continuaci\u00f3n, la palabra a nuestro hermano Antonio P\u00e9rez Aguilar, el cual felicitaba tambi\u00e9n a los dos homenajeados, dirigi\u00e9ndose a Salvador Gonz\u00e1les, con palabras llenas de contenido sentimental y de hermandad, se disculpaba por no haber podido asistir a la comida del martes Santo por motivos<\/strong><\/span><br \/><span style=\"color: #000080\"><strong>familiares, pero que \u00e9l le ten\u00eda preparado un regalo, el cual se lo entregaba en este d\u00eda, consistente en un montaje fotogr\u00e1fico con el fondo de la Virgen de la Gu\u00eda y en primer plano la figura de San Pedro con el gallo.<\/strong><\/span><br \/><span style=\"color: #000080\"><strong>Tras un receso para desguatar los exquisitos manjares, hac\u00eda uso de la palabra, nuestro hermano Emilio Palos, comentando la extraordinaria cuaresma que los Ataos hab\u00edan realizado, culminada con la comida del Martes Santo y la imposici\u00f3n de las medallas, a su persona y a \u201cSalvi\u201d.<\/strong><\/span><\/p>\n<p><br \/><span style=\"color: #000080\"><strong>Tambi\u00e9n Emilio, nos relevaba de c\u00f3mo ser\u00eda uno de los posibles actos a celebrar si viene a bien, en el 350 aniversario de nuestras Figuras Dimas y Gestas, utilizando para ello un vers\u00edculo de los apuntes historiaos de Aguilar y Cano, dando a conocer la importancia de nuestro pueblo y de la historia de nuestro\u00a0 ladrones, y de todas las figuras que componen nuestra corporaci\u00f3n de Los Ataos, en tiempos de dificulta econ\u00f3mica y de crisis como la actual, de la cual saldremos si Dios quiere y los m\u00e1ximos mandatarios, lo llevan a cabo.<\/strong><\/span><\/p>\n<p><br \/><span style=\"color: #000080\"><strong>Tras ello, tomaba la palabra nuestro hermano Manuel Garc\u00eda, el cual nos dec\u00eda que le resultaba muy curioso y a la vez extra\u00f1o, que en esta corporaci\u00f3n no se recitara\u00a0 la poes\u00eda del gallo de San Pedro, cuando en muchas corporaciones lo hac\u00edan sin ser suya. Que hab\u00eda que fomentar todo lo escrito, bien sean poes\u00edas, saetas cuarteleras, etc. concerniente a nuestra corporaci\u00f3n, el cual terminaba su intervenci\u00f3n recitando la poes\u00eda \u201cEl Gallo de San Pedro\u201d, mientras el hermano Antonio Moreno, sosten\u00eda en sus dedos, nuestro picaruelo gallo.\u00a0 A su t\u00e9rmino, dos hermanos m\u00fasicos, cantaban la cuartelera \u201cEn el patio de Caif\u00e1s\u201d.<\/strong><\/span><br \/><span style=\"color: #000080\"><strong>M\u00e1s adelante el Presidente le conced\u00eda la palabra a nuestro hermano Francisco J. Membiela, quien elogiaba a los hermanos que hab\u00edan intervenido anteriormente, como Antonio P\u00e9rez, Antonio G\u00e1lvez, Emilio Palos y Manuel Garc\u00eda. Tambi\u00e9n y dirigi\u00e9ndose a sus hijos e ahijados, que se encontraban como invitados, les dirig\u00eda unas palabras llenas de cari\u00f1o y de sentimiento. Al igual lo hac\u00eda con los hermanos G\u00f3mez L\u00f3pez, destacando su buena amistad, tanto de compa\u00f1erismo, como de familiaridad, al haberse criado juntos en el sector de la calle el Sol, dirigi\u00e9ndoles unas sentidas palabras a modo de poes\u00eda dedicadas a la madre de los hermanos G\u00f3mez L\u00f3pez, los cuales a su t\u00e9rmino se abrasaron todos, con l\u00e1grimas contenidas.<\/strong><\/span><\/p>\n<p><br \/><span style=\"color: #000080\"><strong>Espont\u00e1neamente cantaba una cuartelera el Presidente y el hermano \u201cFran\u201d, \u00bfPuesto en la Plaza de Roma?\u00a0 Continuando con el turno de la palabra Membiela, agradec\u00eda la deferencia que hab\u00edan tenido los hermanos Ataos, con los bastoneros de Jes\u00fas de la Humildad y Paciencia, haci\u00e9ndolo en nombre de todos sus compa\u00f1eros bastoneros, en el suyo propio y el de nuestro hermano, Antonio J. Hurtado bastoneros del humilde, recordando a su Cofrade Mayor en el cielo, Jos\u00e9 Antonio Torres. Comunic\u00e1ndonos que su hijo, seguir\u00eda con la tradici\u00f3n, de pinchar el clavel rojo, en la fotograf\u00eda donde aparece su bisabuelo vestido de San Pedro.<\/strong><\/span><br \/><span style=\"color: #000080\"><strong>Nuestros hermanos m\u00fasicos, en honor de los dos Ataos hermanos bastoneros de la Cofrad\u00eda del Se\u00f1or de la Humildad y Paciencia, F.J. Membiela Prieto y Antonio J. Hurtado, nos deleitaron con el genial pasodoble pontano \u201cEl Humilde\u201d.<\/strong><\/span><\/p>\n<p><br \/><span style=\"color: #000080\"><strong>M\u00e1s adelante, nuestro hermano Antonio A. Moreno Salamanca, tomaba la palabra, ensalzando la figura de Manuel Mart\u00edn Due\u00f1as \u201dEl Tarta\u201d Mananteros en el cielo, e invitado fijo durante los \u00faltimos 8 a\u00f1os, en esta comida del jueves Santo en los Ataos. Haciendo una semblanza de su persona, y record\u00f3 con an\u00e9cdotas su personalidad extrovertida y amigable. Resalto que en el verano del 2012, Dios quiso llev\u00e1rselo a su Santo Reino, interpretando nuestros hermanos m\u00fasicos en su honor \u201cEl Gloria al Muerto\u201d. Continuando nuestro hermano Moreno nos dec\u00eda, que al ser posible, todos los a\u00f1os en este d\u00eda del amor fraterno y en su recuerdo, nos fundamos en abrazos fraternales, como Manolo Mart\u00edn, un jueves Santo nos ense\u00f1\u00f3,\u00a0 \u00bfes decir abrasados todos con todos revolucionando el cuartel?.<\/strong><\/span><\/p>\n<p><br \/><span style=\"color: #000080\"><strong>Nuestro Secretario, Rafael \u00c1ngel Ruiz, \u201cEl Botijo\u201d, tomaba la palabra, resaltando que despu\u00e9s de las magn\u00edficas intervenciones antes producidas, era un tanto dif\u00edcil decir unas palabras en esta tarde, pero los sentimientos afloran y m\u00e1xime cuando se escucha \u201cEl Gloria al Muerto\u201d, m\u00e1s si adem\u00e1s miras la fotograf\u00eda de mi Suegro el \u201cRubio Trenas\u201d, con su clavel rojo pinchado en marco de la foto, las palabras son todav\u00eda m\u00e1s dif\u00edciles de expresar, y si adem\u00e1s estas emocionado mucho m\u00e1s. Rafael con los ojos humedecidos, nos dirig\u00eda unas emotivas palabras llenas de contenido fraternal, de mananterismo y de cari\u00f1o, hacia sus hermanos de la corporaci\u00f3n \u201cLos Ataos\u201d.<\/strong><\/span><br \/><span style=\"color: #000080\"><strong>Ya bien entrada la tarde, nuestro Presidente le ced\u00eda la palabra al invitado Francisco Javier Cejas Aires, quien nos dec\u00eda que a estas horas de la tarde era muy complicado intervenir. En principio recordaba a su suegro y buen Mananteros Enrique Velasco, hermano de la corporaci\u00f3n \u201cDel Deg\u00fcello\u201d. Despu\u00e9s agradec\u00eda a los Ataos, el trato exquisito con que agasaj\u00e1is a vuestros invitados. Dando las gracias muy particularmente a vuestro hermano y mi gran amigo Rafa \u201cEl Botijo\u201d, por hacerme sentir afortunado, con\u00a0 poder compartir con los Ataos el sentarme a vuestra mesa en un d\u00eda tan importante como este del Amor Fraterno.<\/strong><\/span><br \/><span style=\"color: #000080\"><strong>Y digo que Rafa es mi hermano, porque as\u00ed es como yo lo siento, despu\u00e9s de muchos a\u00f1os de amistad y de muchos buenos y malos momentos.<\/strong><\/span><\/p>\n<p><br \/><span style=\"color: #000080\"><strong>Dec\u00eda Rafael el 5\u00ba S\u00e1bado de Cuaresma cuan tuvo el honor de retirar la pata de la Vieja Cuaresmera, que \u00e9l no se sent\u00eda m\u00e1s importante que nadie para merecerlo, pero yo digo que si, que se lo merece por m\u00e9ritos propios, porque demuestra en su vida diaria el \u00edmpetu y entrega, en ayudar a quien junto a el camina, derrochando nobleza y honradez en el trato con aquellos que les rodean, valores que estoy seguro fueron inculcados y heredados de tu padre y de la convivencia con su suegro \u201cEl Rubio Trenas\u201d. Que tus Santos titulares, te guarden y te den muchas fuerzas para continuar sirviendo a los dem\u00e1s.<\/strong><\/span><br \/><span style=\"color: #000080\"><strong>Tambi\u00e9n quiero felicitar a los que hacen posible y llenan de contenido la querida p\u00e1gina Web con la que cuenta vuestra corporaci\u00f3n, y en especial a Antonio Chifarri, como cronista y a Pepe Amador como fot\u00f3grafo, porque cuando llega la cuaresma, con vuestro trabajo, describiendo y plasmando la historia, consegu\u00eds que nos sintamos en los Ataos, todos los que nos encontramos ausentes. Mi m\u00e1s sincera enhorabuena.<\/strong><\/span><br \/><span style=\"color: #000080\"><strong>Terminaba su intervenci\u00f3n Francisco J. Cejas, sentirse orgulloso de pertenecer a una pandilla de amigos, que la mayor\u00eda pertenecen a esta gran corporaci\u00f3n de los Ataos, porque aunque vivo fuera de nuestro pueblo y la distancia frena la posibilidad de vernos m\u00e1s a menudo, siempre os llevo en mi coraz\u00f3n y en mi pensamiento, pero como alguien dijo alguna vez, vivir, vivo fuera, pero dormir duermo en mi pueblo.<\/strong><\/span><br \/><span style=\"color: #000080\"><strong>Conclu\u00eda Francisco Javier, que hab\u00eda tra\u00eddo un detalle de Albacete, que es donde el vive, que representa la amistad, y que seg\u00fan el dicho, \u201cLa navaja de Albacete no se regala, se vende a un amigo a un precio simb\u00f3lico, para que no se corte la AMISTAD\u201d.\u00a0 Aunque este regalo es para la corporaci\u00f3n, quer\u00eda hacer entrega del mismo a sus amigos de los Ataos, como peque\u00f1o homenaje de la amistad hacia ellos. Rafa, Jaime, Romero, V\u00edctor, Antonio, Nico, Manolo Chifarri, Sergio, Fran y Jos\u00e9 Alberto. Terminado su intervenci\u00f3n, con una bonita frase.\u00a0\u00a0\u00a0 \u00bfSe nos pas\u00f3 la juventud, y ahora llega la madurez, seguiremos unidos a\u00fan m\u00e1s que ayer, m\u00e1s si alguno flaquea y se ve perder, aqu\u00ed est\u00e1 la pandilla que remar\u00e1 con \u00e9l? Terminando todos los amigos en un abrazo fraternal.<\/strong><\/span><\/p>\n<p><br \/><span style=\"color: #000080\"><strong>Tras la intervenci\u00f3n de Francisco Javier, el hermano Antonio Chifarri, con el permiso del Presidente, contestaba al invitado, que los Ataos se engrandec\u00edan, no solo con la intervenci\u00f3n de sus hermanos, sino tambi\u00e9n con las intervenciones de sus invitados, como es el caso de Javier, y yo te lo agradezco en mi nombre y las de los Ataos, cantado esta saeta, alusiva a Jes\u00fas de Nazareno.<\/strong><\/span><br \/><span style=\"color: #000080\"><strong>El hermano \u201cV\u00edctor\u201d tomaba la palabra, felicitando a los hermanos medallas y con l\u00e1grimas contenidas, recordaba su paso como costalero y capataz de la Cofrad\u00eda del Se\u00f1or Orando en el Huerto, cargo que lo desarrolla en la actualidad, nuestro ex hermano Hip\u00f3lito Romero, el cual canto una saeta alusiva a Jes\u00fas Nazareno, con su estilo personal y dedicada a \u201cV\u00edctor\u201d.<\/strong><\/span><\/p>\n<p><br \/><span style=\"color: #000080\"><strong>Mientras cantaba la saeta Hip\u00f3lito, por tel\u00e9fono y v\u00eda Internet, nuestro querido y ex hermano Bernab\u00e9 Guti\u00e9rrez, desde Valencia contemplaba todo lo que se estaba produciendo en los Ataos en ese momento, dando las gracias por el detalle, ya que \u00e9l no puede seguir siendo Atao, por problemas de enfermedad.<\/strong><\/span><\/p>\n<p><br \/><span style=\"color: #000080\"><strong>Por ultimo tomaba la palabra, nuestro hermano y Cofrade Mayor de la Gu\u00eda Jos\u00e9 Amador Beltr\u00e1n, el cual nos dec\u00eda que tomar la decisi\u00f3n de no procesional a nuestra Madre el s\u00e1bado de Ramos, fue una responsabilidad, que algunos de los hermanos de la misma no compart\u00edan pero la situaci\u00f3n causada por la lluvia, no dejaba otra alternativa.<\/strong><\/span><\/p>\n<p><br \/><span style=\"color: #000080\"><strong>Porque el primero que lo sinti\u00f3 fui yo, cogi\u00e9ndose un nudo en mi est\u00f3mago y en la garganta, aguantando el chaparr\u00f3n de la presi\u00f3n de los hermanos, al no poder procesional a nuestra Madre, pero m\u00e1s lo sinti\u00f3 por el hermano Mayor Ra\u00fal Fern\u00e1ndez, que para \u00e9l ha sido un mandato lleno de infortunio. Sinti\u00e9ndolo tambi\u00e9n por nuestros hermanos m\u00fasicos, que\u00a0 tambi\u00e9n se quedaron sin poder interpretar su extenso repertorio musical.<\/strong><\/span><\/p>\n<p><br \/><span style=\"color: #000080\"><strong>Tambi\u00e9n Jos\u00e9 Amador, tuvo palabras dedicadas a la Mujer e hijos, incluido su yerno, hermanos de los Ataos y de la Virgen de la Gu\u00eda, de nuestro inolvidable hermano \u201cRubio\u00a0 Trenas\u201d, que cada vez que visita el hogar familiar, siempre tienen con mi persona y con mi familia, un cari\u00f1o especial. Una Madre que no se olvida de preguntar cada vez que visito su hogar, por todos los hermanos Ataos, a los que tanto cari\u00f1o le tiene.<\/strong><\/span><br \/><span style=\"color: #000080\"><strong>El Presidente, agradec\u00eda las palabras vertidas a la familia S\u00e1nchez Parra, cantando la cuartelera alusiva a nuestra Virgen de la Gu\u00eda, la que ya comienza a sufrir. Terminado la extraordinaria tarde, con la actuaci\u00f3n de nuestros hermanos m\u00fasicos, que interpretaron, \u201cVirgen de la Gu\u00eda\u201d y el himno de las dos instituciones \u201cBarrabas\u201d, dedicado al Cofrade y a la Familia S\u00e1nchez Parra.<\/strong><\/span><\/p>\n<p><br \/><span style=\"color: #000080\"><strong>Cr\u00f3nica de Antonio G\u00e1lvez Chifarri.<\/strong><\/span><\/p>\n<\/figure>\n<\/figure><\/div><\/div><\/div><div class=\"wppb-accordion-item repeater-12\"><div class=\"wppb-accordion-title wppb-toggle-right \"><i class=\"fas fa-pen-alt\"><\/i><span class=\"wppb-accordion-title-content\">Viernes Santo<\/span><span class=\"wppb-toggle-direction wppb-toggle-right\"><i class=\"fas fas fa-angle-right\"><\/i><\/span><\/div><div class=\"wppb-panel-collapse\" style=\"display: none;\"><div class=\"wppb-accordion-content\"><figure class=\"wp-block-table\">\n<figure class=\"wp-block-table\">\n<p style=\"text-align: center\">\u00a0<\/p>\n<p><span style=\"color: #000080\"><strong>En la Corporaci\u00f3n B\u00edblica los Ataos, el Viernes Santo ma\u00f1ana y tarde transcurri\u00f3 con normalidad, sin incidencias importantes a destacar. Aunque el tiempo meteorol\u00f3gico amenazaba lluvia, se pudo hacer con normalidad, el desfile de ma\u00f1ana y tarde con nuestras figuras y romanos.<\/strong><\/span><\/p>\n<p><span style=\"color: #000080\"><strong>Hay que resaltar, que nuestras Figuras y romanos, no pudieron realizar el desfile procesional, del viernes noche debido a la insistente lluvia, teni\u00e9ndose que quedarse encerrados los pasos con las im\u00e1genes que participan en el Viernes Santo noche, \u00a1y ya son tres a\u00f1os consecutivos!, qued\u00e1ndonos sin presenciar este importante desfile Procesional. Esperando que el pr\u00f3ximo a\u00f1o 2014, podamos ver en la calle, al Cristo de la Buena Muerte, Las Angustias, San Juan Evangelista y la Reina de la isla, la Virgen de la Soledad.<\/strong><\/span><\/p>\n<p><span style=\"color: #000080\"><strong>Redacci\u00f3n A. G. S<\/strong><\/span><\/p>\n<\/figure>\n<\/figure><\/div><\/div><\/div><div class=\"wppb-accordion-item repeater-13\"><div class=\"wppb-accordion-title wppb-toggle-right \"><i class=\"fas fa-pen-alt\"><\/i><span class=\"wppb-accordion-title-content\">Domingo Resurrecci\u00f3n<\/span><span class=\"wppb-toggle-direction wppb-toggle-right\"><i class=\"fas fas fa-angle-right\"><\/i><\/span><\/div><div class=\"wppb-panel-collapse\" style=\"display: none;\"><div class=\"wppb-accordion-content\"><figure class=\"wp-block-table\">\n<figure class=\"wp-block-table\">\n<p style=\"text-align: center\">\u00a0<\/p>\n<div class=\"wp-block-kadence-tab kt-tab-inner-content kt-inner-tab-14 kt-inner-tab_d11a3f-55\">\n<div class=\"kt-tab-inner-content-inner\">\n<p><strong><span style=\"color: #000080\">Con los \u00e1nimos frustrados, por no haber podido realizar el desfile procesional del domingo de Resurrecci\u00f3n a causa de la lluvia, el cual no se hab\u00eda dejado de realizar desde hace m\u00e1s de 54 a\u00f1os.\u00a0 Los hermanos de la Corporaci\u00f3n B\u00edblica los Ataos, Judas, Pedro y Pablo, celebr\u00e1bamos comida de hermandad y junta General de este d\u00eda, tal\u00a0 y como marcan nuestros \u201cEstatutos\u201d.<\/span><\/strong><\/p>\n<p><strong><span style=\"color: #000080\">Nuestro Presidente Manuel G\u00e1lvez Espadas, abr\u00eda la cesi\u00f3n, dando la bienvenida a todos los hermanos Ataos que asistieron a la misma, junto con nuestros hermanos m\u00fasicos, bendiciendo los alimentos a degustar, por parte de nuestro hermano Salvador Gonz\u00e1lez. A continuaci\u00f3n nuestros hermanos m\u00fasicos nos deleitaban con un pasodoble Atao.<\/span><\/strong><\/p>\n<p><strong><span style=\"color: #000080\">Tras guardar un minuto de silencio por el fallecimiento del Decano de la Corporaci\u00f3n de \u201cLos Profetas\u201d Antonio Estepa Franco, nuestro Presidente comenzaba la Junta, cedi\u00e9ndole la palabra a nuestro Secretario Rafael Ruiz Romero, quien dio lectura de las actas anteriores, aprob\u00e1ndose por unanimidad.<\/span><\/strong><\/p>\n<p><strong><span style=\"color: #000080\">Tras ello, el Presidente agradec\u00eda la confianza depositada en \u00e9l, en su primer a\u00f1o de mandato, al frente de la Corporaci\u00f3n, agradeciendo el trabajo realizado por parte de los miembros directivos. Comunic\u00e1ndonos que por su inexperiencia, les perdon\u00e1ramos los posibles errores si lo hubiese cometido. Tambi\u00e9n nos comunicaba, que no le importar\u00eda seguir el frente como Presidente, en el pr\u00f3ximo ejercicio, invitando a los hermanos a presentarse a la elecci\u00f3n del nuevo Presidente.<\/span><\/strong><\/p>\n<p><strong><span style=\"color: #000080\">Como no hubo ning\u00fan candidato, se procedi\u00f3 a la votaci\u00f3n del nuevo presidente, otorg\u00e1ndole la mayor\u00eda de los hermanos Ataos su continuidad como Presidente del nuevo ejercicio. Tras ello, el nuevo Presidente Manuel G\u00e1lvez Espadas, agradec\u00eda de nuevo la confianza depositada en su persona, para llevar las riendas de la Corporaci\u00f3n, otorg\u00e1ndole todos los presente un afectivo y caluroso aplauso. Comunic\u00e1ndonos que en la junta del 1 de mayo, presentar\u00eda la nueva directiva.<\/span><\/strong><\/p>\n<p><strong><span style=\"color: #000080\">Nuestros hermanos m\u00fasicos, se sumaron a la elecci\u00f3n, dedic\u00e1ndole un pasodoble Atao y nuestro himno \u201cBarrabas\u201d, con los cuales desfil\u00e1bamos todos los presentes por el sal\u00f3n del cuartel.<\/span><\/strong><\/p>\n<p><strong><span style=\"color: #000080\">Redacci\u00f3n de A. G. S.<\/span><\/strong><\/p>\n<\/div>\n<\/div>\n<div class=\"wp-block-kadence-tab kt-tab-inner-content kt-inner-tab-15 kt-inner-tab_484366-57\">\n<div class=\"kt-tab-inner-content-inner\">\n<p><strong><span style=\"color: #000080\">La Corporaci\u00f3n B\u00edblica de los Ataos, Judas, Pedro y Pablo, celebraba junto a los ni\u00f1os y mujeres y con presencia de nuestros hermanos m\u00fasicos y se\u00f1oras, el d\u00eda de la Cruz, correspondiente al Viernes Santo Chiquito.<\/span><\/strong><\/p>\n<p><strong><span style=\"color: #000080\">Los ni\u00f1os vestidos de Figuras y de nuestros Romanos, presenciaban el toque de la Diana, llevado a cabo por los m\u00fasicos del Imperio Romano. Tras el toque de la misma y el habitual Miserere y Stabat Mater, las figuras se incorporaban tras\u00a0 Jes\u00fas Nazareno, recorriendo C\/Calle San Crist\u00f3bal y Paseo del Romeral.<\/span><\/strong><\/p>\n<p><strong><span style=\"color: #000080\">Despu\u00e9s del desayuno, el mismo relevo hac\u00edan las reverencias a Jes\u00fas, en la C\/ Santa Catalina, desfilando tras el Terrible por toda la citada calle. El segundo relevo se incorporo en la entrada de la C\/ D. Gonzalo, desfilando por la misma hasta la Plaza Nacional, retornado al cuartel, para degustar el almuerzo ni\u00f1os y padres.<\/span><\/strong><\/p>\n<p><strong><span style=\"color: #000080\">Antes del comienzo del almuerzo, nuestro Presidente daba la bienvenida a todos los asistentes, dese\u00e1ndonos que pas\u00e1semos un buen d\u00eda. Tambi\u00e9n lo hacian nuestros hermanos m\u00fasicos, interpretando un pasodoble Atao, con el cual los ni\u00f1os desfilaban por el poco espacio que hab\u00eda, ya que hubo una buena presencia de hermanos y hermanas, ni\u00f1os e invitados, que llenaron todo el sal\u00f3n. Todo ello se desarrollo, bajo un gran ambiente totalmente Manantero y con los exquisitos manjares que hab\u00edan preparado el equipo de cocina, y la interpretaci\u00f3n de otros pasodobles, y terminando con nuestro himno \u201cBarrabas\u201d.<\/span><\/strong><\/p>\n<p><strong><span style=\"color: #000080\">\u00a0Ya a las 6 de la tarde y con el tercer relevo, nos incorpor\u00e1bamos tras Jes\u00fas Nazareno, desde la puerta de la Iglesia de la Concepci\u00f3n hasta la Plaza del Calvario, donde los ni\u00f1os hac\u00edan las reverencias a Jes\u00fas. Despu\u00e9s en el sitio tradicional que ocupan los Ataos en el parque de los pinos, se repartieron bocadillos y refrescantes bebidas. Regresando al cuartel, las figuras tras los romanos con la tunica del\u00a0 Se\u00f1or, haci\u00e9ndolo bien uniformados, desde los pinos, C\/ San Crist\u00f3bal, parte del Paseo del Romeral, Adriana Morales, Santos, Cosano y Plaza de Lara, hasta nuestro cuartel.<\/span><\/strong><\/p>\n<p><strong><span style=\"color: #000080\">Hay que comentar, que los ni\u00f1os que quisieron, participaron en la Procesi\u00f3n de la noche, en la del d\u00eda 2, Jueves Santo Chiquito y en la del d\u00eda 4, S\u00e1bado Santo Chiquito, ya que el domingo no hab\u00eda ni\u00f1os para este Desfile. Terminando por este a\u00f1o, todo lo acontecido sobre la Semana Santa grande y la Chiquita, con el pensamiento puesto en el nuevo a\u00f1o Manantero, si as\u00ed lo quiere Dios.<\/span><\/strong><\/p>\n<p><strong><span style=\"color: #000080\">\u00a0Redacci\u00f3n: A. G. S.<\/span><\/strong><\/p>\n<\/div>\n<\/div>\n<\/figure>\n<\/figure><\/div><\/div><\/div><\/div><\/div><\/div><\/div><\/div>                                            <\/div>\n                                        <\/div>\n                                    <\/div>\n\t\t\t\t\t\t\t\t\t                        <\/div>\n\n                    <\/div>\n                <\/div>\n\t\t\t\t<\/div>","protected":false},"excerpt":{"rendered":"<p>Jueves Lardero Subida de Carnaval &#8211; 1\u00aa Subida de Tentaciones &#8211; 2\u00aa Comida Virgen de la Gu\u00eda Subida de Transfiguraci\u00f3n &#8211; 3\u00aa Subida Diablo Mudo &#8211; 4\u00aa Subida de Pan y Peces &#8211; 5\u00aa Subida de Pasi\u00f3n &#8211; 6\u00aa S\u00e1bado de Ramos Martes Santo Jueves Santo Viernes Santo Cr\u00f3nicas Jueves Lardero Resonando todav\u00eda en nuestros&hellip;&nbsp;<a href=\"https:\/\/www.losataos.org\/w\/fotografias-2013\/\" rel=\"bookmark\">Leer m\u00e1s &raquo;<span class=\"screen-reader-text\">Fotograf\u00edas 2013<\/span><\/a><\/p>\n","protected":false},"author":2,"featured_media":0,"parent":0,"menu_order":0,"comment_status":"closed","ping_status":"open","template":"","meta":{"neve_meta_sidebar":"","neve_meta_container":"","neve_meta_enable_content_width":"","neve_meta_content_width":0,"neve_meta_title_alignment":"","neve_meta_author_avatar":"","neve_post_elements_order":"","neve_meta_disable_header":"","neve_meta_disable_footer":"","neve_meta_disable_title":"","footnotes":""},"wf_page_folders":[15],"class_list":["post-2799","page","type-page","status-publish","hentry"],"jetpack_sharing_enabled":true,"_links":{"self":[{"href":"https:\/\/www.losataos.org\/w\/wp-json\/wp\/v2\/pages\/2799","targetHints":{"allow":["GET"]}}],"collection":[{"href":"https:\/\/www.losataos.org\/w\/wp-json\/wp\/v2\/pages"}],"about":[{"href":"https:\/\/www.losataos.org\/w\/wp-json\/wp\/v2\/types\/page"}],"author":[{"embeddable":true,"href":"https:\/\/www.losataos.org\/w\/wp-json\/wp\/v2\/users\/2"}],"replies":[{"embeddable":true,"href":"https:\/\/www.losataos.org\/w\/wp-json\/wp\/v2\/comments?post=2799"}],"version-history":[{"count":1,"href":"https:\/\/www.losataos.org\/w\/wp-json\/wp\/v2\/pages\/2799\/revisions"}],"predecessor-version":[{"id":2800,"href":"https:\/\/www.losataos.org\/w\/wp-json\/wp\/v2\/pages\/2799\/revisions\/2800"}],"wp:attachment":[{"href":"https:\/\/www.losataos.org\/w\/wp-json\/wp\/v2\/media?parent=2799"}],"wp:term":[{"taxonomy":"wf_page_folders","embeddable":true,"href":"https:\/\/www.losataos.org\/w\/wp-json\/wp\/v2\/wf_page_folders?post=2799"}],"curies":[{"name":"wp","href":"https:\/\/api.w.org\/{rel}","templated":true}]}}