{"id":2409,"date":"2021-08-09T22:32:46","date_gmt":"2021-08-09T22:32:46","guid":{"rendered":"http:\/\/www.losataos.org\/w\/?page_id=2409"},"modified":"2021-11-19T16:39:41","modified_gmt":"2021-11-19T16:39:41","slug":"pregon-de-semana-santa-2016","status":"publish","type":"page","link":"https:\/\/www.losataos.org\/w\/pregon-de-semana-santa-2016\/","title":{"rendered":"Preg\u00f3n de Semana Santa 2016"},"content":{"rendered":"\t\t<div data-elementor-type=\"wp-page\" data-elementor-id=\"2409\" class=\"elementor elementor-2409\" data-elementor-post-type=\"page\">\n\t\t\t\t\t\t<section class=\"elementor-section elementor-top-section elementor-element elementor-element-4a4877a8 elementor-section-boxed elementor-section-height-default elementor-section-height-default\" data-id=\"4a4877a8\" data-element_type=\"section\" data-e-type=\"section\">\n\t\t\t\t\t\t<div class=\"elementor-container elementor-column-gap-default\">\n\t\t\t\t\t<div class=\"elementor-column elementor-col-100 elementor-top-column elementor-element elementor-element-2f5608c5\" data-id=\"2f5608c5\" data-element_type=\"column\" data-e-type=\"column\">\n\t\t\t<div class=\"elementor-widget-wrap elementor-element-populated\">\n\t\t\t\t\t\t<div class=\"elementor-element elementor-element-58c323aa elementor-widget elementor-widget-text-editor\" data-id=\"58c323aa\" data-element_type=\"widget\" data-e-type=\"widget\" data-widget_type=\"text-editor.default\">\n\t\t\t\t<div class=\"elementor-widget-container\">\n\t\t\t\t\t\t\t\t\t\n<div class=\"wp-block-kadence-rowlayout alignnone\">\n<div id=\"kt-layout-id_ecfb37-44\" class=\"kt-row-layout-inner kt-layout-id_ecfb37-44\">\n<div class=\"kt-row-column-wrap kt-has-3-columns kt-gutter-default kt-v-gutter-default kt-row-valign-top kt-row-layout-center-half kt-tab-layout-inherit kt-m-colapse-left-to-right kt-mobile-layout-row\">\n<div class=\"wp-block-kadence-column inner-column-1 kadence-column_30055e-2c\">\n<div class=\"kt-inside-inner-col\">\u00a0<\/div>\n<\/div>\n\n<div class=\"wp-block-kadence-column inner-column-2 kadence-column_3aa81f-52\">\n<div class=\"kt-inside-inner-col\">\n<figure class=\"wp-block-image size-large\"><img decoding=\"async\" class=\"wp-image-2410 aligncenter\" src=\"http:\/\/www.losataos.org\/w\/wp-content\/uploads\/FOTO010-683x1024.jpg\" alt=\"\" \/><\/figure>\n<\/div>\n<\/div>\n\n<div class=\"wp-block-kadence-column inner-column-3 kadence-column_a5b935-84\">\n<div class=\"kt-inside-inner-col\">\u00a0<\/div>\n<\/div>\n<\/div>\n<\/div>\n<\/div>\n\n<p><strong>PREG\u00d3N DE SEMANA SANTA<\/strong><\/p>\n\n<figure class=\"wp-block-table\">\n<table>\n<tbody>\n<tr>\n<td>\u00a0<\/td>\n<\/tr>\n<tr>\n<td>La corporaci\u00f3n b\u00edblica de Los Ataos ha sido la encomendada en este domingo de Ramos de pregonar la Semana Santa de Puente Genil, \u00a0encargo que le hizo la Agrupaci\u00f3n de Cofrad\u00edas, Corporaciones B\u00edblicas y Hermandades con motivo del 350 aniversario de las figuras Gestas y Dimas.\u00a0<br \/><br \/>\u00a0 \u00a0Con una puesta en escena distinta, al ser cuatro hermanos de la corporaci\u00f3n los que han narrado la proclama: Jos\u00e9 Amador, Emilio Palos, Rafael Ruiz y Francisco Membiela.\u00a0El \u00a0marco lo ha presidido el Se\u00f1or de la Humildad y Paciencia, una imagen de Nuestra Se\u00f1ora de la Gu\u00eda, el estandarte de la cofrad\u00eda y las figuras de los ladrones, junto al emblema conmemorativo del aniversario.<br \/><br \/>El preg\u00f3n ha tenido una parte descriptiva de las vivencias internas entre las paredes del cuartel un s\u00e1bado de cuaresma, \u00a0trufadas por el di\u00e1logo entre los dos ladrones, el sentir hacia el patr\u00f3n de Puente Genil, a Mar\u00eda Sant\u00edsima y tambi\u00e9n un recuerdo a los hermanos que fallecieron y la huella dejada.<br \/>Para terminar con un s\u00edmil apropiado al hilo conductor\u00a0 y a trav\u00e9s del cual los hermanos han\u00a0 transmitido\u00a0 que \u201ctodos llevamos un dimas y un gestas, en el camino probablemente\u00a0 hemos encontrado a barrab\u00e1s, algunas veces hemos sido como Judas y quiz\u00e1 tambi\u00e9n como Pedro y Pablo\u201d. Al tiempo aseguraron que las acciones de los dos ladrones el bueno y el malo no dejan de ser \u201clas consecuencias del propio hombre\u201d.<br \/><br \/>Un preg\u00f3n que ha estado surtido de marchas interpretadas por los m\u00fasicos, desde el coro. El colof\u00f3n final, la aut\u00e9ntica se\u00f1a de identidad de Los Ataos, \u00a0al desfilar por el centro del templo tras el gallo que portaba uno de los hermanos y que ha sido el quinto componente del preg\u00f3n.<br \/><br \/>Previo al preg\u00f3n, como es preceptivo, el presidente de la Agrupaci\u00f3n de Cofrad\u00edas, Corporaciones y Hermandades , Juan Miguel Granados, junto al alcalde, Esteban Morales, han entregado el cuadro en reconocimiento a los nombramientos del pregonero 2015 con motivo del 125 aniversario de la reunificaci\u00f3n de las figuras del Deg\u00fcello, al hermano V\u00edctor Reina y a Manuel Reina, manantero ejemplar 2016.<br \/><br \/>Adem\u00e1s han asistido los cofrades mayores de los patronos de la ciudad y una amplia representaci\u00f3n municipal con los portavoces de los tres grupos pol\u00edticos (PSOE, PP e IU), concejales y la vicepresidenta de la Diputaci\u00f3n de C\u00f3rdoba. As\u00ed como el Cronista Oficial de la Villa, Antonio Illanes, \u00a0cofrades mayores y la junta directiva de la agrupaci\u00f3n.<br \/><br \/>\u00a0Con el preg\u00f3n Los Ataos ponen el broche de Oro a una excepcional cuaresma en la que han regalado al mundo de la Mananta un gran cantidad y calidad de actos conmemorativos en los que han abarcado todos los aspectos de la Semana Santa local.<br \/><br \/>Virginia Requena<\/td>\n<\/tr>\n<\/tbody>\n<\/table>\n<\/figure>\n\n<figure class=\"wp-block-image size-full\"><a href=\"https:\/\/photos.app.goo.gl\/VktWmJuVhV2bAAe28\" target=\"_blank\" rel=\"noopener\"><img fetchpriority=\"high\" decoding=\"async\" width=\"768\" height=\"422\" class=\"wp-image-2406 aligncenter\" src=\"http:\/\/www.losataos.org\/w\/wp-content\/uploads\/pregon.jpg\" alt=\"\" srcset=\"https:\/\/www.losataos.org\/w\/wp-content\/uploads\/pregon.jpg 768w, https:\/\/www.losataos.org\/w\/wp-content\/uploads\/pregon-300x165.jpg 300w\" sizes=\"(max-width: 768px) 100vw, 768px\" \/><\/a>\n<figcaption>Pulsa sobre la imagen, para ver el \u00e1lbum de fotos de ese d\u00eda<\/figcaption>\n<\/figure>\n\n<p class=\"has-text-align-center has-medium-font-size\"><a href=\"https:\/\/app.box.com\/s\/8fe46na6ddbi3lgvzpnvkabhkyf0sjlj\" target=\"_blank\" rel=\"noreferrer noopener\">Lea el preg\u00f3n en su totalidad, pulsando aqu\u00ed<\/a><\/p>\n\t\t\t\t\t\t\t\t<\/div>\n\t\t\t\t<\/div>\n\t\t\t\t\t<\/div>\n\t\t<\/div>\n\t\t\t\t\t<\/div>\n\t\t<\/section>\n\t\t\t\t<\/div>\n\t\t","protected":false},"excerpt":{"rendered":"<p>PREG\u00d3N DE SEMANA SANTA \u00a0 La corporaci\u00f3n b\u00edblica de Los Ataos ha sido la encomendada en este domingo de Ramos de pregonar la Semana Santa de Puente Genil, \u00a0encargo que le hizo la Agrupaci\u00f3n de Cofrad\u00edas, Corporaciones B\u00edblicas y Hermandades con motivo del 350 aniversario de las figuras Gestas y Dimas.\u00a0 \u00a0 \u00a0Con una puesta&hellip;&nbsp;<a href=\"https:\/\/www.losataos.org\/w\/pregon-de-semana-santa-2016\/\" rel=\"bookmark\">Leer m\u00e1s &raquo;<span class=\"screen-reader-text\">Preg\u00f3n de Semana Santa 2016<\/span><\/a><\/p>\n","protected":false},"author":2,"featured_media":0,"parent":0,"menu_order":0,"comment_status":"closed","ping_status":"open","template":"","meta":{"neve_meta_sidebar":"","neve_meta_container":"","neve_meta_enable_content_width":"","neve_meta_content_width":0,"neve_meta_title_alignment":"","neve_meta_author_avatar":"","neve_post_elements_order":"","neve_meta_disable_header":"","neve_meta_disable_footer":"","neve_meta_disable_title":"","footnotes":""},"wf_page_folders":[33],"class_list":["post-2409","page","type-page","status-publish","hentry"],"jetpack_sharing_enabled":true,"_links":{"self":[{"href":"https:\/\/www.losataos.org\/w\/wp-json\/wp\/v2\/pages\/2409","targetHints":{"allow":["GET"]}}],"collection":[{"href":"https:\/\/www.losataos.org\/w\/wp-json\/wp\/v2\/pages"}],"about":[{"href":"https:\/\/www.losataos.org\/w\/wp-json\/wp\/v2\/types\/page"}],"author":[{"embeddable":true,"href":"https:\/\/www.losataos.org\/w\/wp-json\/wp\/v2\/users\/2"}],"replies":[{"embeddable":true,"href":"https:\/\/www.losataos.org\/w\/wp-json\/wp\/v2\/comments?post=2409"}],"version-history":[{"count":8,"href":"https:\/\/www.losataos.org\/w\/wp-json\/wp\/v2\/pages\/2409\/revisions"}],"predecessor-version":[{"id":2852,"href":"https:\/\/www.losataos.org\/w\/wp-json\/wp\/v2\/pages\/2409\/revisions\/2852"}],"wp:attachment":[{"href":"https:\/\/www.losataos.org\/w\/wp-json\/wp\/v2\/media?parent=2409"}],"wp:term":[{"taxonomy":"wf_page_folders","embeddable":true,"href":"https:\/\/www.losataos.org\/w\/wp-json\/wp\/v2\/wf_page_folders?post=2409"}],"curies":[{"name":"wp","href":"https:\/\/api.w.org\/{rel}","templated":true}]}}