{"id":2142,"date":"2021-08-07T14:11:49","date_gmt":"2021-08-07T14:11:49","guid":{"rendered":"http:\/\/www.losataos.org\/w\/?page_id=2142"},"modified":"2021-08-07T15:30:17","modified_gmt":"2021-08-07T15:30:17","slug":"fotografias-2019","status":"publish","type":"page","link":"https:\/\/www.losataos.org\/w\/fotografias-2019\/","title":{"rendered":"Fotograf\u00edas 2019"},"content":{"rendered":"<div id=\"wppb-builder-container\" class=\"wppb-builder-container\">                <div  class=\"wppb-row-parent  wppb-row-1637090264917 \"  >\n\t\t\t\t\t\n\t\t\t\t\t\t\t\t\t\t\n\t\t\t\t\t\t\t\t\t\t\n\t\t\t\t\t<div class=\"wppb-container \">\n\t\t\t\t\t\t\t\t\t\t\t\t\t\n                        <div class=\"wppb-row\">\n\t\t\t\t\t\t\t                                    <div  class=\"wppb-column-parent wppb-column-parent-view wppb-col-1637090264914  \"  >\n                                        <div class=\"wppb-column\">\n\t\t\t\t\t\n\t\t\t\t\t\t\t\t\t\t\t\n                                            <div class=\"wppb-builder-addons\">\n\t\t\t\t\t\t\t\t\t\t\t\t<div class='wppb-builder-addon wppb-addon-1637090264930'  data-addon-id='1637090264930'><div class='wppb-addon'><div class=\"wppb-person-addon\"><div class=\"wppb-person-addon-content person-layout-one\"><div class=\"wppb-person-image\"><img decoding=\"async\" class=\"wppb-person-addon-img\" src=\"http:\/\/www.losataos.org\/w\/wp-content\/uploads\/2019_a.jpg\" alt=\"Jueves Lardero\"><\/div><div class=\"wppb-person-information\"><span class=\"wppb-person-name\"><a  href=\"https:\/\/photos.app.goo.gl\/yAVTrAaXLNeZoyCk9\" target=_blank>Jueves Lardero<\/a><\/span><\/div><\/div><\/div><\/div><\/div>                                            <\/div>\n                                        <\/div>\n                                    <\/div>\n\t\t\t\t\t\t\t\t\t                                    <div  class=\"wppb-column-parent wppb-column-parent-view wppb-col-1637090264915  \"  >\n                                        <div class=\"wppb-column\">\n\t\t\t\t\t\n\t\t\t\t\t\t\t\t\t\t\t\n                                            <div class=\"wppb-builder-addons\">\n\t\t\t\t\t\t\t\t\t\t\t\t<div class='wppb-builder-addon wppb-addon-1637090277879'  data-addon-id='1637090277879'><div class='wppb-addon'><div class=\"wppb-person-addon\"><div class=\"wppb-person-addon-content person-layout-one\"><div class=\"wppb-person-image\"><img decoding=\"async\" class=\"wppb-person-addon-img\" src=\"http:\/\/www.losataos.org\/w\/wp-content\/uploads\/2019_b.jpg\" alt=\"Subida de Carnaval - 1\u00aa\"><\/div><div class=\"wppb-person-information\"><span class=\"wppb-person-name\"><a  href=\"https:\/\/photos.app.goo.gl\/yn6mtuXzzsP4Mqye6\" target=_blank>Subida de Carnaval - 1\u00aa<\/a><\/span><\/div><\/div><\/div><\/div><\/div>                                            <\/div>\n                                        <\/div>\n                                    <\/div>\n\t\t\t\t\t\t\t\t\t                                    <div  class=\"wppb-column-parent wppb-column-parent-view wppb-col-1637090264916  \"  >\n                                        <div class=\"wppb-column\">\n\t\t\t\t\t\n\t\t\t\t\t\t\t\t\t\t\t\n                                            <div class=\"wppb-builder-addons\">\n\t\t\t\t\t\t\t\t\t\t\t\t<div class='wppb-builder-addon wppb-addon-1637090264933'  data-addon-id='1637090264933'><div class='wppb-addon'><div class=\"wppb-person-addon\"><div class=\"wppb-person-addon-content person-layout-one\"><div class=\"wppb-person-image\"><img decoding=\"async\" class=\"wppb-person-addon-img\" src=\"http:\/\/www.losataos.org\/w\/wp-content\/uploads\/2019_c.jpg\" alt=\"Subida de Tentaciones - 2\u00aa\"><\/div><div class=\"wppb-person-information\"><span class=\"wppb-person-name\"><a  href=\"https:\/\/photos.app.goo.gl\/Vi1AKdiPBALbh7NF6\" target=_blank>Subida de Tentaciones - 2\u00aa<\/a><\/span><\/div><\/div><\/div><\/div><\/div>                                            <\/div>\n                                        <\/div>\n                                    <\/div>\n\t\t\t\t\t\t\t\t\t                        <\/div>\n\n                    <\/div>\n                <\/div>\n\t\t\t\t                <div  class=\"wppb-row-parent  wppb-row-1637090265166 \"  >\n\t\t\t\t\t\n\t\t\t\t\t\t\t\t\t\t\n\t\t\t\t\t\t\t\t\t\t\n\t\t\t\t\t<div class=\"wppb-container \">\n\t\t\t\t\t\t\t\t\t\t\t\t\t\n                        <div class=\"wppb-row\">\n\t\t\t\t\t\t\t                                    <div  class=\"wppb-column-parent wppb-column-parent-view wppb-col-1637090265167  \"  >\n                                        <div class=\"wppb-column\">\n\t\t\t\t\t\n\t\t\t\t\t\t\t\t\t\t\t\n                                            <div class=\"wppb-builder-addons\">\n\t\t\t\t\t\t\t\t\t\t\t\t<div class='wppb-builder-addon wppb-addon-1637090265168'  data-addon-id='1637090265168'><div class='wppb-addon'><div class=\"wppb-person-addon\"><div class=\"wppb-person-addon-content person-layout-one\"><div class=\"wppb-person-image\"><img decoding=\"async\" class=\"wppb-person-addon-img\" src=\"http:\/\/www.losataos.org\/w\/wp-content\/uploads\/2019_d.jpg\" alt=\"Subida de Transfiguraci\u00f3n - 3\u00aa\"><\/div><div class=\"wppb-person-information\"><span class=\"wppb-person-name\"><a  href=\"https:\/\/photos.app.goo.gl\/Vi1AKdiPBALbh7NF6\" target=_blank>Subida de Transfiguraci\u00f3n - 3\u00aa<\/a><\/span><\/div><\/div><\/div><\/div><\/div>                                            <\/div>\n                                        <\/div>\n                                    <\/div>\n\t\t\t\t\t\t\t\t\t                                    <div  class=\"wppb-column-parent wppb-column-parent-view wppb-col-1637090265169  \"  >\n                                        <div class=\"wppb-column\">\n\t\t\t\t\t\n\t\t\t\t\t\t\t\t\t\t\t\n                                            <div class=\"wppb-builder-addons\">\n\t\t\t\t\t\t\t\t\t\t\t\t<div class='wppb-builder-addon wppb-addon-1637090265170'  data-addon-id='1637090265170'><div class='wppb-addon'><div class=\"wppb-person-addon\"><div class=\"wppb-person-addon-content person-layout-one\"><div class=\"wppb-person-image\"><img decoding=\"async\" class=\"wppb-person-addon-img\" src=\"http:\/\/www.losataos.org\/w\/wp-content\/uploads\/2019_e.jpg\" alt=\"Subida de Diablo Mudo - 4\u00aa\"><\/div><div class=\"wppb-person-information\"><span class=\"wppb-person-name\"><a  href=\"https:\/\/photos.app.goo.gl\/mVYfiEJs2FP4i8Qt6\" target=_blank>Subida de Diablo Mudo - 4\u00aa<\/a><\/span><\/div><\/div><\/div><\/div><\/div>                                            <\/div>\n                                        <\/div>\n                                    <\/div>\n\t\t\t\t\t\t\t\t\t                                    <div  class=\"wppb-column-parent wppb-column-parent-view wppb-col-1637090265171  \"  >\n                                        <div class=\"wppb-column\">\n\t\t\t\t\t\n\t\t\t\t\t\t\t\t\t\t\t\n                                            <div class=\"wppb-builder-addons\">\n\t\t\t\t\t\t\t\t\t\t\t\t<div class='wppb-builder-addon wppb-addon-1637090265172'  data-addon-id='1637090265172'><div class='wppb-addon'><div class=\"wppb-person-addon\"><div class=\"wppb-person-addon-content person-layout-one\"><div class=\"wppb-person-image\"><img decoding=\"async\" class=\"wppb-person-addon-img\" src=\"http:\/\/www.losataos.org\/w\/wp-content\/uploads\/2019_i.jpg\" alt=\"Subida de Pan y Peces - 5\u00aa\"><\/div><div class=\"wppb-person-information\"><span class=\"wppb-person-name\"><a  href=\"https:\/\/photos.app.goo.gl\/x3uHccgX4ruF9qMw5\" target=_blank>Subida de Pan y Peces - 5\u00aa<\/a><\/span><\/div><\/div><\/div><\/div><\/div>                                            <\/div>\n                                        <\/div>\n                                    <\/div>\n\t\t\t\t\t\t\t\t\t                        <\/div>\n\n                    <\/div>\n                <\/div>\n\t\t\t\t                <div  class=\"wppb-row-parent  wppb-row-1637090265397 \"  >\n\t\t\t\t\t\n\t\t\t\t\t\t\t\t\t\t\n\t\t\t\t\t\t\t\t\t\t\n\t\t\t\t\t<div class=\"wppb-container \">\n\t\t\t\t\t\t\t\t\t\t\t\t\t\n                        <div class=\"wppb-row\">\n\t\t\t\t\t\t\t                                    <div  class=\"wppb-column-parent wppb-column-parent-view wppb-col-1637090265398  \"  >\n                                        <div class=\"wppb-column\">\n\t\t\t\t\t\n\t\t\t\t\t\t\t\t\t\t\t\n                                            <div class=\"wppb-builder-addons\">\n\t\t\t\t\t\t\t\t\t\t\t\t<div class='wppb-builder-addon wppb-addon-1637090265399'  data-addon-id='1637090265399'><div class='wppb-addon'><div class=\"wppb-person-addon\"><div class=\"wppb-person-addon-content person-layout-one\"><div class=\"wppb-person-image\"><img decoding=\"async\" class=\"wppb-person-addon-img\" src=\"http:\/\/www.losataos.org\/w\/wp-content\/uploads\/2019_g.jpg\" alt=\"Subida de Pasi\u00f3n - 6\u00aa\"><\/div><div class=\"wppb-person-information\"><span class=\"wppb-person-name\"><a  href=\"https:\/\/photos.app.goo.gl\/X9CjSoZ3fuprDAty9\" target=_blank>Subida de Pasi\u00f3n - 6\u00aa<\/a><\/span><\/div><\/div><\/div><\/div><\/div>                                            <\/div>\n                                        <\/div>\n                                    <\/div>\n\t\t\t\t\t\t\t\t\t                                    <div  class=\"wppb-column-parent wppb-column-parent-view wppb-col-1637090265400  \"  >\n                                        <div class=\"wppb-column\">\n\t\t\t\t\t\n\t\t\t\t\t\t\t\t\t\t\t\n                                            <div class=\"wppb-builder-addons\">\n\t\t\t\t\t\t\t\t\t\t\t\t<div class='wppb-builder-addon wppb-addon-1637090265401'  data-addon-id='1637090265401'><div class='wppb-addon'><div class=\"wppb-person-addon\"><div class=\"wppb-person-addon-content person-layout-one\"><div class=\"wppb-person-image\"><img decoding=\"async\" class=\"wppb-person-addon-img\" src=\"http:\/\/www.losataos.org\/w\/wp-content\/uploads\/Imagen00017.jpg\" alt=\"D\u00eda del Abuelo\"><\/div><div class=\"wppb-person-information\"><span class=\"wppb-person-name\"><a  href=\"https:\/\/photos.app.goo.gl\/Zn1HPe6Rw3c9ZQgR8\" target=_blank>D\u00eda del Abuelo<\/a><\/span><\/div><\/div><\/div><\/div><\/div>                                            <\/div>\n                                        <\/div>\n                                    <\/div>\n\t\t\t\t\t\t\t\t\t                                    <div  class=\"wppb-column-parent wppb-column-parent-view wppb-col-1637090265402  \"  >\n                                        <div class=\"wppb-column\">\n\t\t\t\t\t\n\t\t\t\t\t\t\t\t\t\t\t\n                                            <div class=\"wppb-builder-addons\">\n\t\t\t\t\t\t\t\t\t\t\t\t                                            <\/div>\n                                        <\/div>\n                                    <\/div>\n\t\t\t\t\t\t\t\t\t                        <\/div>\n\n                    <\/div>\n                <\/div>\n\t\t\t\t                <div  class=\"wppb-row-parent  wppb-row-1637090265513 \"  >\n\t\t\t\t\t\n\t\t\t\t\t\t\t\t\t\t\n\t\t\t\t\t\t\t\t\t\t\n\t\t\t\t\t<div class=\"wppb-container \">\n\t\t\t\t\t\t\t\t\t\t\t\t\t\n                        <div class=\"wppb-row\">\n\t\t\t\t\t\t\t                                    <div  class=\"wppb-column-parent wppb-column-parent-view wppb-col-1637090265512  \"  >\n                                        <div class=\"wppb-column\">\n\t\t\t\t\t\n\t\t\t\t\t\t\t\t\t\t\t\n                                            <div class=\"wppb-builder-addons\">\n\t\t\t\t\t\t\t\t\t\t\t\t<div class='wppb-builder-addon wppb-addon-1637092117587'  data-addon-id='1637092117587'><div class='wppb-addon'><div class=\"wppb-text-block-addon\"><div class=\"wppb-text-block-content 0\"><h2><strong><span style=\"color: #ff6600\">Cr\u00f3nicas\u00a0<\/span><\/strong><\/h2><\/div><\/div><\/div><\/div>                                            <\/div>\n                                        <\/div>\n                                    <\/div>\n\t\t\t\t\t\t\t\t\t                        <\/div>\n\n                    <\/div>\n                <\/div>\n\t\t\t\t                <div  class=\"wppb-row-parent  wppb-row-1637090265543 \"  >\n\t\t\t\t\t\n\t\t\t\t\t\t\t\t\t\t\n\t\t\t\t\t\t\t\t\t\t\n\t\t\t\t\t<div class=\"wppb-container \">\n\t\t\t\t\t\t\t\t\t\t\t\t\t\n                        <div class=\"wppb-row\">\n\t\t\t\t\t\t\t                                    <div  class=\"wppb-column-parent wppb-column-parent-view wppb-col-1637090265542  \"  >\n                                        <div class=\"wppb-column\">\n\t\t\t\t\t\n\t\t\t\t\t\t\t\t\t\t\t\n                                            <div class=\"wppb-builder-addons\">\n\t\t\t\t\t\t\t\t\t\t\t\t<div class='wppb-builder-addon wppb-addon-1637092166204'  data-addon-id='1637092166204'><div class='wppb-addon'><div class=\"wppb-accordion-addon\"><div class=\"wppb-accordion-addon-content\"><div class=\"wppb-accordion-items\"><div class=\"wppb-accordion-item repeater-0\"><div class=\"wppb-accordion-title wppb-toggle-right \"><i class=\"fas fa-pen-alt\"><\/i><span class=\"wppb-accordion-title-content\">Jueves Lardero<\/span><span class=\"wppb-toggle-direction wppb-toggle-right\"><i class=\"fas fas fa-angle-right\"><\/i><\/span><\/div><div class=\"wppb-panel-collapse\" style=\"display: none;\"><div class=\"wppb-accordion-content\"><p>Vencidos los meses de espera, por fin, los hermanos de la Corporaci\u00f3n B\u00edblica \u201cLos Ataos\u201d, Judas, Pedro y Pablo arribamos a tan m\u00e1gica fecha, 28 de Febrero \u201cJueves Lardero\u201d. La tan deseada y ansiada efem\u00e9rides pontana se hizo de rogar, pero como en la vida, todo pasa y todo llega, y as\u00ed llegamos un a\u00f1o m\u00e1s a puerto manantero. Vamos a sentir, disfrutar y brindar de nuevo el abrazo sincero al hermano ausente. Deleitarnos nuestros o\u00eddos con los majestuosos pasodobles \u201cAtaos\u201d de m\u00fasica pontana, la uvita sagrada, y con coraz\u00f3n y el alma rozando el macizo celestial; recordando a los que ya marcharon dejando una impronta magistral.<\/p>\n<p>Es d\u00eda Festivo de nuestra Comunidad, se present\u00f3 estival y c\u00e1lido, invitando a la fiesta, subiendo la moral. Los preparativos y arduos trabajos de adecentamiento y reforma del \u201cCuartel\u201d, estaban terminados, el duro trabajo realizado por los encargados de \u201cart\u00edstica\u201d y \u201cmantenimiento\u201d hab\u00edan dado sus frutos, el recinto brillaba, remozado y adaptado a la nueva cita anual, muchas horas de trabajo, dedicadas con esmero a que nuestra Casa Cuartel luciese para los eventos que se avecinaban; con ellos los hermanos de cocina, despensa, ropas y dem\u00e1s hermanos directivos hab\u00edan cumplido una vez m\u00e1s con tan preciado objetivo, brindarle a los hermanos e invitados que nos visitan, nuestras mejores galas, (y como bien he dicho), no exento de muchas horas de trabajo desplegado en beneficio de nuestra querida Corporaci\u00f3n.<\/p>\n<p>Comenzamos, la noche se hace presente, due\u00f1a del hechizo manantero, hormiguitas de cuartel pululaban por las calles m\u00e1s se\u00f1eras en direcci\u00f3n de lo ansiado tanto tiempo, en el Cuartel los hermanos del Grupo de M\u00fasica, ya ocupaban sus puestos, preparando sus instrumentos; regal\u00e1ndonos abrazos, un goteo incesante de los nuestros no cesaba de aparecer por el remozado y vistos sal\u00f3n de la Corporaci\u00f3n, sorprendidos por la altura art\u00edstica derrochada. El Terrible de Los Ataos, por los dos que le acompa\u00f1aron en su injusta suerte, Dimas y Gestas \u201cLos Ataos\u201d, flanqueados por las antiguas lanzas romaneras, sobre fondo azul celestial de Nuestra Se\u00f1ora Madre Mar\u00eda Sant\u00edsima de la Gu\u00eda.<\/p>\n<p>Aprovechando lo temprano de la hora, un ramillete de hermanos se dispuso a bajar a escuchar el preg\u00f3n de exaltaci\u00f3n del \u201cJueves lardero\u201d, este a\u00f1o ejecutado por la Corporaci\u00f3n hermana del Reinado de Esther y proclamado por el hermano Francisco J. Guerrero, quien desarroll\u00f3 un emotivo viaje manantero en torno a sus cincuenta a\u00f1os de vivencias e historia de nuestra Semana Santa, sentidas palabras que abrieron los corazones de los presentes, elevando a sus hermanos de Corporaci\u00f3n a los altares, \u00fanicos due\u00f1os de la mananta cruzando el puente, reivindicando as\u00ed, al castizo barrio de \u201cMiragenil\u201d, dando a su vez mil gracias al Decano, a sus antecesores, pilares fundamentales en el devenir de su Corporaci\u00f3n. Nuestra m\u00e1s sincera felicitaci\u00f3n.<\/p>\n<p>Sigamos haciendo \u201cMananta\u201d, una vez ubicados en el cuartel, ante una buena, pero no total asistencia de hermanos, comenz\u00f3 el Presidente, Salvador Gonz\u00e1lez G\u00e1lvez, dando la bienvenida a un nuevo a\u00f1o, un nuevo curso. Dando el pistoletazo de salida, trazando los nuevos eventos que ir\u00e1n sucedi\u00e9ndose a lo largo de nuestra Cuaresma y Semana Santa. Felicita efusivamente a los hermanos del Grupo de M\u00fasica, por el trabajo, tes\u00f3n y esfuerzo para con la Corporaci\u00f3n, anunci\u00f3 el guion que seguiremos en las semanas venideras y los actos que se han programado, comunica que, tras dar la bienvenida de cada noche o comida de hermandad, el protocolo y seguimiento de intervenciones, ser\u00e1 llevado por el Portavoz de la Corporaci\u00f3n, Fco. Jos\u00e9 Membiela Prieto, momento que aprovecha para levantar la copa y hacer el primer brindis por los hermanos que nos faltan y que hoy ocupan seguramente el \u201cBalc\u00f3n Celestial\u201d. Siguiendo con el desarrollo del acto, se comienzan a servir las t\u00edpicas viandas para la ocasi\u00f3n de esta maravillosa jornada manantera, degust\u00e1ndolas entre cantos y vivas, esperando la primera intervenci\u00f3n de nuestros hermanos del Grupo de M\u00fasica.<\/p>\n<p>A continuaci\u00f3n, nuestro Presidente, cede el testigo al hermano Portavoz, qui\u00e9n comienza pidiendo un respetuoso y sentido minuto de silencio por el alma de nuestros hermanos fallecidos, en especial por la \u00faltima, la muy sensible y se\u00f1alada de nuestro querido hermano Antonio G\u00e1lvez Silva, Vice-Decano de la Corporaci\u00f3n, Cofrade Honorario de nuestra Titular, M.\u00aa Stma. De la Gu\u00eda y Manantero ejemplar de la Puente. Nos deja un gran vac\u00edo, nos dejas sin tu manantera figura, sin tu saber, sin tus c\u00e1nticos, heridos y apenados, pero, como t\u00fa bien nos dec\u00edas, hay que continuar y eso haremos siempre, guard\u00e1ndote en cada uno de nuestros corazones todos tus hermanos de Corporaci\u00f3n y hermanos de tu Cofrad\u00eda. Hermano Antonio, siempre te tendremos en nuestras vivencias, siempre te recordaremos y nunca tu impronta manantera se perder\u00e1 en la memoria de tus Ataos. A continuaci\u00f3n, por el Grupo de M\u00fasica, interpreta el pasodoble Atao, Judas, Pedro y Pablo, dedic\u00e1ndoselo al hermano Antonio; sublimes notas musicales, que inundaron de recuerdos a todos los presentes, transport\u00e1ndonos entre abrazos y cantos tan se\u00f1eros en memoria de tu persona, nos volveremos a ver HERMANO, un abrazo de todos tus Ataos. Entre copitas, tapas y recuerdos fue transcurriendo la velada, interpret\u00e1ndose las cuarteleras de rigor, coplas y los sinceros abrazos entre hermanos; la alegr\u00eda ven\u00eda en esta ocasi\u00f3n por otros derroteros, nuestro hermano Antonio \u00c1ngel Moreno, compart\u00eda mesa de nuevo, tras una penosa y repentina enfermedad, la cual nos ha tenido en vilo no poco tiempo, afortunadamente hoy lo tenemos entre nosotros, recuper\u00e1ndose y lleno de ilusi\u00f3n y cari\u00f1o como es norma en \u00e9l. Tras unas palabras del Portavoz hacia su persona trasmiti\u00e9ndole todo el cari\u00f1o que le tenemos y felicit\u00e1ndole por su mejor\u00eda. Interviene el hermano Moreno, devolvi\u00e9ndonos su sonrisa, su bien hacer por la Corporaci\u00f3n y sinti\u00e9ndose plenamente agradecido a sus hermanos de Corporaci\u00f3n, que siempre ha tenido en su pensamiento en los d\u00edas de su enfermedad, emocion\u00e1ndose al final de su intervenci\u00f3n. El Grupo de M\u00fasica interviene, interpretando \u201cEnriquetilla\u201d dedic\u00e1ndoselos al hermano Moreno, momento emotivo, ya que todos los hermanos desfilan tras el hermano Antonio Moreno, qui\u00e9n es portador del Gallo. Una vez realizado el desfile, el hermano Jefe del Grupo de M\u00fasica, dirigi\u00f3 unas muy sentidas palabras al hermano Moreno, qui\u00e9n no duda un momento en acercarse a la mesa del Grupo y proponer un Brindis al un\u00edsono con toda la Corporaci\u00f3n. Entre el ameno ronroneo manantero de la Jornada Larderil, la noche y el tiempo volaban, muchos eran los hermanos que ten\u00edan que afrontar la jornada del Viernes en sus respectivos trabajos, llegaba la hora de comunicar a la Corporaci\u00f3n varios de los eventos programados y previstos por la Directiva para esta Cuaresma y Semana Santa. Interviene el Presidente, aprovechando la finalizaci\u00f3n de la comida y a la espera de los postres, para comunicarnos los eventos a efectuarse. Domingo de Ramos, durante el almuerzo se entregar\u00e1n \u201cPergaminos Homenaje\u201d a los hermanos participantes en nuestro Preg\u00f3n de Semana Santa correspondiente al a\u00f1o 2016, momento que disfrutaremos junto con nuestras mujeres. Jueves Santo, se har\u00e1 entrega de la \u201cPrimera Llave de Oro\u201d de la Corporaci\u00f3n al hermano Manuel Cano Ruiz, en funci\u00f3n al cari\u00f1o, labor desinteresada, trabajo incansable demostrado en favor de nuestra Corporaci\u00f3n. Entrega a t\u00edtulo p\u00f3stumo de la distinci\u00f3n de \u201cHermano Honorario\u201d al hermano Antonio G\u00e1lvez Silva, la placa a tal efecto, ser\u00e1 recogida por su hijo Antonio. Una vez hechas las comunicaciones de las efem\u00e9rides a desarrollar pr\u00f3ximamente, se sigue con la cena, llegando a los postres, en los mismos nuestro hermano \u201cMichel\u201d, recibi\u00f3 una grandiosa \u201cPATA\u201d, regalada por nuestro hermano Antonio Gama, dando por finalizado el Jueves Lardeo, a los acordes del \u201cBarrabas\u201d, desfilando todos los hermanos presentes. Traslad\u00e1ndonos a continuaci\u00f3n a la parte baja y tomar una copa, en el ambiente festivo que es el haber finalizado otro Jueves Lardero m\u00e1s. Las cuarteleras y los abrazos siguieron triunfantes en la noche, otro m\u00e1s, otro menos, pero siempre lleno de emotivos momentos, a la espera de la primera subida de Romano, para rendirle homenaje y pleites\u00eda al \u201cTerrible\u201d con nuestras notas musicales. Termino con un \u201cVIVAN LOS ATAOS\u201d, en Puente Genil. Jueves Lardero, 28 de Febrero 2019.<\/p>\n<p>Fco. Jos\u00e9 Membiela Prieto Portavoz de la Corporaci\u00f3n \u201cLos Ataos\u201d Judas, Pedro y Pablo.<\/p><\/div><\/div><\/div><div class=\"wppb-accordion-item repeater-1\"><div class=\"wppb-accordion-title wppb-toggle-right \"><i class=\"fas fa-pen-alt\"><\/i><span class=\"wppb-accordion-title-content\">Primera Subida al Calvario - Carnaval<\/span><span class=\"wppb-toggle-direction wppb-toggle-right\"><i class=\"fas fas fa-angle-right\"><\/i><\/span><\/div><div class=\"wppb-panel-collapse\" style=\"display: none;\"><div class=\"wppb-accordion-content\"><p style=\"text-align: center\">Subida de la Pata<\/p>\n<p style=\"text-align: center\"><img fetchpriority=\"high\" decoding=\"async\" class=\"alignnone size-medium wp-image-2147\" src=\"http:\/\/www.losataos.org\/w\/wp-content\/uploads\/2019_pata-226x300.jpg\" alt=\"\" width=\"226\" height=\"300\" srcset=\"https:\/\/www.losataos.org\/w\/wp-content\/uploads\/2019_pata-226x300.jpg 226w, https:\/\/www.losataos.org\/w\/wp-content\/uploads\/2019_pata-770x1024.jpg 770w, https:\/\/www.losataos.org\/w\/wp-content\/uploads\/2019_pata-768x1021.jpg 768w, https:\/\/www.losataos.org\/w\/wp-content\/uploads\/2019_pata-1155x1536.jpg 1155w, https:\/\/www.losataos.org\/w\/wp-content\/uploads\/2019_pata-1540x2048.jpg 1540w, https:\/\/www.losataos.org\/w\/wp-content\/uploads\/2019_pata-scaled.jpg 1925w\" sizes=\"(max-width: 226px) 100vw, 226px\" \/><\/p>\n<p style=\"text-align: center\">Momentos Emotivos<\/p>\n<p><img decoding=\"async\" class=\"alignnone size-medium wp-image-2146\" src=\"http:\/\/www.losataos.org\/w\/wp-content\/uploads\/2019_momento-226x300.jpg\" alt=\"\" width=\"226\" height=\"300\" srcset=\"https:\/\/www.losataos.org\/w\/wp-content\/uploads\/2019_momento-226x300.jpg 226w, https:\/\/www.losataos.org\/w\/wp-content\/uploads\/2019_momento-770x1024.jpg 770w, https:\/\/www.losataos.org\/w\/wp-content\/uploads\/2019_momento-768x1021.jpg 768w, https:\/\/www.losataos.org\/w\/wp-content\/uploads\/2019_momento-1155x1536.jpg 1155w, https:\/\/www.losataos.org\/w\/wp-content\/uploads\/2019_momento-1540x2048.jpg 1540w, https:\/\/www.losataos.org\/w\/wp-content\/uploads\/2019_momento-scaled.jpg 1925w\" sizes=\"(max-width: 226px) 100vw, 226px\" \/><\/p>\n<p><strong><em>Y llego el deseado 1\u00ba s\u00e1bado de cuaresma. La Corporaci\u00f3n de los Ataos, Judas, Pedro y Pablo, se vest\u00eda de gala, para recibir como en los \u00faltimos a\u00f1os, a un buen numero de hermanos de la corporaci\u00f3n de las Virtudes Morales, los cuales compartieron con nosotros mesa, mantel y desfile.<\/em><\/strong><\/p>\n<p><em><strong><br \/>Nuestro presidente Manuel Cano Ruiz, daba la bienvenida a todos los hermanos, m\u00fasicos, e invitados. Dese\u00e1ndonos que pas\u00e1semos una buena noche cuaresmal y desfile al calvario. Antes de la misma, nuestros hermanos m\u00fasicos, abr\u00edan la cuaresma musical, con el gran pasodoble Romano, \u201cCuaresma Pontana\u201d.<\/strong><\/em><\/p>\n<p><em><strong><br \/>A s\u00ed mismo, le conced\u00eda la palabra, al hermano de Las Virtudes, \u201cEl Trompa\u201d. El\u00a0 cual nos dedicaba una bonitas palabras de los recuerdos vividos cuando ni\u00f1o, con su padre en Los Ataos.<\/strong><\/em><\/p>\n<p><em><strong><br \/>A la hora indicada, inici\u00e1bamos el desfile as\u00eda las cumbres del Calvario, con la tradicional, parada en la puerta de la Iglesia de la Concesi\u00f3n, a la espera del paso de la corporaci\u00f3n hermana del Imperio Romano.<\/strong><\/em><\/p>\n<p><em><strong><br \/>Como es habitual, nos situ\u00e1bamos a las faldas de la Cruz de los Ca\u00eddos, para despu\u00e9s, entonar por nuestros hermanos m\u00fasicos, el Miserere y el St\u00e1bat Mater. Iniciando as\u00ed, la bajada. No sin antes,\u00a0 hacer las tradicionales paradas, de Veracruz, esquina c\/ horno, donde se entona las Alondras y las saetas cuarteleras, bajando la misma con una marcha lenta.<\/strong><\/em><\/p>\n<p><em><strong><br \/>De nuevo y ya en el cuartel, para disgustar la cena, se le conced\u00eda la palabra al hermano \u201cSilva\u201d, de la Virtudes Morales, dedic\u00e1ndonos unas bonitas palabras.<\/strong><\/em><\/p>\n<p><em><strong><br \/>Para finalizar la noche, se le conced\u00eda la primera pata de la vieja Cuaresmera, a nuestro hermano Antonio Ruiz Calzado, el cual visiblemente emocionado, agradec\u00eda la concepci\u00f3n de la misma. Terminando la noche todos desfilando por el cuartel, al son del pasodoble de \u201cBarrabas\u201d.<\/strong><\/em><\/p><\/div><\/div><\/div><div class=\"wppb-accordion-item repeater-2\"><div class=\"wppb-accordion-title wppb-toggle-right \"><i class=\"fas fa-pen-alt\"><\/i><span class=\"wppb-accordion-title-content\">Segunda Subida al Calvario - Tentaciones<\/span><span class=\"wppb-toggle-direction wppb-toggle-right\"><i class=\"fas fas fa-angle-right\"><\/i><\/span><\/div><div class=\"wppb-panel-collapse\" style=\"display: none;\"><div class=\"wppb-accordion-content\"><p style=\"text-align: center\">SUBE LA PATA<\/p>\n<p style=\"text-align: center\"><img decoding=\"async\" class=\"alignnone size-medium wp-image-2164\" src=\"http:\/\/www.losataos.org\/w\/wp-content\/uploads\/2019_pata2-1-226x300.jpg\" alt=\"\" width=\"226\" height=\"300\" srcset=\"https:\/\/www.losataos.org\/w\/wp-content\/uploads\/2019_pata2-1-226x300.jpg 226w, https:\/\/www.losataos.org\/w\/wp-content\/uploads\/2019_pata2-1-770x1024.jpg 770w, https:\/\/www.losataos.org\/w\/wp-content\/uploads\/2019_pata2-1-768x1021.jpg 768w, https:\/\/www.losataos.org\/w\/wp-content\/uploads\/2019_pata2-1-1155x1536.jpg 1155w, https:\/\/www.losataos.org\/w\/wp-content\/uploads\/2019_pata2-1-1540x2048.jpg 1540w, https:\/\/www.losataos.org\/w\/wp-content\/uploads\/2019_pata2-1-scaled.jpg 1925w\" sizes=\"(max-width: 226px) 100vw, 226px\" \/><\/p>\n<p style=\"text-align: center\">MOMENTOS EMOTIVOS<\/p>\n<p><img loading=\"lazy\" decoding=\"async\" class=\"alignnone size-medium wp-image-2159\" src=\"http:\/\/www.losataos.org\/w\/wp-content\/uploads\/2019_momento2-226x300.jpg\" alt=\"\" width=\"226\" height=\"300\" srcset=\"https:\/\/www.losataos.org\/w\/wp-content\/uploads\/2019_momento2-226x300.jpg 226w, https:\/\/www.losataos.org\/w\/wp-content\/uploads\/2019_momento2-770x1024.jpg 770w, https:\/\/www.losataos.org\/w\/wp-content\/uploads\/2019_momento2-768x1021.jpg 768w, https:\/\/www.losataos.org\/w\/wp-content\/uploads\/2019_momento2-1155x1536.jpg 1155w, https:\/\/www.losataos.org\/w\/wp-content\/uploads\/2019_momento2-1540x2048.jpg 1540w, https:\/\/www.losataos.org\/w\/wp-content\/uploads\/2019_momento2-scaled.jpg 1925w\" sizes=\"(max-width: 226px) 100vw, 226px\" \/><\/p>\n<p>Un d\u00eda primaveral, el tiempo nos invitaba a saborear las mieles del segundo S\u00e1bado de Romanos, la jornada comenzaba matinal, al acudir un nutrido grupo de hermanos a degustar las t\u00edpicas \u201ccoles\u201d con las que nos deleitan nuestros hermanos de las Potencias del Alma.<\/p>\n<p>El almuerzo, distendido y aprovechado por todos los presentes, entre los que se encontraban invitados como nuestro Alcalde, Esteban Morales, a la par que \u201cAp\u00f3stol\u201d, hermanos del \u201cClan de Quejat\u201d, \u201cLa Cruz\u201d o las antiguas \u201c30 de Judas\u201d, corr\u00eda el vino y vol\u00f3 por su simple esencia y su disfrute, la jornada despu\u00e9s de las bien preparadas coles, con su \u201cpring\u00e1\u201d, las tapas de rigor, regadas por un buen vino, sirvi\u00f3 un a\u00f1o m\u00e1s como preludio a la noche de \u201cRomanos\u201d que nos esperaba.<\/p>\n<p>Un a\u00f1o m\u00e1s, y ya son quince, los hermanos de las Potencias y Los Ataos, compart\u00edamos mesa com\u00fan y disfrut\u00e1bamos de nuestra sincera hermandad; a eso de las nueve de la noche, los Presidentes, se dirigieron a las Corporaciones, dando la bienvenida a los asistentes y siempre acompa\u00f1ados por nuestro Alcalde Esteban Morales.<\/p>\n<p>La noche propon\u00eda abrazos y brindis, y como no, alguna que otra poes\u00eda que de nuevo brotaba de nuestro hermano Francis Perea, quien nos regal\u00f3 un retrato de la amistad y figura que supon\u00eda Antonio G\u00e1lvez Silva en ambas Corporaciones, poes\u00eda muy aplaudida y emotiva a la par. Gracias un a\u00f1o m\u00e1s Francisco Perea.<\/p>\n<p>El sorteo del \u201cGallo\u201d, fue compartido por los hermanos de ambas Corporaciones, tanto la subida como la bajada al cuartel; despu\u00e9s de cumplir un S\u00e1bado m\u00e1s, nuestro objetivo con la visita y \u201ctocata\u201d al Patr\u00f3n.<\/p>\n<p>Tras unas emotivas \u201cAlondras\u201d y sin quererlo, nos encar\u00e1bamos a desfilar la marcha lenta que nos \u201cGu\u00eda\u201d hasta la Plazuela de Lara, las Corporaciones como un ente \u00fanico, disfrutamos de los acordes de nuestros hermanos m\u00fasicos hasta la puerta del cuartel, un descansito y a disfrutar de la cena de hermandad.<\/p>\n<p>Una vez ubicados en la mesa todos los hermanos, tuvimos la fortuna un a\u00f1o m\u00e1s de escuchar la t\u00edpica saeta, interpretada por los hermanos, Chango (Padre) y Antonio L\u00f3pez, que alegraron mucho m\u00e1s la noche, regal\u00e1ndonos una cuartelera de su cosecha \u201cin\u00e9dita\u201d, terminando con un brindis a la Uni\u00f3n. A continuaci\u00f3n, y a modo de r\u00e9plica, el Presidente, invita al hermano Francisco J. Membiela, a que nos dirija unas palabras, aprovechando \u00e9ste para agradecer otro a\u00f1o m\u00e1s, las muestras de cari\u00f1o y hermandad que se producen entre nuestra Corporaci\u00f3n con la de Las Potencias del Alma, dedic\u00e1ndoles uno \u201cRipios\u201d, que pretendieron unir m\u00e1s si cabe esta gran tradici\u00f3n.<\/p>\n<p>Durante la cena, nuestro Alcalde tom\u00f3 palabra para felicitarnos un a\u00f1o m\u00e1s por seguir haciendo \u201cSemana Santa\u201d, obsequiando a ambas Corporaciones con un precioso detalle, una \u201cCorona de Espinas\u201d enmarcada, que viene entregando en representaci\u00f3n del Ayuntamiento.<\/p>\n<p>La cena sigui\u00f3 su curso, en un ambiente manantero exquisito, disponi\u00e9ndonos a encarar la recta final de la noche, como siempre y a los postres, los dos hermanos Presidentes son los encargados de levantar y obsequiar la \u201cPata de la vieja Cuaresmera\u201d, correspondiente al segundo S\u00e1bado \u201cTentaciones\u201d.<\/p>\n<p>Salvador Gonz\u00e1lez, tuvo a bien que la de Los ataos, recayera en el hermano Francisco Pozo, en base a sus demostrados m\u00e9ritos con sus hermanos de Los ataos y su buen hacer culinario, quien hace uso de la palabra para dedicarnos unas palabras llenas de afecto y cari\u00f1o.<\/p>\n<p>Por su parte, Francisco Moncada \u201cKiko\u201d, Presidente de las Potencias, fij\u00f3 su objetivo en nuestro hermano Manuel Cano, pr\u00f3xima primera \u201cLlave de Oro\u201d de la Corporaci\u00f3n, qui\u00e9n tambi\u00e9n trasmiti\u00f3 su cari\u00f1o y agradecimiento a toda la Corporaci\u00f3n hermana de Las Potencias, ambos gestos muy aplaudidos por todos los presentes.<\/p>\n<p>El broche de oro, como no, lo puso nuestro insigne Grupo de M\u00fasica, interpretando \u201cEl Barrab\u00e1s\u201d, que desfilamos una vez m\u00e1s con la pena de que la noche se acababa.<\/p>\n<p>Finalizando la noche otro a\u00f1o m\u00e1s, cada cual, a su manera, Dios quiera que sigan siendo much\u00edsimos a\u00f1os m\u00e1s. Terminando con un brindis por \u201cLas Potencias\u201d y por \u201cLos Ataos\u201d.<\/p>\n<p><em>Por las empedradas calles de la Puente de nuevo, en dichosa Cuaresma un torrente de almas y sonidos inundan mi mente. Caminamos en \u201cpos\u201d de una ilusi\u00f3n que nos hermana, y sientes estallar en tu pecho el vibrar desde tus m\u00e1s \u201cadentros\u201d, al o\u00edr presuntuosas trompetas que son las musas m\u00e1s pontanas. Desfilan hermanos en hileras de corporaciones se\u00f1eras, entremezclados corazones con sus t\u00fanicas divinas precedidos por \u201cbengalas\u201d y un \u201cGallo\u201d muy altivo, en pos de una ilusi\u00f3n, en pos de un cari\u00f1o. Bend\u00edganos \u201cPadre\u201d, por la uni\u00f3n y echad un \u201cuvita\u201d hermanos, para que la felicidad inflame nuestra Hermandad. Que ese dichoso n\u00e9ctar, recorra nuestras venas. \u00a1Brindemos por la Hermandad! \u00a1Brindemos por la Uni\u00f3n!, que Viva M.\u00aa Stma. y que Viva Nuestro Patr\u00f3n, que nunca se seque la fuente, la fuente m\u00e1s sagrada, la del amor y la pasi\u00f3n.<\/em><\/p>\n<p><em>Y no dud\u00e9is nunca hermanos, que, si la \u201cT\u00f3rtola\u201d de la \u201cMemoria\u201d volara, y no a un lugar cualquiera, si no, a un lugar de tradici\u00f3n, \u201cpa\u201d estrechar m\u00e1s, esos lazos que con \u201cVoluntad\u201d f\u00e9rrea, ondean sus hermanos.<\/em><\/p>\n<p><em>Al preludio de los instrumentos, al sonido de sus notas, al comp\u00e1s de un pasodoble, cuando asome el Calvario que el alma a todos lleva, sabremos con certeza. Que, tras la nube de humo en filigranas a\u00e9reas, habr\u00e1 \u201cEntendimiento\u201d y a la t\u00f3rtola de la memoria, nuestro gallo, le har\u00e1 un hueco en su humilde gallinero.<\/em><\/p>\n<p>Francisco Jos\u00e9 Membiela Prieto<\/p>\n<p><strong>Fco. Jos\u00e9 Membiela Prieto<\/strong><br \/><strong>Portavoz de la Corporaci\u00f3n<\/strong><br \/><strong>\u201cLos Ataos\u201d Judas, Pedro y Pablo.<\/strong><\/p>\n<p>\u00a0<\/p><\/div><\/div><\/div><div class=\"wppb-accordion-item repeater-3\"><div class=\"wppb-accordion-title wppb-toggle-right \"><i class=\"fas fa-pen-alt\"><\/i><span class=\"wppb-accordion-title-content\">Tercera Subida al Calvario<\/span><span class=\"wppb-toggle-direction wppb-toggle-right\"><i class=\"fas fas fa-angle-right\"><\/i><\/span><\/div><div class=\"wppb-panel-collapse\" style=\"display: none;\"><div class=\"wppb-accordion-content\"><p style=\"text-align: center\">SUBE LA PATA<\/p>\n<p><img loading=\"lazy\" decoding=\"async\" class=\"alignnone size-medium wp-image-2168\" src=\"http:\/\/www.losataos.org\/w\/wp-content\/uploads\/2019_pata3-226x300.jpg\" alt=\"\" width=\"226\" height=\"300\" srcset=\"https:\/\/www.losataos.org\/w\/wp-content\/uploads\/2019_pata3-226x300.jpg 226w, https:\/\/www.losataos.org\/w\/wp-content\/uploads\/2019_pata3-770x1024.jpg 770w, https:\/\/www.losataos.org\/w\/wp-content\/uploads\/2019_pata3-768x1021.jpg 768w, https:\/\/www.losataos.org\/w\/wp-content\/uploads\/2019_pata3-1155x1536.jpg 1155w, https:\/\/www.losataos.org\/w\/wp-content\/uploads\/2019_pata3-1540x2048.jpg 1540w, https:\/\/www.losataos.org\/w\/wp-content\/uploads\/2019_pata3-scaled.jpg 1925w\" sizes=\"(max-width: 226px) 100vw, 226px\" \/><\/p>\n<p style=\"text-align: center\">MOMENTOS EMOTIVOS<\/p>\n<p><img loading=\"lazy\" decoding=\"async\" class=\"alignnone size-medium wp-image-2169\" src=\"http:\/\/www.losataos.org\/w\/wp-content\/uploads\/sentimiento3-226x300.jpg\" alt=\"\" width=\"226\" height=\"300\" srcset=\"https:\/\/www.losataos.org\/w\/wp-content\/uploads\/sentimiento3-226x300.jpg 226w, https:\/\/www.losataos.org\/w\/wp-content\/uploads\/sentimiento3-770x1024.jpg 770w, https:\/\/www.losataos.org\/w\/wp-content\/uploads\/sentimiento3-768x1021.jpg 768w, https:\/\/www.losataos.org\/w\/wp-content\/uploads\/sentimiento3-1155x1536.jpg 1155w, https:\/\/www.losataos.org\/w\/wp-content\/uploads\/sentimiento3-1540x2048.jpg 1540w, https:\/\/www.losataos.org\/w\/wp-content\/uploads\/sentimiento3-scaled.jpg 1925w\" sizes=\"(max-width: 226px) 100vw, 226px\" \/><\/p>\n<p>La Corporaci\u00f3n B\u00edblica de Los Ataos, Judas, Pedro y Pablo, tras la irreparable p\u00e9rdida de la madre de nuestro hermano Presidente, Salvador Gonz\u00e1lez G\u00e1lvez, hermana de nuestro Decano, Manuel G\u00e1lvez Silva y t\u00eda carnal de nuestro hermano Manolo G\u00e1lvez Espada. El pasado 14 de Marzo, quiere en primer lugar, expresar su m\u00e1s sentido p\u00e9same, a nuestro hermanos y familia. Un numeroso grupo de hermanos, acompa\u00f1\u00f3 a la familia en tan triste momento, (q.e.p.d.).<\/p>\n<p>Una vez reunidos en nuestra Casa-Cuartel para realizar la tercera subida al Calvario, el Vice-Presidente, Ra\u00fal Fern\u00e1ndez Cosano, en funciones de Presidente, nos invito a realizar una oraci\u00f3n por nuestra hermana y guardar un minuto de silencio.<\/p>\n<p>Seguidamente nos dio la bienvenida a todos los presentes, dese\u00e1ndonos una buena jornada manantera a todos los hermanos e invitados, cediendo la palabra a nuestro hermano Miguel Trigos, que, actuando de Portavoz del Grupo de M\u00fasica, dirigi\u00f3 unas sentidas palabras a nuestra hermana Dolores, dedicando la primera tocata a ella y todos nuestros \u201causentes\u201d, sonando la emotiva marcha \u201cRecuerdo\u201d en honor a su memoria.<\/p>\n<p>Finalizada la marcha, retoma la palabra Ra\u00fal y nos presenta al Hermano Manantero Ejemplar 2019, el hermano Fructuoso S\u00e1nchez Torres, al que tuvimos el placer y honor de disfrutar de su presencia toda la jornada manantera. Cedi\u00e9ndole la palabra al hermano Portavoz de la Corporaci\u00f3n, que una vez celebrado el sorteo de nuestro \u201cGallo\u201d, obsequi\u00e1ndole al Manantero la papeleta del recorrido C\/ Veracruz, hasta Jes\u00fas, pusimos rumbo a Plaza de Lara para iniciar el recorrido hasta el Calvario.<\/p>\n<p>Los distintos hermanos portadores de nuestro \u201cGallo\u201d, flanqueados por los portadores de las bengalas, nos guiaban por el recorrido establecido, resultando muy emotivo el paso por calle Santos y Veracruz, al paso por la puerta de las corporaciones hermanas establecidas en dicha calle; hay que rese\u00f1ar la ilusi\u00f3n que desbord\u00f3 nuestro hermano Fructuoso S\u00e1nchez, que disfrut\u00f3 de la subida al Calvario siendo el portador de nuestro s\u00edmbolo, (no en vano nos dec\u00eda su abuelo fue Atao), gustando de vestir la figura de Pedro con el \u201cGallo\u201d, al que recordaba con much\u00edsimo cari\u00f1o.<\/p>\n<p>Tras los compases musicales en el P\u00f3rtico de nuestro \u201cTerrible\u201d, nos dispusimos a realizar la bajada al Cuartel, parada en Veracruz, recalando el momento de \u201cLas Alondras\u201d esquina calle Horno, que son\u00f3 emotivisimo por el momento transcurrido, siguiendo con la marcha lenta, antes de terminar con el bullicioso \u201cBarrabas\u201d, que nos lleva hasta el Cuartel.<\/p>\n<p>Una vez en el sal\u00f3n de la Corporaci\u00f3n, retoma la palabra el Portavoz, dirigi\u00e9ndose a los hermanos m\u00fasicos para agradecer de nuevo un S\u00e1bado m\u00e1s, su esfuerzo y profesionalidad, rese\u00f1ando singularmente lo bien que nos supo escuchar la interpretaci\u00f3n del \u201cHumilde\u201d en honor a nuestro hermano Fructuoso.<\/p>\n<p>Durante la cena el hermano Manantero Ejemplar, nos dirigi\u00f3 unas palabras, tras la entradilla del Portavoz en referencia hacia su persona, palabras de un hombre de Semana Santa, que sigue luchando por lo que m\u00e1s le apasiona, haci\u00e9ndonos un recorrido de su vida manantera, cargada de an\u00e9cdotas y cari\u00f1o en su Cuartel \u201cEl Deg\u00fcello\u201d, concluyendo con un \u201cMe llevo los mejores momentos vividos este a\u00f1o en la cuaresma gracias a \u201cLos Ataos\u201d.<\/p>\n<p>Despu\u00e9s de un breve receso, ya algunas copas y brindis, el hermano Miguel Jim\u00e9nez \u201cPic\u00f3n\u201d, a la par tambi\u00e9n hermano del Deg\u00fcello y con m\u00e1s de 55 a\u00f1os de permanencia en la misma, nos deleit\u00f3 con su verbo y algunas poes\u00edas alusivas a la intervenci\u00f3n de nuestro hermano Daniel Cejas (Ba\u00fales), momentos muy emotivos y cargados de sentimiento, (dicho sea de paso, fueron muy aplaudidas). Tambi\u00e9n hubo hueco, para agradecer un a\u00f1o m\u00e1s la presencia de nuestros hermanos Jes\u00fas Fern\u00e1ndez, de Moriles y Carlos Mar\u00eda Bel de C\u00f3rdoba, que nos regalaron una vez m\u00e1s su cari\u00f1o hacia nuestra Corporaci\u00f3n.<br \/>Gratificante fue, como no, el reencuentro con nuestros hermanos Fernando Anfr\u00fans y Eduardo Guti\u00e9rrez, dos grandes Ataos, acompa\u00f1ados por el \u201cPanas\u201d y Morillo, fieles a la bendita esquina del \u201cLobo\u201d.<\/p>\n<p><br \/>La noche acababa y la \u201cpata\u201d hab\u00eda que bajarla, as\u00ed que, nuestro Presidente (en funciones), Ra\u00fal Fern\u00e1ndez, invit\u00f3 a los hermanos de Art\u00edstica y Ropas, (Michel Junior, Cisco Junior, V\u00edctor B\u00e9dmar u Miguel Palos \u201cMiguelillo\u201d) a tener el honor de quitarle la 3\u00aa a nuestra \u201cVieja Cuaresmera\u201d, el hermano Michel Junior, como \u201cDecano\u201d de todos, nos dirigi\u00f3 unas palabras, que despu\u00e9s remat\u00f3 \u201cMiguelillo\u201d con maestr\u00eda. Otro S\u00e1bado m\u00e1s, otro menos. Suena \u201cBarrabas\u201d Vivan Los Ataos.<\/p>\n<p>Fco. Jos\u00e9 Membiela Prieto<br \/>Portavoz de la Corporaci\u00f3n<br \/>\u201cLos Ataos\u201d Judas, Pedro y Pablo<\/p><\/div><\/div><\/div><div class=\"wppb-accordion-item repeater-4\"><div class=\"wppb-accordion-title wppb-toggle-right \"><i class=\"fas fa-pen-alt\"><\/i><span class=\"wppb-accordion-title-content\">Cuarta Subida al Calvario - Diablo Mudo<\/span><span class=\"wppb-toggle-direction wppb-toggle-right\"><i class=\"fas fas fa-angle-right\"><\/i><\/span><\/div><div class=\"wppb-panel-collapse\" style=\"display: none;\"><div class=\"wppb-accordion-content\"><p style=\"text-align: center\">SUBE LA PATA<\/p>\n<p style=\"text-align: center\"><img loading=\"lazy\" decoding=\"async\" class=\"alignnone size-medium wp-image-2179\" src=\"http:\/\/www.losataos.org\/w\/wp-content\/uploads\/2019_pata4-226x300.jpg\" alt=\"\" width=\"226\" height=\"300\" srcset=\"https:\/\/www.losataos.org\/w\/wp-content\/uploads\/2019_pata4-226x300.jpg 226w, https:\/\/www.losataos.org\/w\/wp-content\/uploads\/2019_pata4-770x1024.jpg 770w, https:\/\/www.losataos.org\/w\/wp-content\/uploads\/2019_pata4-768x1021.jpg 768w, https:\/\/www.losataos.org\/w\/wp-content\/uploads\/2019_pata4-1155x1536.jpg 1155w, https:\/\/www.losataos.org\/w\/wp-content\/uploads\/2019_pata4-1540x2048.jpg 1540w, https:\/\/www.losataos.org\/w\/wp-content\/uploads\/2019_pata4-scaled.jpg 1925w\" sizes=\"(max-width: 226px) 100vw, 226px\" \/><\/p>\n<p style=\"text-align: center\">MOMENTOS EMOTIVOS<\/p>\n<p style=\"text-align: center\"><img loading=\"lazy\" decoding=\"async\" class=\"alignnone size-medium wp-image-2180\" src=\"http:\/\/www.losataos.org\/w\/wp-content\/uploads\/sentimiento4-226x300.jpg\" alt=\"\" width=\"226\" height=\"300\" srcset=\"https:\/\/www.losataos.org\/w\/wp-content\/uploads\/sentimiento4-226x300.jpg 226w, https:\/\/www.losataos.org\/w\/wp-content\/uploads\/sentimiento4-770x1024.jpg 770w, https:\/\/www.losataos.org\/w\/wp-content\/uploads\/sentimiento4-768x1021.jpg 768w, https:\/\/www.losataos.org\/w\/wp-content\/uploads\/sentimiento4-1155x1536.jpg 1155w, https:\/\/www.losataos.org\/w\/wp-content\/uploads\/sentimiento4-1540x2048.jpg 1540w, https:\/\/www.losataos.org\/w\/wp-content\/uploads\/sentimiento4-scaled.jpg 1925w\" sizes=\"(max-width: 226px) 100vw, 226px\" \/><\/p>\n<p>MEDIOD\u00cdA<br \/>(HOMENAJE ABUELOS ATAOS)<\/p>\n<pre class=\"wp-block-code\"><code>     El pasado S\u00e1bado de Cuaresma, denominado \u201cDiablo Mudo\u201d, la Corporaci\u00f3n B\u00edblica de Los ataos, Judas, Pedro y Pablo, celebraban a mediod\u00eda en almuerzo hermandad, el primer homenaje a todos los hermanos que tienen el privilegio de ser abuelos. En un entra\u00f1able ambiente, reunidos en nuestra casa cuartel, hicimos entrega de \u201dPergaminos\u201d a cada \u201cabuelo\u201d de la Corporaci\u00f3n en un acto sencillo y cargado de emotividad, donde se disfruto de los sentimientos que cada uno de ellos esboz\u00f3 hacia sus peque\u00f1os y peque\u00f1as descendientes, ellos y ellas ser\u00e1n el futuro de nuestra Corporaci\u00f3n recogiendo los fruto sembrados por sus abuelos.<\/code><\/pre>\n<p>Rese\u00f1ar que dicha idea fue parida por nuestro Hno. Manuel Garc\u00eda Garc\u00eda, auxiliado por el hno. Jos\u00e9 G\u00f3mez L\u00f3pez y celebrado por todos Los Ataos presentes; la tarde transcurri\u00f3 perfecta y cargada de ilusi\u00f3n, degustando unos maravillosos \u201ccallos con manitas\u201d regados por nuestro buen vino, bajo la direcci\u00f3n del hermano Garc\u00eda, que una vez m\u00e1s nos deleit\u00f3 con su saber culinario, gracias manolo en nombre de tus hermanos de Corporaci\u00f3n, y gracias tambi\u00e9n a todos los dem\u00e1s abuelos que hicieron posible celebrar \u00e9ste primer e hist\u00f3rico homenaje al \u201cAbuelo Atao\u201d, es un placer compartir momentos que quedar\u00e1n en nuestra memoria y retina para siempre.<br \/>Los hermanos homenajeados fueron:<\/p>\n<p>Manuel G\u00e1lvez Silva (Decano), Miguel Trigos Delgado, (Decano Grupo de M\u00fasica), Manuel Jim\u00e9nez Cosano (Chapetas), Manuel Cano Ruiz (Michel), Jos\u00e9 palos Aguilar, Manuel Garc\u00eda Garc\u00eda, Salvador Gonz\u00e1lez G\u00e1lvez, Emilio Jes\u00fas Palos Rodr\u00edguez, Francisco Serrano Cosano, Manuel G\u00e1lvez Ruiz (Lobo), Jos\u00e9 G\u00f3mez L\u00f3pez, Manuel Serrano L\u00f3pez, Francisco Hurtado Espadas; que estuvieron acompa\u00f1ados de sus hermanos de Corporaci\u00f3n, disfrutando tambi\u00e9n de sus hijos y yernos.<\/p>\n<p>Que el \u201cTerrible2 y M\u00aa Stma. de la Gu\u00eda, nos sigan bendiciendo con muchos m\u00e1s nietos y nietas.<\/p>\n<p>Se acompa\u00f1a una de las intervenciones de un hermano que ha sido recientemente abuelo dirigi\u00e9ndose a su primer nieto<\/p>\n<figure class=\"wp-block-image size-full\"><img loading=\"lazy\" decoding=\"async\" class=\"wp-image-2181\" src=\"http:\/\/www.losataos.org\/w\/wp-content\/uploads\/cuartasubida2019_clip_image002.gif\" alt=\"\" width=\"566\" height=\"970\" \/><\/figure>\n<p class=\"has-text-align-right\">Un abrazo fraternal.<br \/><strong>Fco. Jos\u00e9 Membiela Prieto<\/strong><br \/><strong>Portavoz de la Corporaci\u00f3n<\/strong><br \/><strong>\u201cLos Ataos\u201d Judas, Pedro y Pablo<\/strong>.<\/p><\/div><\/div><\/div><div class=\"wppb-accordion-item repeater-5\"><div class=\"wppb-accordion-title wppb-toggle-right \"><i class=\"fas fa-pen-alt\"><\/i><span class=\"wppb-accordion-title-content\">Quinta Subida al Calvario - Pan y Peces<\/span><span class=\"wppb-toggle-direction wppb-toggle-right\"><i class=\"fas fas fa-angle-right\"><\/i><\/span><\/div><div class=\"wppb-panel-collapse\" style=\"display: none;\"><div class=\"wppb-accordion-content\"><p style=\"text-align: center\">SUBE LA PATA<\/p>\n<p style=\"text-align: center\"><img loading=\"lazy\" decoding=\"async\" class=\"alignnone size-medium wp-image-2185\" src=\"http:\/\/www.losataos.org\/w\/wp-content\/uploads\/2019_pata5-225x300.jpg\" alt=\"\" width=\"225\" height=\"300\" srcset=\"https:\/\/www.losataos.org\/w\/wp-content\/uploads\/2019_pata5-225x300.jpg 225w, https:\/\/www.losataos.org\/w\/wp-content\/uploads\/2019_pata5.jpg 768w\" sizes=\"(max-width: 225px) 100vw, 225px\" \/><\/p>\n<p style=\"text-align: center\">MOMENTOS EMOTIVOS<\/p>\n<p style=\"text-align: center\"><img loading=\"lazy\" decoding=\"async\" class=\"alignnone size-medium wp-image-2186\" src=\"http:\/\/www.losataos.org\/w\/wp-content\/uploads\/emotivo5-225x300.jpg\" alt=\"\" width=\"225\" height=\"300\" srcset=\"https:\/\/www.losataos.org\/w\/wp-content\/uploads\/emotivo5-225x300.jpg 225w, https:\/\/www.losataos.org\/w\/wp-content\/uploads\/emotivo5.jpg 768w\" sizes=\"(max-width: 225px) 100vw, 225px\" \/><\/p>\n<p>QUINTO SABADO CUARESMA \u201cPAN Y PECES\u201d<\/p>\n<pre class=\"wp-block-code\"><code>     El tiempo cuaresmal vuela, arribamos al 5\u00ba de Cuaresma \u201cPan y Peces\u201d, como si de un suspiro se tratase; la Corporaci\u00f3n B\u00edblica Los ataos, Judas, Pedro y Pablo, se re\u00fanen un S\u00e1bado m\u00e1s a cumplir con la tradici\u00f3n \u00a1No hay quinto malo!, a las 20:45 horas los hermanos e invitados pueblan completamente el sal\u00f3n cen\u00e1culo de la corporaci\u00f3n, se nota que es el Quinto de Romanos y poco a poco nuestra \u201cVieja\u201d se va quedando sin su preciado tesoro \u201cSus Patas\u201d.<\/code><\/pre>\n<p>Tras la apertura y salutaci\u00f3n del hermano Presidente, Salvador Gonz\u00e1lez G\u00e1lvez, nos disponemos a vivir una jornada intensa cargada de momentos sentidos y ambiente manantero, no en vano, entre el nutrido grupo de invitados que nos acompa\u00f1aban, se encontraba el Cofrade mayor de Ntro. Padre Jes\u00fas nazareno \u201cEl Terrible\u201d, Francisco J. Velasco y el pregonero y hermano Lorenzo Reina Reina, hnos. Antonio y Rafa serrano, Vice-Cofrade de Ntro. Padre Jes\u00fas resucitado, o Antonio G\u00e1lvez Rodr\u00edguez hijo de nuestro recordado y querido hermano desaparecido Antonio G\u00e1lvez Silva, Manantero Ejemplar.<\/p>\n<p>La noche hab\u00eda empezado animada, en un gran ambiente manantero, los brindis, las cuarteleras y coplas, ca\u00edan por su pie, el abrazo se hac\u00eda sincero y llano con el hermano. Despu\u00e9s de realizar nuestro hermano Miguel Palos \u201cMiguelillo\u201d, el tradicional sorteo de portadores del \u201cGallo\u201d; el Portavoz anuncia la cesi\u00f3n de la papeleta de la subida al Calvario (Veracruz-Jes\u00fas) al Cofrade mayor de Ntro. Padre Jes\u00fas Nazareno, hno. Francisco J. Velasco, el cual agradece el detalle, pleno de satisfacci\u00f3n y orgullo.<\/p>\n<p>Antes de la salida, como es preceptivo nuestro querido Grupo de M\u00fasica, abri\u00f3 la noche musicalmente hablando, entonando \u201cEnriquetilla\u201d, apuramos las tapas y copas, disponi\u00e9ndonos todos a enfilar la subida al Calvario.<\/p>\n<p>Tras la llegada a nuestra parada en la casa de nuestra titular, M\u00aa Stma de la Gu\u00eda, Santuario de la Pur\u00edsimo Concepci\u00f3n a la espera de nuestros hermanos del Imperio Romano, cumpliendo el rito de salutaci\u00f3n a su bandera y capit\u00e1n; la subida fue por la remozada calle Aguilar, recuperando el tradicional itinerario repleto de pontanos y forasteros, \u00e1vidos de cuaresma.<\/p>\n<p>Una vez llegados a la ermita de la Veracruz, el relevo del portador del \u201cGallo\u201d, se hizo con solemnidad, cediendo nuestro hermano Jos\u00e9 Alberto S\u00e1nchez al Cofrade Mayor de Jes\u00fas Nazareno, Francisco J. Velasco que, henchido de orgullo, elev\u00f3 a nuestro s\u00edmbolo llev\u00e1ndolo magistralmente hasta la Cruz del elevado Calvario.<\/p>\n<p>Entre c\u00e1nticos, uvitas y un numero gent\u00edo, arropados por el grueso de corporaciones y grupos, nuestro Grupo de M\u00fasica rindieron pleites\u00eda al \u201cTerrible2 y M\u00aa Stma, con los acordes del \u201cMiserere\u201d y \u201cStbat\u201d, la noche se complicaba meteorol\u00f3gicamente hablando, chispeaba el cielo y presurosos nos dispusimos a la bajada, sin prisa pero, sin pausa, nos col\u00e1bamos una vez m\u00e1s en el llanete de la ermita de la Veracruz, donde disfrutamos del calor y la hermandad de los Grupos que tambi\u00e9n hacen all\u00ed parada.<\/p>\n<p>La M\u00fasica nos guio hasta nuestra parada de \u201cLas Alondras\u201d, donde repusimos fuerzas y disfrutamos de los c\u00e1nticos y vivas a nuestros titulares; las cajas tocaban marcha lenta, fieles a la tradici\u00f3n cumplimos con un desfile emotivo y marcial que, nos llev\u00f3 a las puertas de la Corporaci\u00f3n hermana del \u201cJuicio de Salom\u00f3n\u201d, que un a\u00f1o m\u00e1s, en \u201cPan y Peces\u201d nos agasaja con unas copitas llenas de hermandad y cari\u00f1o, \u00a1Siempre gracias hermanos del Juicio! \u00a1 Viva la hermandad Pontana!, suena el \u201cBarrab\u00e1s\u201d y encaramos Plazuela Lara, donde cada 5\u00ba de romanos, nuestro equipo de cocina nos regala con el tradicional surtido de pescado, alusivo al S\u00e1bado en cuesti\u00f3n, un a\u00f1o m\u00e1s se disfruto del bonito ambiente manantero de la emblem\u00e1tica Plazuela Lara, entre uvitas, pescaito, entre abrazos y vivas, hermandad y cari\u00f1o.<br \/>Despu\u00e9s de las copas y cuarteleras de rigor en la \u201cBodega\u201d, en un magnifico ambiente, nos dispusimos a cenar. Con los corazones desbordados de felicidad, las mesas se fueron ocupando, el \u201ccaldito\u201d servido, el Portavoz toma la palabra para felicitar efusivamente a nuestros hermanos M\u00fasicos, que un S\u00e1bado m\u00e1s nos demuestran su buen hacer, siempre Gracias Hermanos, \u201csois muy grandes\u201d.<br \/>Continuo la cena, y las intervenciones de los hermanos presentes llegaron tras breve presentaci\u00f3n de los hermanos invitados por el hermano Portavoz. El hermano Lorenzo Reina, nos dirigi\u00f3 unas palabras llenas de agradecimiento y cari\u00f1o hacia la Corporaci\u00f3n, finalizando con una preciosa poes\u00eda alusiva a nuestra madre y titular, M\u00aa Stma de la Gu\u00eda, Gracias Loren.<\/p>\n<p>Degustando el primer plato, la intervenci\u00f3n corri\u00f3 a cargo del hermano Antonio G\u00e1lvez Rodr\u00edguez, hijo de nuestro Vice-Decano, (q.e.p.d.), momentos de emoci\u00f3n y recuerdo para todos los hermanos presentes, en especial para sus familiares directos, palabras cargadas de sentimientos que fueron coronadas con la noticia de su pr\u00f3xima entrada a la Corporaci\u00f3n; (la saga continua) Gracias Antonio.<br \/>El Grupo de M\u00fasica, bien acompa\u00f1ado esta noche con entra\u00f1ables invitados, como Miguel Trigos \u201cJunior\u201d, Morales el padre de nuestro hermano \u201cPeli\u201d, miembro de la corporaci\u00f3n \u201cEl Pentateuco\u201d, nos regal\u00f3 con la marcha \u201cRecuerdo\u201d; momentos para la reflexi\u00f3n y la memoria, dedicado a los que se nos fueron, pero que siempre tendremos presentes, GRACIAS querido Grupo de M\u00fasica, gracias hermanos.<br \/>La noche transcurr\u00eda m\u00e1gica y a los postres el turno de intervenci\u00f3n fue la del Cofrade de todos los pontanos, el de Nuestro Padre Jes\u00fas nazareno \u201cEl Terrible\u201d, Francisco J. Velasco, nos dedic\u00f3 unas palabras humildes, cargadas de cari\u00f1o y agradecimiento hacia \u201cLos Ataos\u201d, inform\u00e1ndonos de los actos a celebrar pr\u00f3ximamente por la Cofrad\u00eda de Jes\u00fas Nazareno, a la par que invitaba a nuestro Presidente y Portavoz, para asistir al cambio de T\u00fanica del Patr\u00f3n en fechas cercanas al d\u00eda del Pilar. Gracias hermano por tan preciado regalo. \u00a1Viva el Terrible!, momentos muy emotivos y aplaudidos, que pasaron a dar paso de nuevo al Presidente para la bajada de la \u201c5\u00aa Pata\u201d.<br \/>El hermano Presidente, nos explica el porqu\u00e9 de la concesi\u00f3n de esta \u201cPata\u201d glosando las virtudes de \u00e9ste hermano con tan gran recorrido en la mananta de Puente Genil, entregado, de un car\u00e1cter especial, engancha su compartir mesa y eventos con su persona, llevando siempre a sus hermanos como bandera, nuestro hermano Antonio Gama (Padre), fue invitado a levantar la 5\u00aa Pata (Pan y Peces) de nuestra Corporaci\u00f3n, recibiendo al un\u00edsono el cari\u00f1o de todos los presentes, dedic\u00e1ndonos unas palabras muy emotivas y sinceras aludiendo a u querido hijo, que fue quien lo atrajo a la Corporaci\u00f3n, enhorabuena Antonio.<\/p>\n<p>Tras los postres, pasamos el \u201cpuente m\u00e1gico\u201d hasta nuestra Corporaci\u00f3n hermana \u201cLas Potencias del Alma\u201d, donde el sonido de la \u201cMaga\u201d, las copitas de hermandad, la noche se hizo eterna y cada uno cerr\u00f3 su particular S\u00e1bado a su estilo y forma. Otro s\u00e1bado m\u00e1s, otro menos, pero siempre con coraz\u00f3n y cari\u00f1o. Un abrazo hermanos.<\/p>\n<p>\u00a1VIVAN LOS ATAOS!<br \/>\u00a1VIVA JUDAS, PEDRO Y PABLO!<br \/>\u00a1VIVAN LAS CRUCES REVERSAS DE CHAPETAS!<\/p>\n<p class=\"has-text-align-right\"><strong>Un abrazo fraternal.<br \/>Fco. Jos\u00e9 Membiela Prieto<br \/>Portavoz de la Corporaci\u00f3n<br \/>\u201cLos Ataos\u201d Judas, Pedro y Pablo.<\/strong><\/p>\n<h4 class=\"kt-adv-heading_cbe9ff-cb wp-block-kadence-advancedheading\" data-kb-block=\"kb-adv-heading_cbe9ff-cb\">EL VIEJO BAST\u00d3N<\/h4>\n<p class=\"has-text-align-center\"><strong>En un rinc\u00f3n olvidado\u2026<\/strong><br \/><strong>Dormita el viejo bast\u00f3n;<\/strong><br \/><strong>Sue\u00f1a con su procesi\u00f3n:<\/strong><br \/><strong>\u00a1La del S\u00e1bado de Ramos!<\/strong><br \/><strong>Aunque no tiene el color<\/strong><br \/><strong>Ni el brillo que tuvo anta\u00f1o,<\/strong><br \/><strong>quiere salir otro a\u00f1o<\/strong><br \/><strong>junto al Hermano Mayor.<\/strong><br \/><strong>Cuenta con ansia los d\u00edas<\/strong><br \/><strong>para ver la luna llena<\/strong><br \/><strong>de la santa primavera<\/strong><br \/><strong>que le devuelva a la vida.<\/strong><br \/><strong>Por la sempiterna grieta<\/strong><br \/><strong>del ancho muro cercano<\/strong><br \/><strong>se cuelan ecos lejanos<\/strong><br \/><strong>del Genil y sus riberas.<\/strong><br \/><strong>Sue\u00f1a, sue\u00f1a con el r\u00edo<\/strong><br \/><strong>y con sus ondas viajeras<\/strong><br \/><strong>rompiendo contra escolleras<\/strong><br \/><strong>escarchadas por el fr\u00edo.<\/strong><br \/><strong>Todo su cuerpo tirita<\/strong><br \/><strong>\u00a1Ay! Dej\u00e1ndose caer<\/strong><br \/><strong>Sobre la blanca pared<\/strong><br \/><strong>En un rinc\u00f3n de la ermita.<\/strong><br \/><strong>Alguna tela de ara\u00f1a<\/strong><br \/><strong>Se envolvi\u00f3 en su capilla,<\/strong><br \/><strong>y del invierno le abriga<\/strong><br \/><strong>a modo de una bufanda.<\/strong><br \/><strong>Las rosas, secas y mustias,<\/strong><br \/><strong>Se aferran a su jarr\u00f3n<\/strong><br \/><strong>como en un libro una flor<\/strong><br \/><strong>a sus hojas moribundas.<\/strong><\/p>\n<p class=\"has-text-align-center\"><strong>En un silencio de espanto,<\/strong><br \/><strong>reza, reza en compa\u00f1\u00eda<\/strong><br \/><strong>de la Virgen de La Gu\u00eda<\/strong><br \/><strong>que vive en aquel Santuario.<\/strong><br \/><strong>En su letargo, dormido.<\/strong><br \/><strong>Le pregunta al fiel santero<\/strong><br \/><strong>si aqu\u00e9l, su sue\u00f1o primero,<\/strong><br \/><strong>pronto caer\u00e1 en el olvido,<\/strong><br \/><strong>y su metal oxidado,<\/strong><br \/><strong>por el tiempo malherido,<\/strong><br \/><strong>en banquete corrosivo<\/strong><br \/><strong>ser\u00e1 por fin devorado.<\/strong><br \/><strong>Tiene una bella inscripci\u00f3n<\/strong><br \/><strong>En su cuerpo de hojalata.<\/strong><br \/><strong>Aunque su piel es de plata<\/strong><br \/><strong>\u00a1Oro puro el coraz\u00f3n!<\/strong><br \/><strong>En aquel rinc\u00f3n vac\u00edo<\/strong><br \/><strong>Llora \u00a1Tan desconsolado!<\/strong><br \/><strong>Porque no encuentra a su lado<\/strong><br \/><strong>Mano que estreche de amigo.<\/strong><br \/><strong>Al chirrido de un port\u00f3n<\/strong><br \/><strong>Y al tin-t\u00f3n de una campana,<\/strong><br \/><strong>Sale de la \u201cConcepci\u00f3n\u201d<\/strong><br \/><strong>\u00a1La Gu\u00eda de la Mananta!<\/strong><br \/><strong>Despert\u00e1ndose del sue\u00f1o,<\/strong><br \/><strong>Hermano y bast\u00f3n se abrazan:<\/strong><br \/><strong>Otro a\u00f1o en el recuerdo<\/strong><br \/><strong>Y otro himno m\u00e1s de Espa\u00f1a.<\/strong><br \/><strong>En un rinc\u00f3n olvidado<\/strong><br \/><strong>Vuelve a dormir el bast\u00f3n,<\/strong><br \/><strong>Sue\u00f1a con su procesi\u00f3n:<\/strong><br \/><strong>\u00a1La del S\u00e1bado de Ramos!<\/strong><\/p>\n<p class=\"has-text-align-right\"><strong>L.R.R.<\/strong><\/p><\/div><\/div><\/div><div class=\"wppb-accordion-item repeater-6\"><div class=\"wppb-accordion-title wppb-toggle-right \"><i class=\"fas fa-pen-alt\"><\/i><span class=\"wppb-accordion-title-content\">Sexta Subida al Calvario - Pasi\u00f3n<\/span><span class=\"wppb-toggle-direction wppb-toggle-right\"><i class=\"fas fas fa-angle-right\"><\/i><\/span><\/div><div class=\"wppb-panel-collapse\" style=\"display: none;\"><div class=\"wppb-accordion-content\"><p style=\"text-align: center\">SUBE LA PATA<\/p>\n<p style=\"text-align: center\"><img loading=\"lazy\" decoding=\"async\" class=\"alignnone size-medium wp-image-2189\" src=\"http:\/\/www.losataos.org\/w\/wp-content\/uploads\/2019_pata6-225x300.jpg\" alt=\"\" width=\"225\" height=\"300\" srcset=\"https:\/\/www.losataos.org\/w\/wp-content\/uploads\/2019_pata6-225x300.jpg 225w, https:\/\/www.losataos.org\/w\/wp-content\/uploads\/2019_pata6.jpg 768w\" sizes=\"(max-width: 225px) 100vw, 225px\" \/><\/p>\n<p style=\"text-align: center\">MOMENTOS EMOTIVOS<\/p>\n<p><img loading=\"lazy\" decoding=\"async\" class=\"alignnone size-medium wp-image-2190\" src=\"http:\/\/www.losataos.org\/w\/wp-content\/uploads\/emotivo6-225x300.jpg\" alt=\"\" width=\"225\" height=\"300\" srcset=\"https:\/\/www.losataos.org\/w\/wp-content\/uploads\/emotivo6-225x300.jpg 225w, https:\/\/www.losataos.org\/w\/wp-content\/uploads\/emotivo6.jpg 768w\" sizes=\"(max-width: 225px) 100vw, 225px\" \/><\/p>\n<p>La jornada manantera se presentaba intensa, a tenor del numeroso grupo de invitados que anunciaba el tabl\u00f3n de Invitados, lleno hasta la bandera.<\/p>\n<p>Se adivina el final de la cuaresma y hay que disfrutar del Cuartel y los hermanos, de la tradici\u00f3n y los grandes momentos. La Corporaci\u00f3n b\u00edblica Los Ataos, Judas, Pedro y Pablo, era ya un hervidero completo a las 20:30 h. de la noche. Muchos eran ya los hermanos que ocupaban sus lugares en nuestro sal\u00f3n, y un poco antes por lo singular de la jornada, el Presidente Salvador Gonz\u00e1lez G\u00e1lvez, nos dio la bienvenida a todos los presentes, explic\u00e1ndonos los pasos que se ir\u00edan dando durante la jornada de \u201cPasi\u00f3n\u201d.<\/p>\n<p>Salutaci\u00f3n a los hermanos, y en especial a los invitados de esta noche, enfatizando la visita del \u201cPregonero 2019\u201d, miembro de la Corporaci\u00f3n hermana del Imperio Romano, Agust\u00edn Moyano Carmona, el cual se encontraba como pez en el agua, con Los Ataos.<\/p>\n<p>Comenzaron a degustarse las tapas y los caldos de la tierra, en una animada y abigarrada mesa repleta de hermanos dispuestos y entregados a la causa, con la constante amenaza de lluvia, la noche transcurr\u00eda magnifica, el Portavoz de la Corporaci\u00f3n, tras unas palabras de aliento al \u201cPregonero\u201d, invit\u00f3 a nuestros hermanos m\u00fasicos a que entonar\u00e1n el \u201cHumilde\u201d en honor de Agust\u00edn Moyano, qui\u00e9n tambi\u00e9n fue obsequiado por unas sentidas palabras de apoyo de nuestro Jefe de Grupo de M\u00fasica.<\/p>\n<p>Finalizado el momento musical, toma la palabra el \u201cPregonero\u201d, llenando la noche de cari\u00f1osas an\u00e9cdotas y recuerdos de antiguos hermanos Ataos y de la Gu\u00eda (La Perra, Chifarri Padre, Chominaco, Jalao, etc.), entregado por completo, ya con el t\u00fanico negro colocado, nos regal\u00f3 con una poes\u00eda antigua que cal\u00f3 hondo en el momento, invit\u00e1ndonos a todos los presentes a escuchar su Preg\u00f3n, poni\u00e9ndose en manos de nuestro \u201cTerrible\u201d, bajo la mirada del \u201cHumilde\u201d, gracias Agust\u00edn y mucha suerte para el Domingo.<\/p>\n<p>El sorteo de nuestro \u201cGallo\u201d para portarlo, comenz\u00f3, no sin antes anunciarse que la subida desde Veracruz a Jes\u00fas, la har\u00eda el \u201cPregonero\u201d con nuestro s\u00edmbolo, qui\u00e9n agradeci\u00f3 emotivamente el gesto; a continuaci\u00f3n, apurando copas y tapas, nos dispusimos a subir al Calvario, para cumplir con nuestra sexta subida y rendirnos a los pies de nuestro Padre Jes\u00fas Nazareno y su madre Mar\u00eda Stma.<\/p>\n<p>De momento el tiempo nos respetaba, y \u201cGallo\u201d, bengalas y nuestro \u201cDecano\u201d al frente nos guiaron hasta las puertas de entrada de nuestra titular, M\u00aa Stma. de la Gu\u00eda, que ya espera su triduo y funci\u00f3n para abrir nuestra sin par Semana Mayor.<\/p>\n<p>La espera de nuestros hermanos del Imperio, se hizo corta, hermanados, entre cuarteleras, uvitas y abrazos, el \u201cGallo\u201d se elev\u00f3 para su saludo al cortejo del Imperio, respondido como no, por su caballeroso y manantero \u201cCapit\u00e1n\u201d, Don Manuel Reina.<\/p>\n<p>Pese a las inclemencias, una calle Aguilar repleta nos lleva hasta Veracruz, donde el \u201cPregonero\u201d Agust\u00edn Moyano, cogi\u00f3 el testigo para subir hasta el Calvario, donde todos sus hermanos del Imperio Romano, le esperaban palos en alto, abriendo camino hasta la Cruz.<\/p>\n<p>La noche se hizo m\u00e1s g\u00e9lida y ventosa, bajo amenaza de lluvia, lo que no impidi\u00f3 que, nuestro Grupo de M\u00fasica entonar\u00e1n, \u201cMiserere\u201d y \u201cSt\u00e1bat Matte\u201d antes de iniciar la bajada.<\/p>\n<p>Todo se repet\u00eda, pero, nada era igual, una interminable masa de t\u00fanicos negros acompasados por nuestra m\u00fasica, visit\u00f3 de nuevo la ermita de la Veracruz, donde repusimos fuerzas y nos llenamos de cari\u00f1o de las corporaciones hermanas que all\u00ed se encontraban, el vino corr\u00eda \u00e1gil, para buscar la parada de calle Horno y nuestras \u201cAlondras\u201d, momentos que se van en un suspiro, pero que duran una eternidad en tu memoria.<\/p>\n<p>Tras la emotiva y sentida marcha lenta, de nuevo suenan los acordes del \u201cBarrab\u00e1s\u201d, aunque esta vez para enfilar Calzada abajo con destino a Casares, para realizar la visita de reglamentaria a nuestra corporaci\u00f3n hermana del Imperio Romano.<\/p>\n<p>Una vez a las puertas del Imperio, el hermano Antonio P\u00e9rez, toma el \u201cGallo\u201d como es tradici\u00f3n y se encarg\u00f3 de guiarnos por la casa Cuartel de nuestros hermanos, que, a ritmo de pasodobles, nos recibieron entre una marea incesante de abrazos, cari\u00f1o y uvitas por doquier. Gracias Presidente, Capit\u00e1n y Corporaci\u00f3n en pleno, por tan cari\u00f1oso recibimiento, un a\u00f1o m\u00e1s. \u201cViva el Imperio\u201d, \u201cVivan Los Ataos\u201d, \u201cViva la Hermandad\u201d, \u201cViva El Terrible\u201d.<\/p>\n<p>Nuestro hermano Presidente, en medio de un impresionante ambiente manantero, subido al podio romanil, nos dedic\u00f3 unas palabras a los presentes, agradeciendo y felicitando a los hermanos del Imperio, por los Actos celebrados en conmemoraci\u00f3n del CL aniversario de la \u201cM\u00e1gica Diana\u201d, dese\u00e1ndoles la mejor de las suertes a su \u201cPregonero\u201d, teniendo unas palabras muy \u201dEmotivas\u201d y cargadas de \u201cSentimiento\u201d, a su hijo Mois\u00e9s Gonz\u00e1lez Gil que ahora forma parte de las filas del Imperio.<\/p>\n<p>Nuestro Presidente, obsequi\u00f3 al Imperio un \u00f3leo, aleg\u00f3rico al aniversario de la \u201cDiana\u201d, firmado por su hijo Mois\u00e9s, dando respuesta a continuaci\u00f3n el Presidente de Los Romanos, con otro obsequio para Los Ataos, dedic\u00e1ndonos a continuaci\u00f3n unas sentidas y cari\u00f1osas palabras, agradeciendo finalmente la hermandad entre ambas Corporaciones; entre copas, m\u00fasica y abrazos sentidos, nos desped\u00edamos un a\u00f1o m\u00e1s de nuestros hermanos del Imperio, dese\u00e1ndoles lo mejor en la pr\u00f3xima Semana Santa.<\/p>\n<p>La subida hasta el Cuartel, se hizo r\u00e1pida temiendo una nueva descarga de lluvia que da\u00f1ara los instrumentos de nuestro Grupo de M\u00fasica.<br \/>Habiendo sido le\u00edda la Sagrada Biblia, por nuestro hermano Francisco Mart\u00ednez, y con las alforjas llenas de cari\u00f1o, ya en la cena, el Portavoz, tras breves palabras y felicitaci\u00f3n, invita al hermano Manuel G\u00e1lvez Espada, Hermano Mayor 2019 de nuestra titular M\u00aa Stma de la Gu\u00eda, a dirigirnos sus palabras y sentimientos.<\/p>\n<p>Manolo, agradeci\u00f3 el apoyo incondicional de la Corporaci\u00f3n, deseando que nos respete el tiempo y que todos disfrutemos de una gran procesi\u00f3n con nuestra titular, en compa\u00f1\u00eda de su ayudante nuestro hermano Francisco Avil\u00e9s (Cisco), teniendo unas palabras como colof\u00f3n para su t\u00edo y hermano Antonio G\u00e1lvez Silva (q.e.p.d), que nos faltara este a\u00f1o en la salida.<\/p>\n<p>Muchos eran los invitados que quer\u00edan dedicarnos unas palabras y poco el tiempo que nos quedaba hasta la subida de la 6\u00aa pata de nuestra \u201cVieja Cuaresmera\u201d, as\u00ed que, en representaci\u00f3n de cada Grupo, intervino un hermano para expresar lo sentido o vivido.<\/p>\n<p>Paco Solano, hermano \u201cProfeta\u201d nos regal\u00f3 con la famosa poes\u00eda alusiva a nuestro \u201cGallo\u201d de Agust\u00edn Rodr\u00edguez, preciosa como siempre, en representaci\u00f3n de los amigos de \u201cRufino\u201d, Miguel Carmona, Pepe V\u00e1zquez, Palitos, Lozano, Paquito Rivas, Fali P\u00e9rez y Jos\u00e9 M. Rivas, los cuales disfrutaron de lo lindo.<\/p>\n<p>Entre los invitados Pablo Alfaro, de la corporaci\u00f3n \u201cLa Resurrecci\u00f3n de L\u00e1zaro\u201d, quien nos dirigi\u00f3 unas palabras inst\u00e1ndonos a seguir siendo los mismos, que mantengamos nuestras tradiciones y no cambiar nunca. Gracias Pablo, por tus palabras y visita.<\/p>\n<p>Durante la cena, siguieron sucediendo los c\u00e1nticos y cuarteleras, acompa\u00f1ado del buen vino y ambiente que se viv\u00eda, antes de los postres el Portavoz, otorga la palabra al hermano Clemente Jim\u00e9nez de la corporaci\u00f3n de \u201cLos Samaritanos\u201d, qui\u00e9n fue acompa\u00f1ado de otros grandes mananteros y \u201cSamaritanos\u201d, \u00c1ngel Esojo, Kiko y Jeny, el hermano Clemente, agradeci\u00f3 la acogida dispensada un a\u00f1o m\u00e1s, coment\u00e1ndonos que se siente muy a gusto en esta casa, donde comparte mesa con antiguos alumnos y familiares , como son Ra\u00fal Fern\u00e1ndez y Jos\u00e9 Lu\u00eds D\u00edaz, casados con sus sobrinas. Tambi\u00e9n nuestro Portavoz tuvo palabras de cari\u00f1o hacia nuestro hermano Manolo Barcos (Junior), Julio, (cu\u00f1ado de Antonio P\u00e9rez), quienes disfrutaron de la noche manantera y para invitados llegados de la vecina localidad de Marinaleda, invitados de nuestro hermano Sergio Morales \u201cPeli\u201d, que quedaron gratamente sorprendidos.<\/p>\n<p>A los postres, nuestro Presidente glos\u00f3 la figura del hermano que levantar\u00eda la 6\u00ba pata (Pasi\u00f3n), hermano ejemplar y entregado, y ahora m\u00e1s disponible que nunca, por su estado de jubilaci\u00f3n laboral. Jos\u00e9 G\u00f3mez L\u00f3pez fue el afortunado que lleno de j\u00fabilo y sorpresa, nos dedic\u00f3 unas palabras llenas de cari\u00f1o y tradici\u00f3n, as\u00ed termino la noche del 6\u00ba. Nos toca abrir semana Santa. \u00a1Vivan Los Ataos! \u00a1Viva M\u00aa Stma de la Gu\u00eda!.<\/p>\n<p class=\"has-text-align-right\">Fco. Jos\u00e9 Membiela Prieto<br \/>Portavoz de la Corporaci\u00f3n<br \/>\u201cLos Ataos\u201d Judas, Pedro y Pablo.<\/p><\/div><\/div><\/div><\/div><\/div><\/div><\/div><\/div>                                            <\/div>\n                                        <\/div>\n                                    <\/div>\n\t\t\t\t\t\t\t\t\t                        <\/div>\n\n                    <\/div>\n                <\/div>\n\t\t\t\t<\/div>","protected":false},"excerpt":{"rendered":"<p>Jueves Lardero Subida de Carnaval &#8211; 1\u00aa Subida de Tentaciones &#8211; 2\u00aa Subida de Transfiguraci\u00f3n &#8211; 3\u00aa Subida de Diablo Mudo &#8211; 4\u00aa Subida de Pan y Peces &#8211; 5\u00aa Subida de Pasi\u00f3n &#8211; 6\u00aa D\u00eda del Abuelo Cr\u00f3nicas\u00a0 Jueves Lardero Vencidos los meses de espera, por fin, los hermanos de la Corporaci\u00f3n B\u00edblica \u201cLos&hellip;&nbsp;<a href=\"https:\/\/www.losataos.org\/w\/fotografias-2019\/\" rel=\"bookmark\">Leer m\u00e1s &raquo;<span class=\"screen-reader-text\">Fotograf\u00edas 2019<\/span><\/a><\/p>\n","protected":false},"author":2,"featured_media":0,"parent":0,"menu_order":0,"comment_status":"closed","ping_status":"open","template":"","meta":{"neve_meta_sidebar":"","neve_meta_container":"","neve_meta_enable_content_width":"","neve_meta_content_width":0,"neve_meta_title_alignment":"","neve_meta_author_avatar":"","neve_post_elements_order":"","neve_meta_disable_header":"","neve_meta_disable_footer":"","neve_meta_disable_title":"","footnotes":""},"wf_page_folders":[15],"class_list":["post-2142","page","type-page","status-publish","hentry"],"jetpack_sharing_enabled":true,"_links":{"self":[{"href":"https:\/\/www.losataos.org\/w\/wp-json\/wp\/v2\/pages\/2142","targetHints":{"allow":["GET"]}}],"collection":[{"href":"https:\/\/www.losataos.org\/w\/wp-json\/wp\/v2\/pages"}],"about":[{"href":"https:\/\/www.losataos.org\/w\/wp-json\/wp\/v2\/types\/page"}],"author":[{"embeddable":true,"href":"https:\/\/www.losataos.org\/w\/wp-json\/wp\/v2\/users\/2"}],"replies":[{"embeddable":true,"href":"https:\/\/www.losataos.org\/w\/wp-json\/wp\/v2\/comments?post=2142"}],"version-history":[{"count":18,"href":"https:\/\/www.losataos.org\/w\/wp-json\/wp\/v2\/pages\/2142\/revisions"}],"predecessor-version":[{"id":2196,"href":"https:\/\/www.losataos.org\/w\/wp-json\/wp\/v2\/pages\/2142\/revisions\/2196"}],"wp:attachment":[{"href":"https:\/\/www.losataos.org\/w\/wp-json\/wp\/v2\/media?parent=2142"}],"wp:term":[{"taxonomy":"wf_page_folders","embeddable":true,"href":"https:\/\/www.losataos.org\/w\/wp-json\/wp\/v2\/wf_page_folders?post=2142"}],"curies":[{"name":"wp","href":"https:\/\/api.w.org\/{rel}","templated":true}]}}