{"id":2069,"date":"2021-08-04T23:34:54","date_gmt":"2021-08-04T23:34:54","guid":{"rendered":"http:\/\/www.losataos.org\/w\/?page_id=2069"},"modified":"2021-08-10T15:41:54","modified_gmt":"2021-08-10T15:41:54","slug":"fotografias-2016","status":"publish","type":"page","link":"https:\/\/www.losataos.org\/w\/fotografias-2016\/","title":{"rendered":"Fotograf\u00edas 2016"},"content":{"rendered":"<div id=\"wppb-builder-container\" class=\"wppb-builder-container\">                <div  class=\"wppb-row-parent  wppb-row-1636910582675 \"  >\n\t\t\t\t\t\n\t\t\t\t\t\t\t\t\t\t\n\t\t\t\t\t\t\t\t\t\t\n\t\t\t\t\t<div class=\"wppb-container \">\n\t\t\t\t\t\t\t\t\t\t\t\t\t\n                        <div class=\"wppb-row\">\n\t\t\t\t\t\t\t                                    <div  class=\"wppb-column-parent wppb-column-parent-view wppb-col-1636910582672  \"  >\n                                        <div class=\"wppb-column\">\n\t\t\t\t\t\n\t\t\t\t\t\t\t\t\t\t\t\n                                            <div class=\"wppb-builder-addons\">\n\t\t\t\t\t\t\t\t\t\t\t\t<div class='wppb-builder-addon wppb-addon-1636910582656'  data-addon-id='1636910582656'><div class='wppb-addon'><div class=\"wppb-person-addon\"><div class=\"wppb-person-addon-content person-layout-one\"><div class=\"wppb-person-image\"><img decoding=\"async\" class=\"wppb-person-addon-img\" src=\"http:\/\/www.losataos.org\/w\/wp-content\/uploads\/2016_2.jpg\" alt=\"Primera Subida al Calvario\"><\/div><div class=\"wppb-person-information\"><span class=\"wppb-person-name\"><a  href=\"https:\/\/photos.app.goo.gl\/GriQQL9kASp5HJCz8\" target=_blank>Primera Subida al Calvario<\/a><\/span><\/div><\/div><\/div><\/div><\/div>                                            <\/div>\n                                        <\/div>\n                                    <\/div>\n\t\t\t\t\t\t\t\t\t                                    <div  class=\"wppb-column-parent wppb-column-parent-view wppb-col-1636910582673  \"  >\n                                        <div class=\"wppb-column\">\n\t\t\t\t\t\n\t\t\t\t\t\t\t\t\t\t\t\n                                            <div class=\"wppb-builder-addons\">\n\t\t\t\t\t\t\t\t\t\t\t\t<div class='wppb-builder-addon wppb-addon-1636910582754'  data-addon-id='1636910582754'><div class='wppb-addon'><div class=\"wppb-person-addon\"><div class=\"wppb-person-addon-content person-layout-one\"><div class=\"wppb-person-image\"><img decoding=\"async\" class=\"wppb-person-addon-img\" src=\"http:\/\/www.losataos.org\/w\/wp-content\/uploads\/2016_4.jpg\" alt=\"Segunda Subida al Calvario\"><\/div><div class=\"wppb-person-information\"><span class=\"wppb-person-name\"><a  href=\"https:\/\/photos.app.goo.gl\/fzgoWpp62DENpteL7\" target=_blank>Segunda Subida al Calvario<\/a><\/span><\/div><\/div><\/div><\/div><\/div>                                            <\/div>\n                                        <\/div>\n                                    <\/div>\n\t\t\t\t\t\t\t\t\t                                    <div  class=\"wppb-column-parent wppb-column-parent-view wppb-col-1636910582674  \"  >\n                                        <div class=\"wppb-column\">\n\t\t\t\t\t\n\t\t\t\t\t\t\t\t\t\t\t\n                                            <div class=\"wppb-builder-addons\">\n\t\t\t\t\t\t\t\t\t\t\t\t<div class='wppb-builder-addon wppb-addon-1636910582845'  data-addon-id='1636910582845'><div class='wppb-addon'><div class=\"wppb-person-addon\"><div class=\"wppb-person-addon-content person-layout-one\"><div class=\"wppb-person-image\"><img decoding=\"async\" class=\"wppb-person-addon-img\" src=\"http:\/\/www.losataos.org\/w\/wp-content\/uploads\/2016_5.jpg\" alt=\"Tercera Subida al Calvario\"><\/div><div class=\"wppb-person-information\"><span class=\"wppb-person-name\"><a  href=\"https:\/\/photos.app.goo.gl\/igqw8qJSdLJxPesm8\" target=_blank>Tercera Subida al Calvario<\/a><\/span><\/div><\/div><\/div><\/div><\/div>                                            <\/div>\n                                        <\/div>\n                                    <\/div>\n\t\t\t\t\t\t\t\t\t                        <\/div>\n\n                    <\/div>\n                <\/div>\n\t\t\t\t                <div  class=\"wppb-row-parent  wppb-row-1636910582920 \"  >\n\t\t\t\t\t\n\t\t\t\t\t\t\t\t\t\t\n\t\t\t\t\t\t\t\t\t\t\n\t\t\t\t\t<div class=\"wppb-container \">\n\t\t\t\t\t\t\t\t\t\t\t\t\t\n                        <div class=\"wppb-row\">\n\t\t\t\t\t\t\t                                    <div  class=\"wppb-column-parent wppb-column-parent-view wppb-col-1636910582921  \"  >\n                                        <div class=\"wppb-column\">\n\t\t\t\t\t\n\t\t\t\t\t\t\t\t\t\t\t\n                                            <div class=\"wppb-builder-addons\">\n\t\t\t\t\t\t\t\t\t\t\t\t<div class='wppb-builder-addon wppb-addon-1636910582922'  data-addon-id='1636910582922'><div class='wppb-addon'><div class=\"wppb-person-addon\"><div class=\"wppb-person-addon-content person-layout-one\"><div class=\"wppb-person-image\"><img decoding=\"async\" class=\"wppb-person-addon-img\" src=\"http:\/\/www.losataos.org\/w\/wp-content\/uploads\/2016_6.jpg\" alt=\"Cuarta Subida al Calvario\"><\/div><div class=\"wppb-person-information\"><span class=\"wppb-person-name\"><a  href=\"https:\/\/photos.app.goo.gl\/J3K6LbgYC3PbsUxg9\" target=_blank>Cuarta Subida al Calvario<\/a><\/span><\/div><\/div><\/div><\/div><\/div>                                            <\/div>\n                                        <\/div>\n                                    <\/div>\n\t\t\t\t\t\t\t\t\t                                    <div  class=\"wppb-column-parent wppb-column-parent-view wppb-col-1636910582923  \"  >\n                                        <div class=\"wppb-column\">\n\t\t\t\t\t\n\t\t\t\t\t\t\t\t\t\t\t\n                                            <div class=\"wppb-builder-addons\">\n\t\t\t\t\t\t\t\t\t\t\t\t<div class='wppb-builder-addon wppb-addon-1636910582924'  data-addon-id='1636910582924'><div class='wppb-addon'><div class=\"wppb-person-addon\"><div class=\"wppb-person-addon-content person-layout-one\"><div class=\"wppb-person-image\"><img decoding=\"async\" class=\"wppb-person-addon-img\" src=\"http:\/\/www.losataos.org\/w\/wp-content\/uploads\/2016_7.jpg\" alt=\"Quinta Subida al Calvario\"><\/div><div class=\"wppb-person-information\"><span class=\"wppb-person-name\"><a  href=\"https:\/\/photos.app.goo.gl\/9QybfFCG33Lk16Tu5\" target=_blank>Quinta Subida al Calvario<\/a><\/span><\/div><\/div><\/div><\/div><\/div>                                            <\/div>\n                                        <\/div>\n                                    <\/div>\n\t\t\t\t\t\t\t\t\t                                    <div  class=\"wppb-column-parent wppb-column-parent-view wppb-col-1636910582925  \"  >\n                                        <div class=\"wppb-column\">\n\t\t\t\t\t\n\t\t\t\t\t\t\t\t\t\t\t\n                                            <div class=\"wppb-builder-addons\">\n\t\t\t\t\t\t\t\t\t\t\t\t<div class='wppb-builder-addon wppb-addon-1636910582926'  data-addon-id='1636910582926'><div class='wppb-addon'><div class=\"wppb-person-addon\"><div class=\"wppb-person-addon-content person-layout-one\"><div class=\"wppb-person-image\"><img decoding=\"async\" class=\"wppb-person-addon-img\" src=\"http:\/\/www.losataos.org\/w\/wp-content\/uploads\/2016_a.jpg\" alt=\"Sexta Subida al Calvario\"><\/div><div class=\"wppb-person-information\"><span class=\"wppb-person-name\"><a  href=\"https:\/\/photos.app.goo.gl\/3bPMj9xn9b7s8upk9\" target=_blank>Sexta Subida al Calvario<\/a><\/span><\/div><\/div><\/div><\/div><\/div>                                            <\/div>\n                                        <\/div>\n                                    <\/div>\n\t\t\t\t\t\t\t\t\t                        <\/div>\n\n                    <\/div>\n                <\/div>\n\t\t\t\t                <div  class=\"wppb-row-parent  wppb-row-1636910583101 \"  >\n\t\t\t\t\t\n\t\t\t\t\t\t\t\t\t\t\n\t\t\t\t\t\t\t\t\t\t\n\t\t\t\t\t<div class=\"wppb-container \">\n\t\t\t\t\t\t\t\t\t\t\t\t\t\n                        <div class=\"wppb-row\">\n\t\t\t\t\t\t\t                                    <div  class=\"wppb-column-parent wppb-column-parent-view wppb-col-1636910583102  \"  >\n                                        <div class=\"wppb-column\">\n\t\t\t\t\t\n\t\t\t\t\t\t\t\t\t\t\t\n                                            <div class=\"wppb-builder-addons\">\n\t\t\t\t\t\t\t\t\t\t\t\t<div class='wppb-builder-addon wppb-addon-1636910583103'  data-addon-id='1636910583103'><div class='wppb-addon'><div class=\"wppb-person-addon\"><div class=\"wppb-person-addon-content person-layout-one\"><div class=\"wppb-person-image\"><img decoding=\"async\" class=\"wppb-person-addon-img\" src=\"http:\/\/www.losataos.org\/w\/wp-content\/uploads\/2016_8.jpg\" alt=\"Martes Santo\"><\/div><div class=\"wppb-person-information\"><span class=\"wppb-person-name\"><a  href=\"https:\/\/photos.app.goo.gl\/RSPfeexmApKdDGiN7\" target=_blank>Martes Santo<\/a><\/span><\/div><\/div><\/div><\/div><\/div>                                            <\/div>\n                                        <\/div>\n                                    <\/div>\n\t\t\t\t\t\t\t\t\t                                    <div  class=\"wppb-column-parent wppb-column-parent-view wppb-col-1636910583104  \"  >\n                                        <div class=\"wppb-column\">\n\t\t\t\t\t\n\t\t\t\t\t\t\t\t\t\t\t\n                                            <div class=\"wppb-builder-addons\">\n\t\t\t\t\t\t\t\t\t\t\t\t<div class='wppb-builder-addon wppb-addon-1636912914393'  data-addon-id='1636912914393'><div class='wppb-addon'><div class=\"wppb-text-block-addon\"><div class=\"wppb-text-block-content 0\"><p><span style=\"color: #000080\"><strong>Durante este a\u00f1o, se celebraron los actos con motivo del 350 Aniversario de las figuras de Dimas y Gestas.<\/strong><\/span><\/p>\n<p><span style=\"color: #000080\"><strong>Puedes acceder al resumen de los actos, pulsando <a href=\"http:\/\/www.losataos.org\/w\/350-aniversario-de-dimas-y-gestas\/\">aqu\u00ed <\/a><span style=\"color: #000080\">o entrando en el apartado del men\u00fa de 350 aniversario<\/span><\/strong><\/span><\/p><\/div><\/div><\/div><\/div>                                            <\/div>\n                                        <\/div>\n                                    <\/div>\n\t\t\t\t\t\t\t\t\t                                    <div  class=\"wppb-column-parent wppb-column-parent-view wppb-col-1636910583106  \"  >\n                                        <div class=\"wppb-column\">\n\t\t\t\t\t\n\t\t\t\t\t\t\t\t\t\t\t\n                                            <div class=\"wppb-builder-addons\">\n\t\t\t\t\t\t\t\t\t\t\t\t                                            <\/div>\n                                        <\/div>\n                                    <\/div>\n\t\t\t\t\t\t\t\t\t                        <\/div>\n\n                    <\/div>\n                <\/div>\n\t\t\t\t                <div  class=\"wppb-row-parent  wppb-row-1636910583555 \"  >\n\t\t\t\t\t\n\t\t\t\t\t\t\t\t\t\t\n\t\t\t\t\t\t\t\t\t\t\n\t\t\t\t\t<div class=\"wppb-container \">\n\t\t\t\t\t\t\t\t\t\t\t\t\t\n                        <div class=\"wppb-row\">\n\t\t\t\t\t\t\t                                    <div  class=\"wppb-column-parent wppb-column-parent-view wppb-col-1636910583554  \"  >\n                                        <div class=\"wppb-column\">\n\t\t\t\t\t\n\t\t\t\t\t\t\t\t\t\t\t\n                                            <div class=\"wppb-builder-addons\">\n\t\t\t\t\t\t\t\t\t\t\t\t<div class='wppb-builder-addon wppb-addon-1636913140163'  data-addon-id='1636913140163'><div class='wppb-addon'><div class=\"wppb-text-block-addon\"><div class=\"wppb-text-block-content 0\"><h2><span style=\"color: #ff6600\"><strong>Cr\u00f3nicas<\/strong><\/span><\/h2><\/div><\/div><\/div><\/div>                                            <\/div>\n                                        <\/div>\n                                    <\/div>\n\t\t\t\t\t\t\t\t\t                        <\/div>\n\n                    <\/div>\n                <\/div>\n\t\t\t\t                <div  class=\"wppb-row-parent  wppb-row-1636910583583 \"  >\n\t\t\t\t\t\n\t\t\t\t\t\t\t\t\t\t\n\t\t\t\t\t\t\t\t\t\t\n\t\t\t\t\t<div class=\"wppb-container \">\n\t\t\t\t\t\t\t\t\t\t\t\t\t\n                        <div class=\"wppb-row\">\n\t\t\t\t\t\t\t                                    <div  class=\"wppb-column-parent wppb-column-parent-view wppb-col-1636910583582  \"  >\n                                        <div class=\"wppb-column\">\n\t\t\t\t\t\n\t\t\t\t\t\t\t\t\t\t\t\n                                            <div class=\"wppb-builder-addons\">\n\t\t\t\t\t\t\t\t\t\t\t\t<div class='wppb-builder-addon wppb-addon-1636913183039'  data-addon-id='1636913183039'><div class='wppb-addon'><div class=\"wppb-accordion-addon\"><div class=\"wppb-accordion-addon-content\"><div class=\"wppb-accordion-items\"><div class=\"wppb-accordion-item repeater-0\"><div class=\"wppb-accordion-title wppb-toggle-right \"><i class=\"fas fa-pen-alt\"><\/i><span class=\"wppb-accordion-title-content\">Primera Subida al Calvario - Carnaval<\/span><span class=\"wppb-toggle-direction wppb-toggle-right\"><i class=\"fas fas fa-angle-right\"><\/i><\/span><\/div><div class=\"wppb-panel-collapse\" style=\"display: none;\"><div class=\"wppb-accordion-content\"><p><strong>Tras una intensa y exquisita jornada de convivencia en la 1\u00ba Muestra Local de la Tapa Cuartelera, celebrada en las instalaciones de Las Bodega Delgado, organizada por la corporaci\u00f3n B\u00edblica de Los Ataos Judas Pedro y Pablo, con motivo de la celebraci\u00f3n del 350 aniversario de nuestras figuras Dimas y Gesta, nos dispon\u00edamos a la celebraci\u00f3n del 1\u00ba S\u00e1bado de Cuaresma 2016.<\/strong><\/p>\n<p><strong>Co bastante puntualidad y sobre las 9,30 de la noche, mas con una buena asistencia de hermanos Ataos, hermanos m\u00fasicos e invitados, nuestro presidente Emilio Palos Rodr\u00edguez, daba la bienvenida a todos los presentes. Dese\u00e1ndonos que pas\u00e1semos una buena noche de romanos y una buen\u00edsima cuaresma.<\/strong><\/p>\n<p><strong>Entre los muchos invitados, se encontraban como viene siendo tradicional en los \u00faltimos a\u00f1os, un nutrido grupo de hermanos de Las Virtudes Morales. Jos\u00e9 Carlos Martin Cabezas y Antonio Cejudo Cabello, hermanos del Apostolado e invitados de honor de la Corporaci\u00f3n de los Ataos, en agradecimiento de su participaci\u00f3n en la Muestra de la Tapa Cuartelera.<\/strong><\/p>\n<p><strong>Pepe L\u00f3pez Prieto, artista encargado de la realizaci\u00f3n del Stand de puente Genil, en la feria de Turismo Fitur y Antonio Serrano Cosano, tambi\u00e9n invitados por la corporaci\u00f3n. Nuestro ex hermano y habitual invitado Fco. Hurtado Espadas \u201cPaco Huertas\u201d. El tambi\u00e9n ex hermano de los Ataos Hip\u00f3lito Ruiz, entre otros.<\/strong><\/p>\n<p><strong>En su intervenci\u00f3n, nuestro presidente Emilio Palos, felicitaba efusivamente a nuestros hermanos m\u00fasicos, por su X aniversario de su creaci\u00f3n, como hermanos m\u00fasicos de los Ataos. Los cuales agradecieron los elogios del presidente y entonado un pasodoble Atao.<\/strong><\/p>\n<p><strong>Poco despu\u00e9s, se le ced\u00eda la palabra, al hermano de Las Virtudes Morales Jos\u00e9 Rodr\u00edguez \u201cEl Trompa\u201d, el cual felicitaba a los Ataos, por su sensacional desfile en la Feria Fitur, diciendo que aunque \u00e9l vive en Madrid, no pudo asistir a ver el desfile ya que ese d\u00eda el ten\u00eda que trabajar. Pero le comentaron que fue grandioso y que muchos de los ausentes pontanos en la capital de Espa\u00f1a, pudiera disfrutar del desfile ya que muchos de ellos, llevaban a\u00f1os si asistir a un s\u00e1bado de cuaresma en puente Genil. Muy agradecidos y contento, vieron cumplido sus sue\u00f1os gracias a Los Ataos.<\/strong><\/p>\n<p><strong>Ya sobre las 10, 15 de la noche, el presidente nos comunicaba que \u00edbamos a iniciar la subida a las cumbres del Calvario, y que en esta ocasi\u00f3n, nos acompa\u00f1ar\u00edan los hermanos de la corporaci\u00f3n vecina, \u201cLa Destrucci\u00f3n de Sodoma\u201d, por un compromiso adquirido por el presidente de los Ataos. Iniciando as\u00ed la subida al Calvario desde la Plazuela de Lara, donde los citados hermanos nos esperaban.<\/strong><\/p>\n<p><strong>Despu\u00e9s de la bajada de Jes\u00fas y tras el toque del Miserere y el St\u00e1bat Mater bajo el p\u00f3rtico, y de nuestro tradicional canto de Alondras y ruise\u00f1ores, mas la marcha lenta por la C\/ Horno, nos dirigimos a Los Ataos. Haciendo una parada en la Plaza de Lara para despedirnos de la corporaci\u00f3n que nos acompa\u00f1a en el desfile, La Destrucci\u00f3n de Sodoma, haciendo un intercambio de regalos entre los presidentes, despu\u00e9s de dedicar unas palabras.<\/strong><\/p>\n<p><strong>Ley\u00f3 la biblia el presidente Emilio Palos, e intervinieron en la noche, por orden: Los c\u00f3micos, que regalaron unas botellas de vino hechas de escayola y pintadas a mano con las figuras de los Ataos, Judas, Pedro, Pablo, Barrabas, Dimas y Gestas, en agradecimiento por los a\u00f1os que llevan viniendo el primer s\u00e1bado de cuaresma a la corporaci\u00f3n, y la acogida que han tenido en la misma.<\/strong><\/p>\n<p><strong>Seguido intervino Pepe L\u00f3pez, que ha sido el art\u00edfice de que los Ataos estuviesen en Fitur. Siempre emocionado y con lagrimas en los ojos, dedico unas palabras de elogio hacia la corporaci\u00f3n y agradeciendo la colaboraci\u00f3n de esta con Puente Genil, al haber asistido a la feria de turismo. Tambi\u00e9n nos regalo una bonita foto como recuerdo de nuestro paso por Fitur.<\/strong><\/p>\n<p><strong>Por las virtudes Morales intervinieron los hermanos trompa y Silva, que tambi\u00e9n dieron su versi\u00f3n del paso de los Ataos por Fitur. Del significado emotivo tan importante que fue para aquellos pontanos que no pueden venir a Puente Genil, y que el pasado 23 de Enero se les inyecto un soplo de aire fresco en sus vidas, haci\u00e9ndolas recordar momentos de su infancia, de su pueblo, llen\u00e1ndolas de alegr\u00eda.<\/strong><\/p>\n<p><strong>Por los Ap\u00f3stoles intervino Jos\u00e9 Carlos Martin, que agradeci\u00f3 que hubi\u00e9semos contado con ellos para formar parte de este 350 aniversario. Nos canto una saeta.<\/strong><\/p>\n<p><strong>Tanto a los c\u00f3micos como a los Ap\u00f3stoles y Destrucci\u00f3n de Sodoma, se les obsequio con una reproducci\u00f3n de las cinco varas de lienzo amarillo.<\/strong><\/p>\n<p><strong>La pata de la vieja se le concedi\u00f3 al grupo de m\u00fasica; la recogieron Sergio Morales como jefe del grupo y Miguel Trigos como \u00abdecano\u00bb del mismo. Tomo la palabra Miguel agradeciendo al presidente el que les hubiese dado la primera pata de la cuaresma 2016.<\/strong><\/p>\n<p><strong>Un 1\u00ba s\u00e1bado de cuaresma muy emotivo y esperado.<\/strong><\/p>\n<p><strong>Redacci\u00f3n de Antonio G\u00e1lvez<\/strong> y Jos\u00e9 Amador, que realizo el reportaje fotogr\u00e1fico<\/p><\/div><\/div><\/div><div class=\"wppb-accordion-item repeater-1\"><div class=\"wppb-accordion-title wppb-toggle-right \"><i class=\"fas fa-pen-alt\"><\/i><span class=\"wppb-accordion-title-content\">Segunda Subida al Calvario - Tentaciones<\/span><span class=\"wppb-toggle-direction wppb-toggle-right\"><i class=\"fas fas fa-angle-right\"><\/i><\/span><\/div><div class=\"wppb-panel-collapse\" style=\"display: none;\"><div class=\"wppb-accordion-content\"><p><strong>Comenz\u00f3 la noche tomando la palabra el presidente de Los Ataos Emilio Palos, para dar la bienvenida a todos los all\u00ed presentes, especialmente a la corporaci\u00f3n de Las Potencias del Alma as\u00ed como a las autoridades que esta noche nos acompa\u00f1an; Esteban Morales, Alcalde, Pepe Espejo, concejal de turismo, Jos\u00e9 Antonio G\u00f3mez, concejal de educaci\u00f3n y Pepe Cerezo secretario del alcalde y hermano del Apostolado.<\/strong><\/p>\n<p><strong>Seguidamente le dio paso al presidente de las Potencias Antonio Rivas, que hizo lo propio desde la \u00f3ptica de su corporaci\u00f3n. Se alzaron las copas para desear que pas\u00e1ramos una estupenda noche.<\/strong><\/p>\n<p><strong>En el transcurrir de la primera parte de la noche, se le dio la palabra al concejal de turismo Jos\u00e9 Espejo, que agradeciendo la invitaci\u00f3n, dio las gracias a Los Ataos por su presencia en Fitur, as\u00ed como resalto la labor y esfuerzo de esta corporaci\u00f3n con Puente Genil para dar a conocer y engrandecer la Semana Santa.<\/strong><\/p>\n<p><strong>Tras un breve descanso por un apag\u00f3n de la luz, se le dio la palabra a Francisco Perea de la corporaci\u00f3n de las Potencias, que como es habitual en \u00e9l, nos deleito con una poes\u00eda, esta vez dedicada al gallo y basada en el viaje a Fitur y el acto de presentaci\u00f3n de los actos del 350 aniversario.<\/strong><\/p>\n<p><strong>A pesar de que la noche estaba lluviosa, en una tregua que esta dio, salimos a cumplir con el patr\u00f3n. En la subida al calvario cogieron el gallo por este orden: Manolo Estrada, Antonio Estrada, Esteban Morales, Antonio P\u00e9rez, Jos\u00e9 Espejo y Daniel Cejas. En el p\u00f3rtico tambi\u00e9n cogi\u00f3 el gallo Jos\u00e9 Antonio G\u00f3mez.<\/strong><\/p>\n<p><strong>La vuelta al cuartel fue r\u00e1pida y sin paradas porque la lluvia amenazaba con arreciar. Una vez en el cuartel, a salvo de las inclemencias del tiempo, se canto la tradicional Alondras y Ruise\u00f1ores.<\/strong><\/p>\n<p><strong>La Biblia la ley\u00f3 Jaime Rodas, y seguido Antonio Estrada nos canto una saeta.<\/strong><\/p>\n<p><strong>Tom\u00f3 la palabra Emilio Palos e hizo entrega e imposici\u00f3n del delantal del 350 aniversario al Alcalde Esteban Morales, que el pasado d\u00eda 6 de Febrero no pudo estar en la 1\u00aa muestra de la tapa. Esteban Morales agradeci\u00f3 el detalle y tras unas palabras dedicadas a las dos corporaciones, nos obsequio con un cuadro a cada corporaci\u00f3n, en el que dice: \u201cAqu\u00ed se vive la mananta\u201d.<\/strong><\/p>\n<p><strong>Despu\u00e9s, por parte de Las Potencias, su presidente Antonio Rivas cedi\u00e9ndole la palabra a su hermano de corporaci\u00f3n y hermano Mayor de la Gu\u00eda, Manolo Estrada, que tras unas palabras, en las que dicen que ellos tambi\u00e9n se sent\u00edan parte del 350 aniversario de los ataos, hicieron entrega de un obsequio donde est\u00e1n Dimas y Gestas representados. Despu\u00e9s el presidente de las potencias solicito la presencia de los decanos de ambas corporaciones para hacerse la foto. El presidente de Los Ataos hizo lo correspondiente con Las Potencias y les hizo entrega de una reproducci\u00f3n del cuadro con las cinco varas de lienzo. Acto seguido el grupo de m\u00fasica toco la marcha La Maga que es la m\u00fasica del himno de las Potencias.<\/strong><\/p>\n<p><strong>Pidi\u00f3 la palabra Franci Pozo, quien un poco emocionado dio las gracias a los Ataos por haber contado con ellos para la 1\u00aa muestra de tapa cuartelera, que est\u00e1n a disposici\u00f3n de los Ataos para lo que los necesitemos, y pidi\u00f3 encarecidamente a las dos corporaciones que este acto de hermandad del 2\u00ba s\u00e1bado de cuaresma no se pierda.<\/strong><\/p>\n<p><strong>Tras esta intervenci\u00f3n, el presidente de Los Ataos hizo entrega de una reproducci\u00f3n del cuadro de las cinco varas de lienzo a cada una de las autoridades municipales que nos acompa\u00f1an, y le cede la palabra al concejal de educaci\u00f3n Jos\u00e9 Antonio G\u00f3mez. Comenz\u00f3 diciendo que aunque hoy viene invitado como concejal, el se siente un Atao m\u00e1s. Prosigui\u00f3 dando la enhorabuena a la corporaci\u00f3n por el 350 aniversario, y aun m\u00e1s, en su condici\u00f3n de concejal de educaci\u00f3n, por el acto a celebrar de llevar a los colegios un libro que trata de la historia de la semana santa unida a la historia de Puente Genil; por ese acercamiento de los ni\u00f1os de Puente Genil a su historia, costumbres y tradiciones.<\/strong><\/p>\n<p><strong>Como es tradicional y antes de levantar la pata, Antonio Estrada \u00abChango\u00bb de las Potencias y Antonio L\u00f3pez de Los Ataos, haciendo uso de sus grandes facultades para el canto, nos deleitaron con dos hermosas cuarteleras.<\/strong><\/p>\n<p><strong>Se procedi\u00f3 a dar la pata de la vieja Cuaresmera y en esta ocasi\u00f3n las dos patas de los Ataos y Potencias fueron para la misma persona, nuestro alcalde Esteban Morales S\u00e1nchez, quien una vez m\u00e1s agradeci\u00f3 a ambas corporaciones el detalle y nos alent\u00f3 para seguir con este hermanamiento.<\/strong><\/p>\n<p><strong>Todas las autoridades firmaron el libro de honor de la corporaci\u00f3n.<\/strong><\/p>\n<p class=\"has-text-align-right\"><strong>Redacci\u00f3n y fotograf\u00edas: Jos\u00e9 Amador Beltr\u00e1n<\/strong><\/p><\/div><\/div><\/div><div class=\"wppb-accordion-item repeater-2\"><div class=\"wppb-accordion-title wppb-toggle-right \"><i class=\"fas fa-pen-alt\"><\/i><span class=\"wppb-accordion-title-content\">Tercera Subida al Calvario - Transfiguraci\u00f3n<\/span><span class=\"wppb-toggle-direction wppb-toggle-right\"><i class=\"fas fas fa-angle-right\"><\/i><\/span><\/div><div class=\"wppb-panel-collapse\" style=\"display: none;\"><div class=\"wppb-accordion-content\"><p><strong>Un s\u00e1bado de cuaresma m\u00e1s y ya van 3, la corporaci\u00f3n B\u00edblica los Ataos, Judas, Pedro Y Pablo, celebr\u00e1bamos el 3\u00ba s\u00e1bado de cuaresma y subida al Calvario. Con una buena asistencia de hermanos e invitados.<\/strong><br \/><strong>Por primera vez y con motivo del 350 Aniversario de las Figuras Dimas y Gestas. Compartieron mesa y mantel con los Ataos, una amplia representaci\u00f3n de mujeres, de la vida social, estatal y manantera. Culminado as\u00ed el acto de la ma\u00f1ana promovido por nuestra corporaci\u00f3n, enmarcado en el 350 Aniversario. \u201cTon\u00e1 Musical Manantera\u201d.<\/strong><\/p>\n<p><strong>Entre los numerosos invitados, se encontraban, la ex Cofrade Mayor de nuestra Patrona la Pur\u00edsima Concepci\u00f3n, Encarnaci\u00f3n Estepa-Ana Carrillo, Vicepresidenta de la Diputaci\u00f3n de C\u00f3rdoba-la Teniente de Alcalde, Ver\u00f3nica Morillo-la Concejala de Igualdad, Julia Romero-la Concejala de Festejos, Mariola Gonzales- rosario M\u00e1rquez y otra hermana representantes de la corporaci\u00f3n \u201cLas Hijas de Salfat\u201d- dos hermanas de la corporaci\u00f3n \u201cEl Legado de Mar\u00eda\u201d \u2013 Inma Amador y Mar\u00eda Ortiz, de la corporaci\u00f3n \u201cLa Sagrada Alianza\u201d, grupo de penitencia de la Cofrad\u00eda de la Virgen de la Gu\u00eda \u2013 la pregonera del Jueves Lardero del 2015, Virginia Requena \u2013 la fot\u00f3grafa e hija de nuestro hermano Manuel Garc\u00eda, Bel\u00e9n Garc\u00eda \u2013 Virginia Gil Luque, autora del Libro Infantil \u201cDos historias paralelas: Puente Genil y su Mananta\u201d y la Cofrade Mayor de Jes\u00fas en su entrada en Jerusal\u00e9n y Virgen de la estrella, Inma Palo y sus hermana.<\/strong><\/p>\n<p><strong>Tambi\u00e9n asisti\u00f3 el Presidente de la Agrupaci\u00f3n de Cofrad\u00edas y Figuras B\u00edblicas, Juan Miguel Granados \u2013 el Concejal Antonio Pineda \u2013 Emilio Garc\u00eda, nieto de \u201cJuan Garc\u00eda \u201cNi\u00f1o Hierro\u201d- nuestro ex hermano Francisco Ruz \u201cPaco Huertas\u201d encargado de cocinar la riqu\u00edsima paella, que disgustamos en la Plaza de la Mananta, e invitados de hermanos Ataos y hermanos m\u00fasicos.<\/strong><br \/><strong>Nuestro Presidente Emilio Palos, abr\u00eda la cesi\u00f3n, saludando a todos y todas las presentes, a los hermanos m\u00fasicos por su labor encomiable, en todos los actos del 350 Aniversario y en esta noche cuaresmal, deseando que pas\u00e1semos una buena noche. Agradeciendo a los invitados de honor, el haber asestado esta invitaci\u00f3n y felicit\u00e1ndonos por la asistencia del maravilloso acto vivido por la ma\u00f1ana.<\/strong><\/p>\n<p><strong>Tambi\u00e9n nos comunicaba, que esta noche y en la subida al Calvario, nos acompa\u00f1ar\u00edan los hermanos de la corporaci\u00f3n B\u00edblica \u201cLos Lazaros\u201d. D\u00e1ndole pas\u00f3 a nuestros hermanos m\u00fasicos, que nos interpretaron un pasodoble Atao.<\/strong><\/p>\n<p><strong>Despu\u00e9s y ya desde la Plazuela de Lara, inici\u00e1bamos la subida al calvario, donde bajo el p\u00f3rtico de Jes\u00fas Nazareno, se entonaron el Miserere y el St\u00e1bat Mater.<\/strong><br \/><strong>Ya en la bajada y despu\u00e9s de cantar nuestra tradicional Alondras y Ruise\u00f1ores, iniciamos de nuevo el desfile rumbo al cuartel, bajando por calle Horno a paso de una marcha que son\u00f3 a gloria. Como va siendo costumbre a\u00f1o tras a\u00f1o, los hermanos del Juicio de Salom\u00f3n nos esperaron a la puerta de su cuartel y nos invitaron a entrar para tomar una copa. Una vez cumplida la invitaci\u00f3n, nos encaminamos hacia la Plaza de Lara para despedir a la corporaci\u00f3n invitada este s\u00e1bado, La Resurrecci\u00f3n de L\u00e1zaro.<\/strong><\/p>\n<p><strong>Una vez en el cuartel, se procede a la lectura del Evangelio de San Mateo, correspondiente a este s\u00e1bado de Transfiguraci\u00f3n. En esta ocasi\u00f3n la lectura es hecha por Antonio Moreno y la reflexi\u00f3n a esta, Pepe Amador.<\/strong><br \/><strong>Tras unos minutos de amena conversaci\u00f3n, el presidente se levant\u00f3 y se fue junto a la vieja Cuaresmera ,y fue llamando a las representantes de las corporaciones Las Hijas De Salfat, El Legado de Mar\u00eda y La Sagrada Alianza; A la ex cofrade Mayor de La Pur\u00edsima, a la Cofrade Mayor de Jes\u00fas en su entrada triunfal en Jerusal\u00e9n, La Borriquita; a la pregonera del Jueves Lardero 2015, a la archivera municipal, comisaria de la exposici\u00f3n fotogr\u00e1fica, representantes pol\u00edticas y agrupaci\u00f3n de cofrad\u00edas.<\/strong><\/p>\n<p><strong>A todas ellas se les dio la palabra para que expresaran c\u00f3mo hab\u00edan vivido una noche de cuaresma en Los Ataos, as\u00ed como para que nos dejaran sus impresiones y sentimientos mananteros.<\/strong><br \/><strong>Comenz\u00f3 Encarnaci\u00f3n Estepa como ex cofrade de la Pur\u00edsima, le sigui\u00f3 la cofrade de la borriquita, la presidenta de las Hijas de Salfat, El Legado de Mar\u00eda y la Sagrada Alianza. Virginia Gil como autora del libro que se presentara en el 350 aniversario, Bel\u00e9n Garc\u00eda, Comisaria de la exposici\u00f3n fotogr\u00e1fica, Virginia Requena, Pregonera del Jueves Lardero 2015, Mariola Gonz\u00e1lez, Concejal de Festejos, Ver\u00f3nica Morillo, Tte. de Alcalde del Ayuntamiento y Juan Miguel Granados, presidente de la Agrupaci\u00f3n de Cofrad\u00edas.<\/strong><\/p>\n<p><strong>Una vez terminadas estas intervenciones, se procedi\u00f3 a entregarles a cada uno de los invitados un recuerdo de Los Ataos, que como se viene haciendo, es una reproducci\u00f3n del cuadro de las cinco varas de lienzo; a su vez, estos invitados tambi\u00e9n nos obsequiaron con unos presentes, para que quedaran como constancia y recuerdo de su paso por esta corporaci\u00f3n. Tambi\u00e9n se les entrego un recuerdo a la concejala de Igualdad y a la vicepresidenta de la Diputaci\u00f3n Provincial, Ana Carrillo.<\/strong><\/p>\n<p><strong>La Cofrade de la borriquita nos deleit\u00f3 con una cuartelera, haciendo gala de una potente y bonita voz, adem\u00e1s de buen gusto al cantar. Una de las componentes del Legado de Mar\u00eda nos ofreci\u00f3 una bonita poes\u00eda.<\/strong><br \/><strong>Una vez llegados los postres, es la hora de levantar la pata a la vieja Cuaresmera, y en esta ocasi\u00f3n, el presidente se la otorg\u00f3 a Ana Carrillo, Vicepresidenta de la Diputaci\u00f3n de C\u00f3rdoba, la cual muy emocionada e ilusionada procedi\u00f3 a coger la pata. Dio las gracias por el gesto al presidente, y a Los Ataos por ese paso tan importante que se ha dado dentro de la Semana Santa. Nos regal\u00f3 una maqueta de la fachada de la diputaci\u00f3n.<\/strong><br \/><strong>Como es costumbre se termin\u00f3 la noche con un desfile a los sones de un pasodoble que nos ofreci\u00f3 nuestro grupo de m\u00fasica<\/strong><br \/><strong>.<\/strong><\/p>\n<p class=\"has-text-align-right\"><strong>Redacci\u00f3n Antonio G\u00e1lvez y fotograf\u00edas: Jos\u00e9 Amador Beltr\u00e1n<\/strong><\/p><\/div><\/div><\/div><div class=\"wppb-accordion-item repeater-3\"><div class=\"wppb-accordion-title wppb-toggle-right \"><i class=\"fas fa-pen-alt\"><\/i><span class=\"wppb-accordion-title-content\">Cuarta Subida al Calvario - Diablo Mudo<\/span><span class=\"wppb-toggle-direction wppb-toggle-right\"><i class=\"fas fas fa-angle-right\"><\/i><\/span><\/div><div class=\"wppb-panel-collapse\" style=\"display: none;\"><div class=\"wppb-accordion-content\"><p><strong>Como es habitual, comenz\u00f3 la noche con las palabras del presidente, dando la bienvenida a Ataos e invitados, y en esta ocasi\u00f3n a un invitado de excepci\u00f3n, D. Manuel Reina G\u00f3mez, Manantero Ejemplar 2016 y a su vez Capit\u00e1n del Imperio Romano, as\u00ed como el presidente de la Agrupaci\u00f3n de Cofrad\u00edas, Juan Miguel Granados Morillo, que nos acompa\u00f1a una noche m\u00e1s.<\/strong><br \/><strong>En el discurrir de estos primeros compases de la noche, entre la amena charla de los asistentes a la noche de Diablo Mudo, nos visita la Chusma del Imperio Romano, que en esta ocasi\u00f3n, y como viene siendo ya una costumbre a\u00f1o tras a\u00f1o, est\u00e1 compuesta en su mayor\u00eda por componentes de la escuadra tabaco. Sin m\u00e1s intervenciones que destacar, solo el sonido de unas cuarteleras cantadas por alg\u00fan hermano, el presidente pide antes de sortear el gallo, que el turno de Veracruz a Jes\u00fas, sea reservado para que el Manantero Ejemplar porte el gallo. Los Ataos, complacidos y gustosos de que este caballero que hoy nos honra con su presencia sea el portador del gallo a los pies del Nazareno, proceden con el sorteo. Una vez terminado este, nos dirigimos a la plaza de Lara para cumplir con nuestro desfile y visita al patr\u00f3n. En esta plaza nos esperan, nerviosos como ni\u00f1os, los componentes de la corporaci\u00f3n El Arca de No\u00e9, que son los invitados a desfilar con nosotros este s\u00e1bado<\/strong><br \/><br \/><strong>En la subida al Calvario, cogieron el gallo por este orden: Sergio Serrano, Jos\u00e9 Alberto S\u00e1nchez, Manuel Reina G\u00f3mez, Jos\u00e9 Carlos Quero, Presidente del Arca, Francisco Avil\u00e9s y Antonio Ruiz.<\/strong><br \/><br \/><strong>Como todos los s\u00e1bados, paramos en Plaza de Lara para despedir a El Arca de No\u00e9, y tras breves pero emotivas palabras por parte de ambos presidentes, se intercambiaron sendos regalos, ante la atenta mirada de los all\u00ed presentes. En la despedida, solo hab\u00eda palabras de agradecimiento de los hermanos del Arca, por haberles dado la oportunidad de desfilar con Los Ataos.<\/strong><br \/><br \/><strong>Una vez en nuestro cuartel, y antes de comenzar con la cena, se procedi\u00f3 a la lectura del Evangelio de San Lucas, correspondiente al d\u00eda de hoy, Diablo Mudo. En esta ocasi\u00f3n, hizo la lectura el hermano Francisco Jos\u00e9 Mart\u00ednez.<\/strong><br \/><strong>El siguiente en intervenir fue el invitado de honor y Manantero Ejemplar, Manuel Reina, que con unas sencillas pero hermosas palabras, nos expres\u00f3 su sentimiento y admiraci\u00f3n por esta corporaci\u00f3n, el placer y el honor de haber cogido el gallo, y felicit\u00f3 a la corporaci\u00f3n por los actos del 350 Aniversario, diciendo que hay muy pocas corporaciones a la altura de poder desarrollar estos actos, y que adem\u00e1s estamos haciendo cosas que nunca se hab\u00edan hecho en la Cuaresma y Semana Santa de Puente Genil, anim\u00e1ndonos as\u00ed, a continuar con nuestro gran trabajo de este 350 Aniversario y por la Cuaresma y Semana Santa de Puente Genil.<\/strong><br \/><br \/><strong>Tras esta intervenci\u00f3n, y entre copas, brindis y dos saetas, cantadas por V\u00edctor M\u00f3rales y Francisco Avil\u00e9s, se lleg\u00f3 a la entrega de la pata de la vieja, que en el d\u00eda de hoy y como no pod\u00eda ser menos, recay\u00f3 en la persona de Manuel Reina G\u00f3mez, Manantero Ejemplar, que con pocas pero precisas palabras agradeci\u00f3 la invitaci\u00f3n de Los Ataos, y volvi\u00f3 a animarnos a seguir con el trabajo del 350 Aniversario. Y ya como es habitual, se cerr\u00f3 la noche con un pasodoble por parte del grupo de m\u00fasica, para que todos desfil\u00e1semos acompa\u00f1ando al receptor de la pata. Una vez terminado el desfile, se invit\u00f3 a Manuel Reina a firmar en el libro de honor de la corporaci\u00f3n.<\/strong><br \/><br \/><strong>Cr\u00f3nica: de Jos\u00e9 Amador Beltr\u00e1n<\/strong><\/p><\/div><\/div><\/div><div class=\"wppb-accordion-item repeater-4\"><div class=\"wppb-accordion-title wppb-toggle-right \"><i class=\"fas fa-pen-alt\"><\/i><span class=\"wppb-accordion-title-content\">Quinta Subida al Calvario - Pan y Peces<\/span><span class=\"wppb-toggle-direction wppb-toggle-right\"><i class=\"fas fas fa-angle-right\"><\/i><\/span><\/div><div class=\"wppb-panel-collapse\" style=\"display: none;\"><div class=\"wppb-accordion-content\"><p><strong>El 5\u00ba s\u00e1bado de cuaresma denominado de \u201cPan y Peces, hizo honor a su nombre en el cuartel de los Ataos. Se multiplicaron los invitados, con un sal\u00f3n comedor a rebosar.<\/strong><\/p>\n<p><strong>Fueron tan numerosos los invitados, que no reflejo todos los nombres, por poder caer en el error de dejarme alguno atr\u00e1s. Solo dejar patente, que hubo hermanos de barias corporaciones y cofrad\u00edas, como el cofrade mayor de San Juan Evangelista \u2013 dos hermanos de la corporaci\u00f3n de la \u201cJudea\u201d- uno del \u201cArca de la Alianza\u201d- de los \u201cLazaros\u201d- de los \u201cSamaritanos\u201d \u2013 hijos de hermanos Ataos, familiares y amigos, m\u00e1s los de nuestros hermanos m\u00fasicos, como el hijo de Miguel Trigos.<\/strong><\/p>\n<p><strong>Por parte de la corporaci\u00f3n, fueron invitados de honor, el Cronista de la Villa Antonio Illanes \u2013 el Cofrade Mayor del Cristo del Calvario Antonio Ma\u00edz y Luis Velasco Fern\u00e1ndez, autor del libro para los Colegios.<\/strong><\/p>\n<p><strong>Nuestro presidente Emilio Palos, daba la bienvenida a todos los presentes puntualizando, que por el n\u00famero tan elevado de invitados, no se pronunciar\u00eda a saludar uno a uno, ya que la lista era muy larga y pod\u00eda dejarse alguno atr\u00e1s. Solo lo hizo con los invitados de honor por la corporaci\u00f3n y explicando muy por encima los actos del 350 Aniversario de Dimas y Gestas, ya celebrados y los que quedan por celebrar.<\/strong><\/p>\n<p><strong>Tambi\u00e9n nos informaba\u00a0 que debido a que otras corporaciones y cofrad\u00edas celebraban tambi\u00e9n este a\u00f1o alg\u00fan aniversario, tuvo que mandar a otros hermanos Ataos a los mismos, en representaci\u00f3n de nuestra corporaci\u00f3n.<\/strong><\/p>\n<p><strong>Pr\u00e1cticamente sin descaso, tomaba la palabra nuestro hermano m\u00fasico Ismael Ure\u00f1a, para agradecer el homenaje tributado a su abuelo Tomas Ure\u00f1a, y que en la ex poci\u00f3n de fotograf\u00edas, hubiese un apartado dedicado a la m\u00fasica y a su abuelo, \u201cEl Maestro de m\u00fasica D. Tomas Ure\u00f1a Ruiz, que en Gloria este.<\/strong><\/p>\n<p><strong>Pr\u00e1cticamente y con el tiempo justo para el desfile a las cumbres del Calvario, tomo la palabra el hermano de \u201cLos Samaritanos\u201d Miguel Cejas, que fue invitado por su hijo y hermano m\u00fasico. En su intervenci\u00f3n, felicitaba a la corporaci\u00f3n de Los Ataos, por los magn\u00edficos y novedosos actos del 350 Aniversario, m\u00e1s asiendo un reconocimiento hacia la persona del hermano Atao Antonio G\u00e1lvez, el cual desde pr\u00e1cticamente su incorporaci\u00f3n en esta corporaci\u00f3n, alterna como cualquier hermano, con la salvedad de no probar el alcohol. Teniendo un gran m\u00e9rito por su voluntad y amor demostrado a su corporaci\u00f3n y cofrad\u00eda.<\/strong><\/p>\n<p><strong>Miguel Cejas, terminaba su intervenci\u00f3n, recit\u00e1ndonos una poes\u00eda de su cosecha. Nuevamente el presidente tomaba la palabra, pera indicarnos que ya \u00edbamos a iniciar el desfile cuaresmal y que en la Plazuela de Lara, se incorporar\u00edan con los ataos para el desfile, la corporaci\u00f3n \u201cDel Prendimiento de Jes\u00fas, y que debido al n\u00famero de hermanos, la banda de m\u00fasica, se colocar\u00eda en el centro para que todos la oy\u00e9semos bien en el desfile.<\/strong><\/p>\n<p><strong>Despu\u00e9s y una vez cantada nuestra tradicional Alondras y Ruise\u00f1ores, nos dirigimos hacia la Plaza de Lara a los\u00a0 sones de la marcha Virgen de la Gu\u00eda, magistralmente interpretada por el grupo de m\u00fasica de Los Ataos.<\/strong><\/p>\n<p><strong>Una vez llegamos a la plaza, y antes de despedir al grupo invitado de esta noche, El Prendimiento, y como ya viene siendo tradici\u00f3n, los encargados de cocina nos deleitaron con una fritura de pescado, que todos compartimos entre una amena charla. Seguidamente, los presidentes de ambos grupos nos dirigieron unas palabras, e intercambiaron unos regalos como recuerdo de tan magn\u00edfico d\u00eda. Una vez m\u00e1s, se le pidi\u00f3 al hermano del Prendimiento que nos deleitara con la poes\u00eda del gallo, obra de P\u00e9rez Carrascosa, y como siempre hizo una magn\u00edfica interpretaci\u00f3n de la misma;\u00a0 Y all\u00ed nos despedimos entre abrazos y apretones de manos.<\/strong><\/p>\n<p><strong>Una vez sentados en el cuartel, el presidente pide silencio, pues nos preparamos para escuchar la lectura del evangelio de San Juan, correspondiente a este 5\u00ba s\u00e1bado de cuaresma, Pan y Peces, y que esta noche ha sido le\u00edda por Vector Bedmar.<\/strong><\/p>\n<p><strong>Tras unos minutos de pausa, para poder degustar el consom\u00e9, se le dio la palabra al Cofrade Mayor de San Juan, Francisco Vela, el cual dirigi\u00e9ndose a los presentes, agradeci\u00f3 la ayuda y el apoyo prestado por Los Ataos, en concreto su grupo de m\u00fasica.<\/strong><\/p>\n<p><strong>Despu\u00e9s le dio paso a un hermano de La Judea, Antonio Sierra, quien tras agradecer la invitaci\u00f3n, dijo\u00a0 estar emocionado y sorprendido por el ambiente manantero que hab\u00eda vivido esta noche; seguidamente nos cant\u00f3 una bonita saeta. El decano, Manuel G\u00e1lvez Silva, le dedico una cuartelera a este hermano.<\/strong><\/p>\n<p><strong>El siguiente en ser levantado, para que dijera unas palabras, fue al autor del libro que para este CCCL aniversario se ha hecho sobre la historia paralela de Puente Genil y la Semana Santa y que se ha presentado en los colegios Agust\u00edn Rodr\u00edguez y C\u00eda. De Mar\u00eda, Luis Velasco Fern\u00e1ndez-Nieto, quien agradeci\u00f3 la confianza depositada en \u00e9l para hacer este trabajo. Despu\u00e9s obsequio a la corporaci\u00f3n con un gran cuadro que refleja un recorte de peri\u00f3dico del a\u00f1o 1860, donde ya se habla de la Semana Santa de Puente Genil y de los Ataos, lo que nos hace saber que en ese a\u00f1o ya exist\u00eda la corporaci\u00f3n de los Ataos. Tambi\u00e9n regal\u00f3 a Manolo Garc\u00eda un cuadro con una foto de Los Ataos en un Viernes Santo de 1913.<\/strong><\/p>\n<p><strong>Ya, casi finalizada la cena, el presidente entrego unas r\u00e9plicas del cuadro de las cinco varas de lienzo a Rafael Serrano Cosano, hermano de nuestro Francisco Serrano Cosano, en agradecimiento por su colaboraci\u00f3n con este cuartel cuando se le ha pedido. Tambi\u00e9n a Francisco Vela, Cofrade de San Juan, para que tuviese un recuerdo de su paso por Los Ataos; A Mariano Moyano, que lo recogi\u00f3 en nombre de La Judea, y tambi\u00e9n nos dijo que estaba sorprendido por el gran ambiente manantero que hab\u00eda vivido esta noche; y por \u00faltimo a Antonio Ma\u00edz, Cofrade Mayor del Calvario y Consuelo, quien se dirigi\u00f3 a los presentes agradeciendo que hubi\u00e9semos contado con su cofrad\u00eda para la celebraci\u00f3n de nuestro CCCL aniversario.<\/strong><\/p>\n<p><strong>Por \u00faltimo, se levant\u00f3 el presidente y dirigi\u00e9ndose a todos, le dio la pata a Francisco Serrano por su 25 Aniversario en la corporaci\u00f3n. Este agradeci\u00f3 esta pata de la vieja e invito a su hijo que se levantara para recibirla con \u00e9l.<\/strong><\/p>\n<p><strong>Y con el tradicional desfile, dedicado al homenajeado con la pata, se cierra la noche de Pan Y Peces.<\/strong><\/p>\n<p class=\"has-text-align-right\"><strong>Redacci\u00f3n: de Antonio G\u00e1lvez y Jos\u00e9 Amador.<\/strong><\/p><\/div><\/div><\/div><div class=\"wppb-accordion-item repeater-5\"><div class=\"wppb-accordion-title wppb-toggle-right \"><i class=\"fas fa-pen-alt\"><\/i><span class=\"wppb-accordion-title-content\">Primera Subida al Calvario - Carnaval<\/span><span class=\"wppb-toggle-direction wppb-toggle-right\"><i class=\"fas fas fa-angle-right\"><\/i><\/span><\/div><div class=\"wppb-panel-collapse\" style=\"display: none;\"><div class=\"wppb-accordion-content\"><\/div><\/div><\/div><\/div><\/div><\/div><\/div><\/div>                                            <\/div>\n                                        <\/div>\n                                    <\/div>\n\t\t\t\t\t\t\t\t\t                        <\/div>\n\n                    <\/div>\n                <\/div>\n\t\t\t\t<\/div>","protected":false},"excerpt":{"rendered":"<p>Primera Subida al Calvario Segunda Subida al Calvario Tercera Subida al Calvario Cuarta Subida al Calvario Quinta Subida al Calvario Sexta Subida al Calvario Martes Santo Durante este a\u00f1o, se celebraron los actos con motivo del 350 Aniversario de las figuras de Dimas y Gestas. Puedes acceder al resumen de los actos, pulsando aqu\u00ed o&hellip;&nbsp;<a href=\"https:\/\/www.losataos.org\/w\/fotografias-2016\/\" rel=\"bookmark\">Leer m\u00e1s &raquo;<span class=\"screen-reader-text\">Fotograf\u00edas 2016<\/span><\/a><\/p>\n","protected":false},"author":2,"featured_media":0,"parent":0,"menu_order":0,"comment_status":"closed","ping_status":"open","template":"","meta":{"neve_meta_sidebar":"","neve_meta_container":"","neve_meta_enable_content_width":"","neve_meta_content_width":0,"neve_meta_title_alignment":"","neve_meta_author_avatar":"","neve_post_elements_order":"","neve_meta_disable_header":"","neve_meta_disable_footer":"","neve_meta_disable_title":"","footnotes":""},"wf_page_folders":[15],"class_list":["post-2069","page","type-page","status-publish","hentry"],"jetpack_sharing_enabled":true,"_links":{"self":[{"href":"https:\/\/www.losataos.org\/w\/wp-json\/wp\/v2\/pages\/2069","targetHints":{"allow":["GET"]}}],"collection":[{"href":"https:\/\/www.losataos.org\/w\/wp-json\/wp\/v2\/pages"}],"about":[{"href":"https:\/\/www.losataos.org\/w\/wp-json\/wp\/v2\/types\/page"}],"author":[{"embeddable":true,"href":"https:\/\/www.losataos.org\/w\/wp-json\/wp\/v2\/users\/2"}],"replies":[{"embeddable":true,"href":"https:\/\/www.losataos.org\/w\/wp-json\/wp\/v2\/comments?post=2069"}],"version-history":[{"count":16,"href":"https:\/\/www.losataos.org\/w\/wp-json\/wp\/v2\/pages\/2069\/revisions"}],"predecessor-version":[{"id":2435,"href":"https:\/\/www.losataos.org\/w\/wp-json\/wp\/v2\/pages\/2069\/revisions\/2435"}],"wp:attachment":[{"href":"https:\/\/www.losataos.org\/w\/wp-json\/wp\/v2\/media?parent=2069"}],"wp:term":[{"taxonomy":"wf_page_folders","embeddable":true,"href":"https:\/\/www.losataos.org\/w\/wp-json\/wp\/v2\/wf_page_folders?post=2069"}],"curies":[{"name":"wp","href":"https:\/\/api.w.org\/{rel}","templated":true}]}}