{"id":1998,"date":"2021-08-03T23:56:40","date_gmt":"2021-08-03T23:56:40","guid":{"rendered":"http:\/\/www.losataos.org\/w\/?page_id=1998"},"modified":"2021-08-04T15:04:56","modified_gmt":"2021-08-04T15:04:56","slug":"fotografias-2015","status":"publish","type":"page","link":"https:\/\/www.losataos.org\/w\/fotografias-2015\/","title":{"rendered":"Fotograf\u00edas 2015"},"content":{"rendered":"<div id=\"wppb-builder-container\" class=\"wppb-builder-container\">                <div  class=\"wppb-row-parent  wppb-row-1636906090451 \"  >\n\t\t\t\t\t\n\t\t\t\t\t\t\t\t\t\t\n\t\t\t\t\t\t\t\t\t\t\n\t\t\t\t\t<div class=\"wppb-container \">\n\t\t\t\t\t\t\t\t\t\t\t\t\t\n                        <div class=\"wppb-row\">\n\t\t\t\t\t\t\t                                    <div  class=\"wppb-column-parent wppb-column-parent-view wppb-col-1636906090448  \"  >\n                                        <div class=\"wppb-column\">\n\t\t\t\t\t\n\t\t\t\t\t\t\t\t\t\t\t\n                                            <div class=\"wppb-builder-addons\">\n\t\t\t\t\t\t\t\t\t\t\t\t<div class='wppb-builder-addon wppb-addon-1636906122188'  data-addon-id='1636906122188'><div class='wppb-addon'><div class=\"wppb-person-addon\"><div class=\"wppb-person-addon-content person-layout-one\"><div class=\"wppb-person-image\"><img decoding=\"async\" class=\"wppb-person-addon-img\" src=\"http:\/\/www.losataos.org\/w\/wp-content\/uploads\/2015_a.jpg\" alt=\"Almuerzo Tercero de la Soledad\"><\/div><div class=\"wppb-person-information\"><span class=\"wppb-person-name\"><a  href=\"https:\/\/photos.app.goo.gl\/CDovwW7Rm6YtWP7c8\" target=_blank>Almuerzo Tercero de la Soledad<\/a><\/span><\/div><\/div><\/div><\/div><\/div>                                            <\/div>\n                                        <\/div>\n                                    <\/div>\n\t\t\t\t\t\t\t\t\t                                    <div  class=\"wppb-column-parent wppb-column-parent-view wppb-col-1636906090449  \"  >\n                                        <div class=\"wppb-column\">\n\t\t\t\t\t\n\t\t\t\t\t\t\t\t\t\t\t\n                                            <div class=\"wppb-builder-addons\">\n\t\t\t\t\t\t\t\t\t\t\t\t<div class='wppb-builder-addon wppb-addon-1636906090550'  data-addon-id='1636906090550'><div class='wppb-addon'><div class=\"wppb-person-addon\"><div class=\"wppb-person-addon-content person-layout-one\"><div class=\"wppb-person-image\"><img decoding=\"async\" class=\"wppb-person-addon-img\" src=\"http:\/\/www.losataos.org\/w\/wp-content\/uploads\/2015_b.jpg\" alt=\"Colgado del estandarte\"><\/div><div class=\"wppb-person-information\"><span class=\"wppb-person-name\"><a  href=\"https:\/\/photos.app.goo.gl\/9cygQZbRUSLRJRTg6\" target=_blank>Colgado del estandarte<\/a><\/span><\/div><\/div><\/div><\/div><\/div>                                            <\/div>\n                                        <\/div>\n                                    <\/div>\n\t\t\t\t\t\t\t\t\t                                    <div  class=\"wppb-column-parent wppb-column-parent-view wppb-col-1636906090450  \"  >\n                                        <div class=\"wppb-column\">\n\t\t\t\t\t\n\t\t\t\t\t\t\t\t\t\t\t\n                                            <div class=\"wppb-builder-addons\">\n\t\t\t\t\t\t\t\t\t\t\t\t<div class='wppb-builder-addon wppb-addon-1636906090553'  data-addon-id='1636906090553'><div class='wppb-addon'><div class=\"wppb-person-addon\"><div class=\"wppb-person-addon-content person-layout-one\"><div class=\"wppb-person-image\"><img decoding=\"async\" class=\"wppb-person-addon-img\" src=\"http:\/\/www.losataos.org\/w\/wp-content\/uploads\/2015_c.jpg\" alt=\"Subida de Carnaval - 1\u00aa\"><\/div><div class=\"wppb-person-information\"><span class=\"wppb-person-name\"><a  href=\"https:\/\/photos.app.goo.gl\/UDaZHvB4Bpw26syJ7\" target=_blank>Subida de Carnaval - 1\u00aa<\/a><\/span><\/div><\/div><\/div><\/div><\/div>                                            <\/div>\n                                        <\/div>\n                                    <\/div>\n\t\t\t\t\t\t\t\t\t                        <\/div>\n\n                    <\/div>\n                <\/div>\n\t\t\t\t                <div  class=\"wppb-row-parent  wppb-row-1636906090694 \"  >\n\t\t\t\t\t\n\t\t\t\t\t\t\t\t\t\t\n\t\t\t\t\t\t\t\t\t\t\n\t\t\t\t\t<div class=\"wppb-container \">\n\t\t\t\t\t\t\t\t\t\t\t\t\t\n                        <div class=\"wppb-row\">\n\t\t\t\t\t\t\t                                    <div  class=\"wppb-column-parent wppb-column-parent-view wppb-col-1636906090695  \"  >\n                                        <div class=\"wppb-column\">\n\t\t\t\t\t\n\t\t\t\t\t\t\t\t\t\t\t\n                                            <div class=\"wppb-builder-addons\">\n\t\t\t\t\t\t\t\t\t\t\t\t<div class='wppb-builder-addon wppb-addon-1636906090696'  data-addon-id='1636906090696'><div class='wppb-addon'><div class=\"wppb-person-addon\"><div class=\"wppb-person-addon-content person-layout-one\"><div class=\"wppb-person-image\"><img decoding=\"async\" class=\"wppb-person-addon-img\" src=\"http:\/\/www.losataos.org\/w\/wp-content\/uploads\/2015_d.jpg\" alt=\"Subida de Tentaciones - 2\u00aa\"><\/div><div class=\"wppb-person-information\"><span class=\"wppb-person-name\"><a  href=\"https:\/\/photos.app.goo.gl\/U81szPAFnM26fQtMA\" target=_blank>Subida de Tentaciones - 2\u00aa<\/a><\/span><\/div><\/div><\/div><\/div><\/div>                                            <\/div>\n                                        <\/div>\n                                    <\/div>\n\t\t\t\t\t\t\t\t\t                                    <div  class=\"wppb-column-parent wppb-column-parent-view wppb-col-1636906090697  \"  >\n                                        <div class=\"wppb-column\">\n\t\t\t\t\t\n\t\t\t\t\t\t\t\t\t\t\t\n                                            <div class=\"wppb-builder-addons\">\n\t\t\t\t\t\t\t\t\t\t\t\t<div class='wppb-builder-addon wppb-addon-1636906090698'  data-addon-id='1636906090698'><div class='wppb-addon'><div class=\"wppb-person-addon\"><div class=\"wppb-person-addon-content person-layout-one\"><div class=\"wppb-person-image\"><img decoding=\"async\" class=\"wppb-person-addon-img\" src=\"http:\/\/www.losataos.org\/w\/wp-content\/uploads\/2015_e.jpg\" alt=\"Subida de Transfiguraci\u00f3n - 3\u00aa\"><\/div><div class=\"wppb-person-information\"><span class=\"wppb-person-name\"><a  href=\"https:\/\/photos.app.goo.gl\/CNn89Z5JHiaMJjxNA\" target=_blank>Subida de Transfiguraci\u00f3n - 3\u00aa<\/a><\/span><\/div><\/div><\/div><\/div><\/div>                                            <\/div>\n                                        <\/div>\n                                    <\/div>\n\t\t\t\t\t\t\t\t\t                                    <div  class=\"wppb-column-parent wppb-column-parent-view wppb-col-1636906090699  \"  >\n                                        <div class=\"wppb-column\">\n\t\t\t\t\t\n\t\t\t\t\t\t\t\t\t\t\t\n                                            <div class=\"wppb-builder-addons\">\n\t\t\t\t\t\t\t\t\t\t\t\t<div class='wppb-builder-addon wppb-addon-1636906090700'  data-addon-id='1636906090700'><div class='wppb-addon'><div class=\"wppb-person-addon\"><div class=\"wppb-person-addon-content person-layout-one\"><div class=\"wppb-person-image\"><img decoding=\"async\" class=\"wppb-person-addon-img\" src=\"http:\/\/www.losataos.org\/w\/wp-content\/uploads\/DSCN1712.jpg\" alt=\"Video tercera subida\"><\/div><div class=\"wppb-person-information\"><span class=\"wppb-person-name\"><a  href=\"https:\/\/www.youtube.com\/watch?v=GFNxvwulC6k&#038;t=63s\" target=_blank>Video tercera subida<\/a><\/span><\/div><\/div><\/div><\/div><\/div>                                            <\/div>\n                                        <\/div>\n                                    <\/div>\n\t\t\t\t\t\t\t\t\t                        <\/div>\n\n                    <\/div>\n                <\/div>\n\t\t\t\t                <div  class=\"wppb-row-parent  wppb-row-1636906091185 \"  >\n\t\t\t\t\t\n\t\t\t\t\t\t\t\t\t\t\n\t\t\t\t\t\t\t\t\t\t\n\t\t\t\t\t<div class=\"wppb-container \">\n\t\t\t\t\t\t\t\t\t\t\t\t\t\n                        <div class=\"wppb-row\">\n\t\t\t\t\t\t\t                                    <div  class=\"wppb-column-parent wppb-column-parent-view wppb-col-1636906091186  \"  >\n                                        <div class=\"wppb-column\">\n\t\t\t\t\t\n\t\t\t\t\t\t\t\t\t\t\t\n                                            <div class=\"wppb-builder-addons\">\n\t\t\t\t\t\t\t\t\t\t\t\t<div class='wppb-builder-addon wppb-addon-1636906091187'  data-addon-id='1636906091187'><div class='wppb-addon'><div class=\"wppb-person-addon\"><div class=\"wppb-person-addon-content person-layout-one\"><div class=\"wppb-person-image\"><img decoding=\"async\" class=\"wppb-person-addon-img\" src=\"http:\/\/www.losataos.org\/w\/wp-content\/uploads\/2015_f.jpg\" alt=\"Subida de Diablo Mudo - 4\u00aa\"><\/div><div class=\"wppb-person-information\"><span class=\"wppb-person-name\"><a  href=\"https:\/\/photos.app.goo.gl\/zUAevY28f1mKgnwq6\" target=_blank>Subida de Diablo Mudo - 4\u00aa<\/a><\/span><\/div><\/div><\/div><\/div><\/div>                                            <\/div>\n                                        <\/div>\n                                    <\/div>\n\t\t\t\t\t\t\t\t\t                                    <div  class=\"wppb-column-parent wppb-column-parent-view wppb-col-1636906091188  \"  >\n                                        <div class=\"wppb-column\">\n\t\t\t\t\t\n\t\t\t\t\t\t\t\t\t\t\t\n                                            <div class=\"wppb-builder-addons\">\n\t\t\t\t\t\t\t\t\t\t\t\t<div class='wppb-builder-addon wppb-addon-1636906091189'  data-addon-id='1636906091189'><div class='wppb-addon'><div class=\"wppb-person-addon\"><div class=\"wppb-person-addon-content person-layout-one\"><div class=\"wppb-person-image\"><img decoding=\"async\" class=\"wppb-person-addon-img\" src=\"http:\/\/www.losataos.org\/w\/wp-content\/uploads\/2015_g.jpg\" alt=\"Subida de Pan y Peces - 5\u00aa\"><\/div><div class=\"wppb-person-information\"><span class=\"wppb-person-name\"><a  href=\"https:\/\/photos.app.goo.gl\/CNn89Z5JHiaMJjxNA\" target=_blank>Subida de Pan y Peces - 5\u00aa<\/a><\/span><\/div><\/div><\/div><\/div><\/div>                                            <\/div>\n                                        <\/div>\n                                    <\/div>\n\t\t\t\t\t\t\t\t\t                                    <div  class=\"wppb-column-parent wppb-column-parent-view wppb-col-1636906091190  \"  >\n                                        <div class=\"wppb-column\">\n\t\t\t\t\t\n\t\t\t\t\t\t\t\t\t\t\t\n                                            <div class=\"wppb-builder-addons\">\n\t\t\t\t\t\t\t\t\t\t\t\t<div class='wppb-builder-addon wppb-addon-1636906091191'  data-addon-id='1636906091191'><div class='wppb-addon'><div class=\"wppb-person-addon\"><div class=\"wppb-person-addon-content person-layout-one\"><div class=\"wppb-person-image\"><img decoding=\"async\" class=\"wppb-person-addon-img\" src=\"http:\/\/www.losataos.org\/w\/wp-content\/uploads\/2015_h.jpg\" alt=\"Subida de Pasi\u00f3n - 6\u00aa\"><\/div><div class=\"wppb-person-information\"><span class=\"wppb-person-name\"><a  href=\"https:\/\/photos.app.goo.gl\/zL82qtQvSWf1gukw7\" target=_blank>Subida de Pasi\u00f3n - 6\u00aa<\/a><\/span><\/div><\/div><\/div><\/div><\/div>                                            <\/div>\n                                        <\/div>\n                                    <\/div>\n\t\t\t\t\t\t\t\t\t                        <\/div>\n\n                    <\/div>\n                <\/div>\n\t\t\t\t                <div  class=\"wppb-row-parent  wppb-row-1636906091560 \"  >\n\t\t\t\t\t\n\t\t\t\t\t\t\t\t\t\t\n\t\t\t\t\t\t\t\t\t\t\n\t\t\t\t\t<div class=\"wppb-container \">\n\t\t\t\t\t\t\t\t\t\t\t\t\t\n                        <div class=\"wppb-row\">\n\t\t\t\t\t\t\t                                    <div  class=\"wppb-column-parent wppb-column-parent-view wppb-col-1636906091561  \"  >\n                                        <div class=\"wppb-column\">\n\t\t\t\t\t\n\t\t\t\t\t\t\t\t\t\t\t\n                                            <div class=\"wppb-builder-addons\">\n\t\t\t\t\t\t\t\t\t\t\t\t<div class='wppb-builder-addon wppb-addon-1636906091562'  data-addon-id='1636906091562'><div class='wppb-addon'><div class=\"wppb-person-addon\"><div class=\"wppb-person-addon-content person-layout-one\"><div class=\"wppb-person-image\"><img decoding=\"async\" class=\"wppb-person-addon-img\" src=\"http:\/\/www.losataos.org\/w\/wp-content\/uploads\/2015_n.jpg\" alt=\"S\u00e1bado de Ramos\"><\/div><div class=\"wppb-person-information\"><span class=\"wppb-person-name\"><a  href=\"https:\/\/photos.app.goo.gl\/mqToB643bxUWkyf78\" target=_blank>S\u00e1bado de Ramos<\/a><\/span><\/div><\/div><\/div><\/div><\/div>                                            <\/div>\n                                        <\/div>\n                                    <\/div>\n\t\t\t\t\t\t\t\t\t                                    <div  class=\"wppb-column-parent wppb-column-parent-view wppb-col-1636906091563  \"  >\n                                        <div class=\"wppb-column\">\n\t\t\t\t\t\n\t\t\t\t\t\t\t\t\t\t\t\n                                            <div class=\"wppb-builder-addons\">\n\t\t\t\t\t\t\t\t\t\t\t\t<div class='wppb-builder-addon wppb-addon-1636906091564'  data-addon-id='1636906091564'><div class='wppb-addon'><div class=\"wppb-person-addon\"><div class=\"wppb-person-addon-content person-layout-one\"><div class=\"wppb-person-image\"><img decoding=\"async\" class=\"wppb-person-addon-img\" src=\"http:\/\/www.losataos.org\/w\/wp-content\/uploads\/2015_i.jpg\" alt=\"Domingo de Ramos\"><\/div><div class=\"wppb-person-information\"><span class=\"wppb-person-name\"><a  href=\"https:\/\/photos.app.goo.gl\/UXbE48sS3foxvsvR9\" target=_blank>Domingo de Ramos<\/a><\/span><\/div><\/div><\/div><\/div><\/div>                                            <\/div>\n                                        <\/div>\n                                    <\/div>\n\t\t\t\t\t\t\t\t\t                                    <div  class=\"wppb-column-parent wppb-column-parent-view wppb-col-1636906091565  \"  >\n                                        <div class=\"wppb-column\">\n\t\t\t\t\t\n\t\t\t\t\t\t\t\t\t\t\t\n                                            <div class=\"wppb-builder-addons\">\n\t\t\t\t\t\t\t\t\t\t\t\t<div class='wppb-builder-addon wppb-addon-1636906091566'  data-addon-id='1636906091566'><div class='wppb-addon'><div class=\"wppb-person-addon\"><div class=\"wppb-person-addon-content person-layout-one\"><div class=\"wppb-person-image\"><img decoding=\"async\" class=\"wppb-person-addon-img\" src=\"http:\/\/www.losataos.org\/w\/wp-content\/uploads\/2015_j.jpg\" alt=\"Martes Santo\"><\/div><div class=\"wppb-person-information\"><span class=\"wppb-person-name\"><a  href=\"https:\/\/photos.app.goo.gl\/hPyha8fLEoAgASDb8\" target=_blank>Martes Santo<\/a><\/span><\/div><\/div><\/div><\/div><\/div>                                            <\/div>\n                                        <\/div>\n                                    <\/div>\n\t\t\t\t\t\t\t\t\t                        <\/div>\n\n                    <\/div>\n                <\/div>\n\t\t\t\t                <div  class=\"wppb-row-parent  wppb-row-1636906091747 \"  >\n\t\t\t\t\t\n\t\t\t\t\t\t\t\t\t\t\n\t\t\t\t\t\t\t\t\t\t\n\t\t\t\t\t<div class=\"wppb-container \">\n\t\t\t\t\t\t\t\t\t\t\t\t\t\n                        <div class=\"wppb-row\">\n\t\t\t\t\t\t\t                                    <div  class=\"wppb-column-parent wppb-column-parent-view wppb-col-1636906091748  \"  >\n                                        <div class=\"wppb-column\">\n\t\t\t\t\t\n\t\t\t\t\t\t\t\t\t\t\t\n                                            <div class=\"wppb-builder-addons\">\n\t\t\t\t\t\t\t\t\t\t\t\t<div class='wppb-builder-addon wppb-addon-1636906091749'  data-addon-id='1636906091749'><div class='wppb-addon'><div class=\"wppb-person-addon\"><div class=\"wppb-person-addon-content person-layout-one\"><div class=\"wppb-person-image\"><img decoding=\"async\" class=\"wppb-person-addon-img\" src=\"http:\/\/www.losataos.org\/w\/wp-content\/uploads\/2015_k.jpg\" alt=\"Jueves Santo\"><\/div><div class=\"wppb-person-information\"><span class=\"wppb-person-name\"><a  href=\"https:\/\/photos.app.goo.gl\/7RKTQeNoUENEPXjc7\" target=_blank>Jueves Santo<\/a><\/span><\/div><\/div><\/div><\/div><\/div>                                            <\/div>\n                                        <\/div>\n                                    <\/div>\n\t\t\t\t\t\t\t\t\t                                    <div  class=\"wppb-column-parent wppb-column-parent-view wppb-col-1636906091750  \"  >\n                                        <div class=\"wppb-column\">\n\t\t\t\t\t\n\t\t\t\t\t\t\t\t\t\t\t\n                                            <div class=\"wppb-builder-addons\">\n\t\t\t\t\t\t\t\t\t\t\t\t<div class='wppb-builder-addon wppb-addon-1636906091751'  data-addon-id='1636906091751'><div class='wppb-addon'><div class=\"wppb-person-addon\"><div class=\"wppb-person-addon-content person-layout-one\"><div class=\"wppb-person-image\"><img decoding=\"async\" class=\"wppb-person-addon-img\" src=\"http:\/\/www.losataos.org\/w\/wp-content\/uploads\/2015_l.jpg\" alt=\"Viernes Santo\"><\/div><div class=\"wppb-person-information\"><span class=\"wppb-person-name\"><a  href=\"https:\/\/photos.app.goo.gl\/UXbE48sS3foxvsvR9\" target=_blank>Viernes Santo<\/a><\/span><\/div><\/div><\/div><\/div><\/div>                                            <\/div>\n                                        <\/div>\n                                    <\/div>\n\t\t\t\t\t\t\t\t\t                                    <div  class=\"wppb-column-parent wppb-column-parent-view wppb-col-1636906091752  \"  >\n                                        <div class=\"wppb-column\">\n\t\t\t\t\t\n\t\t\t\t\t\t\t\t\t\t\t\n                                            <div class=\"wppb-builder-addons\">\n\t\t\t\t\t\t\t\t\t\t\t\t<div class='wppb-builder-addon wppb-addon-1636906091753'  data-addon-id='1636906091753'><div class='wppb-addon'><div class=\"wppb-person-addon\"><div class=\"wppb-person-addon-content person-layout-one\"><div class=\"wppb-person-image\"><img decoding=\"async\" class=\"wppb-person-addon-img\" src=\"http:\/\/www.losataos.org\/w\/wp-content\/uploads\/2015_m.jpg\" alt=\"Domingo de Resurrecci\u00f3n\"><\/div><div class=\"wppb-person-information\"><span class=\"wppb-person-name\"><a  href=\"https:\/\/photos.app.goo.gl\/BhuwhDEeVCUTvcdu5\" target=_blank>Domingo de Resurrecci\u00f3n<\/a><\/span><\/div><\/div><\/div><\/div><\/div>                                            <\/div>\n                                        <\/div>\n                                    <\/div>\n\t\t\t\t\t\t\t\t\t                        <\/div>\n\n                    <\/div>\n                <\/div>\n\t\t\t\t                <div  class=\"wppb-row-parent  wppb-row-1636906091884 \"  >\n\t\t\t\t\t\n\t\t\t\t\t\t\t\t\t\t\n\t\t\t\t\t\t\t\t\t\t\n\t\t\t\t\t<div class=\"wppb-container \">\n\t\t\t\t\t\t\t\t\t\t\t\t\t\n                        <div class=\"wppb-row\">\n\t\t\t\t\t\t\t                                    <div  class=\"wppb-column-parent wppb-column-parent-view wppb-col-1636906091885  \"  >\n                                        <div class=\"wppb-column\">\n\t\t\t\t\t\n\t\t\t\t\t\t\t\t\t\t\t\n                                            <div class=\"wppb-builder-addons\">\n\t\t\t\t\t\t\t\t\t\t\t\t<div class='wppb-builder-addon wppb-addon-1636906091886'  data-addon-id='1636906091886'><div class='wppb-addon'><div class=\"wppb-person-addon\"><div class=\"wppb-person-addon-content person-layout-one\"><div class=\"wppb-person-image\"><img decoding=\"async\" class=\"wppb-person-addon-img\" src=\"http:\/\/www.losataos.org\/w\/wp-content\/uploads\/Image00009-1.jpg\" alt=\"D\u00eda de la Cruz\"><\/div><div class=\"wppb-person-information\"><span class=\"wppb-person-name\"><a  href=\"https:\/\/photos.app.goo.gl\/p2yn77w8Q4L7kL9B7\" target=_blank>D\u00eda de la Cruz<\/a><\/span><\/div><\/div><\/div><\/div><\/div>                                            <\/div>\n                                        <\/div>\n                                    <\/div>\n\t\t\t\t\t\t\t\t\t                                    <div  class=\"wppb-column-parent wppb-column-parent-view wppb-col-1636906091887  \"  >\n                                        <div class=\"wppb-column\">\n\t\t\t\t\t\n\t\t\t\t\t\t\t\t\t\t\t\n                                            <div class=\"wppb-builder-addons\">\n\t\t\t\t\t\t\t\t\t\t\t\t<div class='wppb-builder-addon wppb-addon-1636906091888'  data-addon-id='1636906091888'><div class='wppb-addon'><div class=\"wppb-person-addon\"><div class=\"wppb-person-addon-content person-layout-one\"><div class=\"wppb-person-image\"><img decoding=\"async\" class=\"wppb-person-addon-img\" src=\"http:\/\/www.losataos.org\/w\/wp-content\/uploads\/2015_p.jpg\" alt=\"Junta de los Santos\"><\/div><div class=\"wppb-person-information\"><span class=\"wppb-person-name\"><a  href=\"https:\/\/photos.app.goo.gl\/pPoiysVF2i1Wh3fm9\" target=_blank>Junta de los Santos<\/a><\/span><\/div><\/div><\/div><\/div><\/div>                                            <\/div>\n                                        <\/div>\n                                    <\/div>\n\t\t\t\t\t\t\t\t\t                                    <div  class=\"wppb-column-parent wppb-column-parent-view wppb-col-1636906091889  \"  >\n                                        <div class=\"wppb-column\">\n\t\t\t\t\t\n\t\t\t\t\t\t\t\t\t\t\t\n                                            <div class=\"wppb-builder-addons\">\n\t\t\t\t\t\t\t\t\t\t\t\t                                            <\/div>\n                                        <\/div>\n                                    <\/div>\n\t\t\t\t\t\t\t\t\t                        <\/div>\n\n                    <\/div>\n                <\/div>\n\t\t\t\t                <div  class=\"wppb-row-parent  wppb-row-1636906092004 \"  >\n\t\t\t\t\t\n\t\t\t\t\t\t\t\t\t\t\n\t\t\t\t\t\t\t\t\t\t\n\t\t\t\t\t<div class=\"wppb-container \">\n\t\t\t\t\t\t\t\t\t\t\t\t\t\n                        <div class=\"wppb-row\">\n\t\t\t\t\t\t\t                                    <div  class=\"wppb-column-parent wppb-column-parent-view wppb-col-1636906092003  \"  >\n                                        <div class=\"wppb-column\">\n\t\t\t\t\t\n\t\t\t\t\t\t\t\t\t\t\t\n                                            <div class=\"wppb-builder-addons\">\n\t\t\t\t\t\t\t\t\t\t\t\t<div class='wppb-builder-addon wppb-addon-1636908412522'  data-addon-id='1636908412522'><div class='wppb-addon'><div class=\"wppb-text-block-addon\"><div class=\"wppb-text-block-content 0\"><h2><span style=\"color: #ff6600\"><strong>Cr\u00f3nicas<\/strong><\/span><\/h2><\/div><\/div><\/div><\/div>                                            <\/div>\n                                        <\/div>\n                                    <\/div>\n\t\t\t\t\t\t\t\t\t                        <\/div>\n\n                    <\/div>\n                <\/div>\n\t\t\t\t                <div  class=\"wppb-row-parent  wppb-row-1636906092034 \"  >\n\t\t\t\t\t\n\t\t\t\t\t\t\t\t\t\t\n\t\t\t\t\t\t\t\t\t\t\n\t\t\t\t\t<div class=\"wppb-container \">\n\t\t\t\t\t\t\t\t\t\t\t\t\t\n                        <div class=\"wppb-row\">\n\t\t\t\t\t\t\t                                    <div  class=\"wppb-column-parent wppb-column-parent-view wppb-col-1636906092033  \"  >\n                                        <div class=\"wppb-column\">\n\t\t\t\t\t\n\t\t\t\t\t\t\t\t\t\t\t\n                                            <div class=\"wppb-builder-addons\">\n\t\t\t\t\t\t\t\t\t\t\t\t<div class='wppb-builder-addon wppb-addon-1636908458964'  data-addon-id='1636908458964'><div class='wppb-addon'><div class=\"wppb-accordion-addon\"><div class=\"wppb-accordion-addon-content\"><div class=\"wppb-accordion-items\"><div class=\"wppb-accordion-item repeater-0\"><div class=\"wppb-accordion-title wppb-toggle-right \"><i class=\"fas fa-pen-alt\"><\/i><span class=\"wppb-accordion-title-content\">Comida con el Tercero de la Soledad<\/span><span class=\"wppb-toggle-direction wppb-toggle-right\"><i class=\"fas fas fa-angle-right\"><\/i><\/span><\/div><div class=\"wppb-panel-collapse\" style=\"display: none;\"><div class=\"wppb-accordion-content\"><p><strong>El pasado d\u00eda 14 de febrero, los hermanos de la corporaci\u00f3n B\u00edblica los Ataos Judas, Pedro y Pablo, junto con sus hermanos m\u00fasicos e invitados, celebr\u00e1bamos el primer s\u00e1bado de cuaresma, denominado de Carnaval.<\/strong><br \/><strong>La jornada intensa, comenzaba sobre las 2,30 del mediod\u00eda, en una comida de confraternidad, entre los hermanos Ataos y parte de la comisi\u00f3n de Gobierno de la Cofrad\u00eda Virgen de la Gu\u00eda, con motivo de la cesi\u00f3n y custodia del estandarte de la misma. El cual desde este d\u00eda y hasta que la cofrad\u00eda tenga su casa hermandad, se conservara expuesto en una vitrina a tal efecto, en un lugar predilecto del sal\u00f3n de nuestro cuartel.<\/strong><br \/><strong>Tras las palabras de bienvenida de nuestro Presidente Manuel G\u00e1lvez Espadas y degustando unas copitas de vino y algunas viandas, se procedi\u00f3 a la colocaci\u00f3n del citado estandarte en la vitrina. Ello se llev\u00f3 a cabo, por el hermano Atao y Mayordomo, medalla de Oro de la Cofrad\u00eda Manuel Cano Ruiz \u201cMichel\u201d, su hijo y tambi\u00e9n hermano de los Ataos y Mayordomo, Manuel Javier Cano Jim\u00e9nez,\u00a0 custodiados por el Presidente de los Ataos y el Cofrade Mayor de la Gu\u00eda, Fco. Manuel Ben\u00edtez. El cual con sencillas palabras de\u00a0 hermanamiento, dec\u00eda, que para el c\u00f3mo Cofrade Mayor, era todo un orgullo que la corporaci\u00f3n matriz de la Gu\u00eda,\u00a0 custodiase el estandarte en la misma, ya que Los Ataos son cofundadores de la reorganizada Cofrad\u00eda, y m\u00e1xime ya que el a\u00f1o pr\u00f3ximo si Dios y Mar\u00eda Sant\u00edsima as\u00ed lo quiere, y las hermanas Camareras lo confeccionen y lo borden, se estrenara uno nuevo, en los cultos y en la procesi\u00f3n del S\u00e1bado de Ramos.<\/strong><\/p>\n<p><strong>El sencillo acto, fue rematado con la actuaci\u00f3n de un reducido grupo de hermanos m\u00fasicos, que interpretaron la marcha procesional \u201cVirgen de la Gu\u00eda\u201d y el himno de las dos entidades, \u201cEl Barrabas\u201d. Una sencilla ceremonia que culminaba no muy tarde, y con el pensamiento puesto, en la celebraci\u00f3n por la noche de la 1\u00ba subida al Calvario, denominada de Romanos y de Carnaval.<\/strong><\/p>\n<p><strong>Ya al anochecer y sobre la 9 de la noche, y con un sal\u00f3n comedor de nuestro cuartel muy concurrido, nos dispon\u00edamos a celebrar el 1\u00ba S\u00e1bado de Cuaresma y subida de Romanos y Ataos, al Calvario. Ya todos sentados en torno a las mesas, el Presidente Manuel G\u00e1lvez Espadas, daba la bienvenida a todos los hermanos Ataos y hermanos m\u00fasicos, junto con sus invitados de honor, algunos hermanos de la corporaci\u00f3n B\u00edblica de \u201cLas Virtudes Morales\u201d. Dos hermanos de la corporaci\u00f3n B\u00edblica de las autoridades Judaicas \u201cLa Judea\u201d, Luife G\u00f3mez y su hermanito \u00c1lvarez de Sotomayor. El Capataz de la Cofrad\u00eda del Se\u00f1or de las Penas, Fco Jos\u00e9 Romero, e familiares de nuestro hermano Ra\u00fal G\u00e1lvez \u201cEl Lobito\u201d.<\/strong><\/p>\n<p><strong>Antes de la subida al Calvario y tras una primera toma de contacto de hermanos e invitados y saboreando unas copita de vino y algunas viandas, el Presidente de los Ataos, proced\u00eda a efectuar un emotivo y sencillo acto, la entrega de unos cuadros pergaminos, a los hermanos de la Virtudes Morales y excelentes colaboradores con su trabajo en pro de nuestra corporaci\u00f3n, los hermanos de sangre, Manuel \u2013 Antonio \u2013 Rafael y Emilio Rivas M\u00e1rquez, m\u00e1s conocidos por \u201cLos C\u00f3micos\u201d.<\/strong><\/p>\n<p><strong>Los referidos pergaminos, fueron entregados a los nombrados hermanos, por el Presidente de los Ataos, Manuel G\u00e1lvez, Salvador Gonz\u00e1lez \u201cSalvi\u201d, Fco Jos\u00e9 Membiela y Antonio Romero. Durante la entrega, los cuatro Ataos, les dedicaron unas emotivas y sentidas palabras de confraternidad \u00a0a dichos hermanos \u201cC\u00f3micos\u201d, dese\u00e1ndole a Manuel, por parte del presidente, muchas felicidades, ya que este a\u00f1o el referido hermano, recibir\u00e1 de sus hermanos de corporaci\u00f3n, la medalla de los 25 a\u00f1os de permanencia consecutiva, en las Virtudes Morales.<\/strong><\/p>\n<p><strong>En el nombre de sus tres hermano y en el suyo propio, Emilio Rivas agradec\u00eda dicha distinci\u00f3n por parte de los Ataos. Diciendo, que ellos siempre que su tiempo libre se lo permitieran, si continuaran colaborando con los Ataos, cuando ustedes les hagan falta. Prosegu\u00eda Emilio aludiendo, que desde que el ex hermano Atao Hip\u00f3lito Romero, los invitaran un 1\u00ba s\u00e1bado de cuaresma a\u00f1os atr\u00e1s, para ellos es un gran placer y orgullo, compartir todos los 1\u00ba s\u00e1bados de cuaresma, mesa y mantel, con los hermanos Ataos, y que si el Terrible as\u00ed lo quiere, y ustedes lo permiten, seguiremos asistiendo a esta gran corporaci\u00f3n y compartir con vosotros ese magn\u00edfico desfile as\u00eda las cumbres del Calvario.<\/strong><\/p>\n<p><strong>Sobre las 10,30 de la noche, proced\u00edamos a efectuar la tradicional subida y bajada al Calvario, a los sones de los pasodobles \u201cEnriquetilla\u201d \u2013 \u201cRedobles Pontanos\u201d y el \u201cBarrabas\u201d. Ello en una noche un poco desapacible, que tras el toque del Miserere y el St\u00e1bat Mater, bajo el p\u00f3rtico de Jes\u00fas, hubo de regresar a nuestro cuartel de prisa y corriendo, si hacer las tradicionales paradas, de la Vera Cruz y esquina de la C\/ Horno, ni la bajada por la misma a marcha lenta, y todo debido a la insistente y fina lluvia.<\/strong><\/p>\n<p><strong>Ya de nuevo en nuestro cuartel y un poco decepcionados y algo mojados por la lluvia, nuestro presidente Manuel G\u00e1lvez Espadas, pidi\u00f3 a todos los hermanos que cant\u00e1semos a coro, las Alondras y ruise\u00f1ores y las tradicionales setas cuarteleras, que solemos cantar en la esquina de la C\/ Horno. Despu\u00e9s de una pausa para el dialogo y mientras serv\u00edan la cena, se le ced\u00eda la palabra al hermano de las Virtudes Morales, nuestro estimado \u201cTrompa\u201d. Quien con unas emotivas palabras, a\u00f1oraba y recordaba, los a\u00f1os en que su padre Jos\u00e9 Rodr\u00edguez Riquelme, \u201cEl Trompa\u201d, fuese hermano de esta gran corporaci\u00f3n de los Ataos, haci\u00e9ndolo con buenas dotes de humor y con su caracter\u00edstica forma de ser.<\/strong><\/p>\n<p><strong>El tambi\u00e9n hermano de Las Virtudes Morales, Francisco Silva, hac\u00eda uso de la palabra, aludiendo a la buena acogida que esta corporaci\u00f3n de los Ataos, tributa a los hermanos de las Virtudes, que acudimos todos los a\u00f1os este 1\u00ba s\u00e1bado de cuaresma a la misma. As\u00ed tambi\u00e9n nos dedicaba unos p\u00e1rrafos po\u00e9ticamente dedicados a los ausentes.<\/strong><\/p>\n<p class=\"has-text-align-center has-small-font-size\"><strong>CUANDO LLEGA LA CUARESMA, A ESTE PUEBLO PONTANO.<br \/>CUANDO FALTAN SIETE S\u00c1BADOS, PARA EL DOMINGO DE RAMOS.<br \/>CUANDO TODOS JUNTOS SE PREPARA, PARA SUBIR CON LOS ATAOS,<br \/>CANTANDO CUARTELERAS Y OTROS C\u00c1NTICOS.<br \/>CUANDO NO HAY JEFES NI AMIGOS, PARIENTES O SUBORDINADOS.<br \/>CUANDO SE OLVIDAN LAS CLASES Y TODOS NOS LLAMAMOS HERMANOS.<br \/>LEJOS DE ESE MI PUEBLO Y EN ESTA TIERRA ESTRA\u00d1O.<br \/>TODO SON SIN SABORES Y MIRADAS AL CALENDARIO.<br \/>\u00bfPODRE ESTAR CON VOSOTROS?\u00a0 \u2013 \u00bfPODRE DAROS UN ABRAZO?<br \/>\u00bfPODRE SENTARME A\u00a0 ESA MESA, COMO LO HICE OTROS A\u00d1OS?<br \/>O QUIZ\u00c1S CON MI FAMILIA, TRISTE Y DESALENTADO,<br \/>OYENDO SAETAS Y MARCHAS, O SOLO EN MI TRABAJO.<br \/>TENDR\u00c9 QUE ESTAR AUSENTE Y EN VOZ BAJA PENSANDO.<br \/>!! YA EST\u00c1N ALL\u00cd REUNIDOS!! \u2013 !!YA EST\u00c1N TODOS BRINDANDO!!<br \/>Y YO LEJOS DE ELLOS, A ESPERAR QUE LLEGUE OTRO A\u00d1O.<br \/>LOS VERDADEROS HERMANOS NO SON LOS\u00a0 QUE ACUDEN CUANDO SE LES LLAMA, SINO LOS QUE VIENEN SIN LLAMARLOS CUANDO SE LES NECESITAS.<br \/>LA DISTANCIA SEPARAN LOS CUERPOS, PERO NO LOS CORAZONES.<br \/>VUESTRO TRAJES NO LUCEN, !! SON LUCES !!<\/strong><\/p>\n<p><strong>\u201cPACO SILVA\u201d<\/strong><\/p>\n<p><strong>Terminado \u201cPaco Silva\u201d nos dec\u00eda, que cuando ma\u00f1ana se subiese en el tren AVE, se montar\u00eda en la cabina del conductor, abrir\u00eda la ventanilla, e ir\u00eda sembrando esta semilla, hasta Catalu\u00f1a. \u201cDonde resido y trabajo, para que siga floreciendo y fortaleci\u00e9ndose esta hermandad entre Ataos y Virtudes.\u201d<\/strong><\/p>\n<p><strong>Entre \u00a1copa y copa! nuestro entra\u00f1able e hijo de nuestro hermano \u201cCisco\u201d, Francisco Avil\u00e9s Baena, nos deleitaba con una fabulosa y emotiva saeta, alusiva a Jes\u00fas Nazareno. Despu\u00e9s hac\u00eda uso de la palabra, el hermano \u201cJudeo\u201d Luife, quien tras agradecer la invitaci\u00f3n y el poder haber pasado esta magn\u00edfica noche con los Ataos, nos dedicaba una poes\u00eda referente al \u201cTerrible\u201d,\u00a0 la cual fue respondida con una saeta, cantada por Antonio G\u00e1lvez.<\/strong><br \/><strong>Poco m\u00e1s tarde, el hermano m\u00fasico y caja redoblante Fco. Mart\u00ednez nos presentaba de forma oficial al nuevo m\u00fasico trompeta, e hijo de nuestro hermano tambi\u00e9n m\u00fasico, Jes\u00fas L\u00f3pez.\u00a0 Aludiendo que su que su padre le hab\u00eda inculcado el amor y cari\u00f1o por Los Ataos y por la m\u00fasica. Respondi\u00e9ndose Jes\u00fas, con palabras muy sentidas, sentirse orgulloso de que su hijo, pueda ser un buen m\u00fasico y poder compartir con \u00e9l, esta magn\u00edfica corporaci\u00f3n de los Ataos.<\/strong><\/p>\n<p><strong>Hay que resaltar, que la lectura del pasaje de la biblia, corri\u00f3 a cargo de nuestro hermano Antonio Romero,\u00a0 y la primera pata de la vieja Cuaresma, fue asignada a nuestro hermano Jos\u00e9 Alberto S\u00e1nchez Parra. El cual tras descolgar la patita, casi no pudo articular palabra, por la emoci\u00f3n que le embargaba y con el pensamiento puesto en su difunto padre, nuestro recordado hermano en el cielo, \u201cRubio Trenas\u201d.<\/strong><br \/><strong>Ya para terminar la noche, nuestros hermanos m\u00fasicos interpretaron la marcha \u201cPasi\u00f3n y Gu\u00eda\u201d y el \u201cBarrabas\u201d, con los cuales desfilamos por todo el sal\u00f3n del cuartel, ya que no pudimos hacerlo en la bajada de la Calle Horno. Un primer s\u00e1bado desapacible, pero que lo disfrutamos a tope.\u00a0\u00a0\u00a0\u00a0\u00a0<\/strong><\/p>\n<p><strong>A. G. S.<\/strong><\/p><\/div><\/div><\/div><div class=\"wppb-accordion-item repeater-1\"><div class=\"wppb-accordion-title wppb-toggle-right \"><i class=\"fas fa-pen-alt\"><\/i><span class=\"wppb-accordion-title-content\">Primera Subida al Calvario , -carnaval<\/span><span class=\"wppb-toggle-direction wppb-toggle-right\"><i class=\"fas fas fa-angle-right\"><\/i><\/span><\/div><div class=\"wppb-panel-collapse\" style=\"display: none;\"><div class=\"wppb-accordion-content\"><p><strong>Un a\u00f1o m\u00e1s, la Corporaci\u00f3n B\u00edblica los Ataos, Judas \u2013 Pedro y Pablo, comenzaba la ansiada Cuaresma y subida al Calvario. Sobre las 9,30 de la noche, nuestro Presidente Manuel G\u00e1lvez Espadas, daba la bienvenida a los hermanos Ataos, hermanos m\u00fasicos e invitados. Entre los cuales un a\u00f1o m\u00e1s se encontraban un nutrido grupo de hermanos de \u201cLas Virtudes Morales\u201d, que como a\u00f1os atr\u00e1s a\u00f1o, nos acompa\u00f1an este 1\u00ba s\u00e1bado de Cuaresma, convirti\u00e9ndose ya en al s\u00e1bado de la \u201cVirtudes\u201d. En el citado grupo se encontraban entre otros, los hermanos \u201cC\u00f3micos\u201d el \u201cPinto\u201d- \u201cMonta\u00f1o\u201d- el \u201cTrompa\u201d y \u201cSilva\u201d.<\/strong><\/p>\n<p><strong>Tambi\u00e9n entre otros invitados, se encontraban nuestro incondicional \u201cPaco Huertas\u201d \u2013 el ex hermano Jos\u00e9 Luis D\u00edaz Duran \u2013 el Capataz del Se\u00f1or de las Penas, Francisco Jos\u00e9 Romero \u2013 Javi Cejas, amigos de la pandilla del Presidente \u2013 dos hermanos de la \u201cJudea\u201d Luife G\u00f3mez de Cisneros y Alberto \u00c1lvarez Soto Mayor Reina y otros invitados. Pasando nuestros hermanos m\u00fasicos, ha abrir la noche musical, con el genial pasodoble \u201cEnriquetilla\u201d.<\/strong><\/p>\n<p><strong>Despu\u00e9s de las palabras de bienvenida, nuestro presidente y dirigi\u00e9ndose a los hermanos de las \u201cVirtudes\u201d, les comunicaba que el que quisiera podr\u00eda intervenir. Haci\u00e9ndolo en principio Manuel \u201cEl C\u00f3mico\u201d, el cual dec\u00eda que \u201cun a\u00f1o m\u00e1s los hermanos de las Virtudes Morales, se sent\u00edan gratamente orgullosos de convertirse en hermanos Ataos. Cosa que agradecemos por la buena hospitalidad que nos brind\u00e1is\u201d. Tambi\u00e9n interven\u00eda el hermano \u201cSilva\u201d, con su buena oratoria, felicitaba a los medallas, Fco. Jos\u00e9 Membiela \u2013 Antonio Moreno \u2013 Pepe Amador y al Decano y medalla de los 50 a\u00f1os Manuel G\u00e1lvez ( Chifarri).<\/strong><\/p>\n<p><strong>Continuaba y nos comentaba el hermano \u201cSilva\u201d, que al mediod\u00eda hab\u00eda compartido con los hermanos de Las Potencias, un almuerzo informal, y entre conversaciones distendidas, contaban la buena acogida que en su d\u00eda los hermanos de los Ataos una corporaci\u00f3n se\u00f1era, les hicieron tras el derrumbe de parte de su cuartel un Jueves Santo, cosa que os honra. Continuaba \u201cSilva\u201d diciendo, que hab\u00eda declinado una invitaci\u00f3n por parte del Imperio Romano, para hoy, alegando que el ten\u00eda que estar con sus hermanos, este 1\u00ba S\u00e1bado de cuaresma en su segunda corporaci\u00f3n como es la de los Ataos, llamado el de \u201cLas Virtudes\u201d. Continuando nos dec\u00eda con nostalgia, de c\u00f3mo se siente un ausente durante todo un a\u00f1o, sin actividades mananteras.<\/strong><\/p>\n<p><strong>Acto seguido y como todos los a\u00f1os, tomaba la palabra, el hermano \u201cTompa\u201d. Elogiando la buena acogida que los Ataos les tributaban todos a\u00f1os, una uni\u00f3n que se consolida cada a\u00f1o m\u00e1s, dedic\u00e1ndonos una improvisada poes\u00eda, de cuando \u00e9l era ni\u00f1o y visti\u00f3 la figura de Barrabas un domingo de Resurrecci\u00f3n junto a su padre, tambi\u00e9n vestido de Barrabas, como lo demuestra una fotograf\u00eda colgada en la presidencia, una foto que hace historia viva de los Ataos.<\/strong><\/p>\n<p><strong>Tras ello, el Presidente nos comunicaba, que hab\u00eda recibido un mensaje de los Romanos, indic\u00e1ndonos que estuvi\u00e9semos a las 10, 30 en punto, el puerta de la Iglesia de la Concepci\u00f3n, ya que los m\u00fasicos entonar\u00edan el Barrabas, en honor de nuestro difunto hermano m\u00fasico, Francisco L\u00f3pez Cosano, como as\u00ed ocurri\u00f3. Tras el paso del Imperio Romano, comenz\u00e1bamos nuestro desfile al Calvario, bajo el nuevo pasodoble Atao \u201cEl Am\u00e9rica\u201d, llegando a la explanada de Jes\u00fas al son del Barrabas.<\/strong><\/p>\n<p><strong>Como nota a resaltar, desde el principio de la C\/ Aguilar, se incorporaba al desfile, el hermano de \u201cLa Espina\u201d cogido al brazo de Antonio Chifarri y otros hermanos mas, Eduardo Moyano Estrada, ponente en el V Congreso de la Advocaci\u00f3n de Jes\u00fas Nazareno. Descubriendo una nueva faceta en su vida, como es desfilar con los Ataos hasta las Cumbres del Calvario, quedando s\u00faper encantado de tal subida, hecho que se produjo por un compromiso pastado con Antonio \u201cChifarri\u201d.<\/strong><\/p>\n<p><strong>Por lo desapacible de la noche, la bajada se produjo algo m\u00e1s ligera que en otras ocasiones. Tras la entonaci\u00f3n bajo el p\u00f3rtico de Jes\u00fas del Miserere y St\u00e1bat Mater, llegamos a la Veracruz, con el pasodoble \u201cEl Am\u00e9rica\u201d. Continuando hasta esquina de Veracruz con C\/ Horno, con el pasodoble Judas, Pedro y Pablo. Cantando en la misma las Alondras y Ruise\u00f1ores y saetas cuarteleras, como manda la tradici\u00f3n. Bajando C\/ Horno, desfilando con la nueva marcha \u201cNuestra Se\u00f1ora de la Gu\u00eda, continuando hasta nuestro cuartel de nuevo, con el Barrabas.<\/strong><\/p>\n<p><strong>Ya de nuevo en el cuartel, el presidente nos felicitaba por el gran desfile realizado. Pas\u00e1ndole la palabra al hermano Membiela, el cual con su buena oratoria y dirigi\u00e9ndose a los hermanos de las Virtudes, les dec\u00eda que los corazones de los Ataos, estar\u00edan con vosotros ma\u00f1ana en el campo Santo, en la Misa de difuntos y recorrido por las tumbas de su fallecidos. Tambi\u00e9n felicitaba a nuestro hermano Fernando Anfruns por la condecoraci\u00f3n de la medalla de oro que la Virgen de la Gu\u00eda, le otorgo en la comida de hermandad del d\u00eda 28 de Febrero. Recordando a nuestro hermano Manuel Barcos, dese\u00e1ndole su pronta recuperaci\u00f3n, de los males que le afecta.<\/strong><\/p>\n<p><strong>M\u00e1s tarde, tomaba la palabra, el hermano de la \u201cJudea\u201d Lu\u00eds Fern\u00e1ndo. G\u00f3mez de Cisneros, agradeciendo la invitaci\u00f3n de \u00e9l y de su hermano de corporaci\u00f3n Alberto \u00c1lvarez de SotoMayor, y el poder compartir esta noche m\u00e1gica con los hermanos Ataos. Tambi\u00e9n felicitaba a los hermanos homenajeados con las medallas de 25 a\u00f1os y al Decano por su 50 y contado an\u00e9cdotas de cuando era joven junto al hermano Antonio Morillo, en aquel grupo de penitencia \u201cLos Clavos\u201d. Nos recordaba que en d\u00edas pasados hab\u00eda fallecido la hija del recordado Jos\u00e9 Arcos, m\u00fasico y compositor, que le dedico el gran pasodoble con su nombre \u201cEnriquetilla\u201d. Tambi\u00e9n les dec\u00eda a los m\u00fasicos que le hab\u00edan tocado las fibras del coraz\u00f3n, cuando entonaron bajo el P\u00f3rtico de Jes\u00fas, el Miserere y el St\u00e1bat Mater. Pensando que dentro estaba su \u201cTerrible\u201d, recitando una pose\u00eda alusiva a Jes\u00fas Nazareno y a la Diana.<\/strong><\/p>\n<p><strong>Tras ello improvisadamente, nuestro hermano \u201cV\u00edctor\u201d cantaba una saeta a Jes\u00fas Nazareno. Terminada esta, el presidente le indicaba a nuestro hermano Antonio Romero, que nos leyese el pasaje de la Biblia, correspondiente a este d\u00eda y pidi\u00e9ndole al Se\u00f1or, la pronta recuperaci\u00f3n del hermano Barcos.<\/strong><\/p>\n<p><strong>De nuevo el presidente interven\u00eda, pas\u00e1ndole la palabra a su amigo de pandilla Javi Cejas, el cual le dec\u00eda que le hab\u00eda pillado a traici\u00f3n, como Judas traiciono al Se\u00f1or, que no se esperaba intervenir y que su mente estaba en blanco, que solo ten\u00eda palabras de agradecimiento hacia los Ataos, y sinti\u00e9ndose como uno m\u00e1s de esta gran corporaci\u00f3n.<\/strong><\/p>\n<p><strong>M\u00e1s tarde, nuestro hermano Trigos y dirigi\u00e9ndose a los hermanos de la Virtudes, que iban a tocar Recuerdo en honor a sus hermanos difuntos. Acto seguido el presidente le conced\u00eda la 1\u00aa patita de la Vieja Cuaresmera, al hermano Fernando Anfruns, el cual solo tuvo palabras de agradecimiento. Dedic\u00e1ndoles nuestros hermanos m\u00fasicos \u201cPasi\u00f3n y Gu\u00eda\u201d en su honor. Terminado este 1\u00ba S\u00e1bado de Cuaresma, desfilando todos por el sal\u00f3n, bajo las notas del Barrabas.<\/strong><\/p>\n<p><strong>A. G. S.<\/strong><\/p><\/div><\/div><\/div><div class=\"wppb-accordion-item repeater-2\"><div class=\"wppb-accordion-title wppb-toggle-right \"><i class=\"fas fa-pen-alt\"><\/i><span class=\"wppb-accordion-title-content\">Segunda Subida al Calvario - Tentaciones<\/span><span class=\"wppb-toggle-direction wppb-toggle-right\"><i class=\"fas fas fa-angle-right\"><\/i><\/span><\/div><div class=\"wppb-panel-collapse\" style=\"display: none;\"><div class=\"wppb-accordion-content\"><p><strong>El segundo s\u00e1bado de cuaresma, denominado de TENTACIONES, fue otro s\u00e1bado intenso, vivido por la mayor\u00eda de los hermanos de Los Ataos y de Las Potencias del Alma. Ya que como viene siendo tradici\u00f3n desde hace 10 a\u00f1os, cuando un desafortunado Jueves Santo, se derribara parte del cuartel de Las Potencias, debido a una incesante lluvia y por estar la casa colindante demolida, siendo un solar abandonado a su suerte.<\/strong><\/p>\n<p><strong>La jornada, comenzaba sobre las 3 de la tarde en el cuartel de Las Potencias. En el cual, compartimos juntos las dos corporaciones, el tradicional \u201cguiso de coles\u201d y otras viandas. En ellas y ya por la noche compart\u00eda mesa y mantel con nosotros como invitado de honor Esteban Morales S\u00e1nchez, Alcalde de nuestro pueblo.<\/strong><\/p>\n<p><strong>Ya por la noche y en el cuartel de Los Ataos, y sobre las 9,30 de la noche, un a\u00f1o m\u00e1s celebr\u00e1bamos las dos corporaciones, cena de hermandad y subida al Calvario. Contado de nuevo con Esteban Morales, acompa\u00f1ado por el joven Concejal de Festejos y Juventud, Jos\u00e9 Antonio G\u00f3mez Morillo, hijo de nuestro hermano \u201cPepe G\u00f3mez. Todos sentados en torno a las mesas, nuestro Presidente Manuel G\u00e1lvez Espadas, daba las buenas noches y la bienvenida, a todos los hermanos de ambas corporaciones junto con nuestros hermanos m\u00fasicos y las dos autoridades antes mencionadas y contando con la presencia del nuevo hermano de prueba de Los Ataos, Manuel Serrano L\u00f3pez.<\/strong><\/p>\n<p><strong>Por su parte el Presidente de Las Potencias, Antonio Rivas Illanes, que compart\u00eda presidencia, tras la salutaci\u00f3n recordaba aquel fat\u00eddico Jueves Santo y piropeaba y agradec\u00eda a su hermano de corporaci\u00f3n \u201cPepe Contreras\u201d el maravilloso trabajo de talla realizado por su persona, de la nueva Cruz de Gu\u00eda, para nuestra Cofrad\u00eda de la Virgen de la Gu\u00eda, que se estrenara D.m, el pr\u00f3ximo S\u00e1bado de Ramos, en la procesi\u00f3n de la misma. Tambi\u00e9n, los dos Presidentes en su salutaci\u00f3n, recordaban a los hermanos que no asistieron, unos por motivos de enfermedad y otros por motivos personales, ech\u00e1ndose muy en falta, al hermano de Las Potencias, Antonio Estrada Avil\u00e9s (El Chango).<\/strong><\/p>\n<p><strong>Abriendo la noche musical, interven\u00eda el portavoz de los m\u00fasicos, Antonio Gama, el cual, se dirig\u00eda a todos los presentes diciendo, que para \u00e9l y sus hermanos m\u00fasicos, era todo un orgullo, el dedicarle el pasodoble \u201cManolete\u201d al hermano Atao, Mois\u00e9s Gonzales Gil, con el cual desfilaba el por todo el sal\u00f3n.<\/strong><\/p>\n<p class=\"has-text-align-center has-small-font-size\"><strong>M\u00e1s tarde, el Presidente de los Ataos, le ced\u00eda la palabra al hermano de Las Potencias Francisco Perea, que con su buena oratoria, nos recitaba unos p\u00e1rrafos en forma de poes\u00eda, escritas por su persona para este d\u00eda, con soltura y buenas maneras. Transcribo sus palabras en su totalidad<\/strong><br \/><br \/><strong>El pueblo pontano reza a sus hijos. A esos que se fueron sin esperarlo.<\/strong><br \/><strong>Y dejaron dolor en sus conocidos. Pero dejan en todos su legado.<\/strong><br \/><strong>El Ejemplar manantero, se fue Carlos Delgado. Dejando para su pueblo su trabajo, su obra.<\/strong><br \/><strong>Y otros seguir\u00e1n su camino bien a faltado. Y sus andanzas a si le ser\u00e1n m\u00e1s c\u00f3modas.<\/strong><\/p>\n<p class=\"has-text-align-center has-small-font-size\"><strong>Se fue Tejada, bastonero de la magna forma. Que en el Lavatorio llevaba su fe y su toalla.<\/strong><br \/><strong>Y otro habr\u00e1 como no faltara m\u00e1s. Que el testigo coger\u00e1 bajo las andas.<\/strong><br \/><strong>Fue Paco Cabezas a la desesperada. Jes\u00fas Nazareno era su gran devoci\u00f3n.<\/strong><br \/><strong>Pero las Cien Luces no quedaran calladas. Las poes\u00edas que dec\u00eda de coraz\u00f3n.<\/strong><br \/><strong>Se fue Pedro Lavado que setero naci\u00f3. La Plaza de Lara quedara muda de emoci\u00f3n.<\/strong><br \/><strong>Cuando escuche este a\u00f1o su silenciosa saeta.<\/strong><\/p>\n<p class=\"has-text-align-center has-small-font-size\"><strong>Se fue Manolo Barcos que de forma lenta. Que de sus \u201cAtaos\u201d sin querer fue retirando.<\/strong><br \/><strong>Su silla por otro seguro est\u00e1 cubierta. Y el coraz\u00f3n de todos por el habitado.<\/strong><br \/><strong>Y yo a vivir d\u00eda ad\u00eda, sin espera ni demora. Con migo mismo, asistir me comprometo.<\/strong><br \/><strong>A presentaciones que a hermanos de honra. A exaltaciones, pregones, cultos o eventos.<\/strong><\/p>\n<p class=\"has-text-align-center has-small-font-size\"><strong>Aunque haya que escucharla a cleric\u00f3s. Ascendidos a merecido nombramiento.<\/strong><br \/><strong>Pero con discursos m\u00e1s bien egoc\u00e9ntricos. Y de uniforme bonete presumiendo.<\/strong><br \/><strong>Vivir\u00e9 lo que con mis hermanos estoy viviendo. Y a los sitios donde siempre yo llegare.<\/strong><br \/><strong>Dejare un trozo de mi sentimiento. Sin pisar aquellos donde siempre llega uno tarde.<\/strong><\/p>\n<p class=\"has-text-align-center has-small-font-size\"><strong>Y el d\u00eda que yo me valla, no suspenda nada nadie.<\/strong><br \/><strong>Que no sierren un cuartel, que beban y coman.<\/strong><br \/><strong>Que me tengan en su memoria y canten.<\/strong><br \/><strong>Y no lloren m\u00e1s que un segundo, un minuto, una hora.<\/strong><br \/><strong>Y espero que el cielo sea donde Dios me recoja.<\/strong><br \/><strong>Y me recuerde solo aquel que lo crea conveniente.<\/strong><br \/><strong>Y que reciten mis escritos en versos o en prosa.<\/strong><br \/><strong>El que de verdad crea que mi obra lo merece.<\/strong><\/p>\n<p><strong>FRANCISCO PEREA ALMEDA<\/strong><br \/><br \/><strong>Tambi\u00e9n ambos Presidentes, invitaron a los dos Decanos de las dos corporaciones, Manuel G\u00e1lvez y Antonio Chaparro, a que nos comentaran sus inquietudes, limit\u00e1ndose a dar las buenas noches y poco m\u00e1s. Terminando esta primera parte, cantando todos juntos y a coro, el himno de Las potencias.<\/strong><\/p>\n<p><strong>Poco despu\u00e9s, el Presidente de los Ataos nos rogaba el que fu\u00e9semos apurando las copas, para poder efectuar la subida a las cumbres del Calvario. No sin antes hacer la parada a la puerta de la Iglesia de la Concepci\u00f3n, a la espera del paso del Imperio Romano. Tras ello, inici\u00e1bamos nuestro particular desfile, bajo los sones de los pasodobles Ataos, \u201cAntonio Cuenca\u201d y el \u201cAmericano\u201d, y el \u201cBarrabas\u201d desde la cuestecilla de Jes\u00fas, hasta el Calvario.<\/strong><\/p>\n<p><strong>Terminado la entonaci\u00f3n del Miserere y el St\u00e1bat Mater, bajo el p\u00f3rtico de Jes\u00fas, retorn\u00e1bamos de nuevo a nuestro cuartel, no sin antes de consumar las tradicionales paradas, de Veracruz y esquina de C\/ Horno, donde entonamos a coro las Alondras y Ruise\u00f1ores, y alguna que otra saeta cuartelera. Bajando dicha calle a marcha lenta, entonando nuestros hermanos m\u00fasicos, \u201cSoledad Pontana\u201d y el \u201cBarrabas\u201d hasta el cuartel.<\/strong><\/p>\n<p><strong>De nuevo en el cuartel y con algunas ausencias de hermanos de ambas corporaciones, el Presidente de Los Ataos, invitaba a nuestro hermano Jaime Rodas Luque, que nos leyese el pasaje de la Biblia, correspondiente a este s\u00e1bado de Tentaciones. Mientras nos serv\u00edan la cena, hac\u00eda uso de la palabra, nuestro hermano Fco. Jos\u00e9 Membiela, el cual tras el saludo de rigor, dedicaba su discurso a los hermanos de Las Potencias, nombrando emotivamente uno a uno de ellos, presentes y no presentes, pirope\u00e1ndolos a cada cual por sus cualidades mananteras o no mananteras, recordando una vez m\u00e1s, la ausencia del hermano de la Potencias Antonio Estada (El Chango\u201d. El cual no pudo asistir por encontrarse un poco pachucho. Terminando el hermano Membiela, recitando unas de sus poes\u00edas aleg\u00f3ricas a este d\u00eda.<\/strong><\/p>\n<p><br \/><strong>Algo m\u00e1s tarde, los dos Presidentes compromet\u00edan al hermano de las Potencias Manuel Estrada Cejas a que cantase la t\u00edpica saeta que todos los a\u00f1os canta su t\u00edo (El Chango) con nuestro hermano Antonio L\u00f3pez. Terminada esta, los Presidentes, le ced\u00edan la palabra a nuestro amigo y Alcalde de Puente Genil, Esteban Morales S\u00e1nchez, el cual comenzaba su intervenci\u00f3n diciendo, que hoy hab\u00eda cumplido un promesa, el compartir con los hermanos de las Potencias del Alma, el tradicional y exquisito \u201cGuiso de Coles\u201d, al mediod\u00eda en el cuartel vecino. Y como esta magn\u00edfica noche junto a las dos corporaciones.<\/strong><\/p>\n<p><strong>Tambi\u00e9n comentaba Esteban en tono jocoso, que estaba estudiando el hacer un t\u00fanel o un puente, de cuartel a cuartel, para que los hermanos de las dos corporaciones, transiten por \u00e9l, y as\u00ed tener m\u00e1s f\u00e1cil el contacto, la visita y desarrollar mejor el hermanamiento. Continuando tambi\u00e9n dec\u00eda, que d\u00edas atr\u00e1s conversaba con una ciudadana malague\u00f1a, la cual le pregunto que era esto de los cuarteles en Cuaresma y en Semana Santa, contest\u00e1ndole Esteban, que esto era dif\u00edcil de explicar, que av\u00eda que vivirlo para entenderlo. Terminando su intervenci\u00f3n entregando a los dos Presidentes un cuadro a cada uno, con la esfinge de romanos copia de los hallados en el yacimiento de Fuente \u00c1lamo, riqueza Arqueol\u00f3gica que se halla en nuestro t\u00e9rmino municipal y una de las m\u00e1s importantes de Espa\u00f1a.<\/strong><\/p>\n<p><strong>Tambi\u00e9n tomaba la palabra, el Concejal de Festejos y Juventud, Jos\u00e9 Antonio G\u00f3mez Morillo, el cual tras el saludo de rigor y el agradecimiento por dicha invitaci\u00f3n, nos dec\u00eda que \u00e9l se sent\u00eda en su casa, ya que por tradici\u00f3n familiar desde su abuelo materno, de su padre \u201cPepe G\u00f3mez\u201d y de su t\u00edo Antonio Morillo, hermanos de Los Ataos, ha vivido muy de lleno esta corporaci\u00f3n, vistiendo la figuras chiquitas y las grandes, y compartiendo grades momentos con los hermanos de Los Ataos en muchas ocasiones, bien en el d\u00eda de la cruz, en Cuaresma y todos los Jueves Santos junto a las familias G\u00f3mez Morillo. Tambi\u00e9n dec\u00eda que alg\u00fan d\u00eda, le gustar\u00eda ser hermano de esta gran corporaci\u00f3n, siendo para \u00e9l una de sus paciones.<\/strong><\/p>\n<p><strong>Aprovechando el momento e improvisadamente, el hermano Antonio G\u00e1lvez, nos cantaba una saeta alusiva a Las Potencias del Alma. Tras ello el Presidente hac\u00eda oficial la presentaci\u00f3n del nuevo hermano de prueba Manuel Serrano P\u00e9rez, el cual con palabras entre cortadas por la emoci\u00f3n que le embargaba, solo se limit\u00f3 a dar las gracias y esperando estar a la altura como esta corporaci\u00f3n se merece y estado pasando una gran noche.<\/strong><\/p>\n<p><strong>Ya a los postres y en el ritual de descolgarle la pata a la vieja Cuaresmera, el Presidente de Las Potencias, asignaba la pata de la vieja de los Ataos, al hermano de su corporaci\u00f3n Manuel Estrada Cejas, el cual en sus cortas palabras, dec\u00eda que este a\u00f1o y el que viene ser\u00e1n uno de sus mejores a\u00f1os, este del 2015, porque mis hermanos de corporaci\u00f3n, me impondr\u00e1n la medalla de los 25 a\u00f1os de permanec\u00eda consecutiva en dicha corporaci\u00f3n, y el a\u00f1o que viene por tener el gran honor de ser el hermano Mayor de Mar\u00eda Sant\u00edsima de la Gu\u00eda.<\/strong><\/p>\n<p><strong>Por su parte el presidente de Los Ataos, asignaba la patita de la vieja Cuaresmera de Las Potencias, a los hermanos m\u00fasicos, recogida por su portavoz Antonio Gama, el cual visiblemente emocionado, daba las gracias por tal distinci\u00f3n, en nombre de sus hermanos m\u00fasicos. Aludiendo que iban a interpretar la marcha la \u201cMaga\u201d himno de Las potencias, en honor a ellos.<\/strong><\/p>\n<p><strong>Terminado la noche todos desfilado entorno a las mesas del sal\u00f3n de Los Ataos, bajo las notas del \u201cBarrabas\u201d. Un gran d\u00eda diurno y nocturno, de gran brillantez para los hermanos de ambas corporaciones, con una noche esplendida meteorol\u00f3gicamente hablando, que nos dej\u00f3 un gran sabor de boca.<\/strong><\/p>\n<p><strong>A.G.S.<\/strong><\/p><\/div><\/div><\/div><div class=\"wppb-accordion-item repeater-3\"><div class=\"wppb-accordion-title wppb-toggle-right \"><i class=\"fas fa-pen-alt\"><\/i><span class=\"wppb-accordion-title-content\">Tercera Subida al Calvario - Transfiguraci\u00f3n<\/span><span class=\"wppb-toggle-direction wppb-toggle-right\"><i class=\"fas fas fa-angle-right\"><\/i><\/span><\/div><div class=\"wppb-panel-collapse\" style=\"display: none;\"><div class=\"wppb-accordion-content\"><p><strong>Consumi\u00e9ndolos poco apoco, lleg\u00f3 el 3\u00ba s\u00e1bado de cuaresma, denominado de TRANFIGURACION. \u00bfEn aquel tiempo; Tomo Jes\u00fas consigo a Pedro y Santiago, y a Juan su hermano; Subiendo con ellos solos a un alto monte se transfiguro en su presencia; De modo que su rostro se puso resplandeciente\u00a0como el sol, y sus vestidos blancos como la\u00a0nieve?<\/strong><\/p>\n<p><br \/><strong>Con este vers\u00edculo de la Biblia, comenz\u00e1bamos como es habitual, la celebraci\u00f3n del 3\u00ba s\u00e1bado de cuaresma en la corporaci\u00f3n B\u00edblica de los Ataos,\u00a0Judas \u2013 Pedro y Pablo. Este se iniciaba sobre la 9,30 de la noche, cuando nuestro Presidente Manuel G\u00e1lvez Espadas, abr\u00eda la cesi\u00f3n saludando y dando las buenas noches, a todos los hermanos Ataos presentes junto con nuestros hermanos m\u00fasicos que se encontraban al completo, mas algunos invitados que compartieron mesa , mantel y desfile con nosotros.<\/strong><\/p>\n<p><br \/><strong>Como invitado de honor de la corporaci\u00f3n, se encontraba con nosotros el Manantero Ejemplar 2015, RAFAEL SANCHEZ PEREZ, que ocupaba un sitio privilegiado en la presidencia. Los invitados restantes fueron por parte de los m\u00fasicos Miguel Trigos hijo, acompa\u00f1ado por dos amigos comunes. El padre de nuestro hermano m\u00fasico Alejandro Mor\u00f3n. El cu\u00f1ado de nuestros hermanos Antonio y Jes\u00fas L\u00f3pez P\u00e9rez. Dos amigos del hermano Atao, Manuel G\u00e1lvez Ruiz (El Lobo) un invitado de nuestro hermano Emilio Palos y Antonio Cosano Cabello, hermano de los \u201cLazaros\u201d y suegro de nuestro hermanito Manuel Javier Cano Jim\u00e9nez.<\/strong><br \/><strong>Tras ello, se guard\u00f3 un minuto de silencio, por el reciente fallecimiento del abuelo paterno de nuestro hermano Sergio Serrano Arjona, y por la suegra de nuestro hermano Jos\u00e9 Amador Beltr\u00e1n, Fuensanta Prieto.\u00a0El portavoz de los m\u00fasicos Antonio Gama, nos comunicaba que iban a interpretar \u201cEl Gloria Al Muerto\u201d en memoria de los fallecidos antes mencionados.<\/strong><\/p>\n<p><br \/><strong>Dialogando fraternalmente y degustado las viandas preparadas por el equipo de cocina y acompa\u00f1adas por unas uvitas de vino de nuestra tierra, el Presidente de nuevo interven\u00eda para comunicarnos que \u00edbamos a iniciar la subida al Calvario, y que en la plazuela de Lara, se incorporar\u00edan con nosotros los hermanos de la corporaci\u00f3n B\u00edblica La Coronaci\u00f3n de Jehu (La Bengala), por un compromiso creado el a\u00f1os pasado cuando esta celebro el 25 aniversario de su fundaci\u00f3n. Un desfile vistoso que dejo huella en los hermanos de dicha corporaci\u00f3n.<\/strong><\/p>\n<p><br \/><strong>Los pasodobles que los hermanos m\u00fasicos interpretaron en el recorrido, fueron los compuestos por Eduardo L\u00f3pez Gil, (Caralimpia) y \u201cLa Sibila\u201d.\u00a0Un gran momento grandioso del desfile fue, cuando tras el receso en Veracruz, se le ced\u00eda el Gallo, al Manantero Ejemplar Rafa S\u00e1nchez, port\u00e1ndolo dignamente hasta las Cumbres del Calvario, donde el Imperio Romano y sus hermanos de la Corporaci\u00f3n de \u201cLa Espina\u201d lo aplaud\u00edan calurosamente. Bajo la Cruz de los Ca\u00eddos, Rafa S\u00e1nchez se fotografiaba con sus hermanos. Foto que quedara en el recuerdo de los anales de la historia de la corporaci\u00f3n B\u00edblica, \u201cLos Libertadores y Patriarcas de Israel\u201d LA ESPINA.<\/strong><\/p>\n<p><strong>De regreso hacia nuestro cuartel y en la tradicional parada de la esquina de la calle Horno, se canto la tradicional Alondras y Ruise\u00f1ores, destacando la magistral voz del Manantero Ejemplar Rafael S\u00e1nchez, el cual tambi\u00e9n colaboro cantado alguna que otra saeta cuartelera con los hermanos Ataos. Despu\u00e9s baj\u00e1bamos dicha calle a marcha lenta, bajo los sones de la 3\u00ba marcha de la Gu\u00eda, \u201cNuestra Se\u00f1ora de la Gu\u00eda\u201d, compuesta por nuestro hermano m\u00fasico Eduardo L\u00f3pez Gil y dedicada en su d\u00eda al Cofrade Mayor Honorifico, Antonio G\u00e1lvez (Chifarri) bajo un silencio sepulcral y llegado hasta la plazuela de Lara, con las nota del \u201cBarrabas\u201d.<\/strong><\/p>\n<p><br \/><strong>En dicha Plaza y bajo el arco de la calzada, los hermanos de la corporaci\u00f3n de la \u201cCoronaci\u00f3n de Jehu\u201d, se despidieron de los Ataos, con unas breves palabras de agradecimiento y entregado un cuadro con dedicatoria a esta noche ya casi primaveral. Ya de nuevo en el cuartel, el hermano Daniel Cejas, daba lectura al pasaje de la Biblia, correspondiente a este s\u00e1bado de transfiguraci\u00f3n.<\/strong><\/p>\n<p><br \/><strong>Sin p\u00e9rdida de tiempo nuestro hermano Antonio G\u00e1lvez, les dedicaba unas palabras emotivas de cari\u00f1o y afecto, al Manantero Ejemplar Rafa S\u00e1nchez. Destacando su gran val\u00eda y aportaci\u00f3n a la Cultura de nuestro pueblo y con no, a nuestra simpar Semana Santa, la cual desde ni\u00f1o ya sent\u00eda, sobre las tradiciones y costumbres, mas destacando su gran labor al frente de la Schola Cantorum Santa Cecilia y la Coral Miguel Gant. Destacando tambi\u00e9n el gran m\u00fasico que era y que seguir\u00e1 siendo por muchos a\u00f1os si Dios y Mar\u00eda sant\u00edsima as\u00ed lo quiere.\u00a0Record\u00e1ndole tambi\u00e9n, que su incondicional amigo y compa\u00f1ero de fatigas y de corporaci\u00f3n, el difunto Carlos Delgado \u00c1lvarez de Sotomayor, Manantero Ejemplar 2013, cuando fue invitado como t\u00fa, no pudo hacer el desfile ni llevar el Gallo, al ya encontrarse muy afectado por su enfermedad, que acabo con su paso por la tierra, pero seguro que desde el cielo \u00e9l tambi\u00e9n le estar\u00eda acompa\u00f1ado esta noche.<\/strong><\/p>\n<p><br \/><strong>Tambi\u00e9n el Decano de los Ataos Manuel G\u00e1lvez, le dedico unas palabras. Felicit\u00e1ndolo por su nombramiento y por su labor al frete de las dos instituciones antes mencionadas, m\u00e1s le agradec\u00eda que en esta noche magnifica, nos acompa\u00f1ara con su grata presencia y dese\u00e1ndole todos los parabienes, y que se lo haya pasado bien esta noche arropados por todos los Ataos en pleno.\u00a0Despu\u00e9s el Presidente le hac\u00eda entrega de un cuadro con la figura de Barrabas y texto correspondiente a este d\u00eda.<\/strong><\/p>\n<p><br \/><strong>Tras ello Rafael S\u00e1nchez, hac\u00eda uso de la palabra y tras el saludo de rigor, y con su gran sentido de f\u00e1cil oratoria y voz timbrada, comenzaba su locuci\u00f3n, trasmiti\u00e9ndonos el pasaje de la Biblia sobre la Transfiguraci\u00f3n de Jes\u00fas a sus disc\u00edpulos en el desierto. Diciendo que en esta\u00a0noche maravillosa, el sent\u00eda tambi\u00e9n Transfigurado por esta gran acogida que los hermanos Ataos le hab\u00edan brindado. No siendo merecedor de tan digno honor, pero que este a\u00f1o era para \u00e9l, uno de los m\u00e1s felices de su vida. Soy una persona sencilla que quiero y amo todas nuestras tradiciones y sobre todo las Mananteras. Porque este a\u00f1o estoy conociendo y descubriendo muchas nuevas vivencias de las corporaciones donde se requiere de mi presencia, como la que me hab\u00e9is bridado esta noche, disfrut\u00e1ndola a tope y ajusto.<\/strong><\/p>\n<p><br \/><strong>\u201cTener muy presente, de que yo siento un cierto cari\u00f1o por los Ataos, ya que yo me he criado y he vivido en la Plazuela de Lara, rinc\u00f3n manantero por\u00a0excelencia y al abrigo de tres grandes corporaciones, como es la vuestra, la de las Potencia, donde fue hermano mi t\u00edo y la de Los Ap\u00f3stoles.\u201d \u00a0Tambi\u00e9n tuvo palabras de agradecimiento para los hermanos m\u00fasicos, por la gran labor que desarrollan.<\/strong><\/p>\n<p><br \/><strong>Continuaba Rafa S\u00e1nchez diciendo, que \u201cen mi trayectoria profesional desde muy joven, me he entregado de cuerpo y alma a lo que m\u00e1s me gusta, la m\u00fasica y el canto, que me llena de satisfacci\u00f3n. Pero tambi\u00e9n esta noche tengo que acordarme de los ausentes, como Carlos Delgado, persona con el cual he trabajado codo a codo, por el canto y la poes\u00eda. Hoy he recibido muchos abrazos fraternales, pero me falta el de mi amigo que en gloria este, juntos hemos escrito y cantado muchas plegarias y esta noche para terminar mi intervenci\u00f3n, cantare una de ellas\u201d. \u201cPor la calle Amargura\u201d.<\/strong><\/p>\n<p><br \/><strong>Con su voz prodigiosa y potente en solitario, y con los ojos humedecidos por la emoci\u00f3n que le embargaba, nos puso el bello de punta, hasta el punto que cuando termino la plegaria, la corporaci\u00f3n en pleno y todos de pie, le dedicamos un lago y caluroso aplauso por su fabulosa interpretaci\u00f3n. Terminando abrazado a todo el que se le acercaba. Ya sus ojos no estaban humedecidos, sus lagrima rodaban por sus mejillas. Tras ello, el grupo de m\u00fasica, a \u00e9l y a su amigo del alma Carlos Delgado, \u201cRecuerdo\u201d.\u00a0<\/strong><\/p>\n<p><br \/><strong>Y ya por \u00faltimo el Presidente, requer\u00eda la presencia del hermano Atao, Manuel Javier Cano Jim\u00e9nez, en el cual recay\u00f3 el gran honor, de quitarle la 3\u00ba pata a la Vieja Cuaresmera.\u00a0Un gran s\u00e1bado de romanos, vividos por los hermanos de los Ataos y sus invitados, junto al grupo de m\u00fasica, que nos dej\u00f3 un gran sabor cuaresmal y que quedara inscrito en los anales de la historia de nuestra corporaci\u00f3n.<\/strong><\/p>\n<p><strong>A.G. S.<\/strong><\/p><\/div><\/div><\/div><div class=\"wppb-accordion-item repeater-4\"><div class=\"wppb-accordion-title wppb-toggle-right \"><i class=\"fas fa-pen-alt\"><\/i><span class=\"wppb-accordion-title-content\">Cuarta Subida al Calvario - Diablo Mudo<\/span><span class=\"wppb-toggle-direction wppb-toggle-right\"><i class=\"fas fas fa-angle-right\"><\/i><\/span><\/div><div class=\"wppb-panel-collapse\" style=\"display: none;\"><div class=\"wppb-accordion-content\"><p><strong>Cuando ya hemos consumado el ecuador de la cuaresma, y solo falta 3 s\u00e1bados para procesionar a nuestra titular la Virgen de la Gu\u00eda, la Corporaci\u00f3n B\u00edblica los Ataos, Judas \u2013 Pedro y Pablo, celebr\u00e1bamos el 4\u00ba s\u00e1bado de cuaresma denominado \u201cEl Diablo Mudo\u201d.<\/strong><br \/><strong>\u00a0\u00a0\u00a0\u00a0\u00a0\u00a0\u00a0\u00a0\u00a0\u00a0\u00a0 Como es casi habitual el sal\u00f3n del cuartel de los Ataos, presentaba un aspecto muy concurrido de hermanos Ataos \u2013 M\u00fasicos e Invitados, que nos acompa\u00f1aron durante toda la noche.\u00a0 Debo rese\u00f1ar que los invitados asistentes fueron los siguientes. \u00a0\u00a0\u00a0<\/strong><\/p>\n<p><strong>Por el hermano Custodio Rodas Le\u00f3n, tres ciudadanos de Huelva occidente.\u00a0 Del Hermano Manuel Garc\u00eda, tres amigos \u00edntimos, Pepe Jim\u00e9nez \u2013 Antonio N\u00fa\u00f1ez y Jos\u00e9 Luis Garc\u00eda. \u00a0\u00a0El Yerno del Hermano Francisco Mart\u00ednez D\u00edaz. \u00a0\u00a0Por Manuel G\u00e1lvez Ruiz \u201cEl Lobo\u201d un amigo \u00edntimo y habitual asistente a nuestra corporaci\u00f3n.\u00a0 Dos ex hermanos, Antonio Cuenca Garc\u00eda y Francisco Hurtado Espadas \u201cPaco Huertas\u201d. \u00a0\u00a0Por el hermano Jos\u00e9 M\u00e1rquez Palos \u201cCara Papa\u201d el profesor del Colegio de la Compa\u00f1\u00eda de Mar\u00eda, Antonio Luis Gonz\u00e1lez. \u00a0\u00a0\u00a0El hijo de nuestro ex hermano Luife Bedmar, invitado por su t\u00edo y tambi\u00e9n Atao, Antonio Ruiz Calzado. \u00a0\u00a0Por el hermano Antonio L\u00f3pez P\u00e9rez, Miguel Rivas \u201cEl Mel\u00f3n\u201d hermano de las Virtudes Teologales. \u00a0\u00a0Por nuestro hermano m\u00fasico Juan de Dios Guti\u00e9rrez Rodr\u00edguez, su padre y t\u00edo pol\u00edtico, los dos hermanos del 1\u00ba del Lavatorio.\u00a0\u00a0 El padre del tambi\u00e9n m\u00fasico y caja redoblante Francisco Jos\u00e9 Mart\u00ednez Serrano.\u00a0\u00a0 Por parte de los J\u00f3venes directivos de los Ataos, sus amigos del Palomar, Juanma \u2013 el ex hermano Ataos \u201cJariyo\u201d y su hermano, Jos\u00e9 Julio y amigos Javier Ceja y \u201cLubri\u201d.<\/strong><\/p>\n<p><strong>\u00a0\u00a0\u00a0\u00a0\u00a0\u00a0\u00a0\u00a0\u00a0\u00a0\u00a0 Sobre las 9,30 de la noche, recib\u00edamos la grata presencia de la \u201cChusma\u201d de la corporaci\u00f3n hermana del Imperio Romano, recibi\u00e9ndolos bajo los acordes del pasodoble romano \u201cEnriquetilla\u201d, con los cuales depart\u00edamos dialogo, una vianda y una copita de vino. Al ser el s\u00e1bado denominado de los hermanos m\u00fasicos del Imperio, tomaba la palabra el hermano m\u00fasico de los romanos, Francisco Manuel Ben\u00edtez, el cual nos dec\u00eda que como todos los a\u00f1os en su recorrido de Chusma, no faltaba la visita a esta corporaci\u00f3n, y que este a\u00f1os era para \u00e9l un gran honor como Cofrade Mayor de la Gu\u00eda, ver colgado en una vitrina del sal\u00f3n, el estandarte de la Cofrad\u00eda de la Gu\u00eda, como corporaci\u00f3n matriz de la misma.<\/strong><\/p>\n<p><strong>\u00a0\u00a0\u00a0\u00a0\u00a0\u00a0\u00a0\u00a0\u00a0\u00a0\u00a0 Ya tras retirarse la chusma, el Presidente, daba la bienvenida a todos los presentes, dese\u00e1ndonos que pasasen una buena noche y desfile al Calvario.\u00a0 Seguidamente, tomaba la palabra el portavoz de los hermanos m\u00fasicos Antonio Gama, quien argumentaba que el pasodoble que iban a interpretar, era dedicado a su hermano m\u00fasico Ismael Ure\u00f1a Ortu\u00f1o, el cual nos dedicaba unas sentidas palabras, dedicadas a su abuelo paterno el gran maestro de m\u00fasica en el Cielo D. Tomas Ure\u00f1a Ruiz. Y que \u00e9l solo desfilar\u00eda por todo el sal\u00f3n portando el gallo, para que desde lo m\u00e1s alto, su abuelo desfilara con su pasodoble \u201cEl Abuelo\u201d y todo ello bajo un sonoro y efusivo aplauso, que le dedicamos.<\/strong><\/p>\n<p><br \/><strong>A continuaci\u00f3n y siendo la hora indicada, nos dispon\u00edamos a realizar el desfile hacia las cumbres del Calvario. Un s\u00e1bado m\u00e1s y por compromiso adquirido del Presidente, en la Plazuela de Lara, se incorporaban con nosotros los j\u00f3venes hermanos del \u201cDesprecio de Herodes\u201d 1\u00ba grupo de Mar\u00eda Sant\u00edsima de la Gu\u00eda, que realizaron todo el desfile hasta su despedida, al regreso en dicha Plaza de Lara, con palabras de agradecimiento. Los pasodobles con los cuales desfilamos esta noche, fueron \u201cManolete\u201d \u2013 \u201cEl Abuelo\u201d y \u201cBarrabas\u201d.<\/strong><\/p>\n<p><strong>Hay que rese\u00f1ar, que tras el toque del Miserere y el St\u00e1bat Mater bajo el p\u00f3rtico de Jes\u00fas, baj\u00e1bamos la Plaza del Calvario, bajo el son de la Marcha \u201cRecuerdo\u201d y tras el canto de la Alondra y alguna que otra saeta cuartelera, bajamos la C\/ Horno con la marcha \u201cLa Matraca\u201d.<\/strong><\/p>\n<p><strong>De nuevo ya en el cuartel y todos sentados en torno a las mesas, y mientras nos serv\u00edan la cena, el hermano m\u00fasico y caja redoblante Francisco Jos\u00e9 Mart\u00ednez Serrano, daba lectura al pasaje de la Biblia, correspondiente a este s\u00e1bado del \u201cDiablo Mudo\u201d.\u00a0\u00a0 Poco despu\u00e9s el Presidente, invitaba a un ciudadano de Huelva, que nos contara por encima, como hab\u00eda vivido \u00e9l y sus compa\u00f1eros la experiencia de esta noche.\u00a0\u00a0 Con palabras de agradecimiento y un poco emocionado dec\u00eda, que esta noche m\u00e1gica no la olvidar\u00eda nunca, tanto \u00e9l como a sus compa\u00f1eros y que le hab\u00eda gustado tanto, que amenazaba con volver otro a\u00f1o, porque su amigo Custodio se lo hab\u00eda explicado, pero que para medio entenderlo, hab\u00eda que vivirlo como nosotros afortunadamente lo hemos vivido.<\/strong><\/p>\n<p><strong>Tambi\u00e9n el Presidente, le conced\u00eda la Palabra al hermano del 1\u00ba del Lavatorio, Juan de Dios Guti\u00e9rrez, el cual pillado por sorpresa y con voz entre cortada, y muy nervioso, solo se limit\u00f3 pr\u00e1cticamente a dar las gracias por esta magn\u00edfica noche.\u00a0\u00a0\u00a0\u00a0 Ya a los postres, se iniciaba el ritual de quitarle la 4\u00ba patita a la Vieja Cuaresmera, honor que recay\u00f3 en esta ocasi\u00f3n, en nuestro joven hermano y encargado de ropas, Miguel \u00c1ngel Morales Palos, quien tras agradecer la concepci\u00f3n de la misma, dec\u00eda que hab\u00eda sido una gran sorpresa para \u00e9l, ya que \u00e9l no hab\u00eda hecho m\u00e9ritos para tan digna distinci\u00f3n, que \u00e9l solo se limitaba a cumplir con el cargo asignado y asi\u00e9ndolo lo mejor posible por el bien de la corporaci\u00f3n.<\/strong><\/p>\n<p><strong>Otro gran s\u00e1bado de cuaresma vivido por los hermanos Ataos, m\u00fasicos e invitados y ya con el pasamiento puesto en el 5\u00ba,\u00a0 porque esto se est\u00e1 acabando\u00a0 y\u00a0 casi no nos hemos enterado.<\/strong><\/p>\n<p><strong>A.G. S.<\/strong><\/p><\/div><\/div><\/div><div class=\"wppb-accordion-item repeater-5\"><div class=\"wppb-accordion-title wppb-toggle-right \"><i class=\"fas fa-pen-alt\"><\/i><span class=\"wppb-accordion-title-content\">Quinta Subida al Calvario - Pan y Peces<\/span><span class=\"wppb-toggle-direction wppb-toggle-right\"><i class=\"fas fas fa-angle-right\"><\/i><\/span><\/div><div class=\"wppb-panel-collapse\" style=\"display: none;\"><div class=\"wppb-accordion-content\"><p><img fetchpriority=\"high\" decoding=\"async\" class=\"alignnone size-medium wp-image-2806\" src=\"http:\/\/www.losataos.org\/w\/wp-content\/uploads\/sabado-de-cuaresma-1-300x169.jpg\" alt=\"\" width=\"300\" height=\"169\" srcset=\"https:\/\/www.losataos.org\/w\/wp-content\/uploads\/sabado-de-cuaresma-1-300x169.jpg 300w, https:\/\/www.losataos.org\/w\/wp-content\/uploads\/sabado-de-cuaresma-1-768x432.jpg 768w, https:\/\/www.losataos.org\/w\/wp-content\/uploads\/sabado-de-cuaresma-1-720x405.jpg 720w, https:\/\/www.losataos.org\/w\/wp-content\/uploads\/sabado-de-cuaresma-1.jpg 960w\" sizes=\"(max-width: 300px) 100vw, 300px\" \/><\/p>\n<p><strong>Con una buen\u00edsima noche meteorol\u00f3gicamente ablando, la Corporaci\u00f3n de \u201clos Ataos, Judas, Pedro y Pablo\u201d,\u00a0 celebro el 5\u00ba s\u00e1bado de Cuaresma, denominado de \u201cPan y Peces\u201d. Con una buena asistencia de hermanos Ataos, hermanos m\u00fasicos y un gran nutrido n\u00famero de invitados, que compartieron mesa y mantel y desfile cuaresmal con nosotros.<\/strong><br \/><strong>\u00a0\u00a0\u00a0\u00a0\u00a0\u00a0\u00a0\u00a0\u00a0\u00a0\u00a0 Entre los invitados se encontraban, los miembros de la agrupaci\u00f3n Carnavalesca \u201cAmigos de la comparsa de Puente Genil\u201d, invitados por nuestro hermano m\u00fasico y caja redoblante, Fco. Jos\u00e9 Ram\u00edrez y por Manuel Javier Cano, hermano de los Ataos, los dos miembro de dicha comparsa. En este grupo de j\u00f3venes, tambi\u00e9n se encontraba el miembro de la comparsa, Cristian Redondo Chac\u00f3n, gran artista pontan\u00e9s del arte del bordado en el oro fino. Por el m\u00fasico Jes\u00fas L\u00f3pez , Miguel Cejas, hermano de la corporaci\u00f3n de \u201cLos Samaritanos\u201d y su hijo, posible hermano m\u00fasico de Los Ataos, el cual nos acompa\u00f1\u00f3 esta noche tocando su clarinete.<\/strong><br \/><strong>Tambi\u00e9n se encontraba como invitado, el hijo de nuestro hermano Jos\u00e9 Amador Beltr\u00e1n, Fco Jos\u00e9 Beltr\u00e1n Prieto. El hijo de nuestro hermano \u201cSalvi\u201d Daniel Gonzales Gil. El hermano de nuestro querid\u00edsimo \u201cPaco Serrano\u201d, Antonio Serrano Cosano y otro invitado por su parte. Mas otros invitados por diferentes hermanos Ataos.<\/strong><br \/><strong>\u00a0\u00a0\u00a0\u00a0\u00a0\u00a0 El sal\u00f3n de nuestro cuartel presentaba un aspecto grandioso, con las cuatro mesas llenas de hermanos ataos, m\u00fasicos e invitados y bajo un ambiente totalmente cuaresmal.\u00a0\u00a0\u00a0\u00a0\u00a0 Sobre las 9,30 de la noche, nuestro Presidente Manuel G\u00e1lvez Espadas, daba las buenas noches y la bienvenida a todos los presentes y nos deseaba que pasemos una buena noche cuaresmal, y pidi\u00e9ndonos que guard\u00e1semos un minuto de silencio, por el fallecimiento de la suegra de nuestro hermano \u201cPepe Amador y por la reciente muerte del padre de nuestro hermano Antonio Moreno Salamanca. \u00a0\u00a0\u00a0\u00a0A rengl\u00f3n seguido, tomaba la palabra el portavoz de los hermanos m\u00fasicos Antonio Gama, quien dijo que en recuerdo a los dos fallecidos, entonar\u00edan la marcha \u201cRecuerdo\u201d.<\/strong><br \/><strong>\u00a0\u00a0\u00a0\u00a0\u00a0\u00a0\u00a0\u00a0\u00a0\u00a0\u00a0 Ya sobre las 10, 30, inici\u00e1bamos la tradicional subida y bajada al Calvario, no sin antes hacer la primera parada a las puertas de la Iglesia de la Concepci\u00f3n, a la espera del paso de la corporaci\u00f3n hermana del Imperio Romano.\u00a0 Tras el desfile de la subida y el compas de espera bajo la Cruz de los Ca\u00eddos, y la entonaci\u00f3n del Miserere y el St\u00e1bat Mater bajo el p\u00f3rtico de Jes\u00fas, retorn\u00e1bamos de nuevo a nuestro cuartel.\u00a0\u00a0 Los pasodobles que se entonaron en todo el recorrido fueron, \u201cEnriquetilla\u201d \u201cEl Humilde\u201d y \u201cBarrabas\u201d.<\/strong><br \/><strong>\u00a0\u00a0\u00a0\u00a0\u00a0\u00a0\u00a0\u00a0\u00a0\u00a0\u00a0 Tras la parada de la calle horno, la bajamos bajo los sones de la marcha lenta, \u201cManantero Cofrade\u201d compuesta el pontan\u00e9s, \u201cMaestro\u201d, Eugenio Palomero. Tambi\u00e9n como casi todos los a\u00f1os en este s\u00e1bado de Pan y Peces, hac\u00edamos una visita de cortes\u00eda a los hermanos de la corporaci\u00f3n B\u00edblica \u201cEl Juicio de Salom\u00f3n\u201d. Compartiendo con ellos unas uvitas de vino y dialogo fraternal y llegado a nuestro cuartel con los sones del \u201cBarrabas\u201d.<\/strong><br \/><strong>\u00a0\u00a0\u00a0\u00a0\u00a0\u00a0\u00a0\u00a0\u00a0\u00a0\u00a0 Nuevamente sentados en torno a las mesas y antes de que se sirviera la cena, el Presidente invitaba a que nuestro hermano Fco, Jos\u00e9 Membiela Prieto, que nos leyese el pasaje de Biblia, correspondiente a este s\u00e1bado de Pan y Peces.<\/strong><br \/><strong><em>&lt;&lt;Jes\u00fas llamo a sus disc\u00edpulos y les dijo: Tengo compasi\u00f3n de la muchedumbre, porque hace tres d\u00edas que est\u00e1n con migo y no tienen que comer; no quiero despedirlos ayunos, no sean que fallezcan en el camino. Los disc\u00edpulos le contestaron: \u00bfde d\u00f3nde vamos a sacar en Desierto tantos panes para saciar a tanta muchedumbre? Dijo le Jes\u00fas: \u00bfCu\u00e1ntos panes ten\u00e9is? Ellos contestaron: Siete y algunos panecillos. Y mandando a la muchedumbre que recostaran en la tierra, tomo los siete panes y los peces, y dando gracias los parti\u00f3 y se los dio a sus disc\u00edpulos, y estos a la muchedumbre. Y comieron todos y se saciaron, y se recogieron los pedazos que quedaron, siete espuertas llenas. Los que comieron eran unos cuatro mil hombres, sin contar mujeres y ni\u00f1os, y despidieron a la muchedumbre, subi\u00f3 a la barca y vino a los confines de Magadan; \u201cPalabra de Dios\u201d.&gt;&gt;<\/em><\/strong><br \/><strong>Mientras nos serv\u00edan la cena, un miembro de la comparsa de Puente Genil, un tal Adri\u00e1n, daba las gracias a sus compa\u00f1eros Ataos, por la invitaci\u00f3n y al resto de los hermanos de la corporaci\u00f3n, por la buena acogida que les han brindado, tanto a \u00e9l, como a sus compa\u00f1eros, siendo para ellos un gran honor y orgullo el poder haber compartido con vosotros esta gran noche, la cual quedara seguro grabada en nuestros corazones para siempre.<\/strong><br \/><strong>\u00a0\u00a0\u00a0\u00a0\u00a0\u00a0\u00a0\u00a0\u00a0\u00a0\u00a0 Como \u00faltimo interviniente, el Presidente le ced\u00eda la palabra al hermano de la corporaci\u00f3n B\u00edblica de \u201cLos Samaritanos\u201d Miguel Cejas, el cual se expresaba con palabras de confraternidad y cari\u00f1o, hacia los Hermanos Ataos. Alegando que el poder compartir con vosotros una noche cuaresmal, era todo un orgullo, que espera a\u00f1o tras a\u00f1o, aunque para ello tenga que dejar de asistir a mi corporaci\u00f3n. Terminado su intervenci\u00f3n, recit\u00e1ndonos una poes\u00eda titulada \u201cSer manantero\u201d, haciendo con gran sabidur\u00eda y su buen hacer.<\/strong><br \/><br \/><strong>Ser manantero hijo m\u00edo<\/strong><br \/><strong>no es cantar como un poseso<\/strong><br \/><strong>las \u00faltimas melod\u00edas<\/strong><br \/><strong>de moda en ese momento<\/strong><br \/><strong>ni tampoco cuarteleras<\/strong><br \/><strong>gritando con desenfreno<\/strong><br \/><strong>y la voz aguardientosa<\/strong><br \/><strong>de un borracho marinero,<\/strong><br \/><strong>no es recorrer nuestro pueblo<\/strong><br \/><strong>con un tambor mal templao<\/strong><br \/><strong>poniendo cara de entierro<\/strong><br \/><strong>ni coger una gran mona<\/strong><br \/><strong>cosa de poco acierto<\/strong><br \/><strong>y pasearse con ella<\/strong><br \/><strong>vestido de rebateo<\/strong><br \/><strong>golpeando con el cirio<\/strong><br \/><strong>los adoquines del suelo,<\/strong><br \/><strong>no es dejarse siete d\u00edas<\/strong><br \/><strong>la misma ropa en el cuerpo<\/strong><br \/><strong>ni vestirse de figura<\/strong><br \/><strong>y menos de Nazareno<\/strong><br \/><strong>mirando hacia los balcones<\/strong><br \/><strong>con gesto carnavalero.<\/strong><br \/><strong>Ser manantero hijo m\u00edo<\/strong><br \/><strong>es algo mucho m\u00e1s serio,<\/strong><br \/><strong>es tener un coraz\u00f3n<\/strong><br \/><strong>que no te quepa en el pecho,<\/strong><br \/><strong>es amar a todo el mundo,<\/strong><br \/><strong>a tu hermano, al forastero,<\/strong><br \/><strong>ser humilde, ser cristiano,<\/strong><br \/><strong>cuando haya que ser alegre,<\/strong><br \/><strong>ser alegre como el agua<\/strong><br \/><strong>de un juguet\u00f3n arroyuelo,<\/strong><br \/><strong>y llorar gotas de sangre<\/strong><br \/><strong>al pasar el Nazareno.<\/strong><br \/><strong>Si la Virgen es la rosa,<\/strong><br \/><strong>tu debes ser el jardinero<\/strong><br \/><strong>que le corte las espinas,<\/strong><br \/><strong>y de la cruz de Jes\u00fas<\/strong><br \/><strong>debes ser carpintero<\/strong><br \/><strong>que rebaje las aristas<\/strong><br \/><strong>y convierta ese maero<\/strong><br \/><strong>en un confortable lecho.<\/strong><br \/><strong>Por amor, por manantero,<\/strong><br \/><strong>es ayudar al humilde,<\/strong><br \/><strong>es servir a cada hermano,<\/strong><br \/><strong>es abrir tu coraz\u00f3n<\/strong><br \/><strong>en cada apret\u00f3n de manos.<\/strong><br \/><strong>Respeta los manantiales<\/strong><br \/><strong>en los que antes bebieron<\/strong><br \/><strong>pontanenses que se han ido.<\/strong><br \/><strong>Viste los mismos ropajes,<\/strong><br \/><strong>sigue los mismos ejemplos<\/strong><br \/><strong>que dieron a nuestros padres<\/strong><br \/><strong>con cari\u00f1o sus abuelos.<\/strong><br \/><strong>\u00a1Lucha por nuestra mananta!<\/strong><br \/><strong>en las sombras y en silencio<\/strong><br \/><strong>se guardi\u00e1n firme y fiel<\/strong><br \/><strong>de la tradici\u00f3n del pueblo.<\/strong><br \/><strong>Y cuando el Terrible quiera<\/strong><br \/><strong>llevarte con El al cielo<\/strong><br \/><strong>entra por la puerta grande,<\/strong><br \/><strong>y al que este all\u00ed de portero<\/strong><br \/><strong>ens\u00e9\u00f1ale con orgullo<\/strong><br \/><strong>tu coraz\u00f3n manantero.<\/strong><br \/><br \/><strong>Y como es obvio, termin\u00e1bamos la noche con ritual de quitarle la 5\u00ba pata a la Vieja Cuaresmera, honor que recay\u00f3 en esta ocasi\u00f3n en el hermano Atao, Miguel \u00c1ngel Moreno Luna, el cual lleno de emoci\u00f3n y muy nervioso, no pudiendo ni articular palabra, solo se limito a dar las gracias y un \u201cViva a los Ataos\u201d.<\/strong><br \/><strong>Otro magnifico s\u00e1bado de cuaresma, muy concurrido y vivi\u00e9ndolo todos a tope, tanto Ataos, hermanos m\u00fasicos e invitados.<\/strong><br \/><br \/><strong>A.\u00a0G. S.<\/strong><\/p><\/div><\/div><\/div><div class=\"wppb-accordion-item repeater-6\"><div class=\"wppb-accordion-title wppb-toggle-right \"><i class=\"fas fa-pen-alt\"><\/i><span class=\"wppb-accordion-title-content\">Sexta Subida al Calvario - Pasi\u00f3n<\/span><span class=\"wppb-toggle-direction wppb-toggle-right\"><i class=\"fas fas fa-angle-right\"><\/i><\/span><\/div><div class=\"wppb-panel-collapse\" style=\"display: none;\"><div class=\"wppb-accordion-content\"><p style=\"text-align: center\"><strong>Con una buen\u00edsima noche meteorol\u00f3gicamente ablando, la Corporaci\u00f3n de \u201clos Ataos, Judas, Pedro y Pablo\u201d,\u00a0 celebro el 5\u00ba s\u00e1bado de Cuaresma, denominado de \u201cPan y Peces\u201d. Con una buena asistencia de hermanos Ataos, hermanos m\u00fasicos y un gran nutrido n\u00famero de invitados, que compartieron mesa y mantel y desfile cuaresmal con nosotros.<\/strong><br \/><strong>\u00a0\u00a0\u00a0\u00a0\u00a0\u00a0\u00a0\u00a0\u00a0\u00a0\u00a0 Entre los invitados se encontraban, los miembros de la agrupaci\u00f3n Carnavalesca \u201cAmigos de la comparsa de Puente Genil\u201d, invitados por nuestro hermano m\u00fasico y caja redoblante, Fco. Jos\u00e9 Ram\u00edrez y por Manuel Javier Cano, hermano de los Ataos, los dos miembro de dicha comparsa. En este grupo de j\u00f3venes, tambi\u00e9n se encontraba el miembro de la comparsa, Cristian Redondo Chac\u00f3n, gran artista pontan\u00e9s del arte del bordado en el oro fino. Por el m\u00fasico Jes\u00fas L\u00f3pez , Miguel Cejas, hermano de la corporaci\u00f3n de \u201cLos Samaritanos\u201d y su hijo, posible hermano m\u00fasico de Los Ataos, el cual nos acompa\u00f1\u00f3 esta noche tocando su clarinete.<\/strong><br \/><strong>Tambi\u00e9n se encontraba como invitado, el hijo de nuestro hermano Jos\u00e9 Amador Beltr\u00e1n, Fco Jos\u00e9 Beltr\u00e1n Prieto. El hijo de nuestro hermano \u201cSalvi\u201d Daniel Gonzales Gil. El hermano de nuestro querid\u00edsimo \u201cPaco Serrano\u201d, Antonio Serrano Cosano y otro invitado por su parte. Mas otros invitados por diferentes hermanos Ataos.<\/strong><br \/><strong>\u00a0\u00a0\u00a0\u00a0\u00a0\u00a0 El sal\u00f3n de nuestro cuartel presentaba un aspecto grandioso, con las cuatro mesas llenas de hermanos ataos, m\u00fasicos e invitados y bajo un ambiente totalmente cuaresmal.\u00a0\u00a0\u00a0\u00a0\u00a0 Sobre las 9,30 de la noche, nuestro Presidente Manuel G\u00e1lvez Espadas, daba las buenas noches y la bienvenida a todos los presentes y nos deseaba que pasemos una buena noche cuaresmal, y pidi\u00e9ndonos que guard\u00e1semos un minuto de silencio, por el fallecimiento de la suegra de nuestro hermano \u201cPepe Amador y por la reciente muerte del padre de nuestro hermano Antonio Moreno Salamanca. \u00a0\u00a0\u00a0\u00a0A rengl\u00f3n seguido, tomaba la palabra el portavoz de los hermanos m\u00fasicos Antonio Gama, quien dijo que en recuerdo a los dos fallecidos, entonar\u00edan la marcha \u201cRecuerdo\u201d.<\/strong><br \/><strong>\u00a0\u00a0\u00a0\u00a0\u00a0\u00a0\u00a0\u00a0\u00a0\u00a0\u00a0 Ya sobre las 10, 30, inici\u00e1bamos la tradicional subida y bajada al Calvario, no sin antes hacer la primera parada a las puertas de la Iglesia de la Concepci\u00f3n, a la espera del paso de la corporaci\u00f3n hermana del Imperio Romano.\u00a0 Tras el desfile de la subida y el compas de espera bajo la Cruz de los Ca\u00eddos, y la entonaci\u00f3n del Miserere y el St\u00e1bat Mater bajo el p\u00f3rtico de Jes\u00fas, retorn\u00e1bamos de nuevo a nuestro cuartel.\u00a0\u00a0 Los pasodobles que se entonaron en todo el recorrido fueron, \u201cEnriquetilla\u201d \u201cEl Humilde\u201d y \u201cBarrabas\u201d.<\/strong><br \/><strong>\u00a0\u00a0\u00a0\u00a0\u00a0\u00a0\u00a0\u00a0\u00a0\u00a0\u00a0 Tras la parada de la calle horno, la bajamos bajo los sones de la marcha lenta, \u201cManantero Cofrade\u201d compuesta el pontan\u00e9s, \u201cMaestro\u201d, Eugenio Palomero. Tambi\u00e9n como casi todos los a\u00f1os en este s\u00e1bado de Pan y Peces, hac\u00edamos una visita de cortes\u00eda a los hermanos de la corporaci\u00f3n B\u00edblica \u201cEl Juicio de Salom\u00f3n\u201d. Compartiendo con ellos unas uvitas de vino y dialogo fraternal y llegado a nuestro cuartel con los sones del \u201cBarrabas\u201d.<\/strong><br \/><strong>\u00a0\u00a0\u00a0\u00a0\u00a0\u00a0\u00a0\u00a0\u00a0\u00a0\u00a0 Nuevamente sentados en torno a las mesas y antes de que se sirviera la cena, el Presidente invitaba a que nuestro hermano Fco, Jos\u00e9 Membiela Prieto, que nos leyese el pasaje de Biblia, correspondiente a este s\u00e1bado de Pan y Peces.<\/strong><br \/><strong><em>&lt;&lt;Jes\u00fas llamo a sus disc\u00edpulos y les dijo: Tengo compasi\u00f3n de la muchedumbre, porque hace tres d\u00edas que est\u00e1n con migo y no tienen que comer; no quiero despedirlos ayunos, no sean que fallezcan en el camino. Los disc\u00edpulos le contestaron: \u00bfde d\u00f3nde vamos a sacar en Desierto tantos panes para saciar a tanta muchedumbre? Dijo le Jes\u00fas: \u00bfCu\u00e1ntos panes ten\u00e9is? Ellos contestaron: Siete y algunos panecillos. Y mandando a la muchedumbre que recostaran en la tierra, tomo los siete panes y los peces, y dando gracias los parti\u00f3 y se los dio a sus disc\u00edpulos, y estos a la muchedumbre. Y comieron todos y se saciaron, y se recogieron los pedazos que quedaron, siete espuertas llenas. Los que comieron eran unos cuatro mil hombres, sin contar mujeres y ni\u00f1os, y despidieron a la muchedumbre, subi\u00f3 a la barca y vino a los confines de Magadan; \u201cPalabra de Dios\u201d.&gt;&gt;<\/em><\/strong><br \/><strong>Mientras nos serv\u00edan la cena, un miembro de la comparsa de Puente Genil, un tal Adri\u00e1n, daba las gracias a sus compa\u00f1eros Ataos, por la invitaci\u00f3n y al resto de los hermanos de la corporaci\u00f3n, por la buena acogida que les han brindado, tanto a \u00e9l, como a sus compa\u00f1eros, siendo para ellos un gran honor y orgullo el poder haber compartido con vosotros esta gran noche, la cual quedara seguro grabada en nuestros corazones para siempre.<\/strong><br \/><strong>\u00a0\u00a0\u00a0\u00a0\u00a0\u00a0\u00a0\u00a0\u00a0\u00a0\u00a0 Como \u00faltimo interviniente, el Presidente le ced\u00eda la palabra al hermano de la corporaci\u00f3n B\u00edblica de \u201cLos Samaritanos\u201d Miguel Cejas, el cual se expresaba con palabras de confraternidad y cari\u00f1o, hacia los Hermanos Ataos. Alegando que el poder compartir con vosotros una noche cuaresmal, era todo un orgullo, que espera a\u00f1o tras a\u00f1o, aunque para ello tenga que dejar de asistir a mi corporaci\u00f3n. Terminado su intervenci\u00f3n, recit\u00e1ndonos una poes\u00eda titulada \u201cSer manantero\u201d, haciendo con gran sabidur\u00eda y su buen hacer.<\/strong><br \/><br \/><strong>Ser manantero hijo m\u00edo<\/strong><br \/><strong>no es cantar como un poseso<\/strong><br \/><strong>las \u00faltimas melod\u00edas<\/strong><br \/><strong>de moda en ese momento<\/strong><br \/><strong>ni tampoco cuarteleras<\/strong><br \/><strong>gritando con desenfreno<\/strong><br \/><strong>y la voz aguardientosa<\/strong><br \/><strong>de un borracho marinero,<\/strong><br \/><strong>no es recorrer nuestro pueblo<\/strong><br \/><strong>con un tambor mal templao<\/strong><br \/><strong>poniendo cara de entierro<\/strong><br \/><strong>ni coger una gran mona<\/strong><br \/><strong>cosa de poco acierto<\/strong><br \/><strong>y pasearse con ella<\/strong><br \/><strong>vestido de rebateo<\/strong><br \/><strong>golpeando con el cirio<\/strong><br \/><strong>los adoquines del suelo,<\/strong><br \/><strong>no es dejarse siete d\u00edas<\/strong><br \/><strong>la misma ropa en el cuerpo<\/strong><br \/><strong>ni vestirse de figura<\/strong><br \/><strong>y menos de Nazareno<\/strong><br \/><strong>mirando hacia los balcones<\/strong><br \/><strong>con gesto carnavalero.<\/strong><br \/><strong>Ser manantero hijo m\u00edo<\/strong><br \/><strong>es algo mucho m\u00e1s serio,<\/strong><br \/><strong>es tener un coraz\u00f3n<\/strong><br \/><strong>que no te quepa en el pecho,<\/strong><br \/><strong>es amar a todo el mundo,<\/strong><br \/><strong>a tu hermano, al forastero,<\/strong><br \/><strong>ser humilde, ser cristiano,<\/strong><br \/><strong>cuando haya que ser alegre,<\/strong><br \/><strong>ser alegre como el agua<\/strong><br \/><strong>de un juguet\u00f3n arroyuelo,<\/strong><br \/><strong>y llorar gotas de sangre<\/strong><br \/><strong>al pasar el Nazareno.<\/strong><br \/><strong>Si la Virgen es la rosa,<\/strong><br \/><strong>tu debes ser el jardinero<\/strong><br \/><strong>que le corte las espinas,<\/strong><br \/><strong>y de la cruz de Jes\u00fas<\/strong><br \/><strong>debes ser carpintero<\/strong><br \/><strong>que rebaje las aristas<\/strong><br \/><strong>y convierta ese maero<\/strong><br \/><strong>en un confortable lecho.<\/strong><br \/><strong>Por amor, por manantero,<\/strong><br \/><strong>es ayudar al humilde,<\/strong><br \/><strong>es servir a cada hermano,<\/strong><br \/><strong>es abrir tu coraz\u00f3n<\/strong><br \/><strong>en cada apret\u00f3n de manos.<\/strong><br \/><strong>Respeta los manantiales<\/strong><br \/><strong>en los que antes bebieron<\/strong><br \/><strong>pontanenses que se han ido.<\/strong><br \/><strong>Viste los mismos ropajes,<\/strong><br \/><strong>sigue los mismos ejemplos<\/strong><br \/><strong>que dieron a nuestros padres<\/strong><br \/><strong>con cari\u00f1o sus abuelos.<\/strong><br \/><strong>\u00a1Lucha por nuestra mananta!<\/strong><br \/><strong>en las sombras y en silencio<\/strong><br \/><strong>se guardi\u00e1n firme y fiel<\/strong><br \/><strong>de la tradici\u00f3n del pueblo.<\/strong><br \/><strong>Y cuando el Terrible quiera<\/strong><br \/><strong>llevarte con El al cielo<\/strong><br \/><strong>entra por la puerta grande,<\/strong><br \/><strong>y al que este all\u00ed de portero<\/strong><br \/><strong>ens\u00e9\u00f1ale con orgullo<\/strong><br \/><strong>tu coraz\u00f3n manantero.<\/strong><br \/><br \/><strong>Y como es obvio, termin\u00e1bamos la noche con ritual de quitarle la 5\u00ba pata a la Vieja Cuaresmera, honor que recay\u00f3 en esta ocasi\u00f3n en el hermano Atao, Miguel \u00c1ngel Moreno Luna, el cual lleno de emoci\u00f3n y muy nervioso, no pudiendo ni articular palabra, solo se limito a dar las gracias y un \u201cViva a los Ataos\u201d.<\/strong><br \/><strong>Otro magnifico s\u00e1bado de cuaresma, muy concurrido y vivi\u00e9ndolo todos a tope, tanto Ataos, hermanos m\u00fasicos e invitados.<\/strong><br \/><br \/><strong>A.\u00a0G. S.<\/strong><\/p><\/div><\/div><\/div><div class=\"wppb-accordion-item repeater-7\"><div class=\"wppb-accordion-title wppb-toggle-right \"><i class=\"fas fa-pen-alt\"><\/i><span class=\"wppb-accordion-title-content\">Domingo de Ramos<\/span><span class=\"wppb-toggle-direction wppb-toggle-right\"><i class=\"fas fas fa-angle-right\"><\/i><\/span><\/div><div class=\"wppb-panel-collapse\" style=\"display: none;\"><div class=\"wppb-accordion-content\"><p><strong>Despu\u00e9s de asistir al mediod\u00eda al magn\u00edfico Preg\u00f3n, pronunciado por V\u00edctor Reina, hermano de la Corporaci\u00f3n B\u00edblica Judit y la Degollaci\u00f3n de San Juan Bautista \u201cEl Deg\u00fcello\u201d, en el incomparable marco de la Iglesia de San Francisco As\u00eds, del antiguo Hospital. La Corporaci\u00f3n B\u00edblica de los Ataos, Judas Pedro y Pablo, nos dispon\u00edamos a la celebraci\u00f3n de la cena de hermandad y \u00faltima subida al Calvario.<\/strong><\/p>\n<p><strong>Sobre las 9,30 de la noche, nuestro Presidente Manuel G\u00e1lvez Espadas, daba la bienvenida a todos los Hermanos Ataos, hermanos m\u00fasicos, junto con alg\u00fan que otro hijo de hermanos, al ser estos los \u00fanicos invitados permitidos en el domingo de ramos.<\/strong><\/p>\n<p><strong>En su intervenci\u00f3n el hermano Presidente, nos comunicaba la no presencia de su padre y Decano de los Ataos, al encontrarse indispuesto por problemas de enfermedad. Tambi\u00e9n nos comunicaba, que la visita prevista de la Chusma no se producir\u00eda, ya que en ella participaban los m\u00e1s veteranos de la Corporaci\u00f3n del Imperio Romano y ello conllevaba el no poder con ellos subir cuestas, limit\u00e1ndose a hacer su recorrido solo por algunas corporaciones del entorno de su cuartel, pero que bajo la Cruz de los Ca\u00eddos, en la Plaza del Calvario y tras el toque del \u201cGloria al Muerto\u201d, por los dos grupos de m\u00fasica, los dos presidentes estar\u00edan en contacto en todo momento, para controlar la visita tradicional al cuartel de la Corporaci\u00f3n hermana del Imperio Romano.<\/strong><\/p>\n<p><strong>Poco despu\u00e9s el Presidente, comenzaba a dar el turno de la palabra a los hijos de los Ataos que asistieron. En primer lugar, intervino Antonio Jes\u00fas G\u00e1lvez Rodr\u00edguez, hijo de nuestro hermano Antonio G\u00e1lvez, el cual dec\u00eda que para el era todo un orgullo y placer, el poder compartir con los Ataos esta noche, mesa y mantel y subida al Calvario. Porque aunque yo por circunstancias soy hermano de la Corporaci\u00f3n B\u00edblica \u201cLos Defensores de Israel\u201d, ello no quita que yo sea Atao, porque me corre por las venas, y mis primeros pasos como un humilde manantero que soy, fueron en este cuartel, vistiendo de ni\u00f1o y jovencito las figuras y romanos de los Ataos, la que considero mi casa, pudiendo ser, que alg\u00fan d\u00eda sea hermano de todo derecho. Terminado su intervenci\u00f3n, dando las gracias a todos los Ataos, por el cari\u00f1o que le procesaban y deseando pasar una noche inolvidable.<\/strong><\/p>\n<p><strong>A continuaci\u00f3n, tomaba la palabra, Javier Serrano Carnerero, hijo de nuestro hermano de prueba Manuel Serrano L\u00f3pez, el cual agradec\u00eda la buena acogida por parte de los hermanos Ataos hacia su persona, siendo para \u00e9l un gran orgullo, participar con vosotros por primera vez, deseo pasar una buena noche y que \u201cViva Los Ataos\u201d.<\/strong><\/p>\n<p><strong>Sin descanso, tambi\u00e9n hacia uso de la palabra, el hijo de nuestro hermano m\u00fasico Antonio Estrada Luna, el cual agradec\u00eda la invitaci\u00f3n de su padre, para poder compartir con vosotros esta noche m\u00e1gica. Me siento muy agusto e intentare pasar una buena noche.<\/strong><\/p>\n<p><strong>Tras ello, proced\u00edamos a iniciar la \u00faltima subida al Calvario, entonado los m\u00fasicos los pasodobles, Judas \u2013 Pedro y Pablo, Caralimpia y el Barrabas, mas el toque del Gloria al Muerto, junto con los m\u00fasicos del Imperio Romano, bajo la Cruz de los Ca\u00eddos. Despu\u00e9s se interpreto por nuestros m\u00fasicos, el Miserere y el St\u00e1bat Mater, bajo el p\u00f3rtico de Jes\u00fas. Iniciando la bajada, con el Gloria al Muerto, hasta la Calle La Plaza. Haciendo antes un receso a las puertas de la Iglesia de la Concepci\u00f3n, donde entonamos las Alondras y alguna que otra saeta cuartelera.<\/strong><\/p>\n<p><strong>Despu\u00e9s, baj\u00e1bamos cuesta Baena y pas\u00e1bamos la calle de la Plaza, desfilado a marcha lenta, con \u201cVirgen de la Gu\u00eda\u201d, llegado al cuartel de los Romanos, donde nos recibieron todos de pie y bajo un aluvi\u00f3n de aplausos, mientras desfil\u00e1bamos por todo el sal\u00f3n. Tras compartir con ellos unas viandas y unas copitas de vino, el presidente de los Ataos Manuel G\u00e1lvez Espadas, tomaba la palabra, dando las gracias por el buen recibimiento un a\u00f1o m\u00e1s y disculpando la no presencia de su padre el decano de los Ataos, y anunciando que el pr\u00f3ximo Martes Santo, se le impondr\u00eda la medalla de los 50 a\u00f1os de permanencia consecutiva, a su t\u00edo y Antonio G\u00e1lvez Silva, manantero Ejemplar 2006. Tambi\u00e9n agradec\u00eda al presidente de los romanos, la deferencia que tuvo el a\u00f1o pasado, al cedernos el cuartel, para la imposici\u00f3n de la primera medalla de los 50 a\u00f1os, a su padre Manuel G\u00e1lvez Silva y de tres de 25, a Fco Jos\u00e9 Membiela \u2013 Antonio Moreno y Jos\u00e9 Amador.<\/strong><\/p>\n<p><strong>Despu\u00e9s, el capit\u00e1n del Imperio Romano Manuel Reina G\u00f3mez, tomaba la palabra, disculp\u00e1ndose por la no visita de la Chusma al cuartel de los Ataos, por circunstancias que todos conoc\u00e9is, prometiendo que en a\u00f1os sucesivos esto no ocurrir\u00e1. Tambi\u00e9n Manuel Reina, nos felicitaba por el gran desfile con la Virgen de la Gu\u00eda el S\u00e1bado de Ramos. Como an\u00e9cdota decir, que mientras los dos mandatarios se pronunciaba, Rafael S\u00e1nchez, Manantero Ejemplar 2015 y el Pregonero 2015 V\u00edctor Reina, invitados de honor de la Corporaci\u00f3n del Imperio Romano, portaban sobre sus dedos el Gallo de los Ataos.<\/strong><\/p>\n<p><strong>Ya de regreso y de nuevo en nuestro cuartel, y con la presencia del Cofrade Mayor de La Gu\u00eda, Fco Manuel Ben\u00edtez, el Presidente le ced\u00eda la palabra, el cual nos dec\u00eda que felicitaba a los Ataos corporaci\u00f3n matriz de la Gu\u00eda, por el gran desfile realizado el s\u00e1bado de ramos. Que esta corporaci\u00f3n siempre seria el referente de la gu\u00eda y que vuestro cuartel seguir\u00eda siendo el de la cofrad\u00eda hasta que ustedes as\u00ed lo crean conveniente. Terminado su intervenci\u00f3n, con un viva a los Ataos y a la Virgen de la Gu\u00eda.<\/strong><\/p>\n<p><strong>Sin descanso ya por las altas horas de la noche, se proced\u00eda a dar lectura al pasaje de la Biblia, correspondiente al Domingo de Ramos. Honor que recay\u00f3 en el hermano m\u00fasico Adrian Gil Quintero, procedi\u00e9ndose a continuaci\u00f3n, al ritual de quitarle la ultima pata a la vieja Cuaresmera, para ello el Presidente se situ\u00f3 debajo de la vieja y nos dec\u00eda, que como en toda la cuaresma, las patas se le hab\u00edan entregado a todos los hermanos que de una forma u otra, han trabajado en sus cargos por la corporaci\u00f3n, pidi\u00e9ndoles a todos los que la hab\u00edan recibido que se situaran junto a \u00e9l, porque esta ultima pata se le entregar\u00eda al Vice-Decano y pr\u00f3ximo medalla de 50 a\u00f1os, Antonio G\u00e1lvez, por su gran trabajo de recuperaci\u00f3n de los archivos de la corporaci\u00f3n y su labor de llevar la p\u00e1gina Web de la corporaci\u00f3n.<\/strong><\/p>\n<p><strong>Despu\u00e9s de quitarle la pata y con la presencia del Cofrade Mayor de la Gu\u00eda junto a todos, Antonio G\u00e1lvez dec\u00eda, que durante sus cincuenta a\u00f1os como Atao, siempre hab\u00eda trabajado por el engrandecimiento de la corporaci\u00f3n y en la medida de sus posibilidades, pasando por diferentes cargos, entre ellos el de Presidente en 5 ocasiones y que este de archivero, era otro m\u00e1s, haci\u00e9ndolo con honestidad y responsabilidad, mientras su cuerpo se lo permita y Jes\u00fas y Mar\u00eda Sant\u00edsima lo quieran. Un esplendoroso Domingo de Ramos, que los hermanos de los Ataos, pudimos disfrutar hasta alta hora de la madrugada.<\/strong><br \/><br \/><strong>A.G.S..<\/strong><\/p><\/div><\/div><\/div><div class=\"wppb-accordion-item repeater-8\"><div class=\"wppb-accordion-title wppb-toggle-right \"><i class=\"fas fa-pen-alt\"><\/i><span class=\"wppb-accordion-title-content\">Martes Santo - Homenaje a Antonio G\u00e1lvez Silva<\/span><span class=\"wppb-toggle-direction wppb-toggle-right\"><i class=\"fas fas fa-angle-right\"><\/i><\/span><\/div><div class=\"wppb-panel-collapse\" style=\"display: none;\"><div class=\"wppb-accordion-content\"><div class=\"wp-block-kadence-tab kt-tab-inner-content kt-inner-tab-9 kt-inner-tab_1e36e0-28\">\n<div class=\"kt-tab-inner-content-inner\">\n<p><span style=\"color: #000080\">MARTES SANTO, HOMENAJE A ANTONIO GALVEZ SILVA<\/span><\/p>\n<p><span style=\"color: #000080\">Un a\u00f1o m\u00e1s, los hermanos de la corporaci\u00f3n B\u00edblica los Ataos, Judas Pedro y Pablo, celebr\u00e1bamos cena de hermandad en honor a nuestras esposas y novias. En esta ocasi\u00f3n la cena tenia adem\u00e1s otro fin, el homenajear a Antonio G\u00e1lvez Silva \u201cChifarri\u201d por sus cincuenta a\u00f1os de permanencia consecutiva, como hermano Atao, imponi\u00e9ndole la medalla de oro y pergamino conmemorativo.<\/span><\/p>\n<p><span style=\"color: #000080\">Sobre las 10 de la noche, nuestro presidente Manuel G\u00e1lvez Espadas, daba las buenas noches y la bienvenida a todos los hermanos\/as asistentes, junto con los hermanos m\u00fasicos, se\u00f1oras y novias, mas los hijos y yerno del homenajeado, mas sus familiares no Ataos. El presidente comentaba que esta noche ser\u00eda algo muy especial, ya que se le iba a imponer a su t\u00edo Antonio, la medalla de oro de los 50 a\u00f1os como hermano Atao, y que debido a que la noche se preve\u00eda larga y con el receso que hab\u00eda de hacer por el paso de la procesi\u00f3n del martes Santo por la puerta del cuartel, rogaba a todos los intervinientes que fuese lo m\u00e1s breves posibles.<\/span><\/p>\n<p><span style=\"color: #000080\">Tras el paso de las im\u00e1genes y el toque del Miserere y St\u00e1bat Mater, por parte de nuestros hermanos m\u00fasicos, el presidente ped\u00eda disculpas por el tiempo empleado para presenciar la procesi\u00f3n. Iniciando el acto de homenaje, cedi\u00e9ndole la palabra a Jos\u00e9 G\u00f3mez L\u00f3pez, quie haria la semblanza del homenajeado. Comenzaba Pepe G\u00f3mez diciendo, que \u00e9l no era persona que hablase con papeles, pero es tan extensa la vida manantera de Antonio, que hab\u00eda de tirar de escritos.<\/span><\/p>\n<figure class=\"wp-block-image\"><span style=\"color: #000080\"><img decoding=\"async\" src=\"http:\/\/www.losataos.org\/cuartel\/2015\/media\/chifi899.jpg\" alt=\"\" \/><\/span><\/figure>\n<figure class=\"wp-block-image\"><span style=\"color: #000080\"><img decoding=\"async\" src=\"http:\/\/www.losataos.org\/cuartel\/2015\/media\/chifi902.jpg\" alt=\"\" \/><\/span><\/figure>\n<figure class=\"wp-block-image\"><span style=\"color: #000080\"><img decoding=\"async\" src=\"http:\/\/www.losataos.org\/cuartel\/2015\/media\/chifi903.jpg\" alt=\"\" \/><\/span><\/figure>\n<p><span style=\"color: #000080\">Terminado el acto de presentaci\u00f3n por el hermano Pepe G\u00f3mez, el presidente Manuel G\u00e1lvez Espadas, prosodia a la imposici\u00f3n de la medalla. Medalla que le izo entrega a su esposa Isabel Rodr\u00edguez Santos, para que ella se la impusiese en la solapa de su traje, fundi\u00e9ndose el matrimonio en un abraso muy cari\u00f1oso, con los dos muy emocionados por dicha distinci\u00f3n. A rengl\u00f3n seguido, el secretario Rafael Ruiz Romero, le hac\u00eda entrega del pergamino conmemorativo de este d\u00eda. A continuaci\u00f3n, la se\u00f1ora del presidente le as\u00eda entrega a Isabel, mujer del homenajeado, de una pulsera de plata. Siendo este el acto principal del homenaje, el cual resulto muy emotivo y sentimental. Con los ojos humedecidos por la emoci\u00f3n que le embargaba, Antonio agradec\u00eda a sus hermanos Ataos tal distinci\u00f3n.<\/span><\/p>\n<p><span style=\"color: #000080\">Tras ello, nuestro hermano Eduardo L\u00f3pez Gil, director del grupo de m\u00fasica de los Ataos, tambi\u00e9n se sumaba al acto de homenaje, diciendo que para ellos era todo un honor de ser participes de este homenaje que se le tributa a nuestro hermano Antonio G\u00e1lvez, que tan ligado esta a la m\u00fasica. Felicit\u00e1ndolo le dec\u00eda que a continuaci\u00f3n iban a interpretar la marcha que en su d\u00eda fue dedicada a tu persona, para la Virgen de la Gu\u00eda, y terminaremos con tu pasodoble Judas, Pedro y Pablo. Con el cual Antonio y Se\u00f1ora, desfilaron por todo el sal\u00f3n, bajo un aluvi\u00f3n de aplausos y abrazos fraternales.<\/span><\/p>\n<p><span style=\"color: #000080\">Despu\u00e9s el Presidente desde el fondo del sal\u00f3n y acompa\u00f1ado por barios hermanos que intervendr\u00eda despu\u00e9s, y con palabras de afecto y confraternidad, le as\u00eda entrega al homenajeado, de la papeleta del cabo de romano, para que lo vistiese el S\u00e1bado Santo, tras el Sepulcro, como a \u00e9l le gusta vestir.<\/span><\/p>\n<p><span style=\"color: #000080\">Ya y sin pausa, as\u00eda uso de la palabra el hermano Fco. Jos\u00e9 Membiela Prieto, el cual le dec\u00eda al homenajeado con palabras fraternales, \u00bfhermano este es tu gran d\u00eda? disfr\u00fatalo porque te lo mereces, ya que en mis 26 a\u00f1os lagos como Ataos, t\u00fa has sido mi referente y mi maestro manantero, del que e aprendido a querer a los Ataos, a nuestra Virgen de la Gu\u00eda, y a la Semana Santa en todas sus facetas. Eres un Mantero Ejemplar, del cual todos tenemos que aprender mucho, persona devota y amante a todas las tradiciones de nuestro pueblo. Felicidades Antonio. Ahora te quiero entregare un presente, que creo que te gustara. El presente fue, un Cabo de Romano en miniatura al completo. Un regalo que Antonio muy emocionado recib\u00eda con agrado.<\/span><\/p>\n<p><span style=\"color: #000080\">A rengl\u00f3n seguido, tomaba la palabra el hermano Emilio Palos Rodr\u00edguez, rodeado de Manuel Garc\u00eda \u2013 Jos\u00e9 Amador \u2013 Antonio Moreno y Manuel Cosano \u201cChapetas\u201d, dec\u00eda que como un representante del rinc\u00f3n de Barcos, le dec\u00eda a hermano Antonio, que lo que te voy a entregar lo dice casi todo de ti, se unen dos cosas. Llevas mucho tiempo sent\u00e1ndote con nosotros en el rinc\u00f3n de Barcos, y de sobra sabemos que eres un piquito de oro. Quiero aclararte que piquito de oro, es una obra de los tiempos del pintor Goya, el cual lo reproducimos en una estampa que te entregare junto con esta reproducci\u00f3n de citado rinc\u00f3n con piquito de oro. Porque t\u00fa con tu oratorias y tus cantos de saetas, te viene que de parilla. Porque todos sabemos que t\u00fa eres el m\u00e1ximo referente de esta corporaci\u00f3n, le guste al que le guste. Persona siempre preocupada por los Ataos, y \u00faltimamente por recatar el patrimonio escrito como archivero, de la corporaci\u00f3n, mas con tu art\u00edculos, manteniendo la pagina Web de los Ataos. Finalmente Emilio le as\u00eda entrega de la reproducci\u00f3n del rinc\u00f3n de Barcos fotografiado y pegado en m\u00e1rmol. Un vistoso regalo que Antonio recib\u00eda con mucho cari\u00f1o.<\/span><\/p>\n<p><span style=\"color: #000080\">Del mismo grupo de hermano que se sientan en el llamado rinc\u00f3n de Barcos, interven\u00eda Jos\u00e9 Amador Beltr\u00e1n y dirigi\u00e9ndose al homenajeado le dec\u00eda, es cierto que el trabajo que t\u00fa desempe\u00f1as como archivero, es de reconocer. A m\u00ed me pediste que colaborase contigo, plasmando en un libro con mi letra, todas las directivas que desde que tenemos documentaci\u00f3n, han dirigido el destino de los Ataos hasta la actualidad. Yo he tenido muchas y buenas conversaciones contigo Antonio y siempre han sido siempre constructivas en favor de la corporaci\u00f3n, d\u00e1ndome cuenta el cari\u00f1o y fervor que sientes por los Ataos, por la Virgen de la Gu\u00eda y por la Semana Santa en general, lo cual te llevo a ser Manantero Ejemplar, te lo mereces Antonio y disfruta a tope de esta noche.<\/span><\/p>\n<p><span style=\"color: #000080\">Casi del mismo modo, se expresaba Antonio Moreno Salamanca, tambi\u00e9n persona que habitualmente ocupa un lugar en el rinc\u00f3n de Barcos dec\u00eda, que Antonio por su labor incansable en pro de la corporaci\u00f3n de los Ataos y de la Virgen de la Gu\u00eda, merec\u00eda todo el respeto y cari\u00f1o de todos los hermanos, ya que 50 a\u00f1os como Atao no se cumplen todos los d\u00edas. Por ello y mucho m\u00e1s, te deseo larga vida, para que podamos disfrutar de tu agradable compa\u00f1\u00eda.<\/span><\/p>\n<p><span style=\"color: #000080\">Para cerrar las intervenciones de los miembros del llamado rinc\u00f3n de Barcos, tomaba la palabra Manuel Garc\u00eda Garc\u00eda, el cual utilizaba una cuartilla para expresar sus palabras.<\/span><br \/><br \/><span style=\"color: #000080\"><img decoding=\"async\" src=\"http:\/\/www.losataos.org\/cuartel\/2015\/media\/manologarcia.jpg\" width=\"450\" height=\"700\" \/><\/span><\/p>\n<p><span style=\"color: #000080\">Casi sin descaso por que el tiempo apremiaba, tambi\u00e9n hacia uso de la palabra el hermano Nicol\u00e1s S\u00e1nchez Parra, el cual tras unas breves palabras de afecto y cari\u00f1o hacia el homenajeado y en el nombre de su familia, ped\u00eda a su hermana \u201cPaqui\u201d se\u00f1ora del secretario Rafael Ruiz, que le acompa\u00f1ase a la presidencia, para que les hiciesen juntos, entrega de un obsequio. Consistente en una caja que conten\u00eda dos catavinos con el anagrama de los Ataos.<\/span><br \/><span style=\"color: #000080\">Nuevamente y desde el fondo del cuartel, interven\u00eda Jos\u00e9 G\u00f3mez L\u00f3pez, el cual dec\u00eda, esta intervenci\u00f3n no tiene m\u00e1s que el objetivo de entregarte un regalo salido de las manos de los artistas G\u00e1lvez Palos.. tu familia, el cual espero que te guste. El regalo consist\u00eda, en un busto en miniatura del cabo de romano, que el homenajeado agradec\u00eda muy emocionado y con mucho cari\u00f1o.<\/span><\/p>\n<p><span style=\"color: #000080\">Casi a rengl\u00f3n seguido, tomaba la palabra su sobrino Jes\u00fas G\u00e1lvez Palos, el cual le dec\u00eda a su t\u00edo Antonio. Eres un ejemplo de esta corporaci\u00f3n, a mi me ense\u00f1astes a querer a los Ataos y a la m\u00e1s grande, nuestra Virgen de la Gu\u00eda. Ya quisiera yo poder llegar a ser lo que t\u00fa has sido, en los Ataos, en La Virgen de la Gu\u00eda y en la Semana Santa de nuestro pueblo, y decirte que para m\u00ed es un gran honor, el poder acompa\u00f1arte en esta noche m\u00e1gica, en uni\u00f3n de mis tipos y primos.<\/span><\/p>\n<p><span style=\"color: #000080\">Sin descanso, tomaba la Palabra Jes\u00fas G\u00e1lvez Silva, hermano de sangre del homenajeado y miembro activo de la corporaci\u00f3n del Imperio Romano, Manantero Ejemplar y un importante trabajador en nuestra inigualable Semana Santa. Dec\u00eda Jes\u00fas en sus intervenci\u00f3n, que esta medalla que se ha impuesto esta noche, contiene varios valores. Lo primero llegar a pasar 50 a\u00f1os en activo en una corporaci\u00f3n.. Casi na, ya es de reconocer. 50 a\u00f1os de ilusi\u00f3n trabajando en pro del engrandecimiento de la corporaci\u00f3n. 50 a\u00f1os, que han trascurrido en estas cuatro paredes de este cuartel, conviviendo con much\u00edsimos buenos Ataos de anta\u00f1o y actuales. Aquellos Ataos que ya no est\u00e1n y a los que tu le debes mucho por lo que te ense\u00f1aron, y t\u00fa tienes el compromiso de llevar a los Ataos al sitio que le corresponde, ense\u00f1\u00e1ndoles los que los viejos a ti te ense\u00f1aron, d\u00e1ndole los mejores consejos para que los Ataos sigan ocupando el sitio que ocupan.<\/span><\/p>\n<p><span style=\"color: #000080\">Tras las palabras pronunciadas por padre e hijo, los dos se acercaron a la presidencia y les hicieron entrega de la Figura de Judas braseando en miniatura, que ellos mismos elaboraron. Un regalo que Antonio recib\u00eda con mucha ilusi\u00f3n y bastante emocionado, ya que Judas es la figura que por antonomasia gusta de vestir toda la familia Chifarri.<\/span><\/p>\n<p><span style=\"color: #000080\">Tras ellos, tambi\u00e9n interven\u00eda el invitado de honor del homenajeado y considerado como un miembro m\u00e1s de la familia Chifarri, el artista miragenile\u00f1o y pregonero de la Semana Santa del 2013, Antonio Carmona Ruiz, el cual dec\u00eda que Antonio ha sido y es para \u00e9l, como un hermano mayor. Yo di mis primeros pasos como Manantero en la corporaci\u00f3n de los Ataos, de la mano de Antonio, vistiendo de las figuras chiquitas, ya que mis t\u00edos Pablo y Manuel Ruiz Ja\u00e9n, pertenecieron por aquellos a\u00f1os a esta corporaci\u00f3n. Yo actualmente milito en las Virtudes Teologales y anteriormente pertenec\u00ed al 1\u00ba de la Soledad, pero tengo que reconocer que mi habita natural es la corporaci\u00f3n de los Ataos, pero las circunstancias mandan. Cuando yo comenzaba mis primeros pinitos como pintor, muchas veces cruzaba la calle e iba en busca de Antonio al taller, ven\u00eda a mi casa para ver lo que yo estaba pintado y que \u00e9l le diera el visto bueno. Los dos junto y con mi madre Conchita Ruiz, emprendimos el camino del engrandecimiento de nuestra cofrad\u00eda de la Virgen de la Gu\u00eda, hasta dejarla en un gran lugar de la Semana Santa. Haci\u00e9ndole much\u00edsimas cosas nueva y el actual paso. Terminada la intervenci\u00f3n Antonio Carmona, le izo entrega de un cuadro, con la foto de la Virgen de la Gu\u00eda al fondo y presidiendo la misma Manuel G\u00e1lvez Linares y Antonio vestidos de Romanos, Padre de los del Imperio e Hijo del cabo de romano de los Ataos. Regalo que Antonio recib\u00eda todo el cari\u00f1o y muy emocionado.<\/span><\/p>\n<p><span style=\"color: #000080\">Minutos despu\u00e9s, tomaba la palabra Salvador Gonz\u00e1lez G\u00e1lvez \u201cSalvi\u201d, quien destacaba de su t\u00edo Antonio, las virtudes de su vida manantera en general y el desvelo que hab\u00eda tenido siempre por los Ataos y la Virgen de la Gu\u00eda, y en todo lo relacionado con la Semana Santa. Record\u00e1ndole que cuando \u00e9l era ni\u00f1o, el se encargaba de vestir y organizar a los ni\u00f1os de las figuras chiquitas, cosa que en los tiempos en que vivimos, no ocurre ya que en estos menesteres intervienen los padres.<\/span><\/p>\n<p><span style=\"color: #000080\">Acto seguido tambi\u00e9n quiso sumarse al homenaje, Jos\u00e9 Palos Aguilar, el cual adem\u00e1s de destacar a su manara, las muchas cualidades como hermano de los Ataos de Antonio, dec\u00eda que el cumplir 50 a\u00f1os como hermano en activo en una corporaci\u00f3n, no era muy frecuente que ocurriese, porque la vida nos depara muchas vicisitudes, y tu las has superado con creces, que Dios te guarde muchos a\u00f1os, para poder gozar de tu agradable compa\u00f1\u00eda.<\/span><\/p>\n<p><span style=\"color: #000080\">No mucho despu\u00e9s, tambi\u00e9n se sumaba al homenaje, nuestro Decano y el tambi\u00e9n medalla de los cincuenta a\u00f1os y hermano de sangre y de corporaci\u00f3n del homenajeado Manuel G\u00e1lvez Silva, el cual destacaba las muchas virtudes que tenia, su hermano Antonio. Dec\u00eda que en estos 50 a\u00f1os, el era sin duda alguna, el mejor referente de nuestra corporaci\u00f3n, d\u00e1ndolo todo de su tiempo libre, por el engrandecimiento de los Ataos, cosa que yo siendo m\u00e1s viejo en la corporaci\u00f3n, no le he puesto tanto inter\u00e9s como \u00e9l se lo a puesto. Siempre trabajando en positivo, por los Ataos, por la Virgen de la Gu\u00eda y por la Semana Santa en general, desde la Agrupaci\u00f3n de Cofrad\u00edas. Terminada su alocuci\u00f3n, le entregaba una foto compuesta en un azulejo, con el fondo de Santo Sepulcro y destacando el de cabo de romano, con los cuatro romanos con la t\u00fanica.<\/span><br \/><span style=\"color: #000080\">Tambi\u00e9n se sumaba al homenaje, Manuel Cano Ruiz \u201cMichel\u201d, quien adem\u00e1s de destacar las virtudes de Antonio en los Ataos y en la Virgen de la Gu\u00eda, dec\u00eda que no pod\u00eda dejar pasar esta ocasi\u00f3n, para decir que desde ni\u00f1o yo he estado muy ligado a la familia Chifarri, ya que desde aquellas fechas hasta que a desaparecido el taller que ellos regentaron, he aprendido el oficio de chapista pintor. Toda una vida trabajando al lado de ellos, y sobre todo con Antonio, por edad y llevando vidas casi paralelas, y sobre todo trat\u00e1ndome como un miembro m\u00e1s de la familia. Cosa que aunque no lo demuestre f\u00edsicamente, si lo digo de coraz\u00f3n, esperado que dios nos d\u00e9 larga vida y sigamos juntos por muchos a\u00f1os.<\/span><\/p>\n<p><span style=\"color: #000080\">Ya para terminar el turno de intervenciones y antes de cederle la palabra a sus hijos, el presidente tambi\u00e9n le dedicaba unas frases de cari\u00f1o y afecto familiar, a su t\u00edo Antonio, record\u00e1ndole que \u00e9l era todo un referente para \u00e9l y para la corporaci\u00f3n de los ataos. Pas\u00e1ndole la palabra a su prima Lourdes hija del homenajeado, quien les dedico unas escogidas palabras de afecto y cari\u00f1o.<\/span><\/p>\n<p><span style=\"color: #000080\">Buenas noches: bueno yo no estoy acostumbrada a hablar en una corporaci\u00f3n, ya que por circunstancias yo no las frecuento, ni entiendo de esto. Pero como dejar pasar esta ocasi\u00f3n, cuando a un padre se le hace un homenaje por sus 50 a\u00f1os como Atao y m\u00e1xime si se lo merece.<\/span><\/p>\n<p><span style=\"color: #000080\">El es, como todos sab\u00e9is, una persona que vive la Semana Santa con mucha intensidad, y nosotros desde peque\u00f1itos lo hemos vivido igual, intensamente. Sal\u00edamos y entrabamos al grupo.. En fin todo el d\u00eda en la calle\u2026 y recuerdo todo esto como una peque\u00f1a familia.<\/span><\/p>\n<p><span style=\"color: #000080\">Se que por los a\u00f1os, ya sea por las circunstancias o por las juntas, lo hice pasar mal a mis padres, porque me aleje un poco de todo esto, tanto que mira con quien me ido a casar, quien lo conoce sabe que de todo esto\u2026 nada de nada) pero todos hemos madurado, hasta mi padre. Mi hermano en su corporaci\u00f3n, y tambi\u00e9n gracias un poco a mis hijos, sus nietos, de nuevo estamos viviendo la Semana Santa en familia. Antes el viv\u00eda esto intensamente, dejado muchas cosas, pero ahora cuanta mucho mas con nosotros y sobre todo con mi madre.<\/span><\/p>\n<p><span style=\"color: #000080\">As\u00ed que decirte, que estamos muy orgullosos de ti y de estos 50 a\u00f1os al pie del ca\u00f1\u00f3n. Pero antes de terminar, te dir\u00e9 que no te olvides que esto no ser\u00eda posible sin la columna vertebrar de esta peque\u00f1a familia, mi madre, que ha sido en todos estos a\u00f1os, el apoyo incondicional de mi padre, para las buenas, pero sobre todo, para las malas.<\/span><\/p>\n<p><span style=\"color: #000080\">Terminada las palabras de Lourdes y con la presencia de su hermano Antonio Jes\u00fas, les hicieron entrega de un bonito cuadro, con la imagen de Antonio con la capa y sombrero, que el utiliza los s\u00e1bados de cuaresma, y en una esquina un poco difuminada la cara de la Virgen de la Gu\u00eda y en otra esquina, Antonio y su hijo Antonio Jes\u00fas, desfilando con la t\u00fanica en cuaresma. un regalo que Antonio bastante emocionado y sorprendido recib\u00eda de su familia con mucha ilusi\u00f3n.<\/span><br \/><br \/><span style=\"color: #000080\">Despu\u00e9s, su hijo Antonio Jes\u00fas, tambi\u00e9n le dedicaba unas palabras a su padre. Llevo mucho tiempo como bien se dice de cojones, porque para una vez que pienso, no quer\u00eda que el regalo me lo pisase nadie, estado toda la noche pendiente de todos los regalos que le hab\u00e9is hecho a mi padre. Pero por fin he descansado, ya que lo que yo pense, no se le ha ocurrido a nadie, cosa que no ha ocurrido y de que me alegro.<\/span><br \/><span style=\"color: #000080\">Que puedo decir de mi padre, que es el mejor del mundo, y hoy se los est\u00e1is demostrando. Como bien sab\u00e9is, hace un tiempo que soy hermano de la Corporaci\u00f3n de los Defensores de Israel, pero puede que alg\u00fan d\u00eda y no muy tarde, sea hermano de los Ataos, porque este es mi cuartel y mi corporaci\u00f3n, en la que he vivido muy buenos ratos desde ni\u00f1o y ahora que ya soy mayor, convivo con vosotros de vez en cuando.<\/span><br \/><span style=\"color: #000080\">Pero esta noche todos los elogios y regalos han sido para mi padre, pero yo y mi hermana, no pod\u00edamos pasar por alto a mi madre, la que nos pario y a la que ha aguantado lo indecible para que mi padre se dedicase de cuerpo y alma a los Ataos. Por lo tanto nosotros tambi\u00e9n tenemos un regalo para ella. Un ramo de flores, porque ella tambi\u00e9n se lo merece.<\/span><\/p>\n<p><span style=\"color: #000080\">Y ya con ello, se terminaba el acto de homenaje, dedicado a nuestro flamante medalla de los 50 a\u00f1os. Aunque hay que resaltar, que como todos los a\u00f1os, las mujeres desfilaban por toda la plazuela de Lara, ya que eran altas horas de la madrugada y no se izo el recorrido de bajada de la calzada.<\/span><\/p>\n<p><span style=\"color: #000080\">Un grandioso y emocionado homenaje, que los hermanos de los Ataos le dedicaron a Antonio G\u00e1lvez Silva (Chifarri) y que quedara en los anales de la historia de la corporaci\u00f3n b\u00edblica de los Ataos, Judas, Pedro y Pablo.<\/span><\/p>\n<\/div>\n<\/div>\n<div class=\"wp-block-kadence-tab kt-tab-inner-content kt-inner-tab-10 kt-inner-tab_6fd756-28\">\n<div class=\"kt-tab-inner-content-inner\">\n<p><span style=\"color: #000080\"><strong>Como viene siendo habitual en los \u00faltimos a\u00f1os, los hermanos de la corporaci\u00f3n B\u00edblica Los Ataos, nos reun\u00edamos el mi\u00e9rcoles Santo al medio d\u00eda, para celebrar junta oficial ordinaria, dejando resuelto las cuotas de los hermanos, las directrices a seguir durante toda la Semana Santa y el sorteo de nuestras Figuras y Romanos.<\/strong><\/span><\/p>\n<p><span style=\"color: #000080\"><strong>Sobre las tres de la tarde, nuestro presidente Manuel G\u00e1lvez Espadas, abr\u00eda la cesi\u00f3n y daba la bienvenida a todos los hermanos presentes. A continuaci\u00f3n se guardaba un minuto de silencio, por el eterno descaso del t\u00edo de nuestro hermano Miguel \u00c1ngel Moreno Luna.<\/strong><\/span><\/p>\n<p><span style=\"color: #000080\"><strong>Despu\u00e9s, nuestro secretario Rafael Ruiz Romero, daba lectura a las actas anteriores y una carta de agradecimiento de la corporaci\u00f3n B\u00edblica, \u201cLa Coronaci\u00f3n de Jehu\u201d \u00a1La Bengala!, por la buena acogida por parte de los Ataos, el tercer s\u00e1bado de cuaresma, desfilando junto a nosotros. Poco despu\u00e9s, nuestro hermano Antonio G\u00e1lvez, \u201cArchivero\u201d de la corporaci\u00f3n, le hac\u00eda entrega a la directiva, del libro de registro de hermanos y cinco libros de cuota, totalmente restaurados. El trabajo de la restauraci\u00f3n del libro de registro de hermanos, corri\u00f3 a cargo de nuestra hermana Conchi, mujer de nuestro hermano Manuel G\u00e1lvez \u201cEl Lobo\u201d y el de los libros de cuotas, se restaur\u00f3 en la Imprenta de nuestro hermano Antonio Moreno, bajo la supervisi\u00f3n del hermano Antonio G\u00e1lvez.<\/strong><\/span><\/p>\n<p><span style=\"color: #000080\"><strong>Tambi\u00e9n, el presidente informaba, que el hermano Mois\u00e9s Gonz\u00e1lez Gil \u201cMoi\u201d hab\u00eda regalado un nuevo cordel para Judas, y el hermano Antonio Jes\u00fas Ruiz Calzado, hab\u00eda regado tambi\u00e9n la nueva bolsa para Judas, confeccionada y bordada por nuestra hermana Mariconchi Baena, mujer del hermano \u201cCisco\u201d. Terminado la junta como dictan nuestros estatutos, con el sorteo de nuestras Figuras y Romanos.<\/strong><\/span><\/p>\n<p><span style=\"color: #000080\"><strong>Ya por la noche y durante el transcurso de la cena, se hizo un receso, para atender a los bastoneros y hermanos del \u201cHumilde\u201d, que en la parte baja del cuartel, repartieron los bocadillos y las bebidas refrescantes. Tras el paso de todas las im\u00e1genes que desfilan el mi\u00e9rcoles Santo, continu\u00e1bamos con la cena, sin ninguna incidencia a destacar.<\/strong><\/span><\/p>\n<p><span style=\"color: #000080\"><strong>A.G.S.<\/strong><\/span><\/p>\n<\/div>\n<\/div><\/div><\/div><\/div><div class=\"wppb-accordion-item repeater-9\"><div class=\"wppb-accordion-title wppb-toggle-right \"><i class=\"fas fa-pen-alt\"><\/i><span class=\"wppb-accordion-title-content\">Mi\u00e9rcoles Santo<\/span><span class=\"wppb-toggle-direction wppb-toggle-right\"><i class=\"fas fas fa-angle-right\"><\/i><\/span><\/div><div class=\"wppb-panel-collapse\" style=\"display: none;\"><div class=\"wppb-accordion-content\"><div class=\"wp-block-kadence-tab kt-tab-inner-content kt-inner-tab-9 kt-inner-tab_1e36e0-28\">\n<div class=\"kt-tab-inner-content-inner\">\n<p>\u00a0<\/p>\n<\/div>\n<\/div>\n<div class=\"wp-block-kadence-tab kt-tab-inner-content kt-inner-tab-10 kt-inner-tab_6fd756-28\">\n<div class=\"kt-tab-inner-content-inner\">\n<p><span style=\"color: #000080\"><strong>Como viene siendo habitual en los \u00faltimos a\u00f1os, los hermanos de la corporaci\u00f3n B\u00edblica Los Ataos, nos reun\u00edamos el mi\u00e9rcoles Santo al medio d\u00eda, para celebrar junta oficial ordinaria, dejando resuelto las cuotas de los hermanos, las directrices a seguir durante toda la Semana Santa y el sorteo de nuestras Figuras y Romanos.<\/strong><\/span><\/p>\n<p><span style=\"color: #000080\"><strong>Sobre las tres de la tarde, nuestro presidente Manuel G\u00e1lvez Espadas, abr\u00eda la cesi\u00f3n y daba la bienvenida a todos los hermanos presentes. A continuaci\u00f3n se guardaba un minuto de silencio, por el eterno descaso del t\u00edo de nuestro hermano Miguel \u00c1ngel Moreno Luna.<\/strong><\/span><\/p>\n<p><span style=\"color: #000080\"><strong>Despu\u00e9s, nuestro secretario Rafael Ruiz Romero, daba lectura a las actas anteriores y una carta de agradecimiento de la corporaci\u00f3n B\u00edblica, \u201cLa Coronaci\u00f3n de Jehu\u201d \u00a1La Bengala!, por la buena acogida por parte de los Ataos, el tercer s\u00e1bado de cuaresma, desfilando junto a nosotros. Poco despu\u00e9s, nuestro hermano Antonio G\u00e1lvez, \u201cArchivero\u201d de la corporaci\u00f3n, le hac\u00eda entrega a la directiva, del libro de registro de hermanos y cinco libros de cuota, totalmente restaurados. El trabajo de la restauraci\u00f3n del libro de registro de hermanos, corri\u00f3 a cargo de nuestra hermana Conchi, mujer de nuestro hermano Manuel G\u00e1lvez \u201cEl Lobo\u201d y el de los libros de cuotas, se restaur\u00f3 en la Imprenta de nuestro hermano Antonio Moreno, bajo la supervisi\u00f3n del hermano Antonio G\u00e1lvez.<\/strong><\/span><\/p>\n<p><span style=\"color: #000080\"><strong>Tambi\u00e9n, el presidente informaba, que el hermano Mois\u00e9s Gonz\u00e1lez Gil \u201cMoi\u201d hab\u00eda regalado un nuevo cordel para Judas, y el hermano Antonio Jes\u00fas Ruiz Calzado, hab\u00eda regado tambi\u00e9n la nueva bolsa para Judas, confeccionada y bordada por nuestra hermana Mariconchi Baena, mujer del hermano \u201cCisco\u201d. Terminado la junta como dictan nuestros estatutos, con el sorteo de nuestras Figuras y Romanos.<\/strong><\/span><\/p>\n<p><span style=\"color: #000080\"><strong>Ya por la noche y durante el transcurso de la cena, se hizo un receso, para atender a los bastoneros y hermanos del \u201cHumilde\u201d, que en la parte baja del cuartel, repartieron los bocadillos y las bebidas refrescantes. Tras el paso de todas las im\u00e1genes que desfilan el mi\u00e9rcoles Santo, continu\u00e1bamos con la cena, sin ninguna incidencia a destacar.<\/strong><\/span><\/p>\n<p><span style=\"color: #000080\"><strong>A.G.S.<\/strong><\/span><\/p>\n<\/div>\n<\/div><\/div><\/div><\/div><div class=\"wppb-accordion-item repeater-10\"><div class=\"wppb-accordion-title wppb-toggle-right \"><i class=\"fas fa-pen-alt\"><\/i><span class=\"wppb-accordion-title-content\">Jueves Santo<\/span><span class=\"wppb-toggle-direction wppb-toggle-right\"><i class=\"fas fas fa-angle-right\"><\/i><\/span><\/div><div class=\"wppb-panel-collapse\" style=\"display: none;\"><div class=\"wppb-accordion-content\"><p><strong><span style=\"color: #000080\">Un a\u00f1o mas, los hermanos de la corporaci\u00f3n B\u00edblica los Ataos, Judas, Pedro y pablo, celebr\u00e1bamos\u00a0 la comida de hermandad del Jueves Santo, d\u00eda del Amor Fraterno.\u00a0\u00a0 El sal\u00f3n comedor, como en los \u00faltimos a\u00f1os, se encontraba al m\u00e1ximo de su capacidad. Con hermanos Ataos, hermanos m\u00fasicos, e invitados casi habituales en este d\u00eda.<\/span><\/strong><br \/><strong><span style=\"color: #000080\">Entre otros invitados, se encontraban, el padre, hermano y cu\u00f1ado, de nuestro hermano Emilio Palos \u2013 nuestro entra\u00f1able ex hermano, Paco Huertas \u2013 David Torres, Capataz de nuestro Padre Jes\u00fas Nazareno \u2013 Fco. Amador hijo de nuestro hermano Pepe Amador \u2013 David G\u00e1lvez\u00a0 y Cristian, hijo y nieto de nuestro hermano Decano Manuel G\u00e1lvez \u2013 los hermanos G\u00f3mez L\u00f3pez, los hermanos Morillo, hijo, sobrino y un amigo de este, invitados habituales de nuestro hermano Pepe G\u00f3mez \u2013 \u201cEl Lubri\u201d y Juanma, hijo del antiguo camarero de los ataos \u201cJuani\u201d \u2013 el ex hermano Jos\u00e9 Luis Duran \u2013 padre de nuestro hermano Jos\u00e9 Carlos \u2013 Jos\u00e9 Julio del Palomar \u2013 el padre de nuestro hermano Sergio Serrano \u2013 el ex Ataos \u201cJarrillo\u201d \u2013 cu\u00f1ado del hermano Antonio L\u00f3pez \u2013 Domingo L\u00f3pez, hijo del hermano m\u00fasico Eduardo L\u00f3pez Cosano \u2013 m\u00e1s algunos invitados de los hermanos m\u00fasicos \u2013 un invitado por el hermano Antonio Matas \u2013 Daniel G\u00e1lvez, capataz del Se\u00f1or de los Afligidos \u2013 suegro del hermano Jaime Rodas \u2013 yerno del hermano Fco. Mart\u00ednez y el hermano de Antonio Romero.<\/span><\/strong><br \/><strong><span style=\"color: #000080\">Ya siendo la 3 de la tarde, el presidente Manuel G\u00e1lvez Espadas, daba la bienvenida a todos los presentes y recordaba que era el d\u00eda del Amor Fraterno, por ello en buena confraternidad,\u00a0 deseo que pasemos una buen tarde. Se bendijeron los alimentos a degustar y el portavoz de nuestros hermanos m\u00fasico, dec\u00eda que el pasodoble que a continuaci\u00f3n entonar\u00edan, era dedicado a todos los hermanos difuntos, y en especial a las dos medallas de 50 a\u00f1os, para Dios les d\u00e9 larga vida. El pasodoble fue \u201cGloria al Muerto\u201d.<\/span><\/strong><br \/><strong><span style=\"color: #000080\">Seguidamente, tomaba la palabra el hermano Ra\u00fal Fern\u00e1ndez, disculp\u00e1ndose y d\u00e1ndole la gracias, a nuestro Decano Manuel G\u00e1lvez Silva, ya que en la comida de hermandad que celebro la cofrad\u00eda el d\u00eda 26 de febrero en honor a muestra madre la Virgen de la Gu\u00eda y en el triduo, no cont\u00f3 con sus presencia por motivo particulares y de enfermedad pasajera. Haci\u00e9ndole entrega de un cuadro de la imagen de la Virgen, en reconocimiento por cederle el mandato de hermano mayor, el a\u00f1o pasado, ya que anterior no pudo serlo, por motivos de la lluvia.<\/span><\/strong><br \/><strong><span style=\"color: #000080\">Entre copa y copa y degustado algunos alimentos, se le ced\u00eda la palabra a Jos\u00e9 G\u00f3mez L\u00f3pez. El cual un poco sorprendido dec\u00eda\u2026 me hab\u00e9is pillado a traici\u00f3n, porque yo no soy poeta\u2026 ni soy cantaor de saetas\u2026 ni nada parecido. Pero algo tendr\u00e9 que deciros. En primer lugar dir\u00e9, que me siento muy ajusto hermanos, m\u00e1xime estado rodeado de mis hermanos de sangre y de mis cu\u00f1ados \u201cLos morillos\u201d y de mi hijo y mi sobrino. Pero si quiero recordarle a mi hermanito Antonio Chifarri, que cuando yo solicite ser Atao, me dijo que yo durar\u00eda tres d\u00edas y medio, y mira por donde ya llevo 20 a\u00f1os como hermano de los Ataos. Espero y deseo que pasemos todos una buena Semana Santa.<\/span><\/strong><br \/><strong><span style=\"color: #000080\">Improvisadamente, el hermano Fco. Mart\u00ednez se levanto, para decirnos, que la saete que iba a cantar, se la dedicaba a su cu\u00f1ado Fco. L\u00f3pez Cosano, ex m\u00fasico que en gloria este, y a todos los hermanos Ataos que ya no est\u00e1n con nosotros y que duermen en la paz del Se\u00f1or. La saeta es titulada, \u201cCuatro Cirios Encendidos\u201d.<\/span><\/strong><br \/><strong><span style=\"color: #000080\">Como la tarde venia cargadita de intervenciones, el presidente le ced\u00eda la palabra al hermano Emilio Palos, quien dec\u00eda.<\/span><\/strong><\/p>\n<figure class=\"wp-block-image\"><strong><span style=\"color: #000080\"><img decoding=\"async\" src=\"http:\/\/www.losataos.org\/cuartel\/2015\/media\/juevessanto1.jpg\" alt=\"\" \/><\/span><\/strong><\/figure>\n<figure class=\"wp-block-image\"><strong><span style=\"color: #000080\"><img decoding=\"async\" src=\"http:\/\/www.losataos.org\/cuartel\/2015\/media\/juevessanto2.jpg\" alt=\"\" \/><\/span><\/strong><\/figure>\n<p><br \/><strong><span style=\"color: #000080\">A continuaci\u00f3n, nos sorprend\u00eda con unas bonitas palabras, nuestro hermano Daniel Cejas Campos.<\/span><\/strong><\/p>\n<p><strong><span style=\"color: #000080\">\u00bb\u00a0<em>Hoy jueves santo d\u00eda del amor Fraterno, me enorgullece ver nuestras mesas repletas de hermanos e invitados y el amor Fraterno que hoy celebramos, aunque recordar que el amor se demuestra todo el a\u00f1o\u2026 No me vale que hoy nos llamemos hermanos y nos colmemos de abrazos y a partir de ma\u00f1ana pasemos\u00a0 a ser meros recuerdos.<\/em><\/span><\/strong><br \/><strong><span style=\"color: #000080\"><em>\u00a0\u00a0\u00a0\u00a0\u00a0\u00a0\u00a0\u00a0\u00a0\u00a0\u00a0 Los recuerdos se dejan para otros momentos, aquellos de los que ya no podemos volver a disfrutar por la circunstancias de la vida. Sentiros afortunados por quien ten\u00e9is al lado y recordar a aquellos que este maravilloso d\u00eda no pueden disfrutar de ese amor sent\u00e1ndose en nuestra mesa.<\/em><\/span><\/strong><br \/><strong><span style=\"color: #000080\"><em>\u00a0\u00a0\u00a0\u00a0\u00a0\u00a0\u00a0\u00a0\u00a0\u00a0\u00a0 Es una suerte la vuestra hermanos\u2026 hace 10 a\u00f1os que se fue la persona que mas\u00a0 hubiera disfrutado sent\u00e1ndose en estas mesas, compartiendo vivencias y sonrisas\u2026 sin lugar a dudas hablo del culpable de que yo ame a esta corporaci\u00f3n incondicionalmente.. Mi querido Abuelo, buen Atao recordado por su apodo \u201cBa\u00fales\u201d.\u00a0\u00a0 En los 11 a\u00f1os que me ha regalado esta corporaci\u00f3n, me he impregnado de multitud de vivencias y sentimientos.\u00a0 He tenido la fortuna de vivir la imposici\u00f3n de medallas de 25 a\u00f1os y desde el Martes Santo, ya van dos de 50 a\u00f1os\u2026 hay es na\u2026 hermano Antonio, espero que sigamos viendo como haces historia. Y como no, vas sumando a\u00f1os a ese maravilloso almanaque manantero en el ya has escrito tu nombre con letras de oro.<\/em><\/span><\/strong><br \/><strong><span style=\"color: #000080\"><em>\u00a0\u00a0\u00a0\u00a0\u00a0\u00a0\u00a0\u00a0\u00a0\u00a0\u00a0 En el recuerdo multitud de detalles\u2026 se nos fue la eterna sonrisa del \u201cRubio Trenas\u201d, tambi\u00e9n se nos fue el capit\u00e1n de la famosa esquina, llev\u00e1ndose consigo \u201cCorta Ya\u201d te echamos de menos querido Manolo. Tambi\u00e9n quiero acordarme de dos Ataos de pro que nos faltan, aunque de distinta manera, como son nuestros hermanos Cuenca, padre e hijo. Y por supuesto, el talante del me coloco con mimo y amor la ropa de San Palo, en la que fuese mi primera vestida\u2026 espero verte pronto hermano Bernab\u00e9.<\/em><\/span><\/strong><br \/><strong><span style=\"color: #000080\"><em>\u00a0\u00a0\u00a0\u00a0\u00a0\u00a0\u00a0\u00a0\u00a0\u00a0\u00a0 Y entre todos esos detalles, hay uno que me marco desde que lo vi por primera vez y se repite a\u00f1o tras a\u00f1o. Tiene lugar la maravillosa noche del Jueves Santo, entre cuarteleras, uvita y risas, siempre hay tiempo para seguir demostrando ese amor del que hablamos .un gran hombre as\u00ed me lo ha ido ense\u00f1ado, haciendo entender Jueves tras Jueves santo. Cuando todos recibimos la llamada del \u201cTerrible\u201d.\u00a0 Algo no hace sentir la imperiosa necesidad de poner rumbo a su \u201cErmita\u201d. \u00a1Hermanos que nos vamos! \u00a0\u00a0Entonces\u2026 aparecen esas sandalias rojas, tan llenas de amor, tan llanas de vida\u2026 La plazuela las saluda cada a\u00f1o, mientras los adoquines de la calle Santos anhelan el recuerdo de sus \u00faltimas pisadas\u2026 una pasada por la Veracruz y encausas la cuestecilla.<\/em><\/span><\/strong><br \/><strong><span style=\"color: #000080\"><em>\u00a0\u00a0\u00a0\u00a0\u00a0\u00a0\u00a0\u00a0\u00a0\u00a0\u00a0 Pasear caminar solas, a sus encuentro, a ponerse un nuevo a\u00f1o frente a la mirada in potente del amo de todas las cargas\u2026Ya se escuchan los Romanos, Puente Genil se hace silencio, el cielo se torna morado y hay est\u00e1n ellas, esperando, pacientes\u2026 Y empieza la Diana.<\/em>\u00ab<\/span><\/strong><br \/><strong><span style=\"color: #000080\">En ese momento, el hermano Daniel Cejas, interrump\u00eda su discurso y \u00a0ped\u00eda a los hermanos m\u00fasicos, que hiciesen realidad una petici\u00f3n que el hermano Pepe G\u00f3mez le ven\u00eda haciendo casi todos los a\u00f1os. Ellos respondieron que este a\u00f1o ya estaban preparados, para hacer efectiva la petici\u00f3n. Deleit\u00e1ndonos los hermanos m\u00fasicos con el toque de \u201cLa Diana\u201d.<\/span><\/strong><\/p>\n<p><strong><span style=\"color: #000080\"><em>\u00abY<\/em><em>a de vuelta, marchan tras los alegres sones ma\u00f1aneros, y ese hermano, sonriente, mira al cielo,\u00a0<\/em>suspira<em>\u00a0y siente\u2026 Un a\u00f1o m\u00e1s querido hermano, un a\u00f1o m\u00e1s de amor y recuerdo\u00bb.<\/em>\u00a0Terminadas sus bellas palabra, la corporaci\u00f3n en pleno, le dedico un extenso y caluroso aplauso.<\/span><\/strong><\/p>\n<p><strong><span style=\"color: #000080\">Ya repuestos de la buena intervenci\u00f3n del hermano Daniel Cejas, tomaba la palabra David Torres, capataz de Jes\u00fas Nazareno, el cual nos dec\u00eda, que \u00e9l cuando llega el Jueves Santo, se le cog\u00eda un pellizco en el estomago, hasta que el Viernes Santo tarde, quedaba encerrado el \u201cPatr\u00f3n\u201d. Adem\u00e1s dir\u00e9, que espero el momento de que el hermano Antonio Chifarri, vestido de Lirio Morado, le cante al Patr\u00f3n desde el barc\u00f3n de este cuartel, su tradicional saeta. Dec\u00eda tambi\u00e9n que \u00e9l no era hombre de discursos, pero si os digo, que esta tarde me encuentro muy ajusto, compartiendo con los Ataos, este gran Jueves Santo, d\u00eda del Amor Fraterno.<\/span><\/strong><\/p>\n<p><strong><span style=\"color: #000080\">Nuestro hermano Salvador Gonz\u00e1lez \u201cSalvi\u201d, tomaba la palabra para decirnos, que cada Jueves Santos, vivimos en este cuartel nuevas y buenas vivencias. Tambi\u00e9n os dir\u00e9, que d\u00edas pasados acud\u00ed a la corporaci\u00f3n del 3\u00ba de la soledad, a la comida en honor a los padres. Teniendo el gran honor de acompa\u00f1ar al hermano de esta, Manuel Barrera, hijo del difunto y ex Atao Manuel Barrera, llamado cari\u00f1osamente como el \u201cFugitivo\u201d, vecino de la localidad de Paradas, cercana a Sevilla. Mi abuelo Manuel G\u00e1lvez (Chifarri), le dio trabajo de pintor y estancia\u00a0\u00a0 en el hogar de mis abuelos. Ya que el taller se quedo si mis t\u00edos Manolo que estaba haciendo el servicio Militar y Antonio se encontraba enfermo y encamado. Terminado su intervenci\u00f3n, teniendo un recuerdo por el ex hermano Bernab\u00e9 Guti\u00e9rrez \u201cEl Valenciano, alzando su copa y brindando por todos los presente.<\/span><\/strong><\/p>\n<p><strong><span style=\"color: #000080\">Nueva mente, nuestros hermanos m\u00fasicos, nos deleitaban con el pasodoble \u201cBarrabas\u201d con el cual desfil\u00e1bamos a duras penas, por todo el sal\u00f3n. M\u00e1s tarde tomaba la palabra nuestro hermano Fco. Jos\u00e9 Membiela Prieto, quien nos dec\u00eda en principio esta introducci\u00f3n\u2026\u00a0<em>\u00a1Mi pueblo es alegre como una pandereta bulliciosa!\u2026 con sus frondosas huertas y sus membrillos\u2026! Bendito pueblo, con sus Ermitas, Iglesias con sus torres y sus empinadas calles<\/em><\/span><\/strong><\/p>\n<p><strong><span style=\"color: #000080\">Despu\u00e9s nos recordaba Membiela, lo que son los Ataos, con sus muchos hermanos con medallas de oro de los 25 a\u00f1os y sus dos medallas de 50 a\u00f1os, como son los hermanos de sangre y Ataos, Manuel y Antonio G\u00e1lvez \u201cLos Chifarri\u201d dos medallas, que dan a esta corporaci\u00f3n una estabilidad importante de mananterismo a todos los Ataos. Por ello el hermano Membiela nos dec\u00eda una semblanza de nuestro flamante medalla de los cincuenta a\u00f1os. Felicitado al hermano Jos\u00e9 G\u00f3mez L\u00f3pez, por la extraordinaria presentaci\u00f3n del hermano Antonio, la noche del Martes Santo, d\u00eda de su homenaje.<\/span><\/strong><\/p>\n<p><br \/><strong><span style=\"color: #000080\"><em>A mi hermano de corporaci\u00f3n, Antonio G\u00e1lvez Silva (Chifarri)<\/em><\/span><\/strong><br \/><strong><span style=\"color: #000080\"><em>50 a\u00f1os de Atao<\/em><\/span><\/strong><\/p>\n<p><strong><span style=\"color: #000080\"><em>Querido hermano, querido maestro \u201cManantero\u201d, hoy, mi mente vuela en el tiempo para plasmar con mi humilde pluma, esta tu trayectoria divina, con cari\u00f1o y amor fraterno, realizarte una nueva y dif\u00edcil semblanza.<\/em><\/span><\/strong><br \/><strong><span style=\"color: #000080\"><em>Desde muy peque\u00f1o, te recuerdo entre trasiegos mananteros, en tus sagrados Ataos, bregando entre los ni\u00f1os, que entusiastas ven\u00edamos a vestir nuestras figura y romanos, obligados rostrillos abajo y en el camino entonado el estribillo del Barrabas. \u00a1Con mucho respeto y mucha ilusi\u00f3n! Despu\u00e9s la parada antes del desfile, un buen consejo y alguna ense\u00f1anza de la vestida en cuesti\u00f3n.El se\u00f1or de las v\u00e1lvulas, v\u00e1stago de la familia con m\u00e1s renombre en la tradici\u00f3n manantera, \u201cLos Chifarri\u201d. En la puente, se izo hombre y hermano para siempre de su corporaci\u00f3n, all\u00e1 por los a\u00f1os 65 del pasado siglo.<\/em><\/span><\/strong><br \/><strong><span style=\"color: #000080\"><em>\u00a1Bigote perenne, te\u00f1ido al tiempo! Ojitos nerviosos buscado el fallo, presto a corregir cualquier nader\u00eda, amante de por vida de la madre de los Ataos, esposo de una gran mujer, \u201cIsabel\u201d, que ha sabido aguantarlo y trasmitir a sus hijos Antonio y Lourdes, la tradici\u00f3n mas se\u00f1era\u2026 gracias por prest\u00e1rnoslo, por animarlo e incluso empujarlo, a seguir con su ardua y extensa tarea\u2026<\/em><\/span><\/strong><br \/><strong><span style=\"color: #000080\"><em>Maestro en la dif\u00edcil faceta del cante, nos deleita con sus saetas, tipo \u201cPerra\u201d que a todos nos\u00a0 hace vibrar, los s\u00e1bados de cuaresma y el viernes Santo ma\u00f1ana cantando al \u201cTerrible\u201d\u00a0 le vas acompa\u00f1ando\u2026\u00a0 Enfundado siempre en capa, en la noche cuaresmal, como orgullo de hermano que preside a los de atr\u00e1s, vas marcado tu los ritmos del pasodoble y marchas, de retraso y de bondad. Singular persona, entra\u00f1able hermano, experiencia, madures y multitud de vivencias, respeto por la viejas costumbre, cofrade Mayor Honorio, Manantero Ejemplar, reci\u00e9n nacido de nuevo, al cumplir, toda una vida, 50 a\u00f1os de un sue\u00f1o real, los Ataos por los que lucho, lucha y luchara hasta el final.<\/em><\/span><\/strong><br \/><strong><span style=\"color: #000080\"><em>Querido Antonio, es por ello que para mi tu vida es una continua emoci\u00f3n, que est\u00e1 y\u00a0 estar\u00e1 viva en estas cuatro benditas paredes que nos alojan, y que es hermosa poes\u00eda tu cantar en el cuartel, y sublime gallard\u00eda de tu oratoria y tu saber , por todo ello hoy en la puente\u2026<\/em><\/span><\/strong><br \/><strong><span style=\"color: #000080\">\u00a1Q<em>u\u00e9 repiquen las campanas ante tan fabuloso evento, que tus Ataos sientan los corazones al viento, y nuestros acordes magistrales suenen de amor y contento, que cante la campanita, que no se calle un momento, que brille como la luz, la bengala de ese evento, cuando marchen \u201clas Atadas\u201d con su gallo bien dispuesto, y que fluya el vino, como n\u00e9ctar delicioso, que te abrasen tus hermanos y resplandezcan de emociones sentimientos y cari\u00f1os, de 50 ocasiones, de momentos infinitos y aromas de jazmines de fragante primavera, y tu ferviente devoci\u00f3n al \u201cTerrible y a La Gu\u00eda\u201d, te conduzcan bajo el arco hacia el sue\u00f1o Manantero y tu barrio de la puente despierte triunfal del sue\u00f1o, al saber que su hijo insigne se alborota de contento, por ver tus lagrimas que brotan al compartir la paci\u00f3n del momento, por ver a la m\u00e1s bella de la puente, de la que tu eres referente. Con cielo como palio, con su cara tan preciosa y esas lagrimas benditas que te caen desprendidas como p\u00e9talos de rosas, en amor a tu trabajo y consuelo de tu esposa.<\/em><\/span><\/strong><\/p>\n<p><strong><span style=\"color: #000080\">FRANCISCO JOSE MEMBIELA PRIETO, JUEVES SANTO DEL 2015<\/span><\/strong><\/p>\n<p><br \/><strong><span style=\"color: #000080\">Continuando con el turno de intervenciones, el presidente le ced\u00eda la palabra al hermano Fco. S\u00e1nchez Parra, el cual nos dec\u00eda que este Jueves Santo, ten\u00eda algo especial, ya que echo muy en falta la presencia de mi difunto padre \u201cEl Rubio Trenas\u201d, aunque en cualquier intervenci\u00f3n que hacen mis hermanos en cuaresma y Semana Santa, hay palabra de recuerdo para \u00e9l, cosa que yo agradezco. Tambi\u00e9n pido disculpas a mi hermano Antonio, por no haber podido asistir a su homenaje, ya que mi trabajo est\u00e1 en Madrid y ten\u00eda que trabajar, pero te lo voy a compensar, cantado una saeta, y que va dedicada a ti.<\/span><\/strong><\/p>\n<p><strong><span style=\"color: #000080\">Como \u00faltimamente todos los a\u00f1os, se le cedi\u00f3 la palabra al hermano Antonio Moreno Salamanca, diciendo, con este Jueves Santo que estamos celebrando, quiero compartir con vosotros, desde este rinconcito, en el cual hemos vivido muchas vivencias, quiero recordar a mi reci\u00e9n difunto padre, que esta cuaresma se me fue. Tambi\u00e9n quiero felicitar a mis hermanos, Antonio Hurtado (El Casero) y a Francisco Jos\u00e9 Membiela, por el gran desfile como bastoneros del Se\u00f1or del Humildad y Paciencia, mas adem\u00e1s tuve el inmenso placer, de presencial junto con muchos Ataos, la levantad que el hermano Mayor Crist\u00f3bal Beato, dedico al presidente y a los Ataos, el mi\u00e9rcoles Santo, emprendiendo de nuevo su camino desde la puerta del cuartel de los Ataos.<\/span><\/strong><\/p>\n<p><strong><span style=\"color: #000080\">Tambi\u00e9n dec\u00eda el hermano Antonio Moreno, que como d\u00eda del Amor Fraterno, nos di\u00e9semos un abrazo. Cosa que se llevo a cabo y revolucion\u00e1ndose un poco el acto\u2026hermanos e invitados, repartiendo abrazos por doquier. Despu\u00e9s de la calma y ya todos sentados en torno a las mesas, Antonio Moreno le ped\u00eda al hermano Manuel Garc\u00eda, que como en los \u00faltimos a\u00f1os, nos recitase la poes\u00eda del \u201cGallo de San Pedro\u201d. Haci\u00e9ndolo el hermano Manuel, con una exquisitez digno de admiraci\u00f3n.<\/span><\/strong><\/p>\n<figure class=\"wp-block-image\"><strong><span style=\"color: #000080\"><img decoding=\"async\" src=\"http:\/\/www.losataos.org\/cuartel\/2015\/media\/juevessanto3.jpg\" alt=\"\" \/><\/span><\/strong><\/figure>\n<p><strong><span style=\"color: #000080\">\u00a0\u00a0\u00a0\u00a0\u00a0\u00a0\u00a0\u00a0\u00a0\u00a0\u00a0<\/span><\/strong><br \/><strong><span style=\"color: #000080\">Sin pausa, se le ced\u00eda la palabra al invitado poeta y rapsoda Juan Basc\u00f3n. Bas\u00e1ndose su intervenci\u00f3n, en un recuerdo hacia nuestro desaparecido\u00a0 \u201cManolo Barcos\u201d, ley\u00e9ndonos una carta en forma de poes\u00eda de despedida como persona y buen Manantero.\u00a0\u00a0\u00a0 \u00a1Querido amigo Manolo Barcos, te fuiste sin decirnos adi\u00f3s\u2026 no me lo puedo creer!\u2026\u00a0\u00a0\u00a0 Fue una carta tan sensible, que nos un hondo sentimiento Fraternal y muy tocados los corazones de los hermanos Ataos, ya que el vacio de tu presencia jam\u00e1s volveremos a tenerlo, \u00a1Manolo un hasta siempre de tus hermanos de corporaci\u00f3n!<\/span><\/strong><\/p>\n<p><strong><span style=\"color: #000080\">Continuando con el protocolo, tomaba la palabra el hermano Josa Palos Aguilar, el cual comenzaba diciendo \u00a1Permitirme que os llame amigos de verdad, como soy los dos medallas de los 50 a\u00f1os, Manuel y Antonio (Chifarri)!\u00a0 Un d\u00eda dialogando con un cura, le pregunte\u2026 \u00bfPadre d\u00edgame usted, que es el amor Fraterno? Y el cura me contesto, \u00a1Mira Jos\u00e9!\u2026 el Amor Fraterno, es dar todo el amor del mundo y repartirlo con los m\u00e1s necesitados.\u00a0 \u00bfPero padre si ustedes no hac\u00e9is nada m\u00e1s que pedir?\u2026 si hijo m\u00edo pedimos, pero tambi\u00e9n lo repartimos con los que menos tienen Y esto os lo cuento, porque hoy estamos celebrando el Amor Fraterno, comiendo y bebiendo a lo grande. Pero este Amor Fraterno, hay que demostrarlo durante todo el a\u00f1o y acordarnos de esos necesitados que lo est\u00e1n pasando mal.<\/span><\/strong><\/p>\n<p><strong><span style=\"color: #000080\">Demostrarlo con la familia y sin olvidarnos de los que ya no est\u00e1n entre nosotros, y que en su d\u00eda, en la mayor\u00eda de los casos, formaron parte de tu familia y que lo dieron todo, para que no nos f\u00e1ltese de nada. Por ello hermanos demostremos ese Amor Fraterno todo el a\u00f1o, no solo en este d\u00eda.<\/span><\/strong><\/p>\n<p><strong><span style=\"color: #000080\">A rengl\u00f3n seguido, tomaba la palabra el flamante medalla de oro de los 50 a\u00f1os y Manantero Ejemplar 2006, Antonio G\u00e1lvez Silva. El cual comenzaba de esta manera. Queridos hermanos ser\u00e9 breve\u2026 deciros gracias, por haberme hecho tan feliz, el Martes Santo, con la imposici\u00f3n de la medalla de los 50 a\u00f1os, dir\u00e9 que para m\u00ed, este fue uno de los d\u00edas m\u00e1s felices de mi vida manantera, aunque ya he tenido por suerte, pero este ha colmado de felicidad y ha cumplido todas mis expectativas. Las que un manantero pude conseguir en la corporaci\u00f3n de sus amores.<\/span><\/strong><\/p>\n<p><strong><span style=\"color: #000080\">Pero aqu\u00ed no se termina esto, pienso seguir siendo Atao, mientras mis posibilidades me lo permitan y las envestidas de las enfermedades me sean positivas. Y como no, quiero darle las gracias una vez m\u00e1s, a mi hermano Jos\u00e9 G\u00f3mez, por la magn\u00edfica presentaci\u00f3n de mi persona el Martes Santo\u2026 Gracias hermano Pepe Como tambi\u00e9n darte las gracias hermano Membiela, por esa semblanza hacia mi persona, que me has dedicado hoy, llena de sentimientos mananteros y de confraternidad, como tu bien sabes hacerlo.<\/span><\/strong><\/p>\n<p><strong><span style=\"color: #000080\">Y no me puedo olvidar de mis hermanos m\u00fasicos, por el afecto que me proces\u00e1is, gracias hermanos. \u00a0Espero que si Dios y Mar\u00eda Sant\u00edsima lo quieren, podernos seguir viendo y conviviendo en confraternidad como ataos\u00a0 y amigos, durante muchos a\u00f1os m\u00e1s.<\/span><\/strong><\/p>\n<p><strong><span style=\"color: #000080\">A continuaci\u00f3n, tomaba la palabra el hermano decano y medalla de los 50 a\u00f1os Manuel G\u00e1lvez Silva, el cual dec\u00eda que estaba muy feliz de ver la buena asistencia de hermanos Ataos, hermanos m\u00fasicos e invitados, d\u00e1ndole brillantes a este Jueves Santo, d\u00eda del amor Fraterno. \u00a0\u00a0\u00a0No hay cosa que me haga m\u00e1s feliz en este gran d\u00eda, que estar rodeado de mis dos hijos Manuel y David y de mi nieto Cristian, de mi familia los Chifarri y de mis hermanos Ataos, los mismos que el a\u00f1o pasado me hicieron tan feliz, cuando en el cuartel del Imperio Romano, me homenajearon con la entrega de la medalla de los 50 a\u00f1os como Atao.<\/span><\/strong><\/p>\n<p><strong><span style=\"color: #000080\">Tambi\u00e9n Manolo, tuvo palabras de recuerdo para su gran amigo y hermano en el cielo, Gregorio Marcelo Mu\u00f1oz \u201cLa Perra\u201d, describiendo muy por encima su cualidades como persona y Atao. Con sus inimitables cuarteleras y canto de saetas por martinetes, con su vos rota y mel\u00f3dica, era una delicia escucharlo. Desde que \u00e9l se fue, el \u00fanico que lo imita un poco, es mi hermano Antonio. Tambi\u00e9n nos contaba c\u00f3mo fueron sus \u00faltimos d\u00edas de vida en la tierra, porque en el cielo seguro que est\u00e1 rodeado de sus Ataos y disfrutando de su cante.<\/span><\/strong><\/p>\n<p><strong><span style=\"color: #000080\">Por \u00faltimo y muy brevemente, el hermano V\u00edctor Morales, interven\u00eda para decirnos que iba a cantar una saeta y que esta seria dedicada a todos los presentes. Saeta relacionada con el \u201cSe\u00f1or de la Columna\u201d. Tambi\u00e9n Antonio G\u00e1lvez, nos deleitaba con una saeta tipo \u201cPerrita\u201d.<\/span><\/strong><br \/><strong><span style=\"color: #000080\">Terminado esta comida de Jueves Santo, con las palabras del Presidente, dando de nuevo las gracias por la buena asistencia de hermanos e invitados, mas record\u00e1ndoles a todos los hermanos que ten\u00eda que vestir de Figuras, que no se demorasen, ya que hab\u00eda de estar a su hora, para incorporase al desfile del Jueves Santo. Y como despedida, nuestros hermanos m\u00fasicos, nos deleitaban con la marcha \u201cRecuerdo\u201d y un pasodoble, con el cual desfil\u00e1bamos por todo el sal\u00f3n.<\/span><\/strong><\/p>\n<p><strong><span style=\"color: #000080\">Ya y por la noche y en el descaso de los hermanos que vest\u00edan Figuras, para incorporarse de nuevo en la C\/ D. Gonzalo y mientras se servia la cena, recib\u00edamos la grata visita de los hermanos de la corporaci\u00f3n B\u00edblica, Las Autoridades Judaicas \u201cLa Judea\u201d, vestidos de Figuras y Romanos. Con los cuales se intercambiaron palabras de confraternidad, mientras degustaban unas uvitas de vino y unas viandas.<\/span><\/strong><br \/><strong><span style=\"color: #000080\">En la visita actu\u00f3 como anfitri\u00f3n, nuestro hermano y vicepresidente Fco, Jos\u00e9 Membiela, el cual y despu\u00e9s de compartir con ellos un maravilloso dialogo, le ofrec\u00eda, que desde el d\u00eda de hoy en adelante, las puertas del cuartel de los Ataos, estar\u00edan siempre abiertas, para el descanso de las Figuras y de todos los hermanos Judeos que as\u00ed lo quisieran, porque para los Ataos, era todo un honor, recibir a una corporaci\u00f3n centenaria y se\u00f1era como la de la Judea.<\/span><\/strong><\/p>\n<p><strong><span style=\"color: #000080\">Redacci\u00f3n: A. G. S.<\/span><\/strong><\/p><\/div><\/div><\/div><div class=\"wppb-accordion-item repeater-11\"><div class=\"wppb-accordion-title wppb-toggle-right \"><i class=\"fas fa-pen-alt\"><\/i><span class=\"wppb-accordion-title-content\">Viernes y S\u00e1bado Santo<\/span><span class=\"wppb-toggle-direction wppb-toggle-right\"><i class=\"fas fas fa-angle-right\"><\/i><\/span><\/div><div class=\"wppb-panel-collapse\" style=\"display: none;\"><div class=\"wppb-accordion-content\"><div class=\"wp-block-kadence-tab kt-tab-inner-content kt-inner-tab-12 kt-inner-tab_54501d-5d\">\n<div class=\"kt-tab-inner-content-inner\">\n<p><strong>VIERNES SANTO DIURNO Y NOCTURNO. MAS EL S\u00c1BADO DE GLORIA<\/strong><\/p>\n<p><strong>El Viernes Santo en la corporaci\u00f3n de los Ataos, transcurri\u00f3 con la normalidad que caracteriza este d\u00eda. Con el trasiego de las vestidas de Figuras y Romanos durante todo el d\u00eda y la noche. Un d\u00eda que no es acto para protocolos ni de invitados masivos, solo la presencia de hijos de Ataos que vistieron las figuras no predilectas y los Romanos, compartiendo comida o cena con nosotros. Si algo se puede destacar en este d\u00eda, es la saeta que todos los a\u00f1os le canta al \u201cTerrible\u201d nuestro hermano Antonio G\u00e1lvez (Chifarri), desde el barc\u00f3n del cuartel, cuando Jes\u00fas se detiene en la puerta de nuestra corporaci\u00f3n.<\/strong><\/p>\n<\/div>\n<\/div>\n<div class=\"wp-block-kadence-tab kt-tab-inner-content kt-inner-tab-13 kt-inner-tab_8293f4-57\">\n<div class=\"kt-tab-inner-content-inner\">\n<p><strong>El s\u00e1bado Santo y despu\u00e9s del descaso de un Viernes Santo intenso, la corporaci\u00f3n B\u00edblica Los Ataos, Judas, Pedro y Pablo, celebraba la comida de hermandad que caracteriza este d\u00eda, con buena afluencia de hermanos Ataos, hermanos m\u00fasicos y de algunos invitados. Los cuales fueron los siguientes: Jos\u00e9 Antonio Garc\u00eda Chaparro, hermano de la corporaci\u00f3n B\u00edblica de \u201cLas Par\u00e1bolas\u201d, invitado por el hermano Antonio Gama Delgado. Miguel \u00c1ngel Moreno Caldero, hijo de nuestro hermano Miguel \u00c1ngel Moreno Luna. Javier Serrano Carnerero, hijo del hermano Manuel Serrano L\u00f3pez y el ex hermano Atao, Jos\u00e9 Luis D\u00edaz Duran.<\/strong><\/p>\n<p><strong>Sobre las 3 de la tarde, nuestro Presidente Manuel G\u00e1lvez Espadas, daba la bienvenida a todos los presentes y felicitaba a los hermanos m\u00fasicos por el desfile procesional, toc\u00e1ndole a la Virgen de la \u201cSoledad\u201d, el Viernes Santo noche. Minutos despu\u00e9s estos abr\u00edan la tarde musical, entonado el \u201cGloria al Muerto\u201d y poco m\u00e1s tarde, el portavoz de los m\u00fasicos Antonio Gama, le dedicaba a su hermano m\u00fasico Fco. L\u00f3pez Cosano, que en gloria este, la marcha procesional Madre y Se\u00f1ora de la Gu\u00eda, que en su d\u00eda fue dedicada a \u00e9l, compuesta por el antiguo m\u00fasico Atao, David Calero.<\/strong><\/p>\n<p><strong>M\u00e1s tarde, Antonio Gama Delgado, tomaba la palabra para presentar al hermano de las \u201cPar\u00e1bolas\u201d Jos\u00e9 Ant. Garc\u00eda Chaparro, el cual nos dec\u00eda un poco emocionado, que esta era el segundo a\u00f1o consecutivo, que conviv\u00eda con los Ataos el S\u00e1bado Santo. El nunca hab\u00eda salido de su cuartel, para asistir a otro, pero os puedo asegurar que ya que conozco esta corporaci\u00f3n por dentro, me alegro de haberlo hecho, porque me hab\u00e9is recibido con los brazos abiertos, cosa que me enorgullece y que yo agradezco. Solo deciros que viva los Ataos.<\/strong><\/p>\n<p><strong>Improvisadamente, nuestro hermano Fco. Mart\u00ednez, nos deleitaba con una saeta de su cosecha, la cual fue dedicada a su cu\u00f1ado Fco. L\u00f3pez Cosano, que ya descansa en la paz del Se\u00f1or.<\/strong><\/p>\n<p><strong>Despu\u00e9s el presidente, dec\u00eda que le dar\u00eda la palabras a todos los hijos de Ataos, comenzando por Javier Serrano Carnerero, el cual daba las gracias a los hermanos Ataos por haberle devuelto la ilusi\u00f3n de nuevo a su padre Manuel Serrano, por las corporaciones y la Semana Santa, ya que lo hab\u00e9is acogido muy bien. Porque \u00e9l como bien sab\u00e9is, fue hermano de la corporaci\u00f3n de \u201cLos Milagros de Jes\u00fas\u201d durante muchos a\u00f1os y que por problemas que no viene al caso, se dio de baja de dicha corporaci\u00f3n. Por ello reitero las gracias y yo me siento muy orgulloso de que sea hermano de esta gran corporaci\u00f3n de los Ataos, en la cual espero y deseo que permanezca por muchos a\u00f1os.<\/strong><\/p>\n<p><strong>Continuando, tambi\u00e9n intervino Miguel \u00c1ngel Moreno Caldero, el cual y dirigi\u00e9ndose a su padre Miguel \u00c1ngel Moreno Luna, le dec\u00eda, que para \u00e9l era todo un orgullo ser hijo de Atao, una de las corporaciones m\u00e1s se\u00f1eras de nuestra Semana Santa, en la cual me he vestido desde ni\u00f1o, de las Figuras y Romanos.<\/strong><\/p>\n<p><strong>A rengl\u00f3n seguido, tomaba la palabra nuestro hermano Ra\u00fal G\u00e1lvez Guerrero \u201cEl Lobito\u201d, el cual dec\u00eda que su padre desde muy ni\u00f1o, le hab\u00eda inculcado el amor hacia esta corporaci\u00f3n y a la Virgen de la Gu\u00eda. Dando gracias de nuevo por el homenaje de confianza, que se le brindo en la pasada cuaresma. Reiterando de que hasta el momento el seguir\u00e1 siendo Atao, hasta que sus coediciones de trabajo y otras, se lo permitan.<\/strong><\/p>\n<p><strong>M\u00e1s adelante y entremezclado con los hijos de Ataos, se le conced\u00eda la palabra al ex hermano Josa Luis D\u00edaz Duran, el cual bastante emocionado dec\u00eda, que el segu\u00eda consider\u00e1ndose Atao, que \u00e9l se dio de baja por motivos profesionales, pero \u00e9l no descartaba la posibilidad de ser Atao de nuevo, si los hermanos as\u00ed lo creyesen conveniente, porque los problemas antes mencionados, ya est\u00e1n resueltos.<\/strong><\/p>\n<p><strong>Antonio Gama Palos, hermano m\u00fasico y portavoz de los mismos, tomaba tambi\u00e9n la palabra, para decirle a su padre Antonio Gama, con palabras de cari\u00f1o y complicidad, que como para cualquier hijo, su padre era lo m\u00e1s grande del mundo, ense\u00f1\u00e1ndole los valores de la vida, y m\u00e1xime compartiendo y conviviendo juntos en esta gran corporaci\u00f3n de los Ataos.<\/strong><\/p>\n<p><strong>Con mucha ilusi\u00f3n, participaban los hijos de los Ataos en este d\u00eda, toc\u00e1ndole el turno de la palabra, a nuestro hermano m\u00fasico y director de la Banda de m\u00fasica de los Ataos, Eduardo L\u00f3pez Gil, el cual tambi\u00e9n dec\u00eda que gracias a su padre Eduardo L\u00f3pez Cosano, tambi\u00e9n le hab\u00eda inculcado los valores de la vida y el amor a esta corporaci\u00f3n, y a la m\u00fasica. Ya que desde ni\u00f1o e vestidos la ropas de las Figuras y Romanos de los Ataos, cosa que me enorgullece y mucho.<br \/>De la misma manera, m\u00e1s o menos que sus compa\u00f1eros m\u00fasicos, se expresaba nuestro hermano Iv\u00e1n Membiela, dici\u00e9ndole a su padre Fco. Jos\u00e9 Membiela, que era un buen padre y excelente Atao. El que me educa y me dad los mejores concejos del mundo, para que en la vida sea una persona social y trabajadora, como \u00e9l lo es, y velando para que yo tenga el mejor futuro del mundo.<\/strong><\/p>\n<p><strong>Continuando con las intervenciones de los hijo de Ataos, tomaba la palabra nuestro hermano Manuel Javier Cano Jim\u00e9nez, el cual con palabras de amor, sentimiento y de hermandad, le dec\u00eda a su padre y hermano de corporaci\u00f3n, Manuel Cano Ruiz, que sin duda alguna, su padre era para \u00e9l, el mejor padre del mundo, el cual me ha inculcado los valores de la vida y el amor y fervor, por los Ataos y la Virgen de la Gu\u00eda, y como no a la Semana Santa en general, en la cual participo intensamente, bien como componente de esta corporaci\u00f3n, o como bastonero y costalero.<\/strong><\/p>\n<p><strong>Y ya serrando el turno de intervenciones de hijo de Ataos, se pronunciaba nuestro presidente Manuel G\u00e1lvez Espadas, el cual se dirig\u00eda a su padre y hermano de corporaci\u00f3n Manuel G\u00e1lvez Silva, Decano y medalla de los 50 a\u00f1os. T\u00fa tambi\u00e9n eres el mejor padre del mundo, siendo mi referente en la vida, en los Ataos y en la Virgen de la Gu\u00eda. Tu desde ni\u00f1o me has ense\u00f1ado el amor hacia los Ataos, prueba de ello, es que soy presidente de la corporaci\u00f3n durante tres a\u00f1os. Por lo cual es fruto de tus ense\u00f1anzas, las mismas que yo le estoy ense\u00f1ado a mi hijo. Tu nieto, el cual ya destaca como buen amante de los Ataos, a la Virgen de la Gu\u00eda, y a la Semana Santa. Gracias \u201cPapa\u201d por todas las ense\u00f1anzas que me has bridado, como hijo.<\/strong><\/p>\n<p><strong>Ya terminado el acto y la comida de este s\u00e1bado Santo, nuestros hermanos m\u00fasicos, nos deleitaban con el pasodoble Atao \u201cEl Americano\u201d dedicado un su d\u00eda a nuestro Decano Manuel G\u00e1lvez Silva, con el cual desfil\u00e1bamos todos por el sal\u00f3n del cuartel.<br \/>___________________________________________________________________<br \/>Despu\u00e9s y por la noche y tras el brillante desfile de nuestras figuras, Judas con la rama, Pedro, Pablo y los romanos con la t\u00fanica de Jes\u00fas, tras el Santo Sepulcro, y tras la cena, se formo un buen ambiente cuartelero y de hermandad, con canto de setas cuarteleras por doquier, donde casi todos los hermanos presentes participaron. Mas tarde y con la ausencia de varios hermanos, se cre\u00f3 un ambiente de fiesta, con la intervenci\u00f3n de barios hermanos, que con sus tonter\u00edas, pas\u00e1bamos un buen rato de risas, hasta altas oras de la madrugada.<\/strong><\/p>\n<p><strong>Un grandioso S\u00e1bado Santo, que los hermanos de los Ataos, disfrut\u00e1bamos a tope y de los que hacen cuartel y corporaci\u00f3n.<\/strong><\/p>\n<p><strong>Redacci\u00f3n: A. G. S.<\/strong><\/p>\n<\/div>\n<\/div><\/div><\/div><\/div><div class=\"wppb-accordion-item repeater-12\"><div class=\"wppb-accordion-title wppb-toggle-right \"><i class=\"fas fa-pen-alt\"><\/i><span class=\"wppb-accordion-title-content\">Domingo de Resurrecci\u00f3n<\/span><span class=\"wppb-toggle-direction wppb-toggle-right\"><i class=\"fas fas fa-angle-right\"><\/i><\/span><\/div><div class=\"wppb-panel-collapse\" style=\"display: none;\"><div class=\"wppb-accordion-content\"><p><strong>Y llego con nostalgia el domingo de resurrecci\u00f3n, y con ello una fabulosa Semana Santa, donde todas las im\u00e1genes pudieron hacer su estaci\u00f3n de penitencia y sin la amenaza de lluvia. Teniendo esta un fabuloso habiente de participaci\u00f3n de p\u00fablico en general, expectante, que pudieron como los mananteros, disfrutar a tope nuestra simpar Semana Santa.<\/strong><\/p>\n<p><strong>\u00a0\u00a0\u00a0\u00a0\u00a0\u00a0\u00a0\u00a0\u00a0\u00a0\u00a0 Nuestra corporaci\u00f3n de los Ataos, Judas Pedro y Pablo, al igual que todas las dem\u00e1s, pudimos cumplir rigurosamente con las salidas procesionales, vistiendo las Figuras y Romanos, con todo el orden, respeto y seriedad, sin ninguna incidencia a destacar, hasta este domingo de Resurrecci\u00f3n, y que al termino del desfile, y en el parque del Tropez\u00f3n, pudimos disfrutar de unos \u00e1gapes y de unas bebidas refrescantes, en uni\u00f3n de nuestras mujeres y familiares.<\/strong><\/p>\n<p><strong>\u00a0\u00a0\u00a0\u00a0\u00a0\u00a0\u00a0\u00a0\u00a0\u00a0\u00a0 Tras el paso de la Imagen del Se\u00f1or del Resucitado, emprend\u00edamos el regreso de vuelta a nuestro cuartel, desfilando por toda la matallana en compa\u00f1\u00eda de nuestras esposas y novias, bajo los sones de los pasodobles romanos y ataos, interpretados por nuestros hermanos m\u00fasicos. Ya todos sentados en torno a las mesas, celebr\u00e1bamos Junta General Ordinaria y elecci\u00f3n del nuevo presidente.<\/strong><br \/><strong>\u00a0\u00a0\u00a0\u00a0\u00a0\u00a0\u00a0\u00a0\u00a0\u00a0\u00a0 El presidente Manuel G\u00e1lvez Espadas, abr\u00eda la sesi\u00f3n, agradeciendo a todos los hermanos y m\u00fasicos presentes, la confianza que en estos tres a\u00f1o hab\u00edan despostado en el, ya que no se presentar\u00eda a la reelecci\u00f3n. A continuaci\u00f3n, nuestro secretario Rafael Ruiz Romero, daba lectura a las actas anteriores y de una carta de presentaci\u00f3n de Fco Avil\u00e9s Baena, hijo de nuestro hermano \u201cCisco\u201d, como posible hermano Atao, que lo ser\u00e1 el pr\u00f3ximo d\u00eda 1 de mayo en la junta general, si ning\u00fan Atao lo impide.<\/strong><\/p>\n<p><strong>\u00a0\u00a0\u00a0\u00a0\u00a0\u00a0\u00a0\u00a0\u00a0\u00a0\u00a0 Poco despu\u00e9s, se proced\u00eda a la votaci\u00f3n del nuevo presidente. Tras efectuada esta, empataron a votos los hermanos Emilio Jes\u00fas Palos Rodr\u00edguez y Fco. Jos\u00e9 Membiela Prieto, habiendo de volver a efectuar una nueva votaci\u00f3n, la cual arrojo el mismo resultado. Como en nuestros estatutos no se contempla esta situaci\u00f3n, el Presidente opto, que los dos candidatos se reuniesen con \u00e9l a solas, para que se pusiesen de acuerdo y determinar qui\u00e9n de los dos, ser\u00eda el presidente.<\/strong><\/p>\n<p><strong>\u00a0\u00a0\u00a0\u00a0\u00a0\u00a0\u00a0\u00a0\u00a0\u00a0\u00a0 Terminada esta, el hermano Fco. Jos\u00e9 Membiela, le ced\u00eda con mucho gusto la presidencia, al hermano Emilio Palos, ya que este nunca hab\u00eda ocupado el cargo y adem\u00e1s llevaba mas a\u00f1os que \u00e9l. Tras tan digno acuerdo los dos candidatos se fundieron en un fraternal abrazo. Despu\u00e9s el nuevo presidente, nos adelantaba como seria su mandato y algunas l\u00edneas a seguir. Mandato que junto con su directiva, tomara posesi\u00f3n el d\u00eda 1 de mayo en la junta general. Desde estas l\u00edneas, este que suscribe, le desea al nuevo presidente y su junta directiva, los mejores parabienes, para el nuevo ejercicio 2015 \u2013 2016.<\/strong><\/p>\n<p>A.G.S.<\/p><\/div><\/div><\/div><div class=\"wppb-accordion-item repeater-13\"><div class=\"wppb-accordion-title wppb-toggle-right \"><i class=\"fas fa-pen-alt\"><\/i><span class=\"wppb-accordion-title-content\">D\u00eda de la Cruz<\/span><span class=\"wppb-toggle-direction wppb-toggle-right\"><i class=\"fas fas fa-angle-right\"><\/i><\/span><\/div><div class=\"wppb-panel-collapse\" style=\"display: none;\"><div class=\"wppb-accordion-content\"><p>DIA DE LA CRUZ<\/p>\n<p>La corporaci\u00f3n B\u00edblica Los Ataos, Judas \u2013 Pedro y Pablo, se reun\u00edan para celebrar la junta del 1 de Mayo del 2015.\u00a0\u00a0 Sobre las 3 de la tarde el hermano presidente Manuel G\u00e1lvez Espadas, daba la bienvenida a todos los hermanos Ataos y hermanos m\u00fasicos, los cuales nos deleitaban con el pasodoble \u201cEnriquetilla\u201d.\u00a0 Minutos despu\u00e9s el presidente daba comienzo a la junta, cedi\u00e9ndole la palabra al hermano secretario Rafael Ruiz Romero, el cual dec\u00eda que el nuevo hermano Francisco Avil\u00e9s Baena, ya era hermano de todos derecho, ya que ning\u00fan hermano puso obst\u00e1culo para su entrada. El nuevo hermano \u201cCisco Junior\u201d totalmente emocionado, tomaba la palabra y daba las gracias por permitirle de que fuese Atao, aunque el siempre lo ha sido, ya que desde ni\u00f1o y de la mano de su padre a vestido las figuras de los Ataos, a\u00f1adiendo de que el procurar\u00eda estar a la altura de las circunstancias. Dedic\u00e1ndoles todos los presente un caluroso aplauso.<\/p>\n<p>A continuaci\u00f3n, el hermano secretario, daba lectura a las actas anteriores y de unas cartas de agradecimiento de la Cofrad\u00eda del Se\u00f1or de la Humildad, por la buena acogida que les tributamos el Mi\u00e9rcoles Santo, cedi\u00e9ndole la parte baja del cuartel, para el reparto de bocadillos y bebidas refrescantes. \u00a0Y la del Santo Sepulcro, felicit\u00e1ndonos por el brillante desfile procesional del s\u00e1bado Santo. Mas tambi\u00e9n dando lectura de la carta de admisi\u00f3n de nuestro ex hermano Luis Fernando Bedmar \u201cLuife\u201d y a unas cartas de petici\u00f3n a hermano Atao, de V\u00edctor Bedmar Mu\u00f1oz y de Crist\u00f3bal N\u00fa\u00f1ez Jim\u00e9nez, que si ning\u00fan hermano lo impide, ser\u00e1n hermanos de prueba el d\u00eda 1 de noviembre del a\u00f1o en curso.<\/p>\n<p>El hermano tesorero Jaime Rodas Luque, tambi\u00e9n procedi\u00f3 a dar lectura de las cuentas del ejercicio 2014 \u2013 2015, las cuales fueron aprobadas por unanimidad.\u00a0 Despu\u00e9s nuestro presidente Manuel G\u00e1lvez Espadas, en sus despedida como presidente de Los Ataos, daba las gracias a su junta directiva y a todos los hermanos y m\u00fasicos, por la confianza depositada en su persona durante estos tres a\u00f1os, para dirigir la corporaci\u00f3n. Diciendo, que \u00e9l \u00a0hab\u00eda puesto todo su empe\u00f1o y tiempo libre, para desarrollar dicho cargo y que su gesti\u00f3n posiblemente no haya podido ser del agrados de todos los hermanos. Invitando al nuevo presidente Emilio Palos Rodr\u00edguez, a que desde el momento, tomase las riendas de la corporaci\u00f3n.<\/p>\n<p>El nuevo presidente, en su primera toma de contacto, explicaba muy por encima las directrices a seguir en la nueva etapa y presentando a su junta directiva, en la cual deposita toda su confianza para afrontar la posible celebraci\u00f3n del 350 aniversario de las figuras de Dimas y Gestas, conservado muchos de los directivos del pasado mandato. Y como no, el nuevo presidente junto con los directivos correspondientes, realizo el sorteo de las vestidas de Figuras y Romanos, para el d\u00eda 3 de mayo, d\u00eda de la Cruz.\u00a0 Terminado dicha junta, con la interpretaci\u00f3n del Barrabas por los hermanos m\u00fasicos.<\/p>\n<p>Despu\u00e9s sobre las 9 de la noche, inici\u00e1bamos desde el cuartel, la subida a la plaza del Calvario con todos los ni\u00f1os que se presentaron, emulando una subida al Calvario de un s\u00e1bado de cuaresma, acompa\u00f1ados musicalmente por nuestros hermanos m\u00fasicos. En la plaza del Calvario ya se encontraban los romanos peque\u00f1os que tambi\u00e9n hicieron la subida. Volviendo de nuevo al cuartel, como un s\u00e1bado de cuaresma, es decir, cuestecilla de Jes\u00fas, placita de la Veracruz, c\/ Horno y cuartel, con las notas del Barrabas.<\/p>\n<p><br \/>Redacci\u00f3n: A. G. S.<\/p><\/div><\/div><\/div><div class=\"wppb-accordion-item repeater-14\"><div class=\"wppb-accordion-title wppb-toggle-right \"><i class=\"fas fa-pen-alt\"><\/i><span class=\"wppb-accordion-title-content\">Junta de los Santos<\/span><span class=\"wppb-toggle-direction wppb-toggle-right\"><i class=\"fas fas fa-angle-right\"><\/i><\/span><\/div><div class=\"wppb-panel-collapse\" style=\"display: none;\"><div class=\"wppb-accordion-content\"><p><strong>El pasado d\u00eda 1 de Noviembre del a\u00f1o en curso, la corporaci\u00f3n B\u00edblica de Los Ataos, Judas, Pedro y Pablo, celebro Junta General Ordinaria, del d\u00eda de todos los Santos.<\/strong><\/p>\n<p><strong>Sobre las 3 del medio d\u00eda, el presidente Emilio Jes\u00fas Palos Rodr\u00edguez, daba la bienvenida a todos los hermanos Ataos y hermanos m\u00fasicos presentes. Como tambi\u00e9n lo hizo con los tres hermanos nuevos. Manuel Serrano L\u00f3pez, tras un a\u00f1o de prueba, siendo desde esta Junta, hermano de todo derecho. Luis Fernando Bedmar Ruiz, que tras 10 meses de baja voluntaria, retornaba como hermano activo y el nuevo hermano de prueba, V\u00edctor Bedmar Mu\u00f1oz.<\/strong><\/p>\n<p><strong>Acto seguido, el hermano secretario Jos\u00e9 Amador Beltr\u00e1n, daba lectura a un salmo responsorial, dedicado a todos nuestros hermanos difuntos. Concluido este, nuestros hermanos m\u00fasicos, interpretaban la marcha \u201cRecuerdo\u201d y \u201cEl Gloria al Muerto\u201d, en honor a todos los hermanos y familiares difuntos.<\/strong><\/p>\n<p><strong>Tras ello, el presidente daba comienzo la junta general, con los puntos del orden del d\u00eda a tratar. En primer lugar se daba lecturas a algunas cartas recibidas, de algunas corporaciones y cofrad\u00edas, que se sumaban a la celebraci\u00f3n del 350 aniversario de los Ataos. Destacando la de la Cofrad\u00eda de la Virgen de la Gu\u00eda, madre de los Ataos, ofreci\u00e9ndose a colaborar en lo que la corporaci\u00f3n necesite de ella, en el 350 aniversario.<\/strong><\/p>\n<p><strong>M\u00e1s tarde, nuestro hermano presidente, presentaba a groso modo, todos los posibles actos a celebrar. Comenzando estos aproximadamente a principios del mes de Enero del 2016, durante la cuaresma y concluyendo el domingo de Ramos, con el Preg\u00f3n de la Semana Santa del citado a\u00f1o y que la Agrupaci\u00f3n de Cofrad\u00edas y Figuras B\u00edblicas, asigno en su momento a nuestra corporaci\u00f3n.<\/strong><br \/><strong>A continuaci\u00f3n nuestro hermano presidente, informaba que los actos a celebrar, podr\u00edan sufrir alg\u00fan que otra variante en su consecuci\u00f3n, ya que se siguen perfil\u00e1ndolos y consensu\u00e1ndose con la Agrupaci\u00f3n de Cofrad\u00edas, con<\/strong><\/p>\n<p><strong>los horarios, sitios a celebrar y con los posible intervinientes invitados colaboradores, no pertenecientes a nuestra corporaci\u00f3n. Siendo estos en principio, refrendado por los hermanos Ataos asistentes, junto con nuestros hermanos m\u00fasicos, que tendr\u00e1n un papel muy destacado en ellos.<\/strong><\/p>\n<p><strong>Ya para terminar la junta, tomaban la palabra los tres nuevos hermanos Ataos, coincidiendo ellos, la buena acogida recibida por ya sus hermanos de corporaci\u00f3n.<\/strong><\/p>\n<p><strong>Sin m\u00e1s, terminaba la junta y comida del d\u00eda de todos los Santos, desfilando todos por el sal\u00f3n comedor, a los sones de nuestro himno \u201cBarrabas\u201d.<\/strong><\/p>\n<p><strong>REDACCION: A. G. S.<\/strong><\/p><\/div><\/div><\/div><\/div><\/div><\/div><\/div><\/div>                                            <\/div>\n                                        <\/div>\n                                    <\/div>\n\t\t\t\t\t\t\t\t\t                        <\/div>\n\n                    <\/div>\n                <\/div>\n\t\t\t\t<\/div>","protected":false},"excerpt":{"rendered":"<p>Almuerzo Tercero de la Soledad Colgado del estandarte Subida de Carnaval &#8211; 1\u00aa Subida de Tentaciones &#8211; 2\u00aa Subida de Transfiguraci\u00f3n &#8211; 3\u00aa Video tercera subida Subida de Diablo Mudo &#8211; 4\u00aa Subida de Pan y Peces &#8211; 5\u00aa Subida de Pasi\u00f3n &#8211; 6\u00aa S\u00e1bado de Ramos Domingo de Ramos Martes Santo Jueves Santo Viernes&hellip;&nbsp;<a href=\"https:\/\/www.losataos.org\/w\/fotografias-2015\/\" rel=\"bookmark\">Leer m\u00e1s &raquo;<span class=\"screen-reader-text\">Fotograf\u00edas 2015<\/span><\/a><\/p>\n","protected":false},"author":2,"featured_media":0,"parent":0,"menu_order":0,"comment_status":"closed","ping_status":"open","template":"","meta":{"neve_meta_sidebar":"","neve_meta_container":"","neve_meta_enable_content_width":"","neve_meta_content_width":0,"neve_meta_title_alignment":"","neve_meta_author_avatar":"","neve_post_elements_order":"","neve_meta_disable_header":"","neve_meta_disable_footer":"","neve_meta_disable_title":"","footnotes":""},"wf_page_folders":[15],"class_list":["post-1998","page","type-page","status-publish","hentry"],"jetpack_sharing_enabled":true,"_links":{"self":[{"href":"https:\/\/www.losataos.org\/w\/wp-json\/wp\/v2\/pages\/1998","targetHints":{"allow":["GET"]}}],"collection":[{"href":"https:\/\/www.losataos.org\/w\/wp-json\/wp\/v2\/pages"}],"about":[{"href":"https:\/\/www.losataos.org\/w\/wp-json\/wp\/v2\/types\/page"}],"author":[{"embeddable":true,"href":"https:\/\/www.losataos.org\/w\/wp-json\/wp\/v2\/users\/2"}],"replies":[{"embeddable":true,"href":"https:\/\/www.losataos.org\/w\/wp-json\/wp\/v2\/comments?post=1998"}],"version-history":[{"count":23,"href":"https:\/\/www.losataos.org\/w\/wp-json\/wp\/v2\/pages\/1998\/revisions"}],"predecessor-version":[{"id":2090,"href":"https:\/\/www.losataos.org\/w\/wp-json\/wp\/v2\/pages\/1998\/revisions\/2090"}],"wp:attachment":[{"href":"https:\/\/www.losataos.org\/w\/wp-json\/wp\/v2\/media?parent=1998"}],"wp:term":[{"taxonomy":"wf_page_folders","embeddable":true,"href":"https:\/\/www.losataos.org\/w\/wp-json\/wp\/v2\/wf_page_folders?post=1998"}],"curies":[{"name":"wp","href":"https:\/\/api.w.org\/{rel}","templated":true}]}}