{"id":1928,"date":"2021-08-02T23:58:59","date_gmt":"2021-08-02T23:58:59","guid":{"rendered":"http:\/\/www.losataos.org\/w\/?page_id=1928"},"modified":"2021-08-03T23:54:55","modified_gmt":"2021-08-03T23:54:55","slug":"fotografias-2014","status":"publish","type":"page","link":"https:\/\/www.losataos.org\/w\/fotografias-2014\/","title":{"rendered":"Fotograf\u00edas 2014"},"content":{"rendered":"<div id=\"wppb-builder-container\" class=\"wppb-builder-container\">                <div  class=\"wppb-row-parent  wppb-row-1636889361080 \"  >\n\t\t\t\t\t\n\t\t\t\t\t\t\t\t\t\t\n\t\t\t\t\t\t\t\t\t\t\n\t\t\t\t\t<div class=\"wppb-container \">\n\t\t\t\t\t\t\t\t\t\t\t\t\t\n                        <div class=\"wppb-row\">\n\t\t\t\t\t\t\t                                    <div  class=\"wppb-column-parent wppb-column-parent-view wppb-col-1636889361077  \"  >\n                                        <div class=\"wppb-column\">\n\t\t\t\t\t\n\t\t\t\t\t\t\t\t\t\t\t\n                                            <div class=\"wppb-builder-addons\">\n\t\t\t\t\t\t\t\t\t\t\t\t<div class='wppb-builder-addon wppb-addon-1636889361257'  data-addon-id='1636889361257'><div class='wppb-addon'><div class=\"wppb-person-addon\"><div class=\"wppb-person-addon-content person-layout-one\"><div class=\"wppb-person-image\"><img decoding=\"async\" class=\"wppb-person-addon-img\" src=\"http:\/\/www.losataos.org\/w\/wp-content\/uploads\/2014_b.jpg\" alt=\"Jueves Lardero\"><\/div><div class=\"wppb-person-information\"><span class=\"wppb-person-name\"><a  href=\"https:\/\/photos.app.goo.gl\/3Gaf2YX81VQV36DW8\" target=_blank>Jueves Lardero<\/a><\/span><\/div><\/div><\/div><\/div><\/div>                                            <\/div>\n                                        <\/div>\n                                    <\/div>\n\t\t\t\t\t\t\t\t\t                                    <div  class=\"wppb-column-parent wppb-column-parent-view wppb-col-1636889361078  \"  >\n                                        <div class=\"wppb-column\">\n\t\t\t\t\t\n\t\t\t\t\t\t\t\t\t\t\t\n                                            <div class=\"wppb-builder-addons\">\n\t\t\t\t\t\t\t\t\t\t\t\t<div class='wppb-builder-addon wppb-addon-1636889361144'  data-addon-id='1636889361144'><div class='wppb-addon'><div class=\"wppb-person-addon\"><div class=\"wppb-person-addon-content person-layout-one\"><div class=\"wppb-person-image\"><img decoding=\"async\" class=\"wppb-person-addon-img\" src=\"http:\/\/www.losataos.org\/w\/wp-content\/uploads\/2014_c.jpg\" alt=\"Subida de Carnaval - 1\u00aa\"><\/div><div class=\"wppb-person-information\"><span class=\"wppb-person-name\"><a  href=\"https:\/\/photos.app.goo.gl\/63u9Se1a5qumstR2A\" target=_blank>Subida de Carnaval - 1\u00aa<\/a><\/span><\/div><\/div><\/div><\/div><\/div>                                            <\/div>\n                                        <\/div>\n                                    <\/div>\n\t\t\t\t\t\t\t\t\t                                    <div  class=\"wppb-column-parent wppb-column-parent-view wppb-col-1636889361079  \"  >\n                                        <div class=\"wppb-column\">\n\t\t\t\t\t\n\t\t\t\t\t\t\t\t\t\t\t\n                                            <div class=\"wppb-builder-addons\">\n\t\t\t\t\t\t\t\t\t\t\t\t<div class='wppb-builder-addon wppb-addon-1636889361141'  data-addon-id='1636889361141'><div class='wppb-addon'><div class=\"wppb-person-addon\"><div class=\"wppb-person-addon-content person-layout-one\"><div class=\"wppb-person-image\"><img decoding=\"async\" class=\"wppb-person-addon-img\" src=\"http:\/\/www.losataos.org\/w\/wp-content\/uploads\/2014_a-1.jpg\" alt=\"Almuerzo Tercero de la Soledad\"><\/div><div class=\"wppb-person-information\"><span class=\"wppb-person-name\"><a  href=\"https:\/\/photos.app.goo.gl\/dKrZ5u2G2s1yuAgs6\" target=_blank>Almuerzo Tercero de la Soledad<\/a><\/span><\/div><\/div><\/div><\/div><\/div>                                            <\/div>\n                                        <\/div>\n                                    <\/div>\n\t\t\t\t\t\t\t\t\t                        <\/div>\n\n                    <\/div>\n                <\/div>\n\t\t\t\t                <div  class=\"wppb-row-parent  wppb-row-1636889361251 \"  >\n\t\t\t\t\t\n\t\t\t\t\t\t\t\t\t\t\n\t\t\t\t\t\t\t\t\t\t\n\t\t\t\t\t<div class=\"wppb-container \">\n\t\t\t\t\t\t\t\t\t\t\t\t\t\n                        <div class=\"wppb-row\">\n\t\t\t\t\t\t\t                                    <div  class=\"wppb-column-parent wppb-column-parent-view wppb-col-1636889361252  \"  >\n                                        <div class=\"wppb-column\">\n\t\t\t\t\t\n\t\t\t\t\t\t\t\t\t\t\t\n                                            <div class=\"wppb-builder-addons\">\n\t\t\t\t\t\t\t\t\t\t\t\t<div class='wppb-builder-addon wppb-addon-1636889361253'  data-addon-id='1636889361253'><div class='wppb-addon'><div class=\"wppb-person-addon\"><div class=\"wppb-person-addon-content person-layout-one\"><div class=\"wppb-person-image\"><img decoding=\"async\" class=\"wppb-person-addon-img\" src=\"http:\/\/www.losataos.org\/w\/wp-content\/uploads\/2014_d.jpg\" alt=\"Subida de Tentaciones - 2\u00aa\"><\/div><div class=\"wppb-person-information\"><span class=\"wppb-person-name\"><a  href=\"https:\/\/photos.app.goo.gl\/dErB4ainSstU2EF87\" target=_blank>Subida de Tentaciones - 2\u00aa<\/a><\/span><\/div><\/div><\/div><\/div><\/div>                                            <\/div>\n                                        <\/div>\n                                    <\/div>\n\t\t\t\t\t\t\t\t\t                                    <div  class=\"wppb-column-parent wppb-column-parent-view wppb-col-1636889361254  \"  >\n                                        <div class=\"wppb-column\">\n\t\t\t\t\t\n\t\t\t\t\t\t\t\t\t\t\t\n                                            <div class=\"wppb-builder-addons\">\n\t\t\t\t\t\t\t\t\t\t\t\t<div class='wppb-builder-addon wppb-addon-1636889361255'  data-addon-id='1636889361255'><div class='wppb-addon'><div class=\"wppb-person-addon\"><div class=\"wppb-person-addon-content person-layout-one\"><div class=\"wppb-person-image\"><img decoding=\"async\" class=\"wppb-person-addon-img\" src=\"http:\/\/www.losataos.org\/w\/wp-content\/uploads\/2014_e.jpg\" alt=\"Subida de Transfiguraci\u00f3n - 3\u00aa\"><\/div><div class=\"wppb-person-information\"><span class=\"wppb-person-name\"><a  href=\"https:\/\/photos.app.goo.gl\/dTJv72pYRMPgX7kw5\" target=_blank>Subida de Transfiguraci\u00f3n - 3\u00aa<\/a><\/span><\/div><\/div><\/div><\/div><\/div>                                            <\/div>\n                                        <\/div>\n                                    <\/div>\n\t\t\t\t\t\t\t\t\t                                    <div  class=\"wppb-column-parent wppb-column-parent-view wppb-col-1636889361256  \"  >\n                                        <div class=\"wppb-column\">\n\t\t\t\t\t\n\t\t\t\t\t\t\t\t\t\t\t\n                                            <div class=\"wppb-builder-addons\">\n\t\t\t\t\t\t\t\t\t\t\t\t<div class='wppb-builder-addon wppb-addon-1636889641766'  data-addon-id='1636889641766'><div class='wppb-addon'><div class=\"wppb-person-addon\"><div class=\"wppb-person-addon-content person-layout-one\"><div class=\"wppb-person-image\"><img decoding=\"async\" class=\"wppb-person-addon-img\" src=\"http:\/\/www.losataos.org\/w\/wp-content\/uploads\/2014_f.jpg\" alt=\"Subida de Diablo Mudo - 4\u00aa\"><\/div><div class=\"wppb-person-information\"><span class=\"wppb-person-name\"><a  href=\"https:\/\/photos.app.goo.gl\/pfFXtmfS4cZa8sr39\" target=_blank>Subida de Diablo Mudo - 4\u00aa<\/a><\/span><\/div><\/div><\/div><\/div><\/div>                                            <\/div>\n                                        <\/div>\n                                    <\/div>\n\t\t\t\t\t\t\t\t\t                        <\/div>\n\n                    <\/div>\n                <\/div>\n\t\t\t\t                <div  class=\"wppb-row-parent  wppb-row-1636889361790 \"  >\n\t\t\t\t\t\n\t\t\t\t\t\t\t\t\t\t\n\t\t\t\t\t\t\t\t\t\t\n\t\t\t\t\t<div class=\"wppb-container \">\n\t\t\t\t\t\t\t\t\t\t\t\t\t\n                        <div class=\"wppb-row\">\n\t\t\t\t\t\t\t                                    <div  class=\"wppb-column-parent wppb-column-parent-view wppb-col-1636889361791  \"  >\n                                        <div class=\"wppb-column\">\n\t\t\t\t\t\n\t\t\t\t\t\t\t\t\t\t\t\n                                            <div class=\"wppb-builder-addons\">\n\t\t\t\t\t\t\t\t\t\t\t\t<div class='wppb-builder-addon wppb-addon-1636889361792'  data-addon-id='1636889361792'><div class='wppb-addon'><div class=\"wppb-person-addon\"><div class=\"wppb-person-addon-content person-layout-one\"><div class=\"wppb-person-image\"><img decoding=\"async\" class=\"wppb-person-addon-img\" src=\"http:\/\/www.losataos.org\/w\/wp-content\/uploads\/2014_g.jpg\" alt=\"Subida de Pan y Peces - 5\u00aa\"><\/div><div class=\"wppb-person-information\"><span class=\"wppb-person-name\"><a  href=\"https:\/\/photos.app.goo.gl\/Uhr9Ht5p2hLj9SNK7\" target=_blank>Subida de Pan y Peces - 5\u00aa<\/a><\/span><\/div><\/div><\/div><\/div><\/div>                                            <\/div>\n                                        <\/div>\n                                    <\/div>\n\t\t\t\t\t\t\t\t\t                                    <div  class=\"wppb-column-parent wppb-column-parent-view wppb-col-1636889361793  \"  >\n                                        <div class=\"wppb-column\">\n\t\t\t\t\t\n\t\t\t\t\t\t\t\t\t\t\t\n                                            <div class=\"wppb-builder-addons\">\n\t\t\t\t\t\t\t\t\t\t\t\t<div class='wppb-builder-addon wppb-addon-1636889361794'  data-addon-id='1636889361794'><div class='wppb-addon'><div class=\"wppb-person-addon\"><div class=\"wppb-person-addon-content person-layout-one\"><div class=\"wppb-person-image\"><img decoding=\"async\" class=\"wppb-person-addon-img\" src=\"http:\/\/www.losataos.org\/w\/wp-content\/uploads\/2014_i.jpg\" alt=\"S\u00e1bado de Ramos\"><\/div><div class=\"wppb-person-information\"><span class=\"wppb-person-name\"><a  href=\"https:\/\/photos.app.goo.gl\/mrJNDqx1v5BgyHoQ9\" target=_blank>S\u00e1bado de Ramos<\/a><\/span><\/div><\/div><\/div><\/div><\/div>                                            <\/div>\n                                        <\/div>\n                                    <\/div>\n\t\t\t\t\t\t\t\t\t                                    <div  class=\"wppb-column-parent wppb-column-parent-view wppb-col-1636889361795  \"  >\n                                        <div class=\"wppb-column\">\n\t\t\t\t\t\n\t\t\t\t\t\t\t\t\t\t\t\n                                            <div class=\"wppb-builder-addons\">\n\t\t\t\t\t\t\t\t\t\t\t\t<div class='wppb-builder-addon wppb-addon-1636889361796'  data-addon-id='1636889361796'><div class='wppb-addon'><div class=\"wppb-person-addon\"><div class=\"wppb-person-addon-content person-layout-one\"><div class=\"wppb-person-image\"><img decoding=\"async\" class=\"wppb-person-addon-img\" src=\"http:\/\/www.losataos.org\/w\/wp-content\/uploads\/2014_k.jpg\" alt=\"Domingo de Ramos\"><\/div><div class=\"wppb-person-information\"><span class=\"wppb-person-name\"><a  href=\"https:\/\/photos.app.goo.gl\/uo7QTngBZSZkuFrEA\" target=_blank>Domingo de Ramos<\/a><\/span><\/div><\/div><\/div><\/div><\/div>                                            <\/div>\n                                        <\/div>\n                                    <\/div>\n\t\t\t\t\t\t\t\t\t                        <\/div>\n\n                    <\/div>\n                <\/div>\n\t\t\t\t                <div  class=\"wppb-row-parent  wppb-row-1636889361971 \"  >\n\t\t\t\t\t\n\t\t\t\t\t\t\t\t\t\t\n\t\t\t\t\t\t\t\t\t\t\n\t\t\t\t\t<div class=\"wppb-container \">\n\t\t\t\t\t\t\t\t\t\t\t\t\t\n                        <div class=\"wppb-row\">\n\t\t\t\t\t\t\t                                    <div  class=\"wppb-column-parent wppb-column-parent-view wppb-col-1636889361972  \"  >\n                                        <div class=\"wppb-column\">\n\t\t\t\t\t\n\t\t\t\t\t\t\t\t\t\t\t\n                                            <div class=\"wppb-builder-addons\">\n\t\t\t\t\t\t\t\t\t\t\t\t<div class='wppb-builder-addon wppb-addon-1636889361973'  data-addon-id='1636889361973'><div class='wppb-addon'><div class=\"wppb-person-addon\"><div class=\"wppb-person-addon-content person-layout-one\"><div class=\"wppb-person-image\"><img decoding=\"async\" class=\"wppb-person-addon-img\" src=\"http:\/\/www.losataos.org\/w\/wp-content\/uploads\/2014_j.jpg\" alt=\"Martes Santo\"><\/div><div class=\"wppb-person-information\"><span class=\"wppb-person-name\"><a  href=\"https:\/\/photos.app.goo.gl\/QY93z9dBAttA4ePH7\" target=_blank>Martes Santo<\/a><\/span><\/div><\/div><\/div><\/div><\/div>                                            <\/div>\n                                        <\/div>\n                                    <\/div>\n\t\t\t\t\t\t\t\t\t                                    <div  class=\"wppb-column-parent wppb-column-parent-view wppb-col-1636889361974  \"  >\n                                        <div class=\"wppb-column\">\n\t\t\t\t\t\n\t\t\t\t\t\t\t\t\t\t\t\n                                            <div class=\"wppb-builder-addons\">\n\t\t\t\t\t\t\t\t\t\t\t\t<div class='wppb-builder-addon wppb-addon-1636889361975'  data-addon-id='1636889361975'><div class='wppb-addon'><div class=\"wppb-person-addon\"><div class=\"wppb-person-addon-content person-layout-one\"><div class=\"wppb-person-image\"><img decoding=\"async\" class=\"wppb-person-addon-img\" src=\"http:\/\/www.losataos.org\/w\/wp-content\/uploads\/2014_l.jpg\" alt=\"Jueves Santo\"><\/div><div class=\"wppb-person-information\"><span class=\"wppb-person-name\"><a  href=\"https:\/\/photos.app.goo.gl\/KyarHjnsBxGQ9v2i6\" target=_blank>Jueves Santo<\/a><\/span><\/div><\/div><\/div><\/div><\/div>                                            <\/div>\n                                        <\/div>\n                                    <\/div>\n\t\t\t\t\t\t\t\t\t                                    <div  class=\"wppb-column-parent wppb-column-parent-view wppb-col-1636889361976  \"  >\n                                        <div class=\"wppb-column\">\n\t\t\t\t\t\n\t\t\t\t\t\t\t\t\t\t\t\n                                            <div class=\"wppb-builder-addons\">\n\t\t\t\t\t\t\t\t\t\t\t\t<div class='wppb-builder-addon wppb-addon-1636889361977'  data-addon-id='1636889361977'><div class='wppb-addon'><div class=\"wppb-person-addon\"><div class=\"wppb-person-addon-content person-layout-one\"><div class=\"wppb-person-image\"><img decoding=\"async\" class=\"wppb-person-addon-img\" src=\"http:\/\/www.losataos.org\/w\/wp-content\/uploads\/2014_m.jpg\" alt=\"Viernes Santo\"><\/div><div class=\"wppb-person-information\"><span class=\"wppb-person-name\"><a  href=\"https:\/\/photos.app.goo.gl\/qrWTm844TYAWsBXF8\" target=_blank>Viernes Santo<\/a><\/span><\/div><\/div><\/div><\/div><\/div>                                            <\/div>\n                                        <\/div>\n                                    <\/div>\n\t\t\t\t\t\t\t\t\t                        <\/div>\n\n                    <\/div>\n                <\/div>\n\t\t\t\t                <div  class=\"wppb-row-parent  wppb-row-1636889362086 \"  >\n\t\t\t\t\t\n\t\t\t\t\t\t\t\t\t\t\n\t\t\t\t\t\t\t\t\t\t\n\t\t\t\t\t<div class=\"wppb-container \">\n\t\t\t\t\t\t\t\t\t\t\t\t\t\n                        <div class=\"wppb-row\">\n\t\t\t\t\t\t\t                                    <div  class=\"wppb-column-parent wppb-column-parent-view wppb-col-1636889362087  \"  >\n                                        <div class=\"wppb-column\">\n\t\t\t\t\t\n\t\t\t\t\t\t\t\t\t\t\t\n                                            <div class=\"wppb-builder-addons\">\n\t\t\t\t\t\t\t\t\t\t\t\t<div class='wppb-builder-addon wppb-addon-1636889362088'  data-addon-id='1636889362088'><div class='wppb-addon'><div class=\"wppb-person-addon\"><div class=\"wppb-person-addon-content person-layout-one\"><div class=\"wppb-person-image\"><img decoding=\"async\" class=\"wppb-person-addon-img\" src=\"http:\/\/www.losataos.org\/w\/wp-content\/uploads\/2014_n.jpg\" alt=\"Santo Entierro Magno\"><\/div><div class=\"wppb-person-information\"><span class=\"wppb-person-name\"><a  href=\"https:\/\/photos.app.goo.gl\/iTnxQTEgBUqpRW6y8\" target=_blank>Santo Entierro Magno<\/a><\/span><\/div><\/div><\/div><\/div><\/div>                                            <\/div>\n                                        <\/div>\n                                    <\/div>\n\t\t\t\t\t\t\t\t\t                                    <div  class=\"wppb-column-parent wppb-column-parent-view wppb-col-1636889362089  \"  >\n                                        <div class=\"wppb-column\">\n\t\t\t\t\t\n\t\t\t\t\t\t\t\t\t\t\t\n                                            <div class=\"wppb-builder-addons\">\n\t\t\t\t\t\t\t\t\t\t\t\t<div class='wppb-builder-addon wppb-addon-1636889362090'  data-addon-id='1636889362090'><div class='wppb-addon'><div class=\"wppb-person-addon\"><div class=\"wppb-person-addon-content person-layout-one\"><div class=\"wppb-person-image\"><img decoding=\"async\" class=\"wppb-person-addon-img\" src=\"http:\/\/www.losataos.org\/w\/wp-content\/uploads\/2014_o.jpg\" alt=\"S\u00e1bado de Ramos - Chiquito\"><\/div><div class=\"wppb-person-information\"><span class=\"wppb-person-name\"><a  href=\"https:\/\/photos.app.goo.gl\/3ZJ2oRzByVNjDrGf8\" target=_blank>S\u00e1bado de Ramos - Chiquito<\/a><\/span><\/div><\/div><\/div><\/div><\/div>                                            <\/div>\n                                        <\/div>\n                                    <\/div>\n\t\t\t\t\t\t\t\t\t                                    <div  class=\"wppb-column-parent wppb-column-parent-view wppb-col-1636889362091  \"  >\n                                        <div class=\"wppb-column\">\n\t\t\t\t\t\n\t\t\t\t\t\t\t\t\t\t\t\n                                            <div class=\"wppb-builder-addons\">\n\t\t\t\t\t\t\t\t\t\t\t\t<div class='wppb-builder-addon wppb-addon-1636889362092'  data-addon-id='1636889362092'><div class='wppb-addon'><div class=\"wppb-person-addon\"><div class=\"wppb-person-addon-content person-layout-one\"><div class=\"wppb-person-image\"><img decoding=\"async\" class=\"wppb-person-addon-img\" src=\"http:\/\/www.losataos.org\/w\/wp-content\/uploads\/2014_p.jpg\" alt=\"D\u00eda de la Cruz\"><\/div><div class=\"wppb-person-information\"><span class=\"wppb-person-name\"><a  href=\"https:\/\/photos.app.goo.gl\/8GWxAnYYLo7Qq6Vt9\" target=_blank>D\u00eda de la Cruz<\/a><\/span><\/div><\/div><\/div><\/div><\/div>                                            <\/div>\n                                        <\/div>\n                                    <\/div>\n\t\t\t\t\t\t\t\t\t                        <\/div>\n\n                    <\/div>\n                <\/div>\n\t\t\t\t                <div  class=\"wppb-row-parent  wppb-row-1636889362264 \"  >\n\t\t\t\t\t\n\t\t\t\t\t\t\t\t\t\t\n\t\t\t\t\t\t\t\t\t\t\n\t\t\t\t\t<div class=\"wppb-container \">\n\t\t\t\t\t\t\t\t\t\t\t\t\t\n                        <div class=\"wppb-row\">\n\t\t\t\t\t\t\t                                    <div  class=\"wppb-column-parent wppb-column-parent-view wppb-col-1636889362263  \"  >\n                                        <div class=\"wppb-column\">\n\t\t\t\t\t\n\t\t\t\t\t\t\t\t\t\t\t\n                                            <div class=\"wppb-builder-addons\">\n\t\t\t\t\t\t\t\t\t\t\t\t<div class='wppb-builder-addon wppb-addon-1636892106073'  data-addon-id='1636892106073'><div class='wppb-addon'><div class=\"wppb-text-block-addon\"><div class=\"wppb-text-block-content 0\"><h2><strong><span style=\"color: #ff6600\">Cr\u00f3nicas<\/span><\/strong><\/h2><\/div><\/div><\/div><\/div>                                            <\/div>\n                                        <\/div>\n                                    <\/div>\n\t\t\t\t\t\t\t\t\t                        <\/div>\n\n                    <\/div>\n                <\/div>\n\t\t\t\t                <div  class=\"wppb-row-parent  wppb-row-1636889362294 \"  >\n\t\t\t\t\t\n\t\t\t\t\t\t\t\t\t\t\n\t\t\t\t\t\t\t\t\t\t\n\t\t\t\t\t<div class=\"wppb-container \">\n\t\t\t\t\t\t\t\t\t\t\t\t\t\n                        <div class=\"wppb-row\">\n\t\t\t\t\t\t\t                                    <div  class=\"wppb-column-parent wppb-column-parent-view wppb-col-1636889362293  \"  >\n                                        <div class=\"wppb-column\">\n\t\t\t\t\t\n\t\t\t\t\t\t\t\t\t\t\t\n                                            <div class=\"wppb-builder-addons\">\n\t\t\t\t\t\t\t\t\t\t\t\t<div class='wppb-builder-addon wppb-addon-1636892156552'  data-addon-id='1636892156552'><div class='wppb-addon'><div class=\"wppb-accordion-addon\"><div class=\"wppb-accordion-addon-content\"><div class=\"wppb-accordion-items\"><div class=\"wppb-accordion-item repeater-0\"><div class=\"wppb-accordion-title wppb-toggle-right \"><i class=\"fas fa-pen-alt\"><\/i><span class=\"wppb-accordion-title-content\">Entrega Medallas<\/span><span class=\"wppb-toggle-direction wppb-toggle-right\"><i class=\"fas fas fa-angle-right\"><\/i><\/span><\/div><div class=\"wppb-panel-collapse\" style=\"display: none;\"><div class=\"wppb-accordion-content\"><p><a href=\"https:\/\/app.box.com\/s\/zix6vrnzu4nau38ja5dwbxy3bctn91yu\" target=\"_blank\" rel=\"noopener\"><img fetchpriority=\"high\" decoding=\"async\" class=\"alignnone size-medium wp-image-2803\" src=\"http:\/\/www.losataos.org\/w\/wp-content\/uploads\/medallaoro-pdf-724x1024-1-212x300.jpg\" alt=\"\" width=\"212\" height=\"300\" srcset=\"https:\/\/www.losataos.org\/w\/wp-content\/uploads\/medallaoro-pdf-724x1024-1-212x300.jpg 212w, https:\/\/www.losataos.org\/w\/wp-content\/uploads\/medallaoro-pdf-724x1024-1.jpg 724w\" sizes=\"(max-width: 212px) 100vw, 212px\" \/><\/a><\/p>\n<p>Pulse sobre la imagen para ver la cr\u00f3nica completa en pdf<\/p><\/div><\/div><\/div><div class=\"wppb-accordion-item repeater-1\"><div class=\"wppb-accordion-title wppb-toggle-right \"><i class=\"fas fa-pen-alt\"><\/i><span class=\"wppb-accordion-title-content\">Jueves Lardero<\/span><span class=\"wppb-toggle-direction wppb-toggle-right\"><i class=\"fas fas fa-angle-right\"><\/i><\/span><\/div><div class=\"wppb-panel-collapse\" style=\"display: none;\"><div class=\"wppb-accordion-content\"><p>Jueves lardero en la Corporaci\u00f3n de los Ataos 2014<br \/><br \/>Como viene siendo tradici\u00f3n, la Corporaci\u00f3n B\u00edblica los Ataos, Judas, Pedro y Pablo, hermanos de dicha corporaci\u00f3n, junto con los hermanos m\u00fasicos, celebr\u00e1bamos Junta ordinaria y comida de hermandad del jueves Lardero, en nuestra casa cuartel, sito en la C\/ Calzada 43.<\/p>\n<p>Sobre las 9,30, de la noche, nuestro presidente Manuel G\u00e1lvez Espadas, daba la bienvenida a todos los hermanos Ataos y hermanos m\u00fasicos. Comenz\u00f3 diciendo que todos los hermanos ten\u00edamos que estar s\u00faper orgullosos, del acto de entrega de medallas, celebrado el d\u00eda 22 de febrero en el cuartel del Imperio Romano, cedi\u00e9ndolo este para dicha celebraci\u00f3n gustosamente. En el cual nos acompa\u00f1aron nuestra esposas, e invitados por los hermanos homenajeados. Contando con la presencia del Presidente del Imperio Romano y el presidente de la Agruparon de Cofrad\u00edas, mas nuestros hermanos m\u00fasicos.<br \/><br \/>Tambi\u00e9n felicitaba una vez m\u00e1s a los hermanos homenajeados, Fco. J. Membiela, a Antonio Moreno, a Pepe Amador y a su Padre Manuel G\u00e1lvez, Decano de los Ataos y medalla de oro de los 50 a\u00f1os. Y como no a los hermanos m\u00fasicos por su fabulosa interpretaciones musicales, que dieron al acto una brillantes estupenda velada manantera.<\/p>\n<p>El presidente en su intervenci\u00f3n, felicitaba a nuestro hermano \u201cSalvi\u201d d\u00e1ndole la en enhorabuena ya que su hijo y hermano Atao Mois\u00e9s Gonz\u00e1lez y su compa\u00f1era sentimental, les hab\u00edan hecho abuelo. Al igual felicitaba al encargado del protocolo del acto de entrega de medallas Manuel Garc\u00eda y a los organizadores del catering, V\u00edctor Morales y Sergio Arjona. Mas a los encargados de ropas, por la peque\u00f1a exposici\u00f3n que presid\u00eda el cuartel de Los Romanos, con las figuras de los dos ladrones Dimas y Gestas, mas Barrabas y Judas.<br \/><br \/>A rengl\u00f3n seguido, tomaba la palabra el portavoz de los hermanos m\u00fasicos Miguel Trigos, que ellos tambi\u00e9n se sumaban a la felicitaci\u00f3n del hermano \u201cSalvi\u201d, por ser abuelo primerizo. Diciendo que iban a interpretar su pasodoble, cambi\u00e1ndolo de nombre, antes \u201cManolete\u201d y ahora \u201cAbuelete\u201d. Con el cual todos los asistentes desfil\u00e1bamos por el sal\u00f3n de nuestro cuartel.<\/p>\n<p>Tras ello, nuestro Presidente, daba comienzo la junta, tratando los temas del orden del d\u00eda. El secretario Rafael Ruiz, daba lectura del acta anterior, siendo aprobada por mayor\u00eda, dando tambi\u00e9n lectura a unas cartas recibidas, felicitando a los homenajeados y en especial al decano y medalla de oro Manuel G\u00e1lvez, una de la \u201cCofrad\u00eda del Se\u00f1or del Lavatorio\u201d. Otra personal de \u201cPedro Rivas Bachot\u201d y otra de la \u201cCorporaci\u00f3n de Los Ap\u00f3stoles\u201d, adhiri\u00e9ndose tambi\u00e9n a los medallas.<\/p>\n<p>Mas tarde y terminado el orden del d\u00eda, nuestro hermano m\u00fasico Miguel Trigos, nos comunicaba que ya de forma oficial, nuestro hermano Antonio Estrada Luna, ya era componente del grupo de m\u00fasica, tras un a\u00f1o de prueba. El cual con palabras de agradecimiento, nos dec\u00eda que ya era hermano m\u00fasico de los Ataos. Tambi\u00e9n hac\u00eda uso de la palabra el Director de la m\u00fasica Eduardo L\u00f3pez Gil. El cual nos dec\u00eda, que desde ni\u00f1o siempre le gustaba, ver las subidas al calvario de los Ataos, los s\u00e1bados de cuaresma y ver a un hermano que desfila tras el grupo de m\u00fasica, con capa espa\u00f1ola y sombrero cordob\u00e9s.<\/p>\n<p>Pues bien ahora que forma parte como m\u00fasico de los Ataos, he escrito una nueva Marcha Procesional, la cual se va a estrenar esta noche, titulada \u201cNuestra Se\u00f1ora de la Gu\u00eda\u201d, dedicada al hermano \u201cAntonio G\u00e1lvez Silva (Chifarri)\u201d, Cofrade Honor\u00edfico de dicha Cofrad\u00eda, entreg\u00e1ndoles la partitura de la misma encuadernada.<\/p>\n<p>Tras ello, los m\u00fasicos interpretaban la citada Marcha, la cual es de bellas notas musicales. Al t\u00e9rmino de la misma, el hermano Antonio, visiblemente emocionado, felicitaba a los hermanos m\u00fasicos y en espacial a Eduardo L\u00f3pez Gil, por tan magn\u00edfica composici\u00f3n, deseando que esta nueva Marcha, tuviera una buena aceptaci\u00f3n como las dos anteriores dedicadas a la Virgen de la Gu\u00eda. Respondiendo Antonio, que para \u00e9l era un verdadero orgullo, que las tres Marchas se les hab\u00edan dedicado a tres hermanos Chifarri. \u201cVirgen de la Gu\u00eda\u201d a Fernando, \u201cPasi\u00f3n y Gu\u00eda\u201d a Jes\u00fas y esta a Antonio. Fundi\u00e9ndose este con Eduardo, en un abrazo fraternal.<\/p>\n<p>Tras una breve pausa para degustar los riqu\u00edsimos alimentos, que los hermanos ec\u00f3nomo proporcionaron, el hermano Trigos tomaba de nuevo la palabra, para felicitar a nuestro hermano Fernando Anfruns, ya que ma\u00f1ana d\u00eda 28, Fiesta de nuestra Comunidad Aut\u00f3noma Andaluza, en la comida de la Cofrad\u00eda, se le impondr\u00eda la medalla de oro que otorga esta, a los hermanos m\u00e1s destacados de la misma. En este caso, por su gran trabajo realizado al frente de la tesorer\u00eda de la Cofrad\u00eda durante muchos a\u00f1os, ya que por motivos ajenos a la corporaci\u00f3n de los Ataos, ellos no estar\u00edan presentes en dicha comida, dedic\u00e1ndole la Marcha \u201cVirgen de la Gu\u00eda\u201d.<\/p>\n<p>Terminado este grandioso Jueves Landero, desfilando todos por el sal\u00f3n del cuartel, bajo los sones del nuevo pasodoble Atao, \u201cEl Am\u00e9rica\u201d.<br \/><br \/><br \/>Redacci\u00f3n de A. G. S.<\/p><\/div><\/div><\/div><div class=\"wppb-accordion-item repeater-2\"><div class=\"wppb-accordion-title wppb-toggle-right \"><i class=\"fas fa-pen-alt\"><\/i><span class=\"wppb-accordion-title-content\">Primera Subida al Calvario - Carnaval<\/span><span class=\"wppb-toggle-direction wppb-toggle-right\"><i class=\"fas fas fa-angle-right\"><\/i><\/span><\/div><div class=\"wppb-panel-collapse\" style=\"display: none;\"><div class=\"wppb-accordion-content\"><p><strong>Un a\u00f1o m\u00e1s, la Corporaci\u00f3n B\u00edblica los Ataos, Judas \u2013 Pedro y Pablo, comenzaba la ansiada Cuaresma y subida al Calvario. Sobre las 9,30 de la noche, nuestro Presidente Manuel G\u00e1lvez Espadas, daba la bienvenida a los hermanos Ataos, hermanos m\u00fasicos e invitados. Entre los cuales un a\u00f1o m\u00e1s se encontraban un nutrido grupo de hermanos de \u201cLas Virtudes Morales\u201d, que como a\u00f1os atr\u00e1s a\u00f1o, nos acompa\u00f1an este 1\u00ba s\u00e1bado de Cuaresma, convirti\u00e9ndose ya en al s\u00e1bado de la \u201cVirtudes\u201d. En el citado grupo se encontraban entre otros, los hermanos \u201cC\u00f3micos\u201d el \u201cPinto\u201d- \u201cMonta\u00f1o\u201d- el \u201cTrompa\u201d y \u201cSilva\u201d.<\/strong><\/p>\n<p><strong>Tambi\u00e9n entre otros invitados, se encontraban nuestro incondicional \u201cPaco Huertas\u201d \u2013 el ex hermano Jos\u00e9 Luis D\u00edaz Duran \u2013 el Capataz del Se\u00f1or de las Penas, Francisco Jos\u00e9 Romero \u2013 Javi Cejas, amigos de la pandilla del Presidente \u2013 dos hermanos de la \u201cJudea\u201d Luife G\u00f3mez de Cisneros y Alberto \u00c1lvarez Soto Mayor Reina y otros invitados. Pasando nuestros hermanos m\u00fasicos, ha abrir la noche musical, con el genial pasodoble \u201cEnriquetilla\u201d.<\/strong><\/p>\n<p><strong>Despu\u00e9s de las palabras de bienvenida, nuestro presidente y dirigi\u00e9ndose a los hermanos de las \u201cVirtudes\u201d, les comunicaba que el que quisiera podr\u00eda intervenir. Haci\u00e9ndolo en principio Manuel \u201cEl C\u00f3mico\u201d, el cual dec\u00eda que \u201cun a\u00f1o m\u00e1s los hermanos de las Virtudes Morales, se sent\u00edan gratamente orgullosos de convertirse en hermanos Ataos. Cosa que agradecemos por la buena hospitalidad que nos brind\u00e1is\u201d. Tambi\u00e9n interven\u00eda el hermano \u201cSilva\u201d, con su buena oratoria, felicitaba a los medallas, Fco. Jos\u00e9 Membiela \u2013 Antonio Moreno \u2013 Pepe Amador y al Decano y medalla de los 50 a\u00f1os Manuel G\u00e1lvez ( Chifarri).<\/strong><\/p>\n<p><strong>Continuaba y nos comentaba el hermano \u201cSilva\u201d, que al mediod\u00eda hab\u00eda compartido con los hermanos de Las Potencias, un almuerzo informal, y entre conversaciones distendidas, contaban la buena acogida que en su d\u00eda los hermanos de los Ataos una corporaci\u00f3n se\u00f1era, les hicieron tras el derrumbe de parte de su cuartel un Jueves Santo, cosa que os honra. Continuaba \u201cSilva\u201d diciendo, que hab\u00eda declinado una invitaci\u00f3n por parte del Imperio Romano, para hoy, alegando que el ten\u00eda que estar con sus hermanos, este 1\u00ba S\u00e1bado de cuaresma en su segunda corporaci\u00f3n como es la de los Ataos, llamado el de \u201cLas Virtudes\u201d. Continuando nos dec\u00eda con nostalgia, de c\u00f3mo se siente un ausente durante todo un a\u00f1o, sin actividades mananteras.<\/strong><\/p>\n<p><strong>Acto seguido y como todos los a\u00f1os, tomaba la palabra, el hermano \u201cTompa\u201d. Elogiando la buena acogida que los Ataos les tributaban todos a\u00f1os, una uni\u00f3n que se consolida cada a\u00f1o m\u00e1s, dedic\u00e1ndonos una improvisada poes\u00eda, de cuando \u00e9l era ni\u00f1o y visti\u00f3 la figura de Barrabas un domingo de Resurrecci\u00f3n junto a su padre, tambi\u00e9n vestido de Barrabas, como lo demuestra una fotograf\u00eda colgada en la presidencia, una foto que hace historia viva de los Ataos.<\/strong><\/p>\n<p><strong>Tras ello, el Presidente nos comunicaba, que hab\u00eda recibido un mensaje de los Romanos, indic\u00e1ndonos que estuvi\u00e9semos a las 10, 30 en punto, el puerta de la Iglesia de la Concepci\u00f3n, ya que los m\u00fasicos entonar\u00edan el Barrabas, en honor de nuestro difunto hermano m\u00fasico, Francisco L\u00f3pez Cosano, como as\u00ed ocurri\u00f3. Tras el paso del Imperio Romano, comenz\u00e1bamos nuestro desfile al Calvario, bajo el nuevo pasodoble Atao \u201cEl Am\u00e9rica\u201d, llegando a la explanada de Jes\u00fas al son del Barrabas.<\/strong><\/p>\n<p><strong>Como nota a resaltar, desde el principio de la C\/ Aguilar, se incorporaba al desfile, el hermano de \u201cLa Espina\u201d cogido al brazo de Antonio Chifarri y otros hermanos mas, Eduardo Moyano Estrada, ponente en el V Congreso de la Advocaci\u00f3n de Jes\u00fas Nazareno. Descubriendo una nueva faceta en su vida, como es desfilar con los Ataos hasta las Cumbres del Calvario, quedando s\u00faper encantado de tal subida, hecho que se produjo por un compromiso pastado con Antonio \u201cChifarri\u201d.<\/strong><\/p>\n<p><strong>Por lo desapacible de la noche, la bajada se produjo algo m\u00e1s ligera que en otras ocasiones. Tras la entonaci\u00f3n bajo el p\u00f3rtico de Jes\u00fas del Miserere y St\u00e1bat Mater, llegamos a la Veracruz, con el pasodoble \u201cEl Am\u00e9rica\u201d. Continuando hasta esquina de Veracruz con C\/ Horno, con el pasodoble Judas, Pedro y Pablo. Cantando en la misma las Alondras y Ruise\u00f1ores y saetas cuarteleras, como manda la tradici\u00f3n. Bajando C\/ Horno, desfilando con la nueva marcha \u201cNuestra Se\u00f1ora de la Gu\u00eda, continuando hasta nuestro cuartel de nuevo, con el Barrabas.<\/strong><\/p>\n<p><strong>Ya de nuevo en el cuartel, el presidente nos felicitaba por el gran desfile realizado. Pas\u00e1ndole la palabra al hermano Membiela, el cual con su buena oratoria y dirigi\u00e9ndose a los hermanos de las Virtudes, les dec\u00eda que los corazones de los Ataos, estar\u00edan con vosotros ma\u00f1ana en el campo Santo, en la Misa de difuntos y recorrido por las tumbas de su fallecidos. Tambi\u00e9n felicitaba a nuestro hermano Fernando Anfruns por la condecoraci\u00f3n de la medalla de oro que la Virgen de la Gu\u00eda, le otorgo en la comida de hermandad del d\u00eda 28 de Febrero. Recordando a nuestro hermano Manuel Barcos, dese\u00e1ndole su pronta recuperaci\u00f3n, de los males que le afecta.<\/strong><\/p>\n<p><strong>M\u00e1s tarde, tomaba la palabra, el hermano de la \u201cJudea\u201d Lu\u00eds Fern\u00e1ndo. G\u00f3mez de Cisneros, agradeciendo la invitaci\u00f3n de \u00e9l y de su hermano de corporaci\u00f3n Alberto \u00c1lvarez de SotoMayor, y el poder compartir esta noche m\u00e1gica con los hermanos Ataos. Tambi\u00e9n felicitaba a los hermanos homenajeados con las medallas de 25 a\u00f1os y al Decano por su 50 y contado an\u00e9cdotas de cuando era joven junto al hermano Antonio Morillo, en aquel grupo de penitencia \u201cLos Clavos\u201d. Nos recordaba que en d\u00edas pasados hab\u00eda fallecido la hija del recordado Jos\u00e9 Arcos, m\u00fasico y compositor, que le dedico el gran pasodoble con su nombre \u201cEnriquetilla\u201d. Tambi\u00e9n les dec\u00eda a los m\u00fasicos que le hab\u00edan tocado las fibras del coraz\u00f3n, cuando entonaron bajo el P\u00f3rtico de Jes\u00fas, el Miserere y el St\u00e1bat Mater. Pensando que dentro estaba su \u201cTerrible\u201d, recitando una pose\u00eda alusiva a Jes\u00fas Nazareno y a la Diana.<\/strong><\/p>\n<p><strong>Tras ello improvisadamente, nuestro hermano \u201cV\u00edctor\u201d cantaba una saeta a Jes\u00fas Nazareno. Terminada esta, el presidente le indicaba a nuestro hermano Antonio Romero, que nos leyese el pasaje de la Biblia, correspondiente a este d\u00eda y pidi\u00e9ndole al Se\u00f1or, la pronta recuperaci\u00f3n del hermano Barcos.<\/strong><\/p>\n<p><strong>De nuevo el presidente interven\u00eda, pas\u00e1ndole la palabra a su amigo de pandilla Javi Cejas, el cual le dec\u00eda que le hab\u00eda pillado a traici\u00f3n, como Judas traiciono al Se\u00f1or, que no se esperaba intervenir y que su mente estaba en blanco, que solo ten\u00eda palabras de agradecimiento hacia los Ataos, y sinti\u00e9ndose como uno m\u00e1s de esta gran corporaci\u00f3n.<\/strong><\/p>\n<p><strong>M\u00e1s tarde, nuestro hermano Trigos y dirigi\u00e9ndose a los hermanos de la Virtudes, que iban a tocar Recuerdo en honor a sus hermanos difuntos. Acto seguido el presidente le conced\u00eda la 1\u00aa patita de la Vieja Cuaresmera, al hermano Fernando Anfruns, el cual solo tuvo palabras de agradecimiento. Dedic\u00e1ndoles nuestros hermanos m\u00fasicos \u201cPasi\u00f3n y Gu\u00eda\u201d en su honor. Terminado este 1\u00ba S\u00e1bado de Cuaresma, desfilando todos por el sal\u00f3n, bajo las notas del Barrabas.<\/strong><\/p>\n<p><strong>A. G. S.<\/strong><\/p><\/div><\/div><\/div><div class=\"wppb-accordion-item repeater-3\"><div class=\"wppb-accordion-title wppb-toggle-right \"><i class=\"fas fa-pen-alt\"><\/i><span class=\"wppb-accordion-title-content\">Segunda Subida al Calvario - Tentaciones<\/span><span class=\"wppb-toggle-direction wppb-toggle-right\"><i class=\"fas fas fa-angle-right\"><\/i><\/span><\/div><div class=\"wppb-panel-collapse\" style=\"display: none;\"><div class=\"wppb-accordion-content\"><p><strong><span style=\"color: #000080\">2\u00aa S\u00e1bado de Cuaresma 2014<\/span><\/strong><br \/><br \/><strong><span style=\"color: #000080\">El 2\u00ba S\u00e1bado de cuaresma, llamado de \u201cTentaciones\u201d, los hermanos de los Ataos y de las Potencias, Corporaci\u00f3n hermana, pasamos una gran jornada de convivencia. Ello comenzaba, con una comida informal al medio d\u00eda, celebrada en el cuartel de las Potencias, donde asistieron algunos hermanos de las dos corporaciones.<\/span><\/strong><br \/><br \/><strong><span style=\"color: #000080\">Ya por la noche, nos reun\u00edamos en comida de hermandad en nuestro cuartel, la cual viene siendo habitual todos los a\u00f1os, desde el derrumbe de parte de su cuartel, y la acogida que los Ataos les brindamos, aquel fat\u00eddico Jueves Santo del 2004, conviviendo las dos corporaciones, el resto del a\u00f1o y cuaresma del 2005. La citada comida se celebra todos los 2\u00ba S\u00e1bados de Cuaresma en nuestro cuartel, por motivos de espacio. Este d\u00eda, hay comida informal del medio d\u00eda en el cuartel de las Potencias, para fortalecer a\u00fan m\u00e1s si cabe, los lazos de hermanamiento de las dos corporaciones.<\/span><\/strong><br \/><br \/><strong><span style=\"color: #000080\">Sobre las 9,30 de la noche, nuestro Presidente Manuel G\u00e1lvez Espadas, el cual presid\u00eda la mesa junto al Presidente de la Potencia, el joven \u00c1ngel Pozo, daba la bienvenida a los hermanos de ambas corporaciones, junto con nuestros hermanos m\u00fasicos. Contando con la grata presencia de nuestro Alcalde de Puente Genil, \u201cEsteban Morales\u201d y su Secretario particular, \u201cPepe Cerezo\u201d y hermano del Apostolado, invitados de honor de ambas corporaciones. Tras ello el Presidente hac\u00eda referencia, a que este pr\u00f3ximo Jueves Santo, se cumplir\u00e1n 10 a\u00f1os, de este gran hermanamiento, dese\u00e1ndonos de que se sigan cumpliendo muchos a\u00f1os m\u00e1s.<\/span><\/strong><\/p>\n<p><strong><span style=\"color: #000080\">Terminada la intervenci\u00f3n del Presidente, los hermanos m\u00fasicos abr\u00edan la noche musical, con un pasodoble romano \u201cCuaresma Pontana\u201d.<\/span><\/strong><br \/><br \/><strong><span style=\"color: #000080\">Acto seguido, tomaba la palabra el Presidente de Las Potencias del Alma, el jovenc\u00edsimo \u00c1ngel Pozo, el cual daba tambi\u00e9n la bienvenida en nombre de las Potencias, a todos los presentes, argumentando que el presidir esta mesa de los Ataos y conmemorando esta uni\u00f3n, lo hacia un tanto nervioso, aun m\u00e1s si cabe que el a\u00f1o pasado, con la responsabilidad de hacerlo lo mejor posible. Terminando su breve intervenci\u00f3n, felicitando a la comisi\u00f3n organizadora, del acto de imposici\u00f3n de medallas de los 25 a\u00f1os y de los 50, a su estimado Decano \u201cEl Am\u00e9rica\u201d.<\/span><\/strong><br \/><br \/><strong><span style=\"color: #000080\">M\u00e1s tarde, interven\u00eda el hermano de Las Potencias Manuel Estrada, quien comenzaba diciendo, buenas noches grupo. Este a\u00f1o se celebra el 50 aniversario de la Agrupaci\u00f3n de Cofrad\u00edas y Figuras B\u00edblicas. Los 50 a\u00f1os de nuestro cuartel de Las Potencia en la C\/ Cazada, frente a esta Centenaria Corporaci\u00f3n de Los Ataos, mas los 50 a\u00f1os de permanencia consecutiva, de nuestro entra\u00f1able amigo, m\u00e1s bien hermano, de vuestro Decano Manuel G\u00e1lvez \u201cEL Americano\u201d. Tres efem\u00e9rides dignas de destacar en esta noche cuaresmal de confraternidad, felicitando a nuestro asiduo asistente, los martes de Ronda y B\u00e1sica \u201cEl America\u201d, el cual nos deleita con su grata presencia, proces\u00e1ndole un gran afecto y cari\u00f1o, hasta el punto de que posee llave de nuestro cuartel.<\/span><\/strong><\/p>\n<p><strong><span style=\"color: #000080\">Estrada, continuaba su intervenci\u00f3n, recordando aquellos hermanos de las Potencias que iniciaron este noble juego de la Ronda y Basica, como forma de incentivar la convivencia de los hermanos y asiduos asistentes de otras corporaciones.<\/span><\/strong><\/p>\n<p><strong><span style=\"color: #000080\">Nombrando a algunos de aquellos iniciadores, que ya no se encuentran entre nosotros como difuntos, Eugenio \u201cEl Lamparilla\u201d- Miguel Flores \u2013 Curro Pozo \u2013 Manuel G\u00e1lvez \u201cNavarrete\u201d y Manuel Cejas \u201cEl Remendao\u201d entre otros, m\u00e1s los de otras corporaciones, como el difunto Fco, Estrada \u201cEl Chango\u201d m\u00fasico del Imperio Romano, y Antonio G\u00e1lvez \u201cChifarri\u201d, entre otros que aun viven. Teniendo tambi\u00e9n palabras de recuerdo, hacia los hermanos Manuel Barcos, de los Ataos, y a Jos\u00e9 Carlos Cabezas de las Potencias, los cuales est\u00e1n pasado un momento delicado de salud. Finalizando este momento con la entrega de un cuadro conmemorativo, por parte del Presidente de las Potencias a nuestro Decano \u201cEl Am\u00e9rica\u201d con los escudos de las dos corporaciones y de ambas figuras.<\/span><\/strong><br \/><br \/><strong><span style=\"color: #000080\">A continuaci\u00f3n, el Decano hac\u00eda uso de la palabra. En principio agradeciendo a los hermanos m\u00fasicos, su gran actuaci\u00f3n en la comida de entrega de medallas. Y a los hermanos de la Potencias, por la confianza que deposita en su persona, durante todo el a\u00f1o, que me aguant\u00e1is con mis cosillas. Deseando que Dios nos mantenga con vida o en medianas condiciones, para seguir haci\u00e9ndolo muchos a\u00f1os m\u00e1s.<\/span><\/strong><br \/><br \/><strong><span style=\"color: #000080\">Como viene siendo habitual en esta comida de hermandad, los presidentes intervienen mutuamente. Cedi\u00e9ndole la palabra el de la Potencias a su hermano Fco. Perea, el cual con su buena oratoria, nos recitaba una poes\u00eda, la cual al final de este articulo la describir\u00e9 en su totalidad. Tras ello nuestro Presidente nos comunicaba que ya \u00edbamos a iniciar la subida al Calvario, insistiendo en que hici\u00e9semos un desfile decoroso. Recordando que ning\u00fan hermano con la t\u00fanica no se parase en los bares.<\/span><\/strong><\/p>\n<p><strong><span style=\"color: #000080\">Ya en la calle y durante todo el recorrido, nuestros hermanos m\u00fasicos, intercambiaron los pasodobles Ataos, \u201cAntonio Cuenca\u201d y \u201cRedobles Pontanos\u201d. Hay que destacar el buen ambiente cuaresmal que se vivi\u00f3 por parte de los cu\u00eddanos pontanos, que acudieron en masas a la C\/ Aguilar y la plaza del Calvario.<\/span><\/strong><\/p>\n<p><strong><span style=\"color: #000080\">Tras el toque del tradicional Miserere y St\u00e1bat Mater bajo el p\u00f3rtico. Hac\u00edamos las tradicionales paradas de rigor, la de Veracruz y esquina C\/ Horno, cantado las Alondras y alguna que otra saeta cuartelera. Bajando C\/ Horno con la nueva marcha lenta, compuesta por Eduardo L\u00f3pez Gil, dedicada a su difunto t\u00edo Fco. L\u00f3pez Cosano, llegando de nuevo al cuartel, entonado el Barrabas.<\/span><\/strong><br \/><br \/><strong><span style=\"color: #000080\">Ya en el cuartel el Presidente, invitaba al hermano de las potencias Manuel Estrada, a que diese lectura del pasaje de la biblia, correspondiente a este d\u00eda, s\u00e1bado de Tentaciones.<\/span><\/strong><\/p>\n<p><strong><span style=\"color: #000080\">La noche transcurr\u00eda en un gran ambiente de confraternidad y hermanamiento, mientras interven\u00eda nuestro hermano Antonio G\u00e1lvez, quien nos dirig\u00eda unas palabras muy emotivas y jocosas. Recordando algunas an\u00e9cdotas vividas anta\u00f1o por su persona, en el cuartel de las Potencias. Dirigi\u00e9ndose a su hermano Manuel \u201cEl Am\u00e9rica\u201d, que \u00e9l le hab\u00eda quitado el puesto en dicha corporaci\u00f3n, que \u00e9l hab\u00eda convivido muchos a\u00f1os m\u00e1s que \u00e9l y que nunca les dieron llaves del cuartel, todo ello como he dicho anteriormente entono jocoso.<\/span><\/strong><br \/><br \/><strong><span style=\"color: #000080\">Antonio, tambi\u00e9n les dedicaba unas palabra al Excelent\u00edsimo Se\u00f1or Alcalde Esteban Morales, record\u00e1ndole que su amistad comenz\u00f3, cuando fue nombrado Manantero Ejemplar en el 2006, en la asamblea de la Agrupaci\u00f3n de Cofrad\u00edas en las bodegas Delgado, cuando \u00e9l era Diputado provincial de C\u00f3rdoba, estando todo el acto sentado a su lado, descubriendo desde ese d\u00eda, su gran personalidad.<\/span><\/strong><br \/><strong><span style=\"color: #000080\">Tambi\u00e9n Antonio le comentaba, que ya era hora de que tuvi\u00e9semos un Alcalde manantero y un Alcalde, que se desdobla, estando presente en todos los eventos que se producen en nuestro pueblo, destacando su gran inter\u00e9s por apoyar a todos los colectivos, ya sean Sociales, Empresariales, Mananteros y otros de nuestro pueblo. Mereci\u00e9ndose que siga siendo el Alcalde que todos los pontanos necesitamos. Terminado su intervenci\u00f3n, cantado una saeta alusiva a la Potencias.<\/span><\/strong><br \/><br \/><strong><span style=\"color: #000080\">Tras ello, tomaba la palabra el Se\u00f1or Alcalde, quien tras agradecer las palabras de afecto y cari\u00f1o, hacia su persona del hermano Antonio Chifarri, hacia un brindis colectivo, dirigido a los hermanos ausentes y los que ya no est\u00e1n entre nosotros, y que ya descansan en la paz del Se\u00f1or, de ambas corporaciones.<\/span><\/strong><\/p>\n<p><strong><span style=\"color: #000080\">Dirigi\u00e9ndose a los hermanos m\u00fasicos, les comentaba, que las dos corporaciones que poseen m\u00fasica propia, eran los Ataos y los Romanos, agradeci\u00e9ndole que con vuestra m\u00fasica, engrandec\u00e9is los s\u00e1bados de Cuaresma y la Semana Santa en general.<\/span><\/strong><\/p>\n<p><strong><span style=\"color: #000080\">Continuaba el Se\u00f1or Alcalde, que esta noche estaba conviviendo con dos grandes corporaciones Centenarias, celebrando y rememorando vuestro hermanamiento, porque esta noche estoy detectando, que hasta el d\u00eda de hoy, sois hermano de verdad. Y que desde la instituci\u00f3n que \u00e9l preside, les hacia entrega de dos cuadros con la foto del \u201cTerrible\u201d, con el fondo de algunos de los puntos m\u00e1s representativo del pueblo. Comentando que desde el Ayuntamiento, el seguir\u00eda intentando apoyar a todos los colectivos de Puente Genil.<\/span><\/strong><\/p>\n<p><strong><span style=\"color: #000080\">Improvisadamente los hermanos de las Potencias cantaban a coro su himno, terminado todos los presentes copa en mano cantado, \u201cViva la Corporaci\u00f3n y vamos a brindar\u201d. Sin descanso, hacia uso de la palabra el portavoz de los m\u00fasicos Miguel Trigos, el cual agradec\u00eda las palabras de elogio vertidas hacia ellos, por parte de las dos corporaciones y del Alcalde Esteban Morales, entonado el himno de las Potencias \u201cLa Matraca\u201d.<\/span><\/strong><br \/><br \/><strong><span style=\"color: #000080\">Nuestro hermano \u201cSalvi\u201d interven\u00eda, diciendo que ya estaba echando de menos esta noche, la tradicional saeta cantada por los hermanos Antonio Estrada \u201cChanco\u201d y de Antonio L\u00f3pez. Antes de cantar el \u201cChango\u201d dec\u00eda que la saeta se cantaba de forma jocosa e improvisada, ya que ninguno de los dos no cantaban ni papa, la cual dec\u00eda as\u00ed. Tres cosas tienen las Potencias \u2013 Que nadie puede igualar \u2013 Los mates de rondas y bacica \u2013 El vino que nos bebemos y el Americano para Fumar. Ya improvisadamente el hermano \u201cV\u00edctor\u201d cataba una saeta alusiva a Jes\u00fas Nazareno.<\/span><\/strong><\/p>\n<p><strong><span style=\"color: #000080\">El joven presidente de las Potencias interven\u00eda de nuevo, para agradecer las palabras vertidas por el Se\u00f1or. Alcalde Esteban Morales, sobre las dos corporaciones y el obsequio recibido. Tambi\u00e9n invitaba a su padre y al \u201cAmerica\u201d, a que se acercasen a la presidencia, argumentado que esta noche para el era todo un orgullo, presidir junto con otro Joven Presidente como lo es Manuel G\u00e1lvez, hijo del \u201cAmericano\u201d, en este acto de hermanamiento.<\/span><\/strong><\/p>\n<p><strong><span style=\"color: #000080\">Continuando nos dec\u00eda, que el desde que era un ni\u00f1o su Padre Fco. Pozo, le hab\u00eda inculcado el amor a la corporaci\u00f3n y a la Semana Santa, y que en los \u00faltimos a\u00f1os, le hab\u00eda servido de mucho, los consejos y la experiencia del Decano de los Ataos Manuel G\u00e1lvez \u201cEl Americano\u201d. Dirigi\u00e9ndose a los m\u00fasicos, les comentaba que cuando ellos quisiesen, visitaran su cuartel, bien sea un d\u00eda de Cuaresma o de Semana Santa, y el poder disfrutar de sus notas musicales. Terminado padres he hijos fundidos en un abrazo fraternal.<\/span><\/strong><\/p>\n<p><strong><span style=\"color: #000080\">De nuevo nuestro Presidente, interven\u00eda para iniciar el ritual de quitar la pata a la Vieja Cuaresmera, la cual recay\u00f3 en nuestro tesorero Jaime Rodas, el cual agradec\u00eda esta distinci\u00f3n, argumentando que \u00e9l no era m\u00e1s que un hermano que desde que entro en los Ataos, solo ha intentado trabajar desde los cargos que les asignaron, para engrandecer a\u00fan m\u00e1s si cabe nuestra corporaci\u00f3n.<\/span><\/strong><\/p>\n<p><strong><span style=\"color: #000080\">Con la pata en la mano, se dirigi\u00f3 al lugar donde est\u00e1n colgadas las fotograf\u00edas de los antiguos Ataos, que con ellos compart\u00eda la pata, porque junto a otros que no figuran en las fotos, trabajaron para que esta fuese una realidad de 350 a\u00f1os de Ataos. Que nosotros somos los encargados de continuar el legado que ellos nos dejaron.<\/span><\/strong><\/p>\n<p><strong><span style=\"color: #000080\">Tambi\u00e9n el Presidente de la Potencias, entregaba la pata de su Vieja Cuaresmera, al Decano y medalla de los 50 a\u00f1os Manuel G\u00e1lvez \u201cChifarri\u201d por sus consejos sabios. Argumento que ratificaba nuestro presidente. Terminado este gran 2\u00ba S\u00e1bado de Cuaresma, bajo los sones del \u201cBarrabas\u201d:<\/span><\/strong><br \/><br \/><strong><span style=\"color: #000080\">Poes\u00eda<\/span><\/strong><br \/><br \/><strong><span style=\"color: #000080\">Muere Enriqueta Arcos P\u00e9rez \u201cEnriquetilla<\/span><\/strong><br \/><strong><span style=\"color: #000080\">A la que su padre D. Jos\u00e9 Arcos inmortalizo<\/span><\/strong><br \/><strong><span style=\"color: #000080\">Poniendo nombre al pasodoble que nos encandila<\/span><\/strong><br \/><strong><span style=\"color: #000080\">Y que de camino al Calvario nos llena el coraz\u00f3n.<\/span><\/strong><br \/><br \/><strong><span style=\"color: #000080\">Y es que los homenajes en el mundo manantero<\/span><\/strong><br \/><strong><span style=\"color: #000080\">O asen ruido y son grandes y sinceros<\/span><\/strong><br \/><strong><span style=\"color: #000080\">O no pasan de ser un simple festejo<\/span><\/strong><br \/><strong><span style=\"color: #000080\">Que se convierten en fest\u00edn pasajero.<\/span><\/strong><br \/><br \/><strong><span style=\"color: #000080\">Pero lo que no se olvida y en mucho tiempo<\/span><\/strong><br \/><strong><span style=\"color: #000080\">Es aquel hermano que cumple cincuenta a\u00f1os<\/span><\/strong><br \/><strong><span style=\"color: #000080\">Conviviendo en un cuartel se\u00f1ero.<\/span><\/strong><br \/><br \/><strong><span style=\"color: #000080\">Y si adem\u00e1s se celebra en un Imperio<\/span><\/strong><br \/><strong><span style=\"color: #000080\">Donde su predecesor ocupa un gran lugar<\/span><\/strong><br \/><strong><span style=\"color: #000080\">La corporaci\u00f3n de los romanos: \u00a1el lugar perfecto!.<\/span><\/strong><br \/><br \/><strong><span style=\"color: #000080\">Si adem\u00e1s va a ser hermano Mayor<\/span><\/strong><br \/><strong><span style=\"color: #000080\">De su querida y hermosas Virgen de la Gu\u00eda<\/span><\/strong><br \/><strong><span style=\"color: #000080\">Es un privilegio: \u00a1Un gran Honor!.<\/span><\/strong><br \/><br \/><strong><span style=\"color: #000080\">Si adem\u00e1s comparte homenaje ese d\u00eda<\/span><\/strong><br \/><strong><span style=\"color: #000080\">Con hermanos de veinticinco a\u00f1os de corporaci\u00f3n<\/span><\/strong><br \/><strong><span style=\"color: #000080\">Como Membiela, Moreno y Amador: \u00a1Que categor\u00eda!.<\/span><\/strong><br \/><br \/><strong><span style=\"color: #000080\">Y si adem\u00e1s esta rodeado de los que les quieren<\/span><\/strong><br \/><strong><span style=\"color: #000080\">Y no abr\u00edan m\u00e1s, porque en el sitio n cab\u00edan<\/span><\/strong><br \/><strong><span style=\"color: #000080\">\u00bfQu\u00e9 pedir m\u00e1s?: \u00a1mas no se puede!.<\/span><\/strong><br \/><br \/><strong><span style=\"color: #000080\">Si adem\u00e1s quiere que las Potencias no falten<\/span><\/strong><br \/><strong><span style=\"color: #000080\">Y un sitio en ese lugar hubo al Presidente<\/span><\/strong><br \/><strong><span style=\"color: #000080\">Eso se llama tener: \u00a1un gran detalle!.<\/span><\/strong><br \/><br \/><strong><span style=\"color: #000080\">Si adem\u00e1s siendo un Decano con arte<\/span><\/strong><br \/><strong><span style=\"color: #000080\">Su hijo preside la corporaci\u00f3n que comparten<\/span><\/strong><br \/><strong><span style=\"color: #000080\">Eso se llama tener:!un privilegio grande!.<\/span><\/strong><br \/><br \/><strong><span style=\"color: #000080\">Manuel G\u00e1lvez Silva \u201cAmericano\u201d<\/span><\/strong><br \/><strong><span style=\"color: #000080\">Si\u00e9ntete orgulloso y si disimulo<\/span><\/strong><br \/><strong><span style=\"color: #000080\">Muestra tu alegr\u00eda ganada a pulso<\/span><\/strong><br \/><strong><span style=\"color: #000080\">En tus desfiles hacia el Calvario.<\/span><\/strong><br \/><br \/><strong><span style=\"color: #000080\">Bien portando tu s\u00edmbolo: \u00a1EL GALLO!<\/span><\/strong><br \/><strong><span style=\"color: #000080\">O desfilando como un hermano m\u00e1s<\/span><\/strong><br \/><strong><span style=\"color: #000080\">Madia sonrisa, cabeza ladeada y palo<\/span><\/strong><br \/><strong><span style=\"color: #000080\">Y llevando el ritmo de tus m\u00fasicos al comp\u00e1s.<\/span><\/strong><br \/><br \/><strong><span style=\"color: #000080\">Todav\u00eda algo m\u00e1s quiz\u00e1s se puede aportar<\/span><\/strong><br \/><strong><span style=\"color: #000080\">Que tus hermanos de las Potencias del Alma<\/span><\/strong><br \/><strong><span style=\"color: #000080\">Hoy, como un hermano de los Ataos mas<\/span><\/strong><br \/><strong><span style=\"color: #000080\">A este homenaje se quieren sumar.<\/span><\/strong><br \/><br \/><strong><span style=\"color: #000080\">Quiz\u00e1s no llegues nunca a Manantero Ejemplar<\/span><\/strong><br \/><strong><span style=\"color: #000080\">Para algunos como ejemplo seguidero<\/span><\/strong><br \/><strong><span style=\"color: #000080\">Esos que en un cuartel donde t\u00fa, podr\u00e1n llegar<\/span><\/strong><br \/><strong><span style=\"color: #000080\">Porque cincuenta a\u00f1os solo esta un MANATERO.<\/span><\/strong><br \/><br \/><br \/><strong><span style=\"color: #000080\">Dedicada a Manuel G\u00e1lvez Silva \u201cEl Am\u00e9rica\u201d.<\/span><\/strong><br \/><br \/><strong><span style=\"color: #000080\">2\u00ba S\u00e1bado de Cuaresma del 2014.<\/span><\/strong><br \/><br \/><strong><span style=\"color: #000080\">&lt;Francisco Jos\u00e9 Perea Almeda&gt;<\/span><\/strong><br \/><br \/><strong><span style=\"color: #000080\">Redacci\u00f3n de A. G. S.<\/span><\/strong><\/p><\/div><\/div><\/div><div class=\"wppb-accordion-item repeater-4\"><div class=\"wppb-accordion-title wppb-toggle-right \"><i class=\"fas fa-pen-alt\"><\/i><span class=\"wppb-accordion-title-content\">Tercera Subida al Calvario - Transfiguraci\u00f3n<\/span><span class=\"wppb-toggle-direction wppb-toggle-right\"><i class=\"fas fas fa-angle-right\"><\/i><\/span><\/div><div class=\"wppb-panel-collapse\" style=\"display: none;\"><div class=\"wppb-accordion-content\"><p><strong>El 3\u00ba s\u00e1bado de cuaresma, llamado de Transfiguraci\u00f3n, la corporaci\u00f3n de los Ataos Judas, Pedro y Pablo, vivi\u00f3 una gran jornada de convivencia y confraternidad.<\/strong><\/p>\n<p><strong>Ella comenzaba sobre las 2,30, de la tarde en nuestra casa cuartel, donde celebramos una comida de agasajo, ofrecida por los medallas Hermanos Membiela, Moreno y Jos\u00e9 Amador, estando nuestro sal\u00f3n comedor casi al completo, de hermanos Ataos m\u00fasicos e invitados personales de los tres anfitriones.<\/strong><\/p>\n<p><strong>\u00a0\u00a0\u00a0\u00a0\u00a0\u00a0\u00a0\u00a0\u00a0\u00a0\u00a0 Nuestro presidente de forma no premeditada, daba las buenas tardes a todos los all\u00ed presentes, actuando como moderador. Abriendo la tarde nuestros hermanos m\u00fasicos que interpretaron el pasodoble \u201cEnriquetilla\u201d. Como he comentado anteriormente, el Presidente Manuel G\u00e1lvez Espadas, proced\u00eda a iniciar el protocolo.<\/strong><\/p>\n<p><strong>\u00a0\u00a0\u00a0\u00a0\u00a0\u00a0\u00a0\u00a0\u00a0\u00a0\u00a0 En primer lugar le ced\u00eda la palabra al hermano Fco. J. Membiela, quien con su facilidad de oratoria, y muy euf\u00f3rico, agradec\u00eda la asistencia a todos los presentes. Comentando que hoy tambi\u00e9n era un gran d\u00eda para su persona, ya que se encontraba rodeados de hermanos Ataos, m\u00fasicos, compa\u00f1eros m\u00e1s \u00edntimos de trabajo, y que algunos militan en otras corporaciones, dos m\u00fasicos de la antigua etapa como Jacinto y Mateos, mas sus dos queridos hijos, sus hermanos, cu\u00f1ado y sobrinos, junto con el Cofrade mayor de la Gu\u00eda Fco Ben\u00edtez y nuestro hermano de la Gu\u00eda y del imperio Romano Jos\u00e9 Manuel Gonz\u00e1lez, que hab\u00eda dejado de asistir a la comida de su escuadra verde, para estar esta tarde con nosotros. Cosa que Membiela agradec\u00eda profundamente, y deleit\u00e1ndonos con entra\u00f1ables palabra salida de su coraz\u00f3n euf\u00f3rico.<\/strong><\/p>\n<p><strong>\u00a0\u00a0\u00a0\u00a0\u00a0\u00a0\u00a0\u00a0\u00a0\u00a0\u00a0 Tras ello interven\u00eda un hermano del grupo de penitencia, de la \u201cConversi\u00f3n \u00a0de Dimas\u201d, agradeciendo su invitaci\u00f3n junto a otro hermano, y entreg\u00e1ndole un obsequio, el cual recog\u00eda Membiela un poco emocionado.<\/strong><\/p>\n<p><strong>\u00a0\u00a0\u00a0\u00a0\u00a0\u00a0\u00a0\u00a0\u00a0\u00a0\u00a0 A rengl\u00f3n seguido, el hermano del \u201cPentateuco\u201d \u2013 \u201cCap\u00f3n\u201d, de forma espont\u00e1nea nos deleitaba con una saeta alusiva a Jes\u00fas Nazareno. Tambi\u00e9n interven\u00eda el presidente de \u201cLas Virtudes Teologales\u201d, el cual tambi\u00e9n con palabras de agradecimiento, le dec\u00eda al hermano Membiela, que \u00e9l era un hombre bueno, como tambi\u00e9n lo fue Sim\u00f3n de Cirineo, que le ayudo a Jes\u00fas a llevar la cruz hasta el Calvario. Entreg\u00e1ndole un cuadro con el busto del Cirineo.<\/strong><\/p>\n<p><strong>\u00a0\u00a0\u00a0\u00a0\u00a0\u00a0\u00a0\u00a0\u00a0\u00a0\u00a0 Tambi\u00e9n hacia huso de la palabra, su compa\u00f1ero de trabajo y Presidente de la Corporaci\u00f3n \u201cDel Ancla\u201d Rafa Navas, quien elogiaba a los medallas y en especialmente a Membiela. Contando de forma jocosa, an\u00e9cdotas de tiempos pasados, mas dici\u00e9ndole que le entregar\u00eda un pergamino igual, con el que se les reconoce a sus hermanos de corporaci\u00f3n, al cumplir los 25 a\u00f1os, con la salvedad de incorporaci\u00f3n de la figura del \u201cBarrabas\u201d. Recogi\u00e9ndolo el hermano Membiela bastante emocionado, agradeciendo tal detalle. Agasaj\u00e1ndole los hermanos m\u00fasicos con la interpretaci\u00f3n de su pasodoble \u201cRedobles Pontanos\u201d, con el cual desfil\u00e1bamos todos los all\u00ed presentes.<\/strong><\/p>\n<p><strong>\u00a0\u00a0\u00a0\u00a0\u00a0\u00a0\u00a0\u00a0\u00a0\u00a0\u00a0 La tarde trascurr\u00eda en un gran ambiente fraternal y manantero, cuando el presidente presentaba a Antonio Moreno Salamanca, al cual le paso el turno de la palabra. El diciendo en principio, que le agradec\u00eda a su padrino de corporaci\u00f3n Manuel Garc\u00eda, el poder ser Atao y llegar hasta cumplir los 25 a\u00f1os. Mas su presentaci\u00f3n en la comida de entrega de medallas el 22 de febrero, en el cuartel de los romanos.<\/strong><\/p>\n<p><strong>\u00a0\u00a0\u00a0\u00a0\u00a0\u00a0\u00a0\u00a0\u00a0\u00a0\u00a0 Antes de proseguir Antonio Moreno, invitaba a que su hermano Antonio G\u00e1lvez (Chifarri) nos deleitara con una de sus saetas, el cual acept\u00f3 con agrado. No sin antes agradecerles a los anfitriones la invitaci\u00f3n, contando de forma distendida y simpaticona, que en los \u00faltimos a\u00f1os, visitaba con frecuencia su negocio de Graficas, y que junto a un grupo de j\u00f3venes amigos suyos, que tambi\u00e9n hoy se encontraban con nosotros, y que frecuentan la imprenta, formamos unas distendidas tertulias, mientras \u00e9l trabaja, e incluso ayud\u00e1ndole en su trabajo. Cantando la prometida saeta, alusiva A Jes\u00fas Nazareno.<\/strong><\/p>\n<p><strong>\u00a0\u00a0\u00a0\u00a0\u00a0\u00a0\u00a0\u00a0\u00a0\u00a0\u00a0 Tras ello prosegu\u00eda Antonio Moreno, que entre sus invitados se encontraba dos buenos amigos y clientes, Manuel Ruiz Cuenca \u201cEl Curilla\u201d y su amigo y socio \u201cEl Flequi\u201d. Agradeciendo la asistencia a todos sus invitados y de los dos medallas. Recordando con nostalgia al presidente de la esquina de los \u201cTontos\u201d Manuel Barcos, deseando su pronta recuperaci\u00f3n, y recordando uno a uno los hermanos Ataos, que han pasado durante sus 25 a\u00f1os, y que ya descansan en la paz del Se\u00f1or, m\u00e1s otros que aun viven, como nuestro Bernab\u00e9 Guti\u00e9rrez \u201cEl Valenciano\u201d entre otros.<\/strong><\/p>\n<p><strong>\u00a0\u00a0\u00a0\u00a0\u00a0\u00a0\u00a0\u00a0\u00a0\u00a0\u00a0 El hermano Emilio Palos, con su dial\u00e9ctica jovial, les dedicaba unas palabras al hermano Moreno, recordado los muchos y buenos momentos pasados en la llamada esquina de los \u201cTontos\u201d, y que despu\u00e9s de haberle impuesto la medalla, ya no era el hermano que poco frecuenta nuestra corporaci\u00f3n, y que hasta el d\u00eda de hoy, se hab\u00eda reconvertido, no faltando a ning\u00fan acontecimiento como Jueves Lardero, o lo que va de Cuaresma, cosa que nos alegra.<\/strong><\/p>\n<p><strong>\u00a0\u00a0\u00a0\u00a0\u00a0\u00a0\u00a0\u00a0\u00a0\u00a0\u00a0 Tambi\u00e9n Manuel Ruiz \u201cEl Curilla\u201d, le dedicaba unas palabras de agradecimiento al hermano Antonio Moreno. Felicitando a los tres medallas y recordando su paso por esta corporaci\u00f3n, cuando a\u00fan era muy jovencito como m\u00fasico de los Ataos. Y que el volver de nuevo a sentarse en estas mesas, reviv\u00edan en su memoria los buenos ratos pasados, los cuales no se le ha olvidado de su mente. Terminado estas intervenciones, desfil\u00e1bamos de nuevo por el sal\u00f3n, bajo los acordes de un pasodoble Atao.<\/strong><\/p>\n<p><strong>\u00a0\u00a0\u00a0\u00a0\u00a0\u00a0\u00a0\u00a0\u00a0\u00a0\u00a0 De nuevo el Presidente interven\u00eda glosando la figura de Pepe Amador, al cual le cedi\u00f3 el turno de la palabra. \u201cPepe\u201d 3\u00ba Anfitri\u00f3n de esta comida y medalla de los 25 a\u00f1os, comenzaba su intervenci\u00f3n de forma jovial y simpaticona, contando lo vivido en las imposiciones de las medallas, el 22 de febrero, en el cuartel de los Romanos. Recordando sus 25 a\u00f1os como hermano de los Ataos, los muchos y buenos ratos pasados en forma general. Diciendo tambi\u00e9n que desde que entro es este cuartel, hab\u00eda intentado lo mejor posible, cumplir como hermanos y en todos los cargos que me designaron. Como de abastos, presidente y otros, al igual mis a\u00f1os como Cofrade mayor de la Gu\u00eda, poni\u00e9ndole toda mi buena voluntad y sobre todo lo que le mandaba su coraz\u00f3n manantero.<\/strong><\/p>\n<p><strong>Continuaba \u201cPepe\u201d, diciendo que durante este tiempo, hab\u00eda podido relacionarse con muchos otros amigos que no tenia, los de mi Corporaci\u00f3n y de otras corporaciones y cofrad\u00edas, y sobre todo con los hermanos de las Potencias. Ya que cuando a ellos se les derrumbo parte de su cuartel, \u00e9l como Presidente y en nombre de los Ataos, les dimos cobijo, durante el recto de la Semana Santa y resto del A\u00f1o, hasta el domingo de Ramos del a\u00f1o siguiente. Afirmando que la buena mesa no se comparte por la comida, sino por los hermanos que se sientan en ella. Porque el dinero que hoy gastamos, es para agasajar a los hermanos y los buenos amigos. Terminado su intervenci\u00f3n, dando las gracias a todos los asistentes, en nombre de los medallas, con un viva a los Ataos, a Jes\u00fas Nazareno y a su Virgen de la Gu\u00eda.<\/strong><\/p>\n<p><strong>Con palabras muy cortitas y en su justa medida, nuestro hermano Salvador Gonz\u00e1lez \u201cSalvi\u201d, felicitaba a los medallas, y destacaba algunas de las muchas Virtudes que Pepe Amador posee. Y felicitando al medalla de oro Fernando Anfruns, concedida en la comida de la Gu\u00eda, el d\u00eda 28 de febrero en el cuartel de los romanos por dicha cofrad\u00eda.<\/strong><\/p>\n<p><strong>Tambi\u00e9n interven\u00eda Jos\u00e9 Manuel Gonz\u00e1lez, romano y hermano de la Virgen de la Gu\u00eda, con palabras tambi\u00e9n en su justa medida, felicitaba a los medallas, y muy especialmente, a su amigo \u201cPepe\u201d Amador. Con el cual en su mandato, tuve el gran honor de ser hermano Mayor de Mar\u00eda Sant\u00edsima de la Gu\u00eda.<\/strong><\/p>\n<p><strong>Un amigo de Pepe Amador, y m\u00fasico de los Ataos en otra etapa \u201cJacinto\u201d, felicitaba a los tres medallas, record\u00e1ndonos que desde hac\u00eda 15 a\u00f1os, no se hab\u00eda sentado en estas mesas, vini\u00e9ndole a la memoria los buenos ratos pasados en esta gran corporaci\u00f3n.<\/strong><\/p>\n<p><strong>El Cofrade mayor de la Gu\u00eda, Fco M. Ben\u00edtez, invitado de honor, dec\u00eda que el tambi\u00e9n hab\u00eda sido m\u00fasico de los Ataos antes que romano. Felicitando a los tres medallas. Tambi\u00e9n nos recordaba que los Ataos son la corporaci\u00f3n matriz de la Virgen de la Gu\u00eda, y que el tambi\u00e9n depositaba en los Ataos toda su confianzas y apoyo, para el buen funcionamiento de la Cofrad\u00eda. Deseando que el s\u00e1bado de ramos, nos haga buen tiempo para poder hacer un brillante desfile procesional.<\/strong><\/p>\n<p><strong>Manuel Garcia interven\u00eda, felicitando a los tres medallas, como lo hiciera en la comida del 22 de febrero. Tambi\u00e9n dec\u00eda que rebobinando todo lo dicho anteriormente, el se quedaba con la gran hermandad vivida esta tarde, y sobre todo con las palabras sinceras y simpaticonas de Pepe Amador.<\/strong><\/p>\n<p><strong>Por \u00faltimo, el portavoz de los hermanos m\u00fasicos, Eduardo L\u00f3pez Gil y director de nuestra banda de m\u00fasica, daba tambi\u00e9n las felicitaciones a los tres anfitriones, por la invitaci\u00f3n a esta comida. Terminando esta sobre la 6,30 de la tarde, desfilando todos por el sal\u00f3n, incluidos ellos, bajo las notas del Barrabas.<\/strong><\/p>\n<p><strong>Terminada esta gran comida, el Presidente de los Ataos, en compa\u00f1\u00eda de los hermanos Salvador Gonz\u00e1lez \u201cSalvi\u201d, Fernando Anfruns, Manuel G\u00e1lvez \u201cEl Lobo\u201d y Mois\u00e9s Gonz\u00e1lez, se dirigieron al cuartel del 3\u00ba de la Soledad, donde en un peque\u00f1o acto informal, se les hacia entrega al hermano del mismo Hurtado, el palo prometido en la comida de hermandad de las dos corporaciones, pintado y decorado con el nombre de los Ataos, por nuestro hermano \u201cMoi\u201d.<\/strong><\/p>\n<p><strong>Ya sobre las 9,30 de la noche, nos reun\u00edamos de nuevo en nuestro cuartel para celebrar el 3\u00ba s\u00e1bado de cuaresma llamado de Transfiguraci\u00f3n. Con la asistencia de algunos invitados, entre los que se encontraban, nuestro ex hermano \u201cJarillo\u201d- \u201cPaco Huertas\u201d- yerno e hijo de nuestro hermano Fco Avil\u00e9s \u201cCisco\u201d, entre otros.\u00a0<\/strong><\/p>\n<p><strong>Como es de recibo, el presidente Manuel G\u00e1lvez Espadas, daba la bienvenida a todos los presentes incluidos nuestro hermanos m\u00fasicos. Los cuales habr\u00edan la noche musical, con el pasodoble Atao, Judas, Pedro y Pablo. Dedicado en su d\u00eda ha Antonio Chifarri. Tras ello un invitado de nuestro hermano m\u00fasico Iv\u00e1n Membiela, hacia uso de la palabra para expresar su satisfacci\u00f3n por poder compartir este s\u00e1bado de cuaresma, con esta gran corporaci\u00f3n.<\/strong><\/p>\n<p><strong>Improvisadamente nuestro futuro Atao Fco Avil\u00e9s Baena \u201cCisco\u201d, nos deleitaba cantado una saeta con su sello personal y aflamencado, con la cual nos dejo con un buen sabor de boca. El presidente nos comunicaba que fu\u00e9semos apurando la copas, porque los hermanos del tercero de la soledad, nos esperaban con t\u00fanicas y palo, en la plazoleta de Lara, para compartir con nosotros el desfile subida y bajada del Calvario, tras un compromiso adquirido en la comida de hermandad que tuvimos las dos corporaciones, antes de la cuaresma.<\/strong><\/p>\n<p><strong>Durante todo el recorrido nuestros hermanos m\u00fasicos, intercambiaban los pasodobles, \u201cSibila de Cumas\u201d y \u201cCarilimpia\u201d. Subvenido cuestecilla Jes\u00fas\u00a0 con el Barrabas. Como es obvio se entonaron el Miserere y el St\u00e1bat Mater bajo el p\u00f3rtico de Jes\u00fas, regresando a nuestro cuartel, asiendo las tradicionales paradas de Veracruz y C\/ Horno. Donde se canta las Alondras y saetas cuarteleras. Bajando la misma, a marcha lenta con \u201cSoledad Pontana\u201d y con el Barrabas, hasta la plaza de Lara, donde junto al busto de Miguel \u201cRomero, \u00a0el presidente del 3\u00ba de la Soledad, se despidi\u00f3 con palabra euf\u00f3ricas de los hermanos de los Ataos, dando las gracias por el desfile. Ret\u00f3ricamente el presidente de los Ataos, nos dec\u00eda que las dos corporaciones, hab\u00edamos hecho un gran desfile y vistoso, ya que parec\u00edamos una sola corporaci\u00f3n.<\/strong><\/p>\n<p><strong>\u00a0\u00a0\u00a0\u00a0\u00a0\u00a0\u00a0\u00a0\u00a0\u00a0\u00a0 Ya de nuevo en el cuartel y con notables ausencias de hermanos, debido al cansancio de la larga jornada,, se procedi\u00f3 a dar lectura del pasaje de la Biblia, correspondiente a este d\u00eda, honor que recay\u00f3, en nuestro secretario Rafael Ruiz \u201cEl Botijo\u201d. Tras servida la cena, se procedi\u00f3 a quitarle la 3\u00ba pata a la Vieja Cuaresmera, concedi\u00e9ndosela a nuestro Decano y medalla de los 50 a\u00f1os, Manuel G\u00e1lvez \u201cEl Am\u00e9rica\u201d, quien agradec\u00eda tal distinci\u00f3n. Terminando el largo d\u00eda, con la interpretaci\u00f3n del barrabas,<\/strong><br \/><br \/><strong>Una gran jornada de convivencia, que quedara inscrita con letras de oro, anales de la historia de nuestra corporaci\u00f3n, de los Ataos.<\/strong><\/p>\n<p><strong>Redacci\u00f3n de A. G. S.<\/strong><\/p><\/div><\/div><\/div><div class=\"wppb-accordion-item repeater-5\"><div class=\"wppb-accordion-title wppb-toggle-right \"><i class=\"fas fa-pen-alt\"><\/i><span class=\"wppb-accordion-title-content\">Cuarta Subida al Calvario - Diablo Mudo<\/span><span class=\"wppb-toggle-direction wppb-toggle-right\"><i class=\"fas fas fa-angle-right\"><\/i><\/span><\/div><div class=\"wppb-panel-collapse\" style=\"display: none;\"><div class=\"wppb-accordion-content\"><p><strong>Aunque sin pod\u00e9rselo creer,\u00a0 la Corporaci\u00f3n de los Ataos, Judas Pedro y Pablo, celebr\u00e1bamos el 4\u00ba s\u00e1bado de cuaresma 2014, llamado Diablo Mudo, y p\u00e1rece que fue ayer cuando celebr\u00e1bamos el 1\u00ba.\u00a0 Nuestro sal\u00f3n comedor, se encontraba repleto de hermanos Ataos, m\u00fasicos e invitados.<\/strong><\/p>\n<p><strong>\u00a0\u00a0\u00a0\u00a0\u00a0\u00a0\u00a0\u00a0\u00a0\u00a0\u00a0 Sobre las 9, de la noche, nuestro Presidente daba la bienvenida a todos los presentes y nombraba uno a uno, a todos los invitados que se encontraban esta noche con nosotros, compartiendo mesa y mantel. Entre la larga lista se encontraban entre otros, dos sobrinos de nuestro hermano \u201cMichel\u201d, Manuel y Miguel \u00c1ngel Ruiz Cano \u2013 tres amigos de Manuel Garc\u00eda, Jos\u00e9 Luis Garc\u00eda, Paco N\u00fa\u00f1ez y Pepe Jim\u00e9nez \u2013 el yerno del hermano Mart\u00ednez \u2013 dos hermanos del \u201cDeg\u00fcello\u201d Manuel Velasco y Ram\u00f3n Gallifas \u2013 Rafael Serrano Cosano \u201cEl Escopeta\u201d- nuestro futuro hermano Fco Avil\u00e9s Baena \u201cCisco\u201d- el presidente del \u201cPrendimiento\u201d Doctor Cirujano de Traumatolog\u00eda Alejandro Espejo Baena \u2013 tres cordobeses amigos de Jos\u00e9 M\u00e1rquez \u201cEl Cara Papa\u201d- un asiduo de los Ataos \u201cLubri\u201d- Jos\u00e9 Javier Roa, Presidente de las \u201cVirtudes Cardinales\u201d \u2013 Miguel \u00c1ngel Piano, invitado de nuestro hermano m\u00fasico Ismael Ortu\u00f1o, mas otros que completaron la lista de invitados.<\/strong><\/p>\n<p><strong>Como viene siendo tradicional, el 4\u00ba s\u00e1bado sobre las 10 de la noche, nos visitaba la \u201cChusma\u201d encabezada por los hermanos m\u00fasicos y un nutrido grupo de hermanos del Imperio Romano. Recibi\u00e9ndolos todos de pie, mientras nuestros hermanos m\u00fasicos, entonaban un pasodoble romano, desfilando todos ellos alrededor de las mesas del sal\u00f3n, departiendo saludos y abrazos fraternales y agasaj\u00e1ndolos con unas viandas y uvitas de vino mananta.<\/strong><\/p>\n<p><strong>En un momento de esta visita, el hermano del Imperio Jos\u00e9 Manuel Gonz\u00e1lez, quien con palabras de elogios y cari\u00f1o hacia los Ataos, nos dec\u00eda encontrarse muy a gusto con los hermanos de los Ataos, consider\u00e1ndose un hermanos mas de esta gran corporaci\u00f3n, y que debido a ello, ten\u00eda un compromiso adquirido con su hermanito Membiela, el cual les hac\u00eda entregaba de\u00a0 un cuadro conmemorativo por su reciente Medalla de los 25, a\u00f1os. Felicitando tambi\u00e9n a los otros dos medallas, Antonio Moreno y Pepe Amador, mas al decano de los Ataos por su tambi\u00e9n resiente medalla de oro de los 50 a\u00f1os. Con abraso fraternal, con el hermano Membiela, este, aceptaba con agrado y cari\u00f1o, el detalle de su hermano de cofrad\u00eda Jos\u00e9 Manuel\u00a0 Gonz\u00e1lez.<\/strong><\/p>\n<p><strong>Ya sin la presencia de la \u201cChusma\u201d, el presidente de los Ataos, le ced\u00eda la palabra a Alejandro Espejo, el cual nos dirig\u00eda unas palabras de afecto y cari\u00f1o, hacia los hermanos Ataos, argumentando que solo nos acompa\u00f1ar\u00eda hasta la bajada, y que despu\u00e9s ten\u00eda que regresar a su cuartel, ya que esta a\u00f1o el era el Presidente del \u201cPrendimiento\u201d, teniendo un compromiso que no pod\u00eda aludir.<\/strong><\/p>\n<p><strong>Tambi\u00e9n nos comentaba, que le parec\u00eda mentira, que tras ser vecinos durante muchos a\u00f1os, nunca nos hab\u00edamos visitado, hasta que decidimos cambiarnos de cuartel, haci\u00e9ndolo el s\u00e1bado Santo, en mi cuartel junto con los m\u00fasicos. Cosa que para nosotros fue un gran orgullosos, sinti\u00e9ndome desde ese d\u00eda un Ataos mas, por el cari\u00f1o y a afecto demostrado hacia mi persona, y que aunque estuvi\u00e9semos m\u00e1s lejos, esperaba que la visita del S\u00e1bado Santo se produjera m\u00e1s a menudo, y que las puertas de su cuartel estuvieron abiertas y siempre lo estar\u00e1n, para el descanso de las figuras el Viernes Santo ma\u00f1ana, como lo hicisteis el a\u00f1o pasado. Terminando su intervenci\u00f3n, dando gracias por la invitaci\u00f3n y con un viva a los Ataos y a la Semana Santa.<\/strong><\/p>\n<p><strong>Casi con el tiempo justito, inici\u00e1bamos la subida al Calvario, no sin ates hacer la tradicional parada en la Iglesia de la Concepci\u00f3n hasta el paso del Imperio Romano, donde continu\u00e1bamos la subida hasta la explanada de la Cruz de los Ca\u00eddos, interpretando como manda los c\u00e1nones, el Miserere y el Stabat Mater. Regresando hasta nuestro cuartel, no sin antes hacer las paradas de Veracruz y C\/ Horno, bajando la misma a marcha lenta, con \u201cBastoneros\u201d. Durante todo el recorrido, los hermanos m\u00fasicos, intercambiaban los pasodobles Ataos, \u201cManolete\u201d \u2013 \u201cMart\u00ednez\u201d y el Barrabas.<\/strong><\/p>\n<p><strong>\u00a0\u00a0\u00a0\u00a0\u00a0\u00a0\u00a0\u00a0\u00a0\u00a0\u00a0 Ya de nuevo en el cuartel, bajo un gran ambiente totalmente cuaresmal, el hermano de las Virtudes Cardinales, Jos\u00e9 Javier Roa, nos deleitaba con una buena saeta aflamencada y de su estilo personal, asi\u00e9ndola con buen gusto y poder\u00edo.<\/strong><\/p>\n<p><strong>\u00a0\u00a0\u00a0\u00a0\u00a0\u00a0\u00a0\u00a0\u00a0\u00a0\u00a0 Tras ello nuestro hermano Membiela, nos le\u00eda el pasaje de la Biblia, correspondiente a este d\u00eda.\u00a0 M\u00e1s tarde el hermano Antonio Chifarri, compromet\u00eda al Profesor del colegio pontano de la Compa\u00f1\u00eda de Mar\u00eda, el cordob\u00e9s Fran Carmona, a que cantase una saeta, argumentado antes de cantarla, que habiendo escuchado tan buen saetero, el lo aria lo mejor posible, c\u00e1ntanos la citada saeta, alusiva a Jes\u00fas Nazarenos, haci\u00e9ndola con buen estilo personal. Para que se sintiese m\u00e1s a gusto Antonio Chifarri, tambi\u00e9n cantaba una saeta de su repertorio, dedicada a la Virgen.<\/strong><\/p>\n<p><strong>\u00a0\u00a0\u00a0\u00a0\u00a0\u00a0\u00a0\u00a0\u00a0\u00a0\u00a0 Como el ambiente estaba bien caldeadito, los hermanos m\u00fasicos se sumaban a el, interpret\u00e1ndonos el pasodoble \u201cHermano Panilla\u201d, y el futuro hermano Fco Avil\u00e9s Baena (Cisco), nos cantaba tambi\u00e9n otra seta de su estilo personal, alusiva a la Virgen. Nuestro hermano m\u00fasico Ismael Ure\u00f1a, con palabras de amistad, se la ced\u00eda a su invitado y amigo Miguel \u00c1ngel Piano, el cual un tanto nervioso nos dec\u00eda, que se encontraba muy a gusto esta noche, compartiendo mesa y desfile, junto a los Ataos, una gran Corporaci\u00f3n.<\/strong><\/p>\n<p><strong>\u00a0\u00a0\u00a0\u00a0\u00a0\u00a0\u00a0\u00a0\u00a0\u00a0\u00a0 Tambi\u00e9n el hermano de la Virgen de la Gu\u00eda y hermano Mayor del \u201cResucitado de este a\u00f1o, Rafael Serrano Cosano, nos comentaba que como todos los a\u00f1os siempre acud\u00eda un s\u00e1bado de cuaresma a los Ataos, invitado por su hermano \u201cPaco Serrano \u201cEl Escopeta\u201d, alegando sentirse siempre a gusto cuando visita los Ataos. Otro invitado Javier \u00c1lvarez, compa\u00f1ero de nuestro hermano \u201cMICHEL\u201d, tambi\u00e9n interven\u00eda, ratificando sentirse tambi\u00e9n muy a gusto, esta noche m\u00e1gica para el en los Ataos.<\/strong><\/p>\n<p><strong>Finalmente, el presidente con palabras de elogios, le conced\u00eda la 4\u00ba pata de la Vieja Cuaresmera, a nuestro resiente medalla de los 25 a\u00f1os Antonio Moreno Salamanca,\u00a0 el cual dec\u00eda que hab\u00eda tenido que pasar 25 a\u00f1os para los obtestaci\u00f3n de una pata de la Vieja Cuaresmera, agradeciendo la deferencia ha el Presidente y dedic\u00e1ndosela al presidente de la esquina de los \u201cTontos Manolo Barcos, desfilado todos con el pasodoble \u201cBarrabas\u201d.<br \/>\u00a0\u00a0\u00a0\u00a0\u00a0\u00a0\u00a0\u00a0\u00a0\u00a0\u00a0 \u00a0<br \/>Otro gran s\u00e1bado cuaresmal que se paso en grande<\/strong><\/p>\n<p><strong>Redacci\u00f3n A.G.S.<\/strong><\/p><\/div><\/div><\/div><div class=\"wppb-accordion-item repeater-6\"><div class=\"wppb-accordion-title wppb-toggle-right \"><i class=\"fas fa-pen-alt\"><\/i><span class=\"wppb-accordion-title-content\">Quinta Subida al Calvario - Pan y Peces<\/span><span class=\"wppb-toggle-direction wppb-toggle-right\"><i class=\"fas fas fa-angle-right\"><\/i><\/span><\/div><div class=\"wppb-panel-collapse\" style=\"display: none;\"><div class=\"wppb-accordion-content\"><p><strong>Todo un largo a\u00f1o esperando y esto ya se est\u00e1 acabando, entrando en la semana de Pasi\u00f3n y a la vuelta de la esquina, ya se acerca la procesi\u00f3n de la Virgen de la Gu\u00eda.<\/strong><br \/><br \/><strong>Este s\u00e1bado de Pan y Peces, la Corporaci\u00f3n de los Ataos, vivi\u00f3 otro d\u00eda grande. El cuartel se multiplicaba como los panes y los peces, con un buen n\u00famero de invitados que decidieron compartir la noche junto a los hermanos Ataos. La mayor\u00eda de ellos, j\u00f3venes mananteros, que deben ser el relevo generacional de nuestra Semana Santa.<\/strong><br \/><br \/><strong>Entre ellos se encontraban, los hermanos de las \u201cLamentaciones de Jerem\u00edas\u201d, los de los \u201cMartirios de Jes\u00fas\u201d, los cuales forman tambi\u00e9n, la comparsa de Puente Genil de Carnaval. Todos ellos invitados por los j\u00f3venes m\u00fasicos, Fco. Ram\u00edrez Ramos \u2013 Ant. Gama Palos \u2013 Ismael Ure\u00f1a Ortu\u00f1o y nuestro hermano Manuel Javier Cano. Dos invitados de Antonio Romero y su hermano Hip\u00f3lito Romero, ex Atao. Miguel Trigos \u201cJunior\u201d, realizador de la televisi\u00f3n local y Eugenio Palomero, hermano de las Virtudes \u201cTeologales\u201d, y gran m\u00fasico compositor. El ex hermano \u201cJarillo\u201d. Rafael G\u00f3mez L\u00f3pez, invitado por nuestro hermano Pepe G\u00f3mez. Paco Huertas, Antonio Serrano \u201cEscopeta\u201d. Un ex m\u00fasico de la anterior etapa Daniel G\u00e1lvez \u201cCarrasco\u201d. Un asiduo invitado de nuestro hermano \u201cLobo\u201d. Cu\u00f1ado de nuestro hermano Ant. L\u00f3pez, m\u00e1s otros, junto con el invitado de honor, Antonio Pineda Bonilla, delgado del \u00c1rea de Cultura de la diputaci\u00f3n de C\u00f3rdoba y hermano del Imperio Romano.<\/strong><br \/><br \/><strong>El cuartel se encontraba esplendoroso, con todas las mesas llenas de hermanos ataos, m\u00fasicos e invitados. El Presidente Manuel G\u00e1lvez Espadas, daba la bienvenida a todos los all\u00ed presentes, mientras nuestros hermanos m\u00fasicos, no deleitaban con sus notas musicales, interpretado el pasodoble Atao \u201cRedobles Pontanos\u201d.<\/strong><\/p>\n<p><strong>Un joven hermano de las \u201cLamentaciones de Jerem\u00edas\u201d y 4\u00ba del Humilde, Antonio Carlos Molina, con el gallo en los dedos, nos recitaba la poes\u00eda del \u201cGallo de San Pedro\u201d, haci\u00e9ndolo con nerviosismo y apuntando buenas maneras. El hermano Membiela, situ\u00e1ndose junto al joven Ant. Carlos, le dedicaba elogios y le dec\u00eda que siempre contar\u00eda con su amistad, regal\u00e1ndonos con una de sus cosillas, que al final de este articulo, describir\u00e9 en su totalidad.<\/strong><\/p>\n<p><strong>La noche transcurr\u00eda bajo un gran ambiente cuaresmal, dialogando y cantando saetas cuarteleras por doquier. El Presidente nos comunicaba que ya era la hora para iniciar el desfile hacia las cumbres del Calvario, donde se entonaron los tradicionales Miserere y el St\u00e1bat Mater, bajo el p\u00f3rtico de Jes\u00fas. Iniciando de nuevo la bajada, con los pasodobles \u201cHermano Panilla\u201d y \u201cManolete\u201d. Y tras el canto de las Alondras, bajamos C\/ Hornos con la marcha \u201cManantero Cofrade\u201d del maestro Eugenio Palomero. Hay que destacar que el la bajada, se hizo una visita al cuartel de los hermanos del \u201cJuicio de Salom\u00f3n\u201d, donde se departieron abrazos fraternales y unas uvitas de vino. Llegando de nuevo al cuartel bajo los sones del \u201cBarrabas\u201d.<\/strong><\/p>\n<p><strong>Ya todos en el cuartel y degustando la cena, el hermano m\u00fasico Ram\u00f3n Rivas, daba a conocer a tres amigos suyos, buenos m\u00fasicos y colegas de conservatorio, tres extraordinarios trompetas, que esta noche nos han acompa\u00f1ado tocando con nosotros y que tambi\u00e9n lo asen con la banda en los desfiles Procesionales, cuando los necesitamos. Pas\u00e1ndole la palabra a su amigo Jos\u00e9 Manuel Ruiz quien agradec\u00eda los elogios vertidos hacia su persona, record\u00e1ndonos de que cuando se cre\u00f3 este grupo de m\u00fasica, el tambi\u00e9n particip\u00f3 como componente muy poco tiempo. Terminaba diciendo Jose Manuel, que seguir\u00eda manteniendo esa amistad creada con Ram\u00f3n y el recto de m\u00fasicos.<\/strong><\/p>\n<p><strong>Nuestro joven Director de la m\u00fasica Eduardo L\u00f3pez Gil, a colaci\u00f3n de ello, nos informaba que tambi\u00e9n esta noche se encontraba con los Ataos, el gran maestro m\u00fasico compositor, Eugenio Palomero, maestro de maestros y reconocido m\u00fasico pontano, el cual a engrandecido el repertorio de pasodobles y marchas procesionales, para nuestra Semana Santa, las cuales interpretamos y se interpretaran por la generaciones venideras.<\/strong><\/p>\n<p><strong>El maestro Palomero, interven\u00eda un poco abrumado por los elogios vertidos hacia su persona, dici\u00e9ndole que se hab\u00eda pasado un poco, que no era para tanto, que \u00e9l solo era un simple m\u00fasico, que ha aportado su granito de arena, como otros muchos m\u00fasicos lo hicieron, lo hacen y lo har\u00e1n. Que lo mejor para la m\u00fasica en Puente Genil, es aunar lazos de amistad, para el buen funcionamiento de la m\u00fasica en general, alegando sentirse muy a gusto de haber pasado una gran noche, junto a los Ataos, la que jam\u00e1s olvidara. Tras ello, nuestro hermano tesorero Jaime Rodas Luque, daba lectura al pasaje de la Biblia, correspondiente a este d\u00eda de Pan y Peces.<\/strong><br \/><br \/><strong>Continuando el protocolo, interven\u00eda Antonio Pineda Bonilla, el cual comentaba, que vistiendo la t\u00fanica negra y con satisfacci\u00f3n, se sent\u00eda como un Atao mas. Dirigi\u00e9ndose a los hermanos m\u00fasicos, los felicitaba por la gran labor que est\u00e1n haciendo, recordando ese concierto compartido con otros m\u00fasicos, realizado en el Teatro Circo, en el cual disfruto much\u00edsimo, agradeciendo el gran esfuerzo de su trabajo conjunto y de buena interpretaci\u00f3n.<\/strong><\/p>\n<p><strong>Sobre la lectura del Evangelio, dec\u00eda que el milagro de los panes y los peces, se produc\u00eda durante todo el a\u00f1o en nuestras corporaciones, multiplicando cari\u00f1o, amistad y hermanamiento. Porque en ellas podemos ser personas de distintas ideolog\u00edas pol\u00edticas, pero todos caminamos en una misma direcci\u00f3n que nos une, la de Jes\u00fas Nazareno. Tambi\u00e9n hacia un recuerdo hacia su vecino que en Gloria este, Francisco de Valle \u201cChominaco\u201d, gran Atao que fue en el pasado, produci\u00e9ndose el milagro en esta corporaci\u00f3n, de continuaci\u00f3n de generaciones de buenos Ataos. Terminado con un viva a los Ataos, a Jes\u00fas Nazareno y a la Virgen de la Gu\u00eda.<\/strong><br \/><br \/><strong>Tras ello, interven\u00eda nuestro ex hermano Hip\u00f3lito Romero, el cual nos comentaba que \u00e9l hab\u00eda sido un Atao desbocado, no estoy en activo, pero sigo con mi alma en esta corporaci\u00f3n, a la cual amenazo con volver si ustedes as\u00ed lo quieren. Terminado cantado una saeta de su estilo personal, aluciaba al prendimiento de Jes\u00fas y suelten al Barrabas.<\/strong><\/p>\n<p><strong>El hermano m\u00fasico Antonio Gama Palos, hac\u00eda referencia a su amigo m\u00fasico \u201cEl Boti\u201d, del cual aprendi\u00f3 a tocar la caja, cuando los dos militaban en la Agrupaci\u00f3n Musical Cristo de los Afligidos. Interviniendo el \u201cBoti\u201d diciendo que era la segunda vez que compart\u00eda mesa y mantel y noche cuaresmal con los hermanos Ataos, pas\u00e1ndoselo en grande, aunque el perteneciera a otra corporaci\u00f3n. Y que fuera de la semana santa, ellos hab\u00edan creado la comparsa de Puente Genil, para el Carnaval. Dando las gracias por su invitaci\u00f3n.<\/strong><\/p>\n<p><strong>Tambi\u00e9n interven\u00eda nuestro hermano Daniel Cejas Campos, el cual con palabras de cari\u00f1o hacia sus hermanos Ataos, recordaba a su abuelo Atao en el cielo Manuel Cejas Aguilera.<\/strong><\/p>\n<p><strong>Diciendo que cont\u00e1ndole historias vividas en los Ataos, le fue inculcado el amor por esta su corporaci\u00f3n. Recordando tambi\u00e9n que su abuelo antes de ser Atao, visti\u00f3 de las Figuras de \u201cLos Profetas\u201d, en la cual ya estaba el difunto \u201cManolo Huertas\u201d, Profeta de Pro y medalla de oro de 50 a\u00f1os. Y que por aquel recuerdo, esta noche le entregar\u00eda un cuadro a su hijo \u201cPaco Huertas\u201d, consistente en la imagen de Jes\u00fas Nazareno de costado, con \u201cPaco\u201d vestido de Profeta, junto a su padre tambi\u00e9n vestido de Profeta difuminado en el cielo. Cosa que \u201cPaco\u201d recog\u00eda un poco emocionado y con los ojos humedecidos, d\u00e1ndoles las gracias en nombre de su familia.<\/strong><br \/><br \/><strong>Nuestro hermano m\u00fasico Ismael Ure\u00f1a Ortu\u00f1o, comentaba haber pasado una gran noche cuaresmal, con un vistoso desfile, mas haci\u00e9ndolo con sus amigo de \u201cLos Martirios de Jes\u00fas. Pas\u00e1ndole la palabra a su amigo \u00c1lvaro, el cual dec\u00eda sentirse tambi\u00e9n muy a gusto de poder haber pasado una gran noche junto a los hermanos Ataos, dando las gracia por su invitaci\u00f3n.<\/strong><br \/><br \/><strong>Por \u00faltimo y como manda la tradici\u00f3n, se procedi\u00f3 a quitarle la 5\u00ba pata a la Vieja Cuaresmera, honor que recay\u00f3 en nuestro hermano Fco. J. Membiela. El cual tras quitarle la pata, llamaba a todos los medallas presentes, compartiendo con ellos la misma, como s\u00edmbolo de estabilidad de nuestra corporaci\u00f3n. Terminando la noche, todos tras Membiela que portaba el gallo, desfilando por todo el sal\u00f3n, bajo los sones de su pasodoble \u201cRedobles Pontanos.<\/strong><br \/><br \/><br \/><strong>Redacci\u00f3n A.G.S.<\/strong><br \/><br \/><br \/><br \/><strong>Poema de Fco J. Membiela 5\u00ba s\u00e1bado 2014<\/strong><br \/><br \/><strong>Que quer\u00e9is que os expliquemos?<\/strong><br \/><strong>La verdad de la gallera,<\/strong><br \/><strong>La m\u00e1s pura y sincera<\/strong><br \/><strong>La que es del alma entera.<\/strong><br \/><br \/><strong>La de nuestros s\u00edmbolos sagrados<\/strong><br \/><strong>La del gallo blanco y bello<\/strong><br \/><strong>Que canta, vive y siente<\/strong><br \/><strong>A la par con sus Ataos.<\/strong><br \/><br \/><strong>Pues bien hab\u00e9is de saber<\/strong><br \/><strong>Que tras mis largas vacaciones<\/strong><br \/><strong>Cual maestro de primaria<\/strong><br \/><strong>En mi retiro soleado<\/strong><br \/><strong>Del solar y casa P\u00e9rez.<\/strong><br \/><br \/><strong>Ya llegando la cuaresma<\/strong><br \/><strong>Me embriaga de nueva<\/strong><br \/><strong>Brisa con olores de mananta.<\/strong><br \/><br \/><strong>Ya me sacan de mi harem<\/strong><br \/><strong>Y me meten en mi jaula<\/strong><br \/><strong>Orgulloso cumplir\u00e9 el destino<\/strong><br \/><strong>Del patrono.<\/strong><br \/><br \/><strong>Y as\u00ed un a\u00f1o m\u00e1s<\/strong><br \/><strong>Podr\u00e9 redimir mi canto<\/strong><br \/><strong>Con que negu\u00e9 al un\u00edsono<\/strong><br \/><strong>Con mi Pedro al m\u00e1s grande<\/strong><br \/><strong>De los grandes, el \u201cTerrible de la Puente.<\/strong><br \/><br \/><strong>Mas llegando la apertura<\/strong><br \/><strong>Entre nervios premura,<\/strong><br \/><strong>Algunas beses me vuelo<\/strong><br \/><strong>Y aterrizo con soltura.<\/strong><br \/><br \/><strong>En la mesa de mi gente,<\/strong><br \/><strong>O en el hombro de un hermano,<\/strong><br \/><strong>Este a\u00f1o eleg\u00ed a Ure\u00f1a como ufano,<\/strong><br \/><strong>Ya que lejos est\u00e1 el Decano.<\/strong><br \/><br \/><strong>Ya me tocan las primeras,<\/strong><br \/><strong>Las primeras musicadas,<\/strong><br \/><strong>De mi hermanos de la banda,<\/strong><br \/><strong>Que me animan y me trasiegan.<\/strong><br \/><br \/><strong>Y me cogen en volandas<\/strong><br \/><strong>En los s\u00e1bados me r\u00edo pavoneo<\/strong><br \/><strong>Y gallardeo en lo alto de mi palo.<\/strong><br \/><br \/><strong>Mis hermanos me sortean,<\/strong><br \/><strong>Pa, cubrir las estaciones.<\/strong><br \/><strong>Que nos llevan al Calvario,<\/strong><br \/><br \/><strong>Cuando pasan los Romanos,<\/strong><br \/><strong>A las puertas de la Ermita,<\/strong><br \/><strong>Y desde el p\u00f3rtico sagrado<\/strong><br \/><strong>Yo diviso de lo alto su cabo estirado,<\/strong><br \/><strong>Y el elegante capit\u00e1n con su palo me saluda,<\/strong><br \/><strong>Y una multitud de chiquillos<\/strong><br \/><strong>Siento mi plumaje con ternura.<\/strong><br \/><br \/><strong>Ya llegamos al Calvario,<\/strong><br \/><strong>Y nuestro pueblo me saluda,<\/strong><br \/><strong>Hasta llegar a la cruz,<\/strong><br \/><strong>All\u00ed mi cresta bajo, en se\u00f1al de pleites\u00eda<\/strong><br \/><strong>Pa \u2013 que al que le dieron el macro pesado.<\/strong><br \/><strong>\u00a1Una noche cuaresmal m\u00e1s!<\/strong><br \/><strong>Ya est\u00e1 el infierno cerrado,<\/strong><br \/><strong>Puesto en la plaza de roma,<\/strong><br \/><strong>Si por mis ataos preguntan,<\/strong><br \/><strong>Escucho entre olores de uvitas y bengalas.<\/strong><br \/><br \/><strong>Entre redobles de cajas<\/strong><br \/><strong>Que mi cola se levanta,<\/strong><br \/><strong>Y un mareo d\u00e9bil vertiginoso<\/strong><br \/><strong>Cuando el morillo me levanta,<\/strong><br \/><strong>Cuando tocan el miserere.<\/strong><br \/><br \/><strong>Y bajamos PAL cuartel<\/strong><br \/><strong>Y despedimos a la falsa pimienta,<\/strong><br \/><strong>Una vez m\u00e1s hemos cumplido con la tradici\u00f3n<\/strong><br \/><strong>Y henchidos de fe<\/strong><br \/><strong>Bajaremos unidos buscando la pausa,<\/strong><br \/><strong>Donde la cruz se hace verdad<\/strong><br \/><strong>Y la uvita de mananta,<\/strong><br \/><strong>Y el abraso de hermano sincero<\/strong><br \/><strong>Fraterno y fuerte.<\/strong><br \/><br \/><strong>Entre c\u00e1nticos de Alondras<\/strong><br \/><strong>Yo me lleno con templanza,<\/strong><br \/><strong>Esperando ya enfilar<\/strong><br \/><strong>Calle horno, marcha lenta.<\/strong><br \/><br \/><strong>En mi palo recupero e favor de la batalla<\/strong><br \/><strong>Engalano mi plumaje y me envuelvo con coraje,<\/strong><br \/><strong>Y muy presto a escuchar la saeta de Chifarri,<\/strong><br \/><strong>La campana de la mesas<\/strong><br \/><strong>De mi hermano el presidente.<\/strong><br \/><br \/><strong>El juvenil encanto de mis hermanos musicales,<\/strong><br \/><strong>La cuartelera raja del que tiempo tuvo ausente,<\/strong><br \/><strong>Y a los postres con solera<\/strong><br \/><strong>El desfile de la pata.<\/strong><br \/><br \/><strong>Con el hermano se\u00f1ero que este d\u00eda homenajean,<\/strong><br \/><strong>Y vuelo feliz a mi jaula,<\/strong><br \/><strong>Con mi trigo y mi ag\u00fcita<\/strong><br \/><strong>Que aunque diga la leyenda<\/strong><br \/><strong>\u00a1Yo de vino\u2026! Ni pizca.<\/strong><\/p><\/div><\/div><\/div><div class=\"wppb-accordion-item repeater-7\"><div class=\"wppb-accordion-title wppb-toggle-right \"><i class=\"fas fa-pen-alt\"><\/i><span class=\"wppb-accordion-title-content\">Sexta Subida al Calvario<\/span><span class=\"wppb-toggle-direction wppb-toggle-right\"><i class=\"fas fas fa-angle-right\"><\/i><\/span><\/div><div class=\"wppb-panel-collapse\" style=\"display: none;\"><div class=\"wppb-accordion-content\"><p><strong>Y llego el \u00faltimo s\u00e1bado de Cuaresma, ya con la vista puesta en la celebraci\u00f3n del almuerzo de hermandad y posterior salida de la Virgen de la Gu\u00eda. Esperando una buena asistencia de hermanos, y que nos haga un buen tiempo, para procesional nuestra Madre, por las calles de nuestro pueblo, como ella se merece.<\/strong><\/p>\n<p><strong>La Corporaci\u00f3n B\u00edblica de los Ataos, en este s\u00e1bado de Pasi\u00f3n, se encontraba con una buena asistencia de hermanos Ataos, m\u00fasicos, e invitados, entre los cuales se encontraba, nuestro invitado de honor, el Manantero Ejemplar 2014 \u00a1Mariano Crespo Tafur!. El recto fueron los siguientes: padre de nuestro m\u00fasico Fco. J. Mart\u00ednez, hermano de las \u201cPar\u00e1bolas\u201d \u2013 padre del tambi\u00e9n\u00a0 m\u00fasico, Adri\u00e1n Gil Quintero \u2013 primo del tambi\u00e9n m\u00fasico, Ant. Gama Palos \u2013 el Director musical Eduardo L\u00f3pez Gil, tambi\u00e9n aportaba dos invitados, el nieto del m\u00edtico cantaor flamenco \u00a1Pedro Lavado! y un cordob\u00e9s Miguel Nieto \u2013 por nuestro hermano Daniel Cejas, Joaqu\u00edn Malag\u00f3n \u201cY\u00fanior\u201d \u2013 m\u00e1s otros.<\/strong><\/p>\n<p><strong>Sobre la hora indicada, el Presidente Manuel G\u00e1lvez Espadas, daba la bienvenida a todos los asistentes: presentando al Manantero Ejemplar 2014. Pidiendo un minuto de silencio por el alma de nuestro hermano honor\u00edfico, gran m\u00fasico y director, maestro de maestros \u201cTomas Ure\u00f1a Ruiz\u201d, rez\u00e1ndole un padre nuestro. El cual ya se encuentra en el Cielo, dirigiendo a todos sus hermanos m\u00fasicos, que tambi\u00e9n descansan ya en la paz del Se\u00f1or.\u00a0 Iniciando la noche musical, dedic\u00e1ndole a Tomas Ure\u00f1a su hermanos m\u00fasicos, un pasodoble, que en su d\u00eda le dedicara su sobrino Manuel Ure\u00f1a, llamado el \u201cAbuelo\u201d.<\/strong><\/p>\n<p><strong>Tras ello, tomaba la palabra, el portavoz del grupo musical, Miguel Trigos. El cual hac\u00eda una breve semblanza de \u201cTomas Ure\u00f1a\u201d, destacando sus virtudes como Profesor y Director de la m\u00fasica en Puente Genil. Argumentando que no se hab\u00eda ido para siempre, un gran defensor y promotor musical. Diciendo que en l\u00edneas generales, todos los m\u00fasicos Pontanos, que hoy ocupan plaza en conservatorios, fueron alumnos suyos, y que gracias a su trabajo desinteresado, nunca les faltaron m\u00fasicos a el Imperio Romano, m\u00e1s creando la escuela de m\u00fasica de los Ataos, desde donde sali\u00f3 la desaparecida y gran \u201cBanda Joven\u201d. Y que los m\u00fasicos actuales de los Ataos, tambi\u00e9n son fruto suyo. Entonando en su honor la marcha \u201cRecuerdo\u201d.<\/strong><\/p>\n<p><strong>Ya terminando de degustar las exquisitas viandas y apurado las copas de vino, inici\u00e1bamos el desfile hacia las cumbres del Calvario, no sin antes, hacer la tradicional parada en las puertas de la Iglesia de la Concepci\u00f3n, donde en un lugar visible, se sit\u00fao el Manantero Ejemplar, que al paso de sus hermanos del Imperio, lo saludaban con palo en alto. Hay que destacar, que desde la plazoleta de la Veracruz, el Manantero Ejemplar Mariano Crespo, portaba el \u201cGallo\u201d con elegancia y poder\u00edo, hasta las faldas de la Cruz de los Ca\u00eddos, mientras su hermanos Romanos, lo saludaban con un caluroso aplauso.<\/strong><\/p>\n<p><strong>Como es obvio y tradici\u00f3n, se entonaron bajo el P\u00f3rtico de Jes\u00fas, el Miserere y el St\u00e1bat Mater. Desde donde inici\u00e1bamos la bajada y el regreso a nuestro cuartel, con el pasodoble \u201cEl Abuelo\u201d. No sin antes hacer la tradicionales paradas de Veracruz y esquina C\/Horno, donde se cantaron las Alondras y alguna que otra saeta cuartelera, bajando la citada calle, con la Marcha lenta, Virgen de la Gu\u00eda, llegado al cuartel bajo los sones del \u201cBarrabas\u201d.<\/strong><\/p>\n<p><strong>\u00a0\u00a0\u00a0\u00a0\u00a0\u00a0\u00a0\u00a0\u00a0\u00a0\u00a0 De nuevo en el sal\u00f3n del cuartel, el hermano Presidente, le ped\u00eda a nuestro hermano m\u00fasico Fco. Mart\u00ednez, que diese lectura al pasaje de la Biblia, correspondiente a este d\u00eda.\u00a0\u00a0\u00a0 Tras ello el Presidente les ced\u00eda la palabra a nuestro hermano y Vice Decano Antonio G\u00e1lvez (Chifarri), quien hizo una breve semblanza, del Manantero Ejemplar Mariano Crespo Tafur.\u00a0\u00a0\u00a0 Comenzando diciendo Antonio, que sus palabras eran desde la perspectiva de un Manantero Ejemplar, hacia otro Manantero Ejemplar. Con dos vidas paralelas y muy parecidas mananteramente hablando. Y que desde hace m\u00e1s de una d\u00e9cada aproximadamente por suerte, la Agrupaci\u00f3n de Cofrad\u00eda y Figuras B\u00edblicas, hab\u00eda tenido a bien, el darle el protagonismo relevante, que un Manantero Ejemplar debe tener. Y sobre todo buscado a la persona id\u00f3nea que re\u00fana los requisitos necesarios para ello. Y tu Mariano, los cumples m\u00e1s que de sobra.<\/strong><\/p>\n<p><strong>Continuaba Antonio diciendo, que cuando he dicho, que son dos vidas paralelas y muy parecidas, es porque aunque nos hallamos criados en diferentes estatus sociales, desde muy ni\u00f1os, hemos\u00a0 mantenido una buena amistad, la cual espero que perdure en el tiempo. Porque \u00a1YO NACI! Bajo el amparo de la \u201cVirgen de la Gu\u00eda\u201d, y \u00a1TU NACISTES! Bajo el amparo del \u201cSanto Sepulcro\u201d y como es normal por tradici\u00f3n familiar.\u00a0\u00a0 Los dos desde ni\u00f1os ya alumbr\u00e1bamos, con t\u00fanicas negras y cintur\u00f3n de esparto amarillo, al &lt;Santo Sepulcro&gt;.\u00a0 \u00a1YO! Junto con mis amigos, compramos en el a\u00f1o 1962 las Figuras del \u00a1PEZ!, qued\u00e1ndome me solo con ellas, las introduje en la Corporaci\u00f3n de los Ataos, en el a\u00f1o 1965, tras ser admitido como hermano de la misma.<\/strong><\/p>\n<p><strong>A finales del mismo a\u00f1o, yo me puse enfermo, y\u00a0 la Semana Santa de 1966, la pase encamado, debido a una enfermedad Reum\u00e1tica.\u00a0 Pasada dicha Semana Santa,\u00a0 \u00a1TU! Y tus amigos quisisteis comprar \u00a1EL PEZ!, hablando con mi hermano Fernando, el cual os dijo que esperaseis un tiempo, por no darme un mal rato. Porque las Figuras hab\u00edan sufrido un percance,\u00a0 debido a un invierno dur\u00edsimo y cal\u00e1ndose el tejado donde se encontraban los ba\u00fales de la ropas.\u00a0 La cuales se destrozaron por completo. Pasado un tiempo Fernando no tuvo otra opci\u00f3n de contarme lo sucedido.<\/strong><\/p>\n<p><strong>Encamado y con la ayuda de tres amigas, las restauramos por completo, vendi\u00e9ndolas a ustedes, en 1967.\u00a0\u00a0 \u00a1LOS DOS!, hemos formado parte de la Agrupaci\u00f3n de Cofrad\u00edas, como bocales natos de nuestras respectivas Cofrad\u00edas.\u00a0 \u00a1TU!, durante 19 a\u00f1os, \u00a1YO! durante 20.\u00a0 Pero hay un matiz que nos diferencia, \u00a1YO! solo he militado en los Ataos y en cambio \u00a1TU! as militado en tres diferentes. En los \u201cMitigadores de Jes\u00fas\u201d \u2013 en los Jetones durante m\u00e1s de 25 a\u00f1os, y en la actualidad en el \u201cImperio Romano\u201d. A modo de an\u00e9cdota, Antonio le recordaba de cuando el militaba en los \u201cMitigadores\u201d, que se quedaron solo tres hermanos, situaci\u00f3n que se prolong\u00f3 durante tres a\u00f1os, vistiendo los tres de la misma Figura.<\/strong><\/p>\n<p><strong>De SIMON CIRINEO, Manuel \u201cMarta\u201d, de VERONICA, tu Mariano, y de MARIA MAGDALENA, Guillermo Reina. Vendiendo las Figuras y recalando los tres en los \u201cJetones\u201d.\u00a0\u00a0\u00a0 Terminado su intervenci\u00f3n Antonio, dici\u00e9ndole que por todo ello y mucho m\u00e1s, tu hermano Mariano, has cumplido y cumples los requisitos necesarios, para ser el Manantero Ejemplar 2014.\u00a0\u00a0 Despu\u00e9s Antonio, junto a los hermanos m\u00fasicos, les cantaron a coro, Sepulcro Santo, y el \u201cINXITU\u201d con m\u00fasica incluida, terminado los m\u00fasicos con el \u201cGloria al Muerto\u201d en su honor, y por coincidencia tambi\u00e9n fue dedicada al difunto Tomas Ure\u00f1a.<\/strong><\/p>\n<p><strong>El Presidente, invitaban\u00a0 al Decano Manuel G\u00e1lvez, para hacerle entrega al Manantero Ejemplar, de un presente representativo de los Ataos, el cual acept\u00f3 gustosamente.\u00a0\u00a0 Tomado la palabra Mariano Crespo, daba las gracias de coraz\u00f3n, por la invitaci\u00f3n y la gran noche que le hab\u00edamos bridado: compartiendo mesa y mantel y desfile con vosotros. Mariano tambi\u00e9n agradec\u00eda a los Ataos, su incondicional presencia en el desfile del S\u00e1bado Santo y bajo las directrices de la Cofrad\u00eda que yo represento.<\/strong><\/p>\n<p><strong>Despu\u00e9s de forma jocosa, se dirig\u00eda Mariano a Antonio (Chifarri) diciendo \u00a1Ahora te vas a enterar! TU! contando las vivencias de la compra de las Figuras \u201cDEL PEZ!, haci\u00e9ndolo con gran gracejo y de manera distendida.\u00a0 Terminado sus palabras, diciendo que todos los hermanos que componemos las corporaciones y cofrad\u00edas, son tan merecedores de ser Mananteros Ejemplares, y que este a\u00f1o le hab\u00eda tocado a el, como le podr\u00e1 tocar a cualquier otro manantero pontano.<\/strong><\/p>\n<p><strong>Nuestro Secretario Rafael Ruiz (El Botijo), tambi\u00e9n tuvo palabras para su hermano de cofrad\u00eda Mariano Crespo. Argumentado que el tambi\u00e9n desde ni\u00f1o, pertenec\u00eda a la Cofrad\u00eda del Santo Sepulcro y Mar\u00eda Sant\u00edsima de las L\u00e1grimas. Siendo su difunto padre y su madre, los que les inculcaron el amor y fervor hacia esta cofrad\u00eda. Relat\u00e1ndonos que como hermano de la misma, manten\u00eda un v\u00ednculo muy estrecho con Mariano, aut\u00e9ntico motor de dicha Cofrad\u00eda. Haciendo durante su mandato un gran trabajo encomiable.\u00a0 Reclutando grupos de penitencia, uni\u00f3n y respeto con las figuras que desfilan el s\u00e1bado Santo y consiguiendo que el desfile del Santo Sepulcro, sea uno de los desfiles m\u00e1s serios y vistosos de nuestra Semana Santa. Incluyendo en su palmar\u00e9s, la restauraci\u00f3n del paso y f\u00e9retro del Sepulcro y el paso de las Virgen de Las L\u00e1grimas. Y consiguiendo una gran casa de hermandad y muchas cosas m\u00e1s. Terminado Rafael diciendo, sentirse orgulloso de haber podido colaborar, con el mejor Cofrade de la historia de dicha Cofrad\u00eda.<\/strong><\/p>\n<p><strong>Antonio G\u00e1lvez, interven\u00eda de nuevo diciendo, que debido a la petici\u00f3n de su hermano Antonio P\u00e9rez, cantar\u00eda una saeta alusiva a la Virgen.\u00a0\u00a0 Nuestro Director musical Eduardo L\u00f3pez Gil, interven\u00eda para presentar a sus invitados y colegas de Conservatorio. Pas\u00e1ndole la palabra al cordob\u00e9s Miguel Nieto, el cual con palabras de agradecimiento nos dec\u00eda, que desde a\u00f1os atr\u00e1s, hab\u00eda visitado algunos cuarteles y conocido lo que significa la cuaresma para vosotros. Cosa que no existe en el mundo entero. La cual llev\u00e1is a gala de ser los \u00fanicos que la celebr\u00e1is de esta magn\u00edfica forma. Terminado diciendo que gracias a su amigo Eduardo, hab\u00eda pasado una gran noche, junto a esta gran corporaci\u00f3n, como es la de Los Ataos, sinti\u00e9ndose como un hermano mas de la misma.<\/strong><\/p>\n<p><strong>El presidente le ced\u00eda la palabra, a nuestro hermano Daniel Cejas, el cual hab\u00eda asistido en nombre de los Ataos, a la celebraci\u00f3n del 350 aniversario de la fundaci\u00f3n de las Cien Luces. Relat\u00e1ndonos algunas de las vivencias all\u00ed ocurridas. Pas\u00e1ndole la palabra a su invitado, Joaqu\u00edn Malag\u00f3n \u00a1Y\u00fanior! Cont\u00e1ndonos sus vivencias del paso por algunas corporaciones m\u00e1s antiguas y se\u00f1eras de nuestra Semana Santa, aunque yo pertenezca a la corporaci\u00f3n de \u201cla Sentencia de Ed\u00f3n\u201d hoy me siento un hermano m\u00e1s de esta gran corporaci\u00f3n, como es la vuestra, pasando una noche inolvidable, junto con todos vosotros y con vuestro hermanos m\u00fasicos, y recordando al difunto \u201cRubio Trenas\u201d, que con su gracejo particular, aprendi\u00f3 de \u00e9l, buen comportamiento como persona y manantero. Terminado su intervenci\u00f3n, cant\u00e1ndonos una saeta, aluciaba a Jes\u00fas Nazareno. Respondi\u00e9ndole nuestro hermano V\u00edctor, con otra saeta.<\/strong><\/p>\n<p><strong>Finalmente, se procedi\u00f3 a quitarle la 6\u00ba pata a la Vieja Cuaresmera, recayendo el gran honor, en nuestro hermano ec\u00f3nomo Sergio Serrano Arjona. Quien agradec\u00eda al presidente tal deferencia, diciendo que antes de ser Ataos, hubo de esperar cinco a\u00f1os, siendo su padrino el gran \u201cRubio Trenas\u201d. Terminando todos desfilando por todo el sal\u00f3n.\u00a0\u00a0\u00a0\u00a0\u00a0\u00a0\u00a0\u00a0\u00a0\u00a0\u00a0\u00a0<\/strong><\/p>\n<p><strong>Cr\u00f3nica de A. G. S<\/strong><\/p><\/div><\/div><\/div><div class=\"wppb-accordion-item repeater-8\"><div class=\"wppb-accordion-title wppb-toggle-right \"><i class=\"fas fa-pen-alt\"><\/i><span class=\"wppb-accordion-title-content\">Domingo de Ramos<\/span><span class=\"wppb-toggle-direction wppb-toggle-right\"><i class=\"fas fas fa-angle-right\"><\/i><\/span><\/div><div class=\"wppb-panel-collapse\" style=\"display: none;\"><div class=\"wppb-accordion-content\"><p><strong>Los hermanos de la corporaci\u00f3n B\u00edblica Los Ataos, Judas Pedro y Pablo, junto con sus hermanos m\u00fasicos e hijos\u00a0 de tres ataos, celebr\u00e1bamos comida de hermandad y \u00faltima subida al Calvario.\u00a0\u00a0 Como viene siendo tradicional en los \u00faltimos a\u00f1os, no ten\u00edamos ning\u00fan invitado, a excepci\u00f3n de los hijos de los mismos. Ellos fueron, Ra\u00fal Serrano Urbano, hijo del hermano \u201cPaco Serrano\u201d \u2013 Francisco Jos\u00e9 Amador Prieto, hijo del hermano \u201cPepe Amador\u201d y Domingo L\u00f3pez Gil, hijo del hermano \u201cEduardo L\u00f3pez\u201d.<\/strong><\/p>\n<p><strong>\u00a0\u00a0\u00a0\u00a0\u00a0\u00a0\u00a0\u00a0\u00a0\u00a0\u00a0 Sobre las 9,30 de la noche, nuestro Presidente Manuel G\u00e1lvez Espadas, daba las buenas noches y la bienvenida a todos los presentes. \u00c9l nos felicitaba por el gran desfile realizado con nuestra madre la Virgen de la Gu\u00eda, haci\u00e9ndolo extensivo a los hermanos m\u00fasicos.\u00a0 Tambi\u00e9n nos comentaba que en el ca\u00f1o carretas, es decir al principio de la cuesta Baena, se hizo por primera vez el cambio de bastones de hermanos Mayores, resultando muy emotivo con abrazos fraternales, subiendo ya como hermano mayor 2015, Manuel G\u00e1lvez Silva, la Cuesta Baena y el encierro.\u00a0 De la misma forma, nos comentaba, que en el Paseo del Romeral se encontraba nuestro hermano honor\u00edfico Antonio Cuenca Estepa, el cual sentado en un carrito de ruedas, en compa\u00f1\u00eda de nuestro hermano e hijo del mismo Antonio Cuenca Garc\u00eda, el Capataz de la Gu\u00eda, \u201cV\u00edctor\u201d le dedicaba la levanta, un bonito gesto que Antonio Agradeci\u00f3 emocionado.<\/strong><\/p>\n<p><strong>\u00a0\u00a0\u00a0\u00a0\u00a0\u00a0\u00a0\u00a0\u00a0\u00a0\u00a0 La noche musical, la abr\u00edan los hermanos m\u00fasicos, con el pasodoble Atao \u201cManolete\u201d.\u00a0 Despu\u00e9s en un peque\u00f1o protocolo, el hijo de Pepe Amador Fco J. Amador Prieto, el cual con palabras de nerviosismo dec\u00eda, que para \u00e9l era todo un orgullo el compartir con los ataos un a\u00f1o m\u00e1s este domingo de Ramos, junto a su padre y todos los hermanos Ataos.\u00a0 Del mismo modo se expresaba el hijo de \u201cPaco Serrano\u201d Ra\u00fal Serrano Urbano.\u00a0 Algo m\u00e1s tarde, tomaba la palabra nuestro hermano Salvador Gonz\u00e1lez, el cual nos dec\u00eda que hab\u00eda sido un gran a\u00f1o, para la corporaci\u00f3n de los Ataos, ya que el acto de imposici\u00f3n de medallas celebrado el 22 de febrero,\u00a0 en el cuartel del Imperio Romano, ha marcado un antes y un despu\u00e9s, para la historia de la Corporaci\u00f3n de los Ataos. Haciendo tambi\u00e9n una buena Cuaresma y creo que una estupenda Semana Santa.<\/strong><\/p>\n<p><strong>\u00a0\u00a0\u00a0\u00a0\u00a0\u00a0\u00a0\u00a0\u00a0\u00a0\u00a0 Sin prisa pero sin pausa, interven\u00eda el hijo de nuestro hermano Eduardo L\u00f3pez, Domingo L\u00f3pez Gil, para decir, que hemos tenido la gran suerte de ser los mismos hijos que en a\u00f1os pasados, se sienta en las mesas de la corporaci\u00f3n, y participado de este domingo de Ramos.\u00a0 Yo desde hace 18 a\u00f1os, vengo visitado este cuartel a menudo, ya que en los primeros a\u00f1os de la creaci\u00f3n de la banda de m\u00fasica, yo tambi\u00e9n participe como m\u00fasico, siendo para m\u00ed un verdadero orgullo, porque me siento Atao.\u00a0 Nuestro hermano Antonio Moreno, nos trasmit\u00eda su felicidad, ya que este a\u00f1o hab\u00eda sido muy espacial para \u00e9l, felicitando una vez m\u00e1s al Decano por la medalla de oro de sus 50 a\u00f1os, de permanec\u00eda consecutiva en los Ataos. Tambi\u00e9n nos comunicaba que el pr\u00f3ximo lunes, iba a visitar al hospital a nuestro hermano Manuel Barcos y que le trasmitir\u00eda el cari\u00f1o que sus hermanos ataos le procesan hacia su persona.<\/strong><\/p>\n<p><strong>\u00a0\u00a0\u00a0\u00a0\u00a0\u00a0\u00a0\u00a0\u00a0\u00a0\u00a0 Nuestro hermano Ra\u00fal Fern\u00e1ndez interven\u00eda, para comunicarnos y darnos la gracias, por las muestra de felicitaci\u00f3n de sus hermanos ataos hacia su persona, como hermano Mayor de la Gu\u00eda 2014, diciendo que somos santo y se\u00f1a de una de las mejores corporaciones pontanas. Dando la gracia por haberle hecho Atao. Felicitando al nuevo hermano Mayor de la Gu\u00eda, Manuel G\u00e1lvez \u201cEl America\u201d el cual le respond\u00eda de la misma manera, con felicitaciones hacia su persona.<\/strong><br \/><br \/><strong>Nuestro portavoz musical Miguel Trigos, interven\u00eda para agradecer las muestras de felicitaciones hacia su hermanos m\u00fasicos, en toda la cuaresma y en el desfile de la procesi\u00f3n de la Virgen de la Gu\u00eda, comunic\u00e1ndonos que al medio d\u00eda, hab\u00edan asistido a la comida de hermandad de la Cofrad\u00eda de San Juan Evangelista, donde recibieron la medalla de plata de la Cofrad\u00eda, por su desinteresada participaci\u00f3n, en los distintos eventos celebrados por dicha Cofrad\u00eda, cada vez que nos necesitaban. Que ellos en todos los eventos donde se requieren de su presencia, defend\u00edan a capa y espada a su corporaci\u00f3n de los Ataos. Terminado interpretando el pasodoble ataos \u201cMart\u00ednez\u201d.<\/strong><\/p>\n<p><strong>\u00a0\u00a0\u00a0\u00a0\u00a0\u00a0\u00a0\u00a0\u00a0 \u00a0\u00a0Bajo un ambiente totalmente manantero e improvisadamente, el Decano Manuel G\u00e1lvez y el Vice Decano Antonio G\u00e1lvez, cantaban unas saetas cuartelera alusivas a los Ataos. Despu\u00e9s todos juntos, cant\u00e1bamos a coro, el batido de las olas.<\/strong><\/p>\n<p><strong>\u00a0\u00a0\u00a0\u00a0\u00a0\u00a0\u00a0\u00a0\u00a0\u00a0\u00a0 Ya a la hora indicada, proced\u00edamos a iniciar la \u00faltima subida al Calvario. Por mandato del Presidente el gallo lo cogieron todas las medallas que lo quisieron.<\/strong><\/p>\n<p><strong>\u00a0\u00a0\u00a0\u00a0\u00a0\u00a0\u00a0\u00a0\u00a0\u00a0\u00a0 En la plaza del Calvario y bajo la Cruz de los Ca\u00eddos, Romanos y Ataos, interpretaron el Gloria al Muerto, como viene siendo tradicional desde a\u00f1os atr\u00e1s. Durante la subida nuestros m\u00fasicos, intercambiaban los pasodobles ataos Judas, Pedro y Pablo y el \u201cAmerica\u201d. Ya tras la entonaci\u00f3n bajo el p\u00f3rtico de Jes\u00fas, del Miserere y el St\u00e1bat Mater, inici\u00e1bamos la bajada por toda la calle Aguilar, bajo los sones del Gloria al Muerto, hasta la corporaci\u00f3n del Imperio Romano, no sin antes, hacer un peque\u00f1o receso a las puertas de la Iglesia de la Concepci\u00f3n, donde cant\u00e1bamos a coro las Alondras y Ruise\u00f1ores, y alguna que otra saeta cuartelera.<\/strong><\/p>\n<p><strong>\u00a0\u00a0\u00a0\u00a0\u00a0\u00a0\u00a0\u00a0\u00a0\u00a0\u00a0 Despu\u00e9s bajo un silencio sepulcral, pas\u00e1bamos calle de la Plaza, a marcha lenta, con \u201cMadre de la Isla\u201d interpretada magistralmente por el grupo de m\u00fasica. Recibi\u00e9ndonos en el los hermanos, del cuartel del Imperio Romanos, con afectuosos aplausos, departiendo con ellos con ellos, uvitas\u00a0 de vino y abrazos fraternales. En un momento de la convivencia, nuestro presidente Manuel G\u00e1lvez Espadas, subido al estrado de la corporaci\u00f3n, nos dirig\u00eda unas palabras de afecto y agradecimiento, hac\u00eda los hermanos del Imperio, haciendo entrega al Presidente de Los Romanos de un cuadro conmemorativo, iniciando de esta manera la retirada y desfilando todos juntos por el sal\u00f3n del cuartel.<\/strong><\/p>\n<p><strong>\u00a0\u00a0\u00a0\u00a0\u00a0\u00a0\u00a0\u00a0\u00a0\u00a0\u00a0 De nuevo en nuestro cuartel y a altas horas de la madrugada, nuestro hermano Daniel Cejas, nos relataba el pasaje de la Biblia, correspondiente al Domingo de Palmas. A modo de an\u00e9cdota hay que decir, que nuestro Decano el \u201cAmerica\u201d y Antonio Morillo, quedaron rezagados en el cuartel del Pretorio Romano, y viendo las circunstancias de cansancio, cogieron una lanzadera, es decir un Taxis, para trasladarlos al cuartel de los Ataos.<\/strong><\/p>\n<p><strong>\u00a0\u00a0\u00a0\u00a0\u00a0\u00a0\u00a0\u00a0\u00a0\u00a0\u00a0 Ya tras los postres, se procedi\u00f3 a quitarle la \u00faltima pata a la vieja Cuaresmera, honor que reca\u00eda en nuestro hermano y medalla de oro de los 25 a\u00f1os, Jos\u00e9 Amador Beltr\u00e1n, el cual con su humor que le caracteriza, agradec\u00eda tal distinci\u00f3n, record\u00e1ndonos su paso por los ataos, desde su entrada en cuaresma\u00a0 del a\u00f1o 1989, destacando la labor que vienen realizando nuestros hermanos m\u00fasicos, en l\u00edneas generales.\u00a0 Terminado de esta manera, un grandioso Domingo de Ramos, el cual disfrut\u00e1bamos los hermanos Ataos, a tope hasta altas hora de la madrugada.<\/strong><\/p>\n<p><strong>Redacci\u00f3n A. G. S.<\/strong><\/p><\/div><\/div><\/div><div class=\"wppb-accordion-item repeater-9\"><div class=\"wppb-accordion-title wppb-toggle-right \"><i class=\"fas fa-pen-alt\"><\/i><span class=\"wppb-accordion-title-content\">Martes Santo<\/span><span class=\"wppb-toggle-direction wppb-toggle-right\"><i class=\"fas fas fa-angle-right\"><\/i><\/span><\/div><div class=\"wppb-panel-collapse\" style=\"display: none;\"><div class=\"wppb-accordion-content\"><p><strong>MARTES SANTO, COMIDA EN HONOR DE NUESTRAS MUJERES<\/strong><\/p>\n<p><strong>Un a\u00f1o m\u00e1s, los hermanos de los ataos, celebramos comida de hermandad en honor de nuestras mujeres. Sobre las 10 de la noche, nuestro Presidente Manuel G\u00e1lvez Espadas, daba las buenas noches y la bienvenida a todos los asistentes, ataos, se\u00f1oras y novias, comentando que esta noche lo pasemos lo mejor posible ya que esta comida era en honor a las mujeres, dedic\u00e1ndoles unas palabras de halagos y diciendo que todas estaban bell\u00edsimas, y que disfrutasen porque esta era su noche.<\/strong><\/p>\n<p><strong>Nuestros hermanos m\u00fasicos habr\u00edan la noche musical interpretando el pasodoble \u201cEl America\u201d. M\u00e1s tarde y habiendo degustado algunas viandas, hicimos un receso para presencial el paso de la procesi\u00f3n, donde los hermanos m\u00fasicos hac\u00edan sonar sus instrumentos, con el Miserere al se\u00f1or y el St\u00e1bat Mater a las V\u00edrgenes.<\/strong><\/p>\n<p><strong>Tras el paso de todas las im\u00e1genes, y ya de nuevo sentados entorno a las mesas, tomaba la palabra nuestro hermano Membiela. El cual hac\u00eda referencia a la comida de entrega de su medalla, donde tambi\u00e9n asistieran nuestras mujeres. Membiela en compa\u00f1\u00eda de su hijo Iv\u00e1n, glosaba a modo de poes\u00eda a nuestras mujeres, y en especial a la suya, siendo muy escueto y conciso, con sus dotes del buen orador.<\/strong><\/p>\n<p><strong>A si mismo, interven\u00eda el hermano Moreno, felicitando a la directiva por el gran esfuerzo que hab\u00eda supuesto la celebraci\u00f3n de la imposici\u00f3n de las cuatro medallas. Felicitando al Decano protagonista indiscutible de la citada comida, por 50 a\u00f1os en activo. Tambi\u00e9n Moreno, nos daba informaci\u00f3n de su visita efectuada al hermano Manuel Barcos, en el Hospital, como tambi\u00e9n daba las gracias a Manuel Garc\u00eda, padrino de corporaci\u00f3n y responsable de que el fuese Atao, cosa que la lleva a gala y con orgullo. Piropeadon a nuestra mujeres por lo bell\u00edsimas que se encontraban.<\/strong><\/p>\n<p><strong>Tambi\u00e9n interven\u00eda el hermano Jos\u00e9 Amador, diciendo en principio que \u00e9l no esperaba hablar esta noche, pero que ya que lo hac\u00eda dir\u00eda que las autentica merecedoras de medallas eran nuestra mujeres, porque \u00e9l se sent\u00eda particularmente muy a gusto, cuando nos acompa\u00f1an ellas. Con palabras de agradecimiento y a\u00f1adi\u00e9ndole un poco de humor, nos relataba algunos de los episodios vividos en la esquina de la mesa llamada de los \u201cTontos\u201d y comentado un poco en broma a la pandilla del Palomar y al resto de los Ataos.<\/strong><\/p>\n<p><strong>Y como no, tambi\u00e9n interven\u00eda nuestro resiente medalla de los 50 a\u00f1os Manuel G\u00e1lvez \u201cEl America\u201d, el cual dirigi\u00e9ndose a nuestras mujeres, dec\u00eda que ellas son las verdaderas Mananteras y hombro donde descansan cuando nosotros lo pasamos mal, siendo las m\u00e1s grandes esposas, madres de nuestro hijos y abuela de nuestros nietos, que son los que m\u00e1s queremos en nuestras vidas. Por fortuna tanto como mis hijo y nietos son mananteros, semilla que yo e sembrado y que est\u00e1 dando sus frutos. Continuaba diciendo Manolo, que el haber recibido su medallas junto a tres buenos mananteros de los Ataos, era para el todo un orgullo. Tambi\u00e9n daba las gracias a los hermanos m\u00fasicos, por haberle dedicado un pasodoble, y que el a\u00f1o que viene Dm. disfrutare de ser el hermano Mayor de nuestra madre la Virgen de la Gu\u00eda.<\/strong><\/p>\n<p><strong>Tambi\u00e9n interven\u00eda Manuel Garc\u00eda, el cual dec\u00eda que cuando la directiva de los Ataos, conf\u00edo en el para llevar el acto protocolario de la comida de imposici\u00f3n de las medallas, \u00e9l le puso todo su empe\u00f1o en hacerlo lo mejor posible y haci\u00e9ndolo con mucho gusto, porque si le pones empe\u00f1o para que las cosa salgan medianamente bien, el trabajo no pesa. Terminado su intervenci\u00f3n d\u00e1ndoles las gracias al Presidente por su confianza. Por ultimo tomaba la palabra nuestro Vice Decano Antonio G\u00e1lvez, comentando que esta noche ech\u00e1bamos mucho de menos a la hermana Mar\u00eda Teresa L\u00f3pez Cosano, la cual siempre en esta comida, nos deleitaba recitando con algunas de sus poes\u00edas, pero a falta de pan buenas son tortas, recitando a su modo Antonio una poes\u00eda dedicada a las se\u00f1oras con el t\u00edtulo Virgen de la Gu\u00eda.<\/strong><\/p>\n<p><strong>Terminadas las distintas intervenciones, el presidente nos comunicaba que \u00edbamos hacer un receso, para hacer el tradicional desfile por la calle Calzada, siendo las mujeres las protagonistas de tal desfile, portando el gallo y palo en hombro. De nuevo en nuestro cuartel, nuestro Director de musical, Eduardo L\u00f3pez, nos comentaba sentirse muy a gusto, al ver como las mujeres tanto o m\u00e1s que nosotros, dese\u00e1ndonos que pas\u00e1semos una buena Semana Santa. Entonando para cerrar la noche, la marcha que en su d\u00eda fuese dedicada a su hermano m\u00fasico y t\u00edo de Eduardo, Francisco L\u00f3pez Cosano, que en Gloria este.<\/strong><\/p>\n<p><strong>\u00a1Terminando de esta manera, otro grandioso Martes Santo Comida en honor de las mujeres!<\/strong><\/p>\n<p><strong>Redacci\u00f3n de A. G. S.<\/strong><\/p><\/div><\/div><\/div><div class=\"wppb-accordion-item repeater-10\"><div class=\"wppb-accordion-title wppb-toggle-right \"><i class=\"fas fa-pen-alt\"><\/i><span class=\"wppb-accordion-title-content\">Mi\u00e9rcoles Santo<\/span><span class=\"wppb-toggle-direction wppb-toggle-right\"><i class=\"fas fas fa-angle-right\"><\/i><\/span><\/div><div class=\"wppb-panel-collapse\" style=\"display: none;\"><div class=\"wppb-accordion-content\"><div class=\"wp-block-kadence-tab kt-tab-inner-content kt-inner-tab-11 kt-inner-tab_6fd756-28\">\n<div class=\"kt-tab-inner-content-inner\">\n<p><strong>Como el a\u00f1o pasado, la corporaci\u00f3n B\u00edblica los Ataos, Judas Pedro y Pablo, celebr\u00e1bamos al medio d\u00eda Junta General Ordinaria, en la cual se trataron asuntos internos de la misma, y el sorteo de nuestras figuras. Dejado claro que el vestir de figura, es el sentido obligado de los hermanos de la corporaci\u00f3n. Un sorteo que se alargo en el tiempo, por la dificultad del mismo.<\/strong><\/p>\n<p><strong>\u00a0\u00a0\u00a0\u00a0\u00a0\u00a0\u00a0\u00a0\u00a0\u00a0\u00a0 Luego durante la cena, hicimos un comp\u00e1s de espera, para atender a los hermanos del Humilde, que se situaron en la parte baja del cuartel donde se repartieron los bocadillos, invitando a los hermanos bastoneros, a que subiesen al sal\u00f3n para el descanso merecido, mientras se com\u00edan dichos bocadillos. Cosa que el Cofrade Mayor Rafael Fern\u00e1ndez Reina y el Capataz Crist\u00f3bal Beato Cobos, agradec\u00edan afectuosamente.\u00a0 Despu\u00e9s de la cena algunos hermanos Ataos, presenci\u00e1bamos el encierro de todas las Im\u00e1genes.\u00a0 Comenzando de esta manera los d\u00edas m\u00e1s importantes de la Semana Santa.<\/strong><\/p>\n<\/div>\n<\/div>\n<div class=\"wp-block-kadence-tab kt-tab-inner-content kt-inner-tab-12 kt-inner-tab_b5d7aa-05\">\n<div class=\"kt-tab-inner-content-inner\">\n<p><strong>Un a\u00f1o m\u00e1s, la corporaci\u00f3n B\u00edblica Judas, Pedro y Pablo, se bestia de gala, para celebrar la comida de hermandad, del Jueves Santo, d\u00eda del Amor Fraterno. El sal\u00f3n comedor presentaba un aspecto grandioso, repleto de hermanos Ataos, hermanos m\u00fasicos e invitados habituales de todos los a\u00f1os y algunos nuevos. Entre los cuales se encontraban, el yerno del hermano Mart\u00ednez \u2013 la gran familia Morillo y los hermanos G\u00f3mez, invitados por el hermano Jos\u00e9 G\u00f3mez L\u00f3pez \u2013 padre y hermano de Emilio Palos \u2013 hijo del hermano Cisco \u201cCisco Junior\u201d- hijo del hermano Pepe Amador, Fco. J. Amador \u2013 \u201cLubri\u201d amigo de los directivos \u2013 hijo del Decano y hermano del Presidente David G\u00e1lvez \u2013 Javier Cejas, amigo de la pandilla del Palomar \u2013 Jos\u00e9 Manuel Aguirre, amigo del hermano Antonio Matas \u2013 nuestro ex hermano \u201cJarillo\u201d- Jos\u00e9 Julio, cu\u00f1ado de Membiela \u2013 Hip\u00f3lito y otro de sus hermanos, invitados por su hermano Antonio Romero \u2013 el habitual camionero Rafa Rivas \u2013 el cu\u00f1ado de Antonio L\u00f3pez \u2013 padre del hermano Jos\u00e9 Carlos Quero \u2013 padre del hermano Sergio Serrano \u2013 un tal Juan Bascon \u2013 \u201cKico\u201d el matancero padre del hermano \u201cLuife\u201d- mas otros.<\/strong><br \/><strong>\u00a0\u00a0\u00a0\u00a0<\/strong><br \/><strong>\u00a0\u00a0\u00a0\u00a0\u00a0\u00a0\u00a0\u00a0\u00a0\u00a0\u00a0 El presidente Manuel G\u00e1lvez Espadas, como viene siendo habitual en este tipo de comidas, daba las buenas tardes y la bienvenida a todos los all\u00ed asistentes a este magn\u00edfico Jueves Santo, d\u00eda del Amor Fraterno. Aconsej\u00e1ndonos que pas\u00e1semos una buena tarde.<\/strong><br \/><strong>\u00a0\u00a0\u00a0\u00a0\u00a0\u00a0\u00a0\u00a0\u00a0\u00a0\u00a0 Acto seguido, daba la palabra a nuestro hermano Salvador Gonz\u00e1lez, para que bendijera los alimentos a degustar y rezando un Padre Nuestro y un Ave Mar\u00eda.\u00a0\u00a0\u00a0 Momentos despu\u00e9s comenzaba el acto protocolario. Interviniendo en primer lugar el hermano Antonio Moreno, el cual nos dec\u00eda que como d\u00eda del Amor Fraterno, ten\u00eda que recordar a nuestro hermano Manuel Barcos, momento en que les ped\u00eda a nuestros hermanos m\u00fasicos, que interpretasen el pasodoble \u201cEl Humilde\u201d. Tras ello prosegu\u00eda Antonio Moreno, asiendo un recuerdo hacia su padre, el cual en su d\u00eda le ped\u00eda a nuestra madre la Virgen de la Gu\u00eda, que intercediera por el en su enfermedad, cosa que hasta el d\u00eda de hoy, se lo hab\u00eda concedido, ya que el padre mejora paulatinamente. Despu\u00e9s nos recitaba una corta poes\u00eda, dedicada a Jes\u00fas y a la Virgen, en la cual inclu\u00edan a sus dos figuras predilectas, los ladrones Dimas y Gestas.<\/strong><br \/><strong>\u00a0\u00a0\u00a0\u00a0\u00a0\u00a0\u00a0\u00a0\u00a0\u00a0\u00a0 A rengl\u00f3n seguido, Manuel Garc\u00eda interven\u00eda, para decir que el a\u00f1o pasado, se comenz\u00f3 a recitar la poes\u00eda del Gallo de San Pedro, la cual te\u00f1\u00edamos que recitarla todos los Jueves Santo, ya que en otra corporaciones lo hacen, y en la nuestra que esta el Gallo, no se hab\u00eda echo nunca. Terminado recitando dicha poes\u00eda, que escribiera el insigne poeta Agust\u00edn Rodr\u00edguez.<\/strong><br \/><strong>\u00a0\u00a0\u00a0\u00a0\u00a0\u00a0\u00a0\u00a0\u00a0\u00a0\u00a0 Sin prisa pero sin pausa, tomaba la palabra el portavoz de los m\u00fasicos Miguel Trigos, el cual nos comentaba, que desde hace algunos a\u00f1os, un hermano de la corporaci\u00f3n les ped\u00eda a\u00f1o tras a\u00f1o esa petici\u00f3n, cosa que no pod\u00eda ser, pero que hoy ya estaban preparados para tocarla, y en honor de esa persona que es Pepe Gomes, iban a interpretar la Diana Completa, la cual se toco en perfectas condiciones.<\/strong><br \/><strong>\u00a0\u00a0\u00a0\u00a0\u00a0\u00a0\u00a0\u00a0\u00a0\u00a0\u00a0 Como es de recibo, el hermano Pepe G\u00f3mez, agradec\u00eda dicha interpretaci\u00f3n a sus hermanos m\u00fasicos. Diciendo queridos hermanos, yo nac\u00ed y viv\u00ed a las faldas de la Iglesia de Jes\u00fas Nazareno, y como era muy dormil\u00f3n, no madrugaba para escuchar dicha Diana, pero si la escuchaba, ya que mi madre me despertaba, abr\u00eda la ventana de dormitorio, y la escuchaba en perfectas condiciones. Nos recordaba que cuando el entro en esta corporaci\u00f3n, los m\u00fasicos de la anterior etapa la interpretaban a menudo. De ah\u00ed mi petici\u00f3n, con la cual me hab\u00e9is hecho muy feliz, gracias hermanos.<\/strong><br \/><strong>\u00a0\u00a0\u00a0\u00a0\u00a0\u00a0\u00a0\u00a0\u00a0\u00a0\u00a0 Rafael G\u00f3mez L\u00f3pez, a ra\u00edz de la intervenci\u00f3n de su hermano Pepe, tomaba la palabra para felicitar a los cuatro hermanos Medallas, centr\u00e1ndose en su amigo Membiela, el cual reviv\u00eda las vivencia de cuando eran ni\u00f1os y zagalones como vecinos. Agradeci\u00e9ndole a su hermano Pepe Atao de 18 a\u00f1os, la deferencia que tenia con el\u00a0 invit\u00e1ndolo todos los Jueves Santo.<\/strong><br \/><strong>\u00a0\u00a0\u00a0\u00a0\u00a0\u00a0\u00a0\u00a0\u00a0\u00a0\u00a0<\/strong><br \/><strong>\u00a0\u00a0\u00a0\u00a0\u00a0\u00a0\u00a0\u00a0\u00a0\u00a0\u00a0 En el trascurso del almuerzo, se personaba en el cuartel el Presidente de la corporaci\u00f3n hermana y vecina, Las Potencias del Alma, en compa\u00f1\u00eda de sus hermanos Antonio Estrada \u201cChango hijo\u201d y Francisco Perea. El Presidente \u00c1ngel Pozo, nos dec\u00eda que tal d\u00eda como hoy se cumpl\u00eda el 10 aniversario del derrumbe de parte de su cuartel, y que por la buena acogida que les brindaron Los Ataos, pudieron pasar la Semana Santa juntos, siendo el presidente Jos\u00e9 Amador Beltr\u00e1n, al cual le as\u00eda entrega de un recuerdo conmemorativo, como testimonio de aquel fat\u00eddico Jueves Santo.\u00a0 Pepe Amador, recib\u00eda tal obsequio con mucho agrado, y orgulloso dijo, que el merito no era zullo sino el de todos los ataos, que fuese quien fuese el presidente, hubiese actuado de la misma manera. Antes de terminar la visita el hermano Francisco Perea, nos recitaba una semblanza conmemorativa del citado d\u00eda.<\/strong><br \/><strong>\u00a0\u00a0\u00a0\u00a0\u00a0\u00a0\u00a0\u00a0\u00a0\u00a0\u00a0 El hermano secretario Rafael Ruiz \u201cEl Botijo\u201d nos presentaba a Juan Basc\u00f3n P\u00e9rez, entendido flamenc\u00f3logo y poeta pontano y muy vinculado a este tipo de actividades. Despu\u00e9s de dar las gracias por cederle la palabra, nos recitaba una poes\u00eda alusiva a la Virgen de la Gu\u00eda y al Patr\u00f3n de todas las Cargas \u201cEl Terrible\u201d. Haciendo tambi\u00e9n un alarde de sus conocimientos de c\u00f3mo desarrollamos nuestra Semana Santa, d\u00eda tras d\u00eda.<\/strong><\/p>\n<p><strong>\u00a0\u00a0\u00a0\u00a0\u00a0\u00a0\u00a0\u00a0\u00a0\u00a0\u00a0 Tambi\u00e9n interven\u00eda como todos los a\u00f1os en este d\u00eda, el hermano Emilio Palos, el cual con un estudio Hist\u00f3rico B\u00edblico, nos dec\u00eda que \u00faltimamente hab\u00eda echo un viaje a Barcelona, visitando la Sagrada Familia, pudiendo comprobar que los diferentes artista dejaron plasmado su sello personal en cuanto a lo religioso. All\u00ed pude encontrarme con un Judas con una vicha al igual al que tienen las Farmacias, que representa signo de salud, en el mismo se simboliza el abrazo de Judas con Jes\u00fas, con testo como Ap\u00f3stol favorito de Jes\u00fas, el cual por mandato zullo lo traiciono. Y para conmemorar ese abrazo, que simboliza el amor fraterno, no tenemos mas remedio que acordarnos de Manuel Mart\u00edn Due\u00f1as que en gloria este, el cual instituciono en este cuartel el abraso fraternal entre todos los hermanos. Como as\u00ed ocurriera, terminado ataos, m\u00fasicos e evitados, d\u00e1ndonos el abrazo del amor Fraterno.<\/strong><\/p>\n<p><strong>\u00a0\u00a0\u00a0\u00a0\u00a0\u00a0\u00a0\u00a0\u00a0\u00a0\u00a0 Antonio G\u00e1lvez, interven\u00eda diciendo que todo el a\u00f1o debe \u00a0ser Jueves Santo, porque la buena convivencia que hoy respira en este cuartel, es una gozada, con muchas caras conocidas y disfrutando al m\u00e1ximo de este gran d\u00eda. Atrevi\u00e9ndose a recitar una poes\u00eda dedicada al Terrible. La cual al termino de este articulo la describir\u00e9 en su totalidad.<\/strong><\/p>\n<p><strong>\u00a0\u00a0\u00a0\u00a0\u00a0\u00a0\u00a0\u00a0\u00a0\u00a0\u00a0 El hermano Fco J. Membiela, como es habitual en este tipo de comidas, tambi\u00e9n hacia uso de la palabra, con ella nos dec\u00eda\u00a0 que hoy no se extender\u00eda, aunque el siempre venia preparado no tarar\u00eda de papales. Situ\u00e1ndose al lado de su padrino de corporaci\u00f3n Antonio P\u00e9rez, saludaba y elogiaba a sus tres hermanos medallas y a todos los presentes. Tambi\u00e9n felicitaba al hermano Ra\u00fal Fern\u00e1ndez, como hermano Mayor de la Gu\u00eda, dici\u00e9ndole que por fin este a\u00f1o si hab\u00eda podido hacer estaci\u00f3n de penitencia, y adem\u00e1s haci\u00e9ndolo con un tiempo meteorol\u00f3gicamente magnifico.<\/strong><\/p>\n<p><strong>Tambi\u00e9n agradec\u00eda a sus hermanos Ataos, por haberlo hecho tan feliz por la imposici\u00f3n de su medalla de los 25 a\u00f1os, y el cari\u00f1o que me hab\u00e9is demostrado durante la Cuaresma y en lo que va de Semana Santa, siendo para el, el\u00a0 mejor a\u00f1o de su trayectoria manantera.<\/strong><\/p>\n<p><strong>\u00a0\u00a0\u00a0\u00a0\u00a0\u00a0\u00a0\u00a0\u00a0\u00a0\u00a0 Tambi\u00e9n agradec\u00eda las palabras vertidas de cari\u00f1o hacia su persona de Rafael G\u00f3mez L\u00f3pez, y como no a sus hermanos m\u00fasicos, ente los que se encuentra su hijo Iv\u00e1n. Terminado contando algunas de sus vivencias como Atao durante sus 25 a\u00f1os.<\/strong><\/p>\n<p><strong>Como d\u00eda del amor fraterno, de aquellos que se encontraban enfermos y los que ya nos dejaron, los hermanos m\u00fasicos, en recuerdo hacia ellos, nos deleitaban con la marcha \u201cRecuerdo\u201d.<\/strong><\/p>\n<p><strong>M\u00e1s tarde el Presidente Manuel G\u00e1lvez Espadas, antes de proceder a pasarle la palabra al Decano de los Ataos nos dec\u00eda, que como hijo suyo que lo soy, estaba muy orgulloso de que en su mandato se impusiera la 1\u00ba medalla de los 50 a\u00f1os, y mucho m\u00e1s si el que la recibi\u00f3 era su padre. Porque como todos os pod\u00e9is imaginar, un padre es lo mas grade del mundo. Del cual aprendi\u00f3 ser un buen hijo, querer a la familia, ser buen trabajador y un buen Atao\u00a0 y buen Semanantero, cosa que intentare inculcarles a mis hijos. Terminando cantado una saeta cuartelera a medias con su padre.<\/strong><br \/><strong>De esta manara, tomaba la palabra nuestro Decano Manuel G\u00e1lvez \u201cEl Am\u00e9rica\u201d. El cual visiblemente emocionado por la palabra de su hijo, dec\u00eda sentirse muy a gusto ya que hoy tenia a sus dos hijos varones, acompa\u00f1\u00e1ndolo Manolo el presidente y David, y rodeado de mis hermanos Ataos y de los importantes invitados. \u201cEl Am\u00e9rica\u201d prosegu\u00eda contando algunas vivencias desde que entro en esta corporaci\u00f3n. Terminado felicitando a sus hermanos m\u00fasicos y dici\u00e9ndoles que este a\u00f1o lo hab\u00edan hecho muy feliz, dedic\u00e1ndole un pasodoble en su honor. Y todo lo he dicho de coraz\u00f3n, sin olvidarme que soy el primer Atao en la historia, que recibe la medalla de los 50 a\u00f1os de Atao en activo.<\/strong><br \/><strong>De nuevo el Presidente, tomaba la palabra, para agradecer la presencia de todos los asistentes, dici\u00e9ndoles que esperaba que la tarde hubiese sido del agrado de todos, pidiendo a los hermanos m\u00fasicos que entonasen un pasodoble como broche final, con el cual desfil\u00e1bamos todos junto por el sal\u00f3n comedor.<\/strong><br \/><strong>Terminada la comida, el presidente les indicaba a los hermanos que ten\u00edan turno de vestir Figura que lo fuesen haciendo. \u00a1Terminando de esta manera este grandioso Jueves Santo tarde!<\/strong><\/p>\n<p class=\"has-text-align-center\" style=\"text-align: center\"><strong>\u00a1AL\u00a0 TERRIBLE!<\/strong><\/p>\n<p class=\"has-text-align-center\" style=\"text-align: center\"><strong>SU\u00a0 IMAGEN\u00a0 NUNCA\u00a0 LA\u00a0 OLVIDO<\/strong><br \/><strong>ESTA\u00a0 SIEMPRE\u00a0 EN\u00a0 MI\u00a0 RECUERDO.<\/strong><\/p>\n<p class=\"has-text-align-center\" style=\"text-align: center\"><strong>\u00a1QUE\u00a0 BELLO\u00a0 ROSTRO!\u00a0\u00a0 ME\u00a0 DIJE,<\/strong><br \/><strong>Y\u00a0 ESCALOFRIOS\u00a0 ME\u00a0 DIERON,<\/strong><br \/><strong>AQUELLA\u00a0 PRIMERA\u00a0 VEZ<\/strong><br \/><strong>HACE\u00a0 NO\u00a0 CUANTO\u00a0 TIEMPO.<\/strong><\/p>\n<p class=\"has-text-align-center\" style=\"text-align: center\"><strong>ME\u00a0 ALIMENTA\u00a0 TODAVIA<\/strong><br \/><strong>LA\u00a0 IMPRECION\u00a0 DE\u00a0 AQUEL\u00a0 MOMENTO.<\/strong><\/p>\n<p class=\"has-text-align-center\" style=\"text-align: center\"><strong>DESDE\u00a0 NI\u00d1O,\u00a0 YO\u00a0 LO\u00a0 ADORO\u00a0 Y\u00a0 LE\u00a0 REZO<\/strong><br \/><strong>DEL\u00a0 MISMO\u00a0 MODO\u00a0 QUE\u00a0 ADORA<\/strong><br \/><strong>TODA\u00a0 LA\u00a0 GENTE\u00a0 DEL\u00a0 PUEBLO.<\/strong><\/p>\n<p class=\"has-text-align-center\" style=\"text-align: center\"><strong>QUITARE\u00a0 DE\u00a0 TU\u00a0 CABEZA<\/strong><br \/><strong>ESE\u00a0 HUMILLANTE\u00a0 ORNAMENTO,<\/strong><br \/><strong>QUE\u00a0 SEMEJANTE\u00a0 CORONA<\/strong><br \/><strong>NO\u00a0 QUIERE\u00a0 NINGUN\u00a0 APRECIO.<\/strong><\/p>\n<p class=\"has-text-align-center\" style=\"text-align: center\"><strong>LIMPIARE\u00a0 \u00a1GOTA\u00a0 A\u00a0 AGOTA!<\/strong><br \/><strong>LAS\u00a0 LA\u00a0 SANGRE\u00a0 DE\u00a0 TU\u00a0 CUERPO,<\/strong><br \/><strong>QUE\u00a0 ME\u00a0 DUELEN\u00a0 Y\u00a0 ME\u00a0 HIEREN<\/strong><br \/><strong>CADA\u00a0 VEZ\u00a0 QUE\u00a0 LAS\u00a0 CONTEMPLO.<\/strong><\/p>\n<p class=\"has-text-align-center\" style=\"text-align: center\"><strong>ALISARE\u00a0 SUAVEMENTE<\/strong><br \/><strong>SUS\u00a0 HERMOSOS\u00a0 BUCLE\u00a0 NEGROS,<\/strong><br \/><strong>QUE\u00a0 ME\u00a0 INCITAN\u00a0 AL\u00a0 MIRALO<\/strong><br \/><strong>CON\u00a0 MUCHO\u00a0 AMOR\u00a0 Y RESPETO.<\/strong><\/p>\n<p class=\"has-text-align-center\" style=\"text-align: center\"><strong>AYUDARE\u00a0 CON\u00a0 MIS\u00a0 FUERZAS<\/strong><br \/><strong>A\u00a0 LEVANTAR\u00a0 EL\u00a0 MADERO,<\/strong><br \/><strong>PASADA\u00a0 CRUZ\u00a0 QUE\u00a0 SOPORTAS<\/strong><br \/><strong>SUFRIDAMENTE\u00a0 EN\u00a0 SILENCIO.<\/strong><\/p>\n<p class=\"has-text-align-center\" style=\"text-align: center\"><strong>Y ASI\u00a0 ME\u00a0 PODRE\u00a0 SENTIR<\/strong><br \/><strong>COMO\u00a0 TODOS\u00a0 LOS\u00a0 DE\u00a0 MI\u00a0 PUEBLO,<\/strong><br \/><strong>CON\u00a0 MUCHO\u00a0 ORGULLO\u00a0 DE\u00a0 SER<\/strong><br \/><strong>BUEN\u00a0 PONTANO\u00a0 Y\u00a0 MANANTERO,<\/strong><br \/><strong>PORQUE\u00a0 DE\u00a0 SU AURA\u00a0 YO\u00a0 BEBI<\/strong><br \/><strong>Y\u00a0 DE\u00a0 SU\u00a0 HALO\u00a0 QUEDE\u00a0 EBRIO.<\/strong><\/p>\n<p class=\"has-text-align-center\" style=\"text-align: center\"><strong>YA\u00a0 LO\u00a0 SACAN\u00a0 DE\u00a0 JESUS<\/strong><br \/><strong>EN\u00a0 SU\u00a0 PASO\u00a0 DESENDIENDO.<\/strong><\/p>\n<p class=\"has-text-align-center\" style=\"text-align: center\"><strong>ES\u00a0 MADRUGADA\u00a0 DE\u00a0 VIERNES\u00a0 SANTO<\/strong><br \/><strong>Y\u00a0 DE\u00a0 RIGUROSO\u00a0 LUTO\u00a0 NEGRO.<\/strong><\/p>\n<p class=\"has-text-align-center\" style=\"text-align: center\"><strong>LOS\u00a0 BASTONEROS\u00a0 LO\u00a0 LLEVAN<\/strong><br \/><strong>CON\u00a0 ANDAR\u00a0 SOLMNE\u00a0 Y LENTO,<\/strong><br \/><strong>EL\u00a0 HITO\u00a0 ES\u00a0 MI\u00a0 HITO\u00a0 Y\u00a0 LO\u00a0 MIRAN<\/strong><br \/><strong>CON\u00a0 EL\u00a0 CORAZON\u00a0 ABIERTO,<\/strong><br \/><strong>CON\u00a0 L\u00c1GRIMAS\u00a0 EN\u00a0 LOS\u00a0\u00a0 OJOS<\/strong><br \/><strong>Y\u00a0 DE\u00a0 SUS\u00a0 LABIOS\u00a0 SALIENDO\u00a0 UN REZO.<\/strong><\/p>\n<p class=\"has-text-align-center\" style=\"text-align: center\"><strong>DE\u00a0 ENTE\u00a0 LA\u00a0 GENTE\u00a0 QUE\u00a0 ESPERAN<\/strong><br \/><strong>POR\u00a0 CONTEMPLAR\u00a0 EL\u00a0 MISTERIO,<\/strong><br \/><strong>UNA\u00a0 VOZ\u00a0 DE\u00a0 NI\u00d1O\u00a0 INQUIERE<\/strong><br \/><strong>CON\u00a0 INSISTENCIA\u00a0 A\u00a0 SU\u00a0 ABUELO.<\/strong><\/p>\n<p class=\"has-text-align-center\" style=\"text-align: center\"><strong>\u201cDIME\u00a0 QUIEN\u00a0 VA\u00a0 EN\u00a0 ESE\u00a0 PASO<\/strong><br \/><strong>QUE TANTO\u00a0 LO\u00a0 QUIERE\u00a0 EL\u00a0 PUEBLO,<\/strong><br \/><strong>QUE\u00a0 TANTO\u00a0 SUFRE\u00a0 LLEVANDO<\/strong><br \/><strong>ESE\u00a0 PESADO\u00a0 MADERO.<\/strong><\/p>\n<p class=\"has-text-align-center\" style=\"text-align: center\"><strong>DIMELO\u00a0 SIN\u00a0 TARDANZA<\/strong><br \/><strong>QUE\u00a0 \u00a1YO!\u00a0\u00a0 DESDE\u00a0 YA\u00a0 LO\u00a0 QUIERO.<\/strong><\/p>\n<p class=\"has-text-align-center\" style=\"text-align: center\"><strong>CON\u00a0 VOZ\u00a0 TREMULA,\u00a0 RESPODE\u00a0 EL\u00a0 ABUELO,<\/strong><br \/><strong>\u00a1ES\u00a0 JESUS,\u00a0 EL\u00a0 HIJO\u00a0 DE DIOS!<\/strong><br \/><strong>NUESTRO\u00a0 PADRE\u00a0 JESUS\u00a0 NAZARENO.<\/strong><\/p>\n<p class=\"has-text-align-center\" style=\"text-align: center\"><strong>QUE\u00a0 DESDE\u00a0 NI\u00d1O\u00a0 MIS\u00a0\u00a0 PADRES<\/strong><br \/><strong>ME\u00a0 ENSE\u00d1ARON\u00a0 A QUERERLO,<\/strong><br \/><strong>Y\u00a0 CUANDO\u00a0 LO\u00a0 MIRO\u00a0 DE\u00a0 FRENTE<\/strong><br \/><strong>SE\u00a0 ESTREMESE\u00a0 TODO\u00a0 MI\u00a0 CUERPO.<\/strong><\/p>\n<p class=\"has-text-align-center\" style=\"text-align: center\"><strong>\u00a1 ME\u00a0 APRIETA!\u00a0\u00a0 Y\u00a0\u00a0 ME\u00a0 AHOGA<\/strong><br \/><strong>HASTA\u00a0 QUEDARME\u00a0 SIN\u00a0 ALINETO!<\/strong><\/p>\n<p class=\"has-text-align-center\" style=\"text-align: center\"><strong>\u00a1Y POR\u00a0 SIEMPRE\u00a0 CERAS \u201cEL\u00a0 TERRIBLE\u201d<\/strong><br \/><strong>PORQUE\u00a0 ASI\u00a0 LO\u00a0 DISE\u00a0 MI\u00a0 PUEBLO.<\/strong><\/p>\n<\/div>\n<\/div><\/div><\/div><\/div><div class=\"wppb-accordion-item repeater-11\"><div class=\"wppb-accordion-title wppb-toggle-right \"><i class=\"fas fa-pen-alt\"><\/i><span class=\"wppb-accordion-title-content\">Jueves Santo<\/span><span class=\"wppb-toggle-direction wppb-toggle-right\"><i class=\"fas fas fa-angle-right\"><\/i><\/span><\/div><div class=\"wppb-panel-collapse\" style=\"display: none;\"><div class=\"wppb-accordion-content\"><div class=\"wp-block-kadence-tab kt-tab-inner-content kt-inner-tab-12 kt-inner-tab_b5d7aa-05\">\n<div class=\"kt-tab-inner-content-inner\">\n<p><strong>JUEVES\u00a0 SANTO\u00a0 2014<\/strong><\/p>\n<p><strong>Terminaba este Jueves Santo, trascurriendo con normalidad, con el desfile de nuestras Figuras, Judas Pedro y Pablo con la escolta de los romanos y cena final.<\/strong><br \/><strong>\u00a0\u00a0\u00a0\u00a0\u00a0\u00a0\u00a0\u00a0\u00a0\u00a0\u00a0<\/strong><br \/><strong>Al igual ocurr\u00eda todo el Viernes Santo, ma\u00f1ana, tarde y noche sin ninguna anomal\u00eda a rese\u00f1ar. \u00a0Solo destacar, que nuestro hermano Antonio G\u00e1lvez, al paso de Jes\u00fas Nazareno, por nuestro cuartel, le cantaba al Patr\u00f3n su caracter\u00edstica saeta. Decir tambi\u00e9n que este a\u00f1o se estrenaron dos romanos nuevos color azul, sustituyendo a los de color rosa<\/strong><\/p>\n<\/div>\n<\/div>\n<div class=\"wp-block-kadence-tab kt-tab-inner-content kt-inner-tab-13 kt-inner-tab_54501d-5d\">\n<div class=\"kt-tab-inner-content-inner\">\n<p><strong>Al igual ocurr\u00eda todo el Viernes Santo, ma\u00f1ana, tarde y noche sin ninguna anomal\u00eda a rese\u00f1ar. \u00a0Solo destacar, que nuestro hermano Antonio G\u00e1lvez, al paso de Jes\u00fas Nazareno, por nuestro cuartel, le cantaba al Patr\u00f3n su caracter\u00edstica saeta. Decir tambi\u00e9n que este a\u00f1o se estrenaron dos romanos nuevos color azul, sustituyendo a los de color rosa.<\/strong><\/p>\n<\/div>\n<\/div><\/div><\/div><\/div><div class=\"wppb-accordion-item repeater-12\"><div class=\"wppb-accordion-title wppb-toggle-right \"><i class=\"fas fa-pen-alt\"><\/i><span class=\"wppb-accordion-title-content\">S\u00e1bado Santo - Santo Entierro Magno<\/span><span class=\"wppb-toggle-direction wppb-toggle-right\"><i class=\"fas fas fa-angle-right\"><\/i><\/span><\/div><div class=\"wppb-panel-collapse\" style=\"display: none;\"><div class=\"wppb-accordion-content\"><figure class=\"wp-block-table\">\n<table>\n<tbody>\n<tr>\n<td><em><strong>SABADO SANTO \u2013 SANTO ENTIERRO MAGNO<\/strong><\/em><\/td>\n<\/tr>\n<\/tbody>\n<\/table>\n<\/figure>\n<figure class=\"wp-block-table\">\n<table>\n<tbody>\n<tr>\n<td class=\"has-text-align-center\" data-align=\"center\">\u00a0<\/td>\n<\/tr>\n<tr>\n<td class=\"has-text-align-center\" style=\"text-align: center\" data-align=\"center\">A pesar de que S\u00e1bado Santo, fue un d\u00eda muy especial, para todas las corporaciones, cofrad\u00edas y pueblo en general. La Corporaci\u00f3n B\u00edblica los Ataos, Judas Pedro y Pablo, celebraba con normalidad la comida de hermandad de este d\u00eda, con una buena asistencia de hermanos, grupo de m\u00fasica y tres invitados. Ellos fueron los siguientes. Por nuestro hermano Antonio Gama, Jos\u00e9 Antonio Garc\u00eda Chaparro, hermanos de las Par\u00e1bolas de Jes\u00fas, por un joven m\u00fasico, el nieto y bisnieto, de los m\u00edticos ataos de los 50, llamados \u201cEl Se\u00f1or\u201d y el hijo de nuestro hermano m\u00fasico Antonio Estrada Luna.El presidente como es de recibo, daba las buenas tardes y la bienvenida a todos los asistentes, record\u00e1ndonos que esta comida tenia una hora limitada, porque los hermanos que vest\u00edan de las Figuras y Romanos, ten\u00edan que estar entes de las siete de la tarde, en la Parroquia de San Jos\u00e9, donde se producir\u00eda la salida de la imagen del Santo Sepulcro. Pero no por ello se produjo alguna que otra intervenci\u00f3n.<br \/>Nuestro hermano Antonio Moreno, tomaba la palabra, para felicitar a nuestro hermano Decano Manuel G\u00e1lvez, por el desfile realizado por su persona el Viernes Santo noche, Vestido de Romano con el traje de su padre que fue creador de la escuadra oro del Imperio Romano, haciendo el desfile con ellos durante las salidas y entradas a la procesi\u00f3n. Tambi\u00e9n Moreno, le ped\u00eda al hermano Mart\u00ednez que nos cantase una saeta, ya que por motivos familiares, llevaba mucho tiempo sin cantar, el cual asesto dedic\u00e1ndosela a su hijo, para que la escuchase en el cielo.<br \/>El hermano Antonio Gama interven\u00eda, dici\u00e9ndonos que era la primera vez que se levantaba hablar en los ataos. Con palabra de cari\u00f1o y elogios, presentaba a su invitado J. Antonio Garc\u00eda Chaparro, el cual dec\u00eda que a sus 40 a\u00f1os como hermano de Las Par\u00e1bolas, nuca hab\u00eda salido de su cuartel para acudir a otro, pero hoy e podido comprobar, que me siento muy a gusto compartiendo con vosotros esta comida de s\u00e1bado Santo. Yo no soy hombre de palabra f\u00e1cil, y estoy tan emocionado que no puedo articular palabra, perdonarme pero solo os doy las gracias, por poder compartir mesa y mantel con los Ataos. A continuaci\u00f3n nuestro hermano Antonio G\u00e1lvez, tambi\u00e9n cantaba una saeta. Concluyendo esta comida por la premura del tiempo, tocando nuestros hermanos m\u00fasicos el \u201cGloria al Muerto\u201d, con el cual desfil\u00e1bamos por todo el sal\u00f3n<br \/>.En cuanto a la procesi\u00f3n, hay que destacar que fue magnifica, saliendo por primera vez a las 7 de la tarde desde el interior de la Iglesia, por la celebraci\u00f3n del S\u00e1bado Santo Magno. Como dato significativo dir\u00e9, que despu\u00e9s de muchos a\u00f1os sin hacerlo, nuestro Decano Manuel G\u00e1lvez, bestia de su figura predilecta, Judas ahorcado con la rama. Y para que quede constancia en el archivo de la corporaci\u00f3n y en esta pagina de los Ataos, esto fueron los que vistieron Figuras y romanos.<br \/>SABADO SANTO MAGNO 2014<br \/><em><strong><br \/><\/strong>CABO DE ROMANO<strong><br \/>ANTONIO GALVEZ SILVA<br \/><\/strong>ROMANO VERDE<strong><br \/>JAIME RODAS LUQUE<br \/><\/strong>ROMANO VERDE<strong><br \/>DAVID AGUILAR SAAVEDRA<br \/><\/strong>ROMANO. VERDE<strong><br \/>SERGUIO MORALES PERALTA<br \/><\/strong>ROMANO VERDE<strong><br \/>JUAN DE DIOS GUTIRREZ RODRIGEZ<br \/><\/strong>ROMANO AZUL-<strong><br \/>MIGUEL TRIGOS DELGADO<br \/><\/strong>ROMANO AZUL \u2013<strong><br \/>JESUS LOPEZ PEREZ<br \/><\/strong>JUDAS CON LA RAMA \u2013<strong><br \/>MANUEL GALVEZ SILVA<br \/><\/strong>SAN PEDRO<strong><br \/>ANTONIO MORILLO RIVERO<br \/><\/strong>SAN PABLO<strong><br \/>JOSE GOMEZ LOPEZ<br \/><\/strong>REBATE<strong><br \/>MOISES GONZALEZ GI<br \/><\/strong>REBATE \u2013<strong><br \/>ADRIAN GIL QUINTERO<\/strong><\/em><br \/><em><strong><br \/><\/strong><\/em>CALLE D. DOZALO Y ENCIERRO<em><strong><br \/><\/strong><\/em><br \/><em>JUDAS CON LA RAMA<strong><br \/>MANUEL GALVEZ ESPADAS<br \/><\/strong>SAN PEDRO<strong><br \/>NICOLAS SANCHEZ PARRA<\/strong><\/em><\/td>\n<\/tr>\n<tr>\n<td class=\"has-text-align-center\" data-align=\"center\"><strong>Un S\u00e1bado Santo muy especial, con una gran procesi\u00f3n bien organizada, y con una buena participaci\u00f3n de Cofrad\u00edas del Se\u00f1or en sus distintas advocaciones. Con una matallana y calle Aguilar, repletas de espectadores pontanos y for\u00e1neos, y con tribuna para las autoridades, Locales, Provinciales y Auton\u00f3micas. Desde este art\u00edculo, dar mis m\u00e1s sinceras felicitaciones a la Agrupaci\u00f3n de Cofrad\u00edas y Figuras B\u00edblicas, encabezada por su presidente Juan Miguel Granados y los muchos voluntarios que colaboraron con ella, para que todo saliese seg\u00fan lo previsto.<\/strong><\/td>\n<\/tr>\n<\/tbody>\n<\/table>\n<\/figure><\/div><\/div><\/div><div class=\"wppb-accordion-item repeater-13\"><div class=\"wppb-accordion-title wppb-toggle-right \"><i class=\"fas fa-pen-alt\"><\/i><span class=\"wppb-accordion-title-content\">Domingo de Resurrecci\u00f3n<\/span><span class=\"wppb-toggle-direction wppb-toggle-right\"><i class=\"fas fas fa-angle-right\"><\/i><\/span><\/div><div class=\"wppb-panel-collapse\" style=\"display: none;\"><div class=\"wppb-accordion-content\"><p><strong>Despu\u00e9s se una grandiosa Semana Santa, acompa\u00f1ada de una buena meteorolog\u00eda, el domingo de Resurrecci\u00f3n, no se pudo poner el broche de oro, es decir el desfile de las Figuras B\u00edblica, Imperio Romano y Se\u00f1or Resucitado, debido a la intensa lluvia que no ceso durante toda la ma\u00f1ana. Y ya van dos a\u00f1os, si procesi\u00f3n de domingo de Resurrecci\u00f3n.<\/strong><\/p>\n<p><strong>Sobre las 2 de la tarde, la corporaci\u00f3n B\u00edblica Los Ataos, Judas Pedro y Pablo, se reun\u00edan en junta generar ordinaria, para tratar los asuntos internos de la misma, y la elecci\u00f3n del nuevo presidente, que por mayor\u00eda simple, continuaba el mismo Presidente Manuel G\u00e1lvez Espadas. Que el d\u00eda 1 de mayo, en la junta general, dar\u00e1 a conocer su nueva directiva, para el ejercicio \u201c2014 \u2013 2015,\u201d dese\u00e1ndole otro buen mandato.<\/strong><\/p>\n<p><strong>Sin m\u00e1s se sierra esta cr\u00f3nica de Semana Santa 2014, esperando que el a\u00f1o que viene, tengamos otra buena Cuaresma y Semana Santa.<\/strong><\/p><\/div><\/div><\/div><div class=\"wppb-accordion-item repeater-14\"><div class=\"wppb-accordion-title wppb-toggle-right \"><i class=\"fas fa-pen-alt\"><\/i><span class=\"wppb-accordion-title-content\">S\u00e1bado de Ramos - Chiquito<\/span><span class=\"wppb-toggle-direction wppb-toggle-right\"><i class=\"fas fas fa-angle-right\"><\/i><\/span><\/div><div class=\"wppb-panel-collapse\" style=\"display: none;\"><div class=\"wppb-accordion-content\"><p><strong>GUIA CHIQUITA<\/strong><\/p>\n<p><strong>Sin apenas tiempo para recuperarnos de la Semana Santa, comenz\u00e1bamos la chiquita. El s\u00e1bado d\u00eda 26 de abril del 2014, a las 8 de la tarde, sal\u00edamos en procesi\u00f3n desde la Iglesia de la Concepci\u00f3n, con la Virgen de la Gu\u00eda Chiquita, acompa\u00f1ados por un grupo de diversos m\u00fasicos pontanos, preparados por nuestro Cofrade Mayor, Fco. M. Ben\u00edtez inclusive.<\/strong><\/p>\n<p><strong>Como es obvio, los ni\u00f1os iban ataviados con la t\u00fanica oficial de la cofrad\u00eda, tanto los que portaron a la Virgen como los que la acompa\u00f1aron, resultado como siempre un desfile encantador, asiendo el mismo recorrido que la grande y bail\u00e1ndola en las puertas del cuartel de los Ataos, donde se repartieron unos bocadillos y un refrescos, tanto a ni\u00f1os como a grandes.<\/strong><\/p>\n<p><strong>Despu\u00e9s del descanso obligado, prosegu\u00eda la procesi\u00f3n continuando haciendo el recorrido final, subiendo la cuesta Baena de un tir\u00f3n, bajo los sones del pasodoble \u201cBarrabas\u201d, hasta la Iglesia de la Concepci\u00f3n a las 12 en punto de la noche. Hay que comentar la buena participaci\u00f3n de ni\u00f1os, padres, familiares, amigos y espectadores, que no cesaron durante todo el recorrido. Un tarde noche, que los menudos y mayores disfrut\u00e1bamos a tope.<\/strong><\/p>\n<p><strong>A.G. S.<\/strong><\/p><\/div><\/div><\/div><div class=\"wppb-accordion-item repeater-15\"><div class=\"wppb-accordion-title wppb-toggle-right \"><i class=\"fas fa-pen-alt\"><\/i><span class=\"wppb-accordion-title-content\">D\u00eda de la Cruz<\/span><span class=\"wppb-toggle-direction wppb-toggle-right\"><i class=\"fas fas fa-angle-right\"><\/i><\/span><\/div><div class=\"wppb-panel-collapse\" style=\"display: none;\"><div class=\"wppb-accordion-content\"><div class=\"wp-block-kadence-tab kt-tab-inner-content kt-inner-tab-17 kt-inner-tab_a0c71c-40\">\n<div class=\"kt-tab-inner-content-inner\">\n<p><strong>DIA DE LA CRUZ<\/strong><\/p>\n<p><strong>Un a\u00f1o m\u00e1s, la corporaci\u00f3n B\u00edblica Los Ataos, Judas, Pedro y Pablo, celebr\u00e1bamos, la SEMANA SANTA CHIQUITA. Comenz\u00e1bamos el d\u00eda 1 de Mayo, con la subida al Calvario con los ni\u00f1os y los m\u00fasicos, desde la iglesia de la Concepci\u00f3n, tras el paso de los Romanos, simulando un s\u00e1bado de cuaresma.<\/strong><\/p>\n<p><strong>El d\u00eda 2 de mayo jueves Santo chiquito, desfil\u00e1bamos con las figuras peque\u00f1as. Lo mismo lo haciamos el d\u00eda de la Cruz, Viernes Santo chiquito, con procesi\u00f3n de la Diana, reverencias en calle Santa Catalina, calle D. Gonzalo y almuerzo en el cuartel, todos juntos, ni\u00f1os mayores y alg\u00fan que otro invitado, pas\u00e1ndolo en buena armon\u00eda y el ruido caracter\u00edstico de los ni\u00f1os, que tocaba el tambor, e intentando cantar a su forma saetas cuarteleras.<\/strong><\/p>\n<p><strong>Ya por la tarde, mientras esper\u00e1bamos a Jes\u00fas Nazareno, hac\u00edamos una visita a nuestra Patrona, la Virgen de la Concepci\u00f3n, cubri\u00e9ndonos con su manto, a todo aquel que quiso hacerlo. Despu\u00e9s bajo un calor sofocante, inici\u00e1bamos el desfile de la tarde, llegando a la plaza del Calvario, donde los ni\u00f1os del relevo de tarde, los cuales les hacian la reverencia a Jes\u00fas. Despu\u00e9s tom\u00e1bamos todos un refrigerio en el parque de los Pinos, partiendo desde el mismo la bajada hacia el cuartel, en perfecta formaci\u00f3n, desfilando a los sones de los tambores que tocaron ni\u00f1os y mayores.<\/strong><\/p>\n<p><strong>Tras un descaso merecido y todos cenados, se hacia el desfile de la noche, resultado con una buena participaci\u00f3n de p\u00fablico y con la novedad, que al ser s\u00e1bado, el Santo Entierro chiquito, desfilaba con las dem\u00e1s im\u00e1genes, como anta\u00f1o se hacia. Luego el domingo tambi\u00e9n participamos en el desfile junto al Se\u00f1or Resucitado, con la tristeza de la muerte en ese d\u00eda, de nuestro hermano Manuel Barcos Cejas.<\/strong><\/p>\n<p><strong>Un fin de semana movidito que ni\u00f1os y mayores nos lo pas\u00e1bamos en grande, enturbiado al final por el motivo antes expuesto.<\/strong><\/p>\n<\/div>\n<\/div>\n<div class=\"wp-block-kadence-tab kt-tab-inner-content kt-inner-tab-18 kt-inner-tab_2bb66b-19\">\n<div class=\"kt-tab-inner-content-inner\">\n<p><strong>El pasado d\u00eda 1 de noviembre de 1914,\u00a0la CORPORACI\u00d3N B\u00cdBLICA, JUDAS PEDRO Y PABLO,\u00a0celebro la junta del d\u00eda de todos\u00a0Los Santos.<\/strong><\/p>\n<p><strong>Sobre las tres del medio d\u00eda, nuestro Presidente\u00a0Manuel G\u00e1lvez Espadas,\u00a0daba la bienvenida a todos los hermanos presentes y guardando un minuto de silencio por los hermanos fallecidos de nuestra Corporaci\u00f3n, pas\u00e1ndole la palabra al hermano vice decano\u00a0Antonio G\u00e1lvez Silva,\u00a0quien nos dec\u00eda las preces y bendec\u00eda los alimentos a degustar. Acto seguido, nuestros hermanos m\u00fasicos, abr\u00edan la tarde musical, interpretando \u201cGloria al Muerto\u201d.<\/strong><\/p>\n<p><br \/><strong>Mientras degust\u00e1bamos los exquisitos manjares, se proced\u00eda a tratar los temas del orden del d\u00eda, entre los cuales, despu\u00e9s de las lecturas de las actas anteriores, se presentaba como posible hermano de prueba, a\u00a0Manuel Serrano L\u00f3pez.\u00a0\u00a0\u00a0\u00a0\u00a0\u00a0\u00a0\u00a0\u00a0<\/strong><\/p>\n<p><strong>Tambi\u00e9n en el orden del d\u00eda, se procedi\u00f3 a colgar en un lugar predilecto de nuestro sal\u00f3n, la foto de nuestro hermano difunto,\u00a0Manuel Barcos Cejas,\u00a0no sin antes, nuestro hermano\u00a0Antonio Moreno Salamanca,\u00a0dedicarle unas sentidas palabras que describo en su totalidad al final de este articulo. Tambi\u00e9n en el mismo acto tuvo palabras anecd\u00f3ticas, nuestro hermano\u00a0Emilio Palos Rodr\u00edguez\u00a0y al termino de las mismas, los hermanos m\u00fasicos les dedicaron la marcha\u00a0\u201cRecuerdo\u201d.<\/strong><\/p>\n<p><strong>Terminada la junta y degustando el almuerzo, los m\u00fasicos nos deleitaban con alguna que otra marcha procesional, y para finalizar la intervenci\u00f3n musical, desfil\u00e1bamos todos por el sal\u00f3n de nuestro cuartel, con el pasodoble\u00a0\u201cManolete\u201d\u00a0y el\u00a0\u201cBarrabas\u201d.\u00a0Una tarde maravillosa de hermandad y confraternidad. Y\u00a0 ya con la vista puesta en la comida de\u00a0Navidad y el Jueves \u201cLardero\u201d.<\/strong><\/p>\n<p><img decoding=\"async\" class=\"alignnone size-medium wp-image-1995\" src=\"http:\/\/www.losataos.org\/w\/wp-content\/uploads\/barcos-209x300.jpg\" alt=\"\" width=\"209\" height=\"300\" srcset=\"https:\/\/www.losataos.org\/w\/wp-content\/uploads\/barcos-209x300.jpg 209w, https:\/\/www.losataos.org\/w\/wp-content\/uploads\/barcos.jpg 567w\" sizes=\"(max-width: 209px) 100vw, 209px\" \/><\/p>\n<\/div>\n<\/div><\/div><\/div><\/div><\/div><\/div><\/div><\/div><\/div>                                            <\/div>\n                                        <\/div>\n                                    <\/div>\n\t\t\t\t\t\t\t\t\t                        <\/div>\n\n                    <\/div>\n                <\/div>\n\t\t\t\t<\/div>","protected":false},"excerpt":{"rendered":"<p>Jueves Lardero Subida de Carnaval &#8211; 1\u00aa Almuerzo Tercero de la Soledad Subida de Tentaciones &#8211; 2\u00aa Subida de Transfiguraci\u00f3n &#8211; 3\u00aa Subida de Diablo Mudo &#8211; 4\u00aa Subida de Pan y Peces &#8211; 5\u00aa S\u00e1bado de Ramos Domingo de Ramos Martes Santo Jueves Santo Viernes Santo Santo Entierro Magno S\u00e1bado de Ramos &#8211; Chiquito&hellip;&nbsp;<a href=\"https:\/\/www.losataos.org\/w\/fotografias-2014\/\" rel=\"bookmark\">Leer m\u00e1s &raquo;<span class=\"screen-reader-text\">Fotograf\u00edas 2014<\/span><\/a><\/p>\n","protected":false},"author":2,"featured_media":0,"parent":0,"menu_order":0,"comment_status":"closed","ping_status":"open","template":"","meta":{"neve_meta_sidebar":"","neve_meta_container":"","neve_meta_enable_content_width":"","neve_meta_content_width":0,"neve_meta_title_alignment":"","neve_meta_author_avatar":"","neve_post_elements_order":"","neve_meta_disable_header":"","neve_meta_disable_footer":"","neve_meta_disable_title":"","footnotes":""},"wf_page_folders":[15],"class_list":["post-1928","page","type-page","status-publish","hentry"],"jetpack_sharing_enabled":true,"_links":{"self":[{"href":"https:\/\/www.losataos.org\/w\/wp-json\/wp\/v2\/pages\/1928","targetHints":{"allow":["GET"]}}],"collection":[{"href":"https:\/\/www.losataos.org\/w\/wp-json\/wp\/v2\/pages"}],"about":[{"href":"https:\/\/www.losataos.org\/w\/wp-json\/wp\/v2\/types\/page"}],"author":[{"embeddable":true,"href":"https:\/\/www.losataos.org\/w\/wp-json\/wp\/v2\/users\/2"}],"replies":[{"embeddable":true,"href":"https:\/\/www.losataos.org\/w\/wp-json\/wp\/v2\/comments?post=1928"}],"version-history":[{"count":28,"href":"https:\/\/www.losataos.org\/w\/wp-json\/wp\/v2\/pages\/1928\/revisions"}],"predecessor-version":[{"id":1997,"href":"https:\/\/www.losataos.org\/w\/wp-json\/wp\/v2\/pages\/1928\/revisions\/1997"}],"wp:attachment":[{"href":"https:\/\/www.losataos.org\/w\/wp-json\/wp\/v2\/media?parent=1928"}],"wp:term":[{"taxonomy":"wf_page_folders","embeddable":true,"href":"https:\/\/www.losataos.org\/w\/wp-json\/wp\/v2\/wf_page_folders?post=1928"}],"curies":[{"name":"wp","href":"https:\/\/api.w.org\/{rel}","templated":true}]}}