{"id":1065,"date":"2021-07-22T22:26:25","date_gmt":"2021-07-22T22:26:25","guid":{"rendered":"http:\/\/www.losataos.org\/w\/?page_id=1065"},"modified":"2022-01-20T11:44:15","modified_gmt":"2022-01-20T11:44:15","slug":"grupo-de-musica-de-los-ataos","status":"publish","type":"page","link":"https:\/\/www.losataos.org\/w\/grupo-de-musica-de-los-ataos\/","title":{"rendered":"Grupo de M\u00fasica de los Ataos."},"content":{"rendered":"<div id=\"wppb-builder-container\" class=\"wppb-builder-container\">\t\t<div data-elementor-type=\"wp-page\" data-elementor-id=\"1065\" class=\"elementor elementor-1065\" data-elementor-post-type=\"page\">\n\t\t\t\t\t\t<section class=\"elementor-section elementor-top-section elementor-element elementor-element-6308fcae elementor-section-boxed elementor-section-height-default elementor-section-height-default\" data-id=\"6308fcae\" data-element_type=\"section\" data-e-type=\"section\">\n\t\t\t\t\t\t<div class=\"elementor-container elementor-column-gap-default\">\n\t\t\t\t\t<div class=\"elementor-column elementor-col-100 elementor-top-column elementor-element elementor-element-55379eb9\" data-id=\"55379eb9\" data-element_type=\"column\" data-e-type=\"column\">\n\t\t\t<div class=\"elementor-widget-wrap elementor-element-populated\">\n\t\t\t\t\t\t<div class=\"elementor-element elementor-element-af0498c elementor--h-position-center elementor--v-position-middle elementor-arrows-position-inside elementor-pagination-position-inside elementor-widget elementor-widget-slides\" data-id=\"af0498c\" data-element_type=\"widget\" data-e-type=\"widget\" data-settings=\"{&quot;navigation&quot;:&quot;both&quot;,&quot;autoplay&quot;:&quot;yes&quot;,&quot;pause_on_hover&quot;:&quot;yes&quot;,&quot;pause_on_interaction&quot;:&quot;yes&quot;,&quot;autoplay_speed&quot;:5000,&quot;infinite&quot;:&quot;yes&quot;,&quot;transition&quot;:&quot;slide&quot;,&quot;transition_speed&quot;:500}\" data-widget_type=\"slides.default\">\n\t\t\t\t<div class=\"elementor-widget-container\">\n\t\t\t\t\t\t\t\t\t<div class=\"elementor-swiper\">\n\t\t\t\t\t<div class=\"elementor-slides-wrapper elementor-main-swiper swiper\" role=\"region\" aria-roledescription=\"carousel\" aria-label=\"Slides\" dir=\"ltr\" data-animation=\"fadeInUp\">\n\t\t\t\t<div class=\"swiper-wrapper elementor-slides\">\n\t\t\t\t\t\t\t\t\t\t<div class=\"elementor-repeater-item-8791294 swiper-slide\" role=\"group\" aria-roledescription=\"slide\"><div class=\"swiper-slide-bg\" role=\"img\" aria-label=\"m2\"><\/div><div class=\"swiper-slide-inner\" ><div class=\"swiper-slide-contents\"><\/div><\/div><\/div><div class=\"elementor-repeater-item-e4b46f9 swiper-slide\" role=\"group\" aria-roledescription=\"slide\"><div class=\"swiper-slide-bg\" role=\"img\" aria-label=\"m3\"><\/div><div class=\"swiper-slide-inner\" ><div class=\"swiper-slide-contents\"><\/div><\/div><\/div><div class=\"elementor-repeater-item-819ef3c swiper-slide\" role=\"group\" aria-roledescription=\"slide\"><div class=\"swiper-slide-bg\" role=\"img\" aria-label=\"m1\"><\/div><div class=\"swiper-slide-inner\" ><div class=\"swiper-slide-contents\"><\/div><\/div><\/div><div class=\"elementor-repeater-item-bc92a22 swiper-slide\" role=\"group\" aria-roledescription=\"slide\"><div class=\"swiper-slide-bg\" role=\"img\" aria-label=\"m1\"><\/div><div class=\"swiper-slide-inner\" ><div class=\"swiper-slide-contents\"><\/div><\/div><\/div>\t\t\t\t<\/div>\n\t\t\t\t\t\t\t\t\t\t\t\t\t\t\t<div class=\"elementor-swiper-button elementor-swiper-button-prev\" role=\"button\" tabindex=\"0\" aria-label=\"Previous slide\">\n\t\t\t\t\t\t\t<i aria-hidden=\"true\" class=\"eicon-chevron-left\"><\/i>\t\t\t\t\t\t<\/div>\n\t\t\t\t\t\t<div class=\"elementor-swiper-button elementor-swiper-button-next\" role=\"button\" tabindex=\"0\" aria-label=\"Next slide\">\n\t\t\t\t\t\t\t<i aria-hidden=\"true\" class=\"eicon-chevron-right\"><\/i>\t\t\t\t\t\t<\/div>\n\t\t\t\t\t\t\t\t\t\t\t\t\t\t\t\t<div class=\"swiper-pagination\"><\/div>\n\t\t\t\t\t\t\t\t\t\t\t\t<\/div>\n\t\t\t\t<\/div>\n\t\t\t\t\t\t\t\t<\/div>\n\t\t\t\t<\/div>\n\t\t\t\t<div class=\"elementor-element elementor-element-6e9545ca elementor-widget elementor-widget-text-editor\" data-id=\"6e9545ca\" data-element_type=\"widget\" data-e-type=\"widget\" data-widget_type=\"text-editor.default\">\n\t\t\t\t<div class=\"elementor-widget-container\">\n\t\t\t\t\t\t\t\t\t\n<p><\/p>\n\n\n\n<div class=\"wp-block-kadence-rowlayout alignnone\"><div id=\"kt-layout-id_6c4a56-57\" class=\"kt-row-layout-inner kt-layout-id_6c4a56-57\"><div class=\"kt-row-column-wrap kt-has-2-columns kt-gutter-default kt-v-gutter-default kt-row-valign-top kt-row-layout-equal kt-tab-layout-inherit kt-m-colapse-left-to-right kt-mobile-layout-row\"><\/div><\/div><\/div>\n\t\t\t\t\t\t\t\t<\/div>\n\t\t\t\t<\/div>\n\t\t\t\t<div class=\"elementor-element elementor-element-dcd3e95 elementor-widget-divider--view-line elementor-widget elementor-widget-divider\" data-id=\"dcd3e95\" data-element_type=\"widget\" data-e-type=\"widget\" data-widget_type=\"divider.default\">\n\t\t\t\t<div class=\"elementor-widget-container\">\n\t\t\t\t\t\t\t<div class=\"elementor-divider\">\n\t\t\t<span class=\"elementor-divider-separator\">\n\t\t\t\t\t\t<\/span>\n\t\t<\/div>\n\t\t\t\t\t\t<\/div>\n\t\t\t\t<\/div>\n\t\t\t\t\t<\/div>\n\t\t<\/div>\n\t\t\t\t\t<\/div>\n\t\t<\/section>\n\t\t\t\t<section class=\"elementor-section elementor-top-section elementor-element elementor-element-9c06a61 elementor-section-boxed elementor-section-height-default elementor-section-height-default\" data-id=\"9c06a61\" data-element_type=\"section\" data-e-type=\"section\">\n\t\t\t\t\t\t<div class=\"elementor-container elementor-column-gap-default\">\n\t\t\t\t\t<div class=\"elementor-column elementor-col-100 elementor-top-column elementor-element elementor-element-2976c4d\" data-id=\"2976c4d\" data-element_type=\"column\" data-e-type=\"column\">\n\t\t\t<div class=\"elementor-widget-wrap elementor-element-populated\">\n\t\t\t\t\t\t<div class=\"elementor-element elementor-element-4a5c13f elementor-widget elementor-widget-heading\" data-id=\"4a5c13f\" data-element_type=\"widget\" data-e-type=\"widget\" data-widget_type=\"heading.default\">\n\t\t\t\t<div class=\"elementor-widget-container\">\n\t\t\t\t\t<h4 class=\"elementor-heading-title elementor-size-default\">Su historia<\/h4>\t\t\t\t<\/div>\n\t\t\t\t<\/div>\n\t\t\t\t\t<\/div>\n\t\t<\/div>\n\t\t\t\t\t<\/div>\n\t\t<\/section>\n\t\t\t\t<section class=\"elementor-section elementor-top-section elementor-element elementor-element-4ade446 elementor-section-boxed elementor-section-height-default elementor-section-height-default\" data-id=\"4ade446\" data-element_type=\"section\" data-e-type=\"section\">\n\t\t\t\t\t\t<div class=\"elementor-container elementor-column-gap-default\">\n\t\t\t\t\t<div class=\"elementor-column elementor-col-100 elementor-top-column elementor-element elementor-element-c3f5c88\" data-id=\"c3f5c88\" data-element_type=\"column\" data-e-type=\"column\">\n\t\t\t<div class=\"elementor-widget-wrap elementor-element-populated\">\n\t\t\t\t\t\t<div class=\"elementor-element elementor-element-34d3557 elementor-widget elementor-widget-text-editor\" data-id=\"34d3557\" data-element_type=\"widget\" data-e-type=\"widget\" data-widget_type=\"text-editor.default\">\n\t\t\t\t<div class=\"elementor-widget-container\">\n\t\t\t\t\t\t\t\t\t<p>La m\u00fasica en los Ataos ha sido y es una constante lucha de supervivencia.<\/p>\n<p>Todo empieza en los a\u00f1os 40, pero de una manera informal, dependiendo del dinero que tenia la corporaci\u00f3n. Cada semana se contrataba entre 5 y 10 m\u00fasicos aproximadamente dependiendo de los incentivos de los hermanos, siendo habitual la semana que no pod\u00edan contratarlos hacer la salida los DOMINGOS de cuaresma a ritmo de tambor.<\/p>\n<p>Como an\u00e9cdota, Chiquito Rivas (padre) hermano perteneciente a la corporaci\u00f3n de Los Ap\u00f3stoles, pag\u00f3 de su bolsillo la m\u00fasica de varios domingos de cuaresma, dado a que el dinero en los Ataos por aquellos a\u00f1os brillaba por su ausencia.<\/p>\n<p>Es en la d\u00e9cada de los 70 es cuando se consigue tener un grupo de m\u00fasica propio. La corporaci\u00f3n cuenta con la colaboraci\u00f3n de Tomas Ure\u00f1a para formar La Banda Joven incluso se crea una escuela de m\u00fasica en los Ataos, cuna de m\u00fasicos tan relevantes en la actualidad musical como Antonio Moreno Pozo. As\u00ed mismo D. Tom\u00e1s Ure\u00f1a consigue que la banda joven este durante varios a\u00f1os ligada a la corporaci\u00f3n de los Ataos llegando a interpretar composiciones propias para la misma.<\/p>\n<p>\u00a0La corporaci\u00f3n de los Ataos se convierte en vivero de m\u00fasicos para el Imperio Romano, es algo que se instala en la relaci\u00f3n Romanos-Ataos desde el momento que Tomas Ure\u00f1a construye y dirige la Banda Joven en los Ataos haciendo de puente entre ambas corporaciones a la vez que su figura se convierte en arteria principal de la m\u00fasica en Puente Genil.<\/p>\n<p>\u00a0En definitiva, la escuela de m\u00fasica en los Ataos tiene esa finalidad, sobre todo en la \u00e9poca que D. Tomas Ure\u00f1a dirig\u00eda ambos grupos de m\u00fasica ya que serv\u00eda de trampol\u00edn para aquellos m\u00fasicos que quer\u00edan ingresar en el Imperio Romano.<\/p>\n<p>\u00a0Entrado el nuevo siglo los problemas con la m\u00fasica persisten dado a la constante b\u00fasqueda de m\u00fasicos por los motivos que anteriormente he detallado.<\/p>\n<p>\u00a0En el a\u00f1o 2001 siendo presidente el hermano Antonio P\u00e9rez, el grupo de m\u00fasica de la corporaci\u00f3n decide abandonar la corporaci\u00f3n, siendo un Jueves Santo cuando deciden no personarse en la misma por circunstancias personales dejando hu\u00e9rfana musicalmente a la misma.<\/p>\n<p>\u00a0La cuaresma del 2002 es totalmente at\u00edpica, los Ataos no tienen grupo de m\u00fasica y las subidas al Calvario se hace con tambores siendo hermanos como Pepe Amador, Salvador Gonz\u00e1lez o Francis Membiela entre otros, los encargados de darle ritmo a la corporaci\u00f3n para que el desfile se pudiera celebrar con total normalidad. Un a\u00f1o dif\u00edcil que quedar\u00e1 para la posteridad.<\/p>\n<p>\u00a0En 2003 siendo presidente Manuel Garc\u00eda y con la colaboraci\u00f3n y el asesoramiento de D. Tomas Ure\u00f1a se contratan m\u00fasicos de la Roda de Andaluc\u00eda siendo su director pariente directo de un hermano agilizando y facilitando la contrataci\u00f3n.<\/p>\n<p>\u00a0En 2004 y 2005 bajo la presidencia de Pepe Amador los m\u00fasicos contratados son del vecino pueblo de Moriles. Ese mismo a\u00f1o el presidente de la corporaci\u00f3n firma un contrato con el entonces concejal de cultura D. Juan Perales para la creaci\u00f3n de una escuela de m\u00fasica municipal y con la obligaci\u00f3n de formar m\u00fasicos para la corporaci\u00f3n abonando \u00e9sta la cantidad de 3.000\u20ac anuales durante dos a\u00f1os consecutivos con el cometido de crear un nuevo grupo de m\u00fasica para la corporaci\u00f3n.<\/p>\n<p>En 2005, por iniciativa del presidente de aquel entonces, Pepe Amador, y despu\u00e9s Francisco Jos\u00e9 Membiela, se empieza a crear una escuela de m\u00fasica en el convento de los Frailes. Y en 2005 (cu\u00e1ndo a\u00fan acompa\u00f1aba a la Corporaci\u00f3n en cada subida, la Banda de Moriles), algunos componentes del actual grupo de m\u00fasica como Eduardo L\u00f3pez, Miguel Trigos o Alejandro Mor\u00f3n comenzaron a ayudar en las subidas de cuaresma.<\/p>\n<p>En el a\u00f1o 2006 siendo presidente Francisco Membiela se le propone a Lorenzo Rivas antiguo m\u00fasico \u00abAtao\u00bb y actual miembro del grupo de m\u00fasica del Imperio Romano recomponer el grupo. Tras aceptar y con la ayuda de D. Tom\u00e1s Ure\u00f1a, la familia de m\u00fasicos L\u00f3pez Gil y Miguel Trigos, se consigue poner en marcha un nuevo proyecto que es el que actualmente pone las notas musicales en la corporaci\u00f3n de los Ataos.<\/p>\n<p>\u00a0Los primeros a\u00f1os, fueron a\u00f1os de crecimiento musical de todos los componentes, que en su multitud eran gente joven con muchas ganas de aprender. Todo esto no hubiese sido posible sin Tom\u00e1s Ure\u00f1a, gran impulsor de muchos de los m\u00fasicos que hoy componen el Grupo de M\u00fasica.<\/p>\n<p>Tras algunos a\u00f1os, en 2010, se crea la Banda de M\u00fasica que hasta el a\u00f1o 2018 acompa\u00f1\u00f3 a la Titular de la Corporaci\u00f3n, la Virgen de la Gu\u00eda, adem\u00e1s de Nuestro Padre Jes\u00fas del Lavatorio y Mar\u00eda Sant\u00edsima de la Soledad.<\/p>\n<p>Varios hermanos han tenido el honor de ser Jefe del Grupo de M\u00fasica, Ram\u00f3n Rivas en 2011 y 2020, Antonio Gama en 2015, Sergio Morales en 2016 y Jorge Ram\u00edrez 2019. La persona que m\u00e1s ha ocupado el cargo ha sido Miguel Trigos en los a\u00f1os comprendidos entre (2012-2014) (2017-2018). En cuanto a la Direcci\u00f3n Musical, salvo en los a\u00f1os 2011 y 2020 que fueron llevadas a cabo por Ram\u00f3n Rivas, Eduardo L\u00f3pez ha sido el encargado entre los a\u00f1os 2012 y 2019.<\/p>\n<p>Todos ellos, junto al resto de hermanos pertenecientes al Grupo de M\u00fasica acompa\u00f1an cada S\u00e1bado de Romanos a la Corporaci\u00f3n. A lo largo de los a\u00f1os, el Grupo de M\u00fasica ha participado activamente en diferentes actos de la Corporaci\u00f3n, como fueron los que se celebraron en 2016 con motivo del 350 aniversario de las figuras de Dimas y Gestas, o con el viaje a FITUR de la Corporaci\u00f3n en este mismo a\u00f1o.<\/p>\n<p>Tambi\u00e9n en 2016, con motivo del X Aniversario del Grupo de M\u00fasica, se regal\u00f3 una insignia con una Clave de Sol otorgada por la Corporaci\u00f3n (presidida en aquel a\u00f1o por Emilio Palos) a cada hermano del Grupo de M\u00fasica<\/p>\t\t\t\t\t\t\t\t<\/div>\n\t\t\t\t<\/div>\n\t\t\t\t\t<\/div>\n\t\t<\/div>\n\t\t\t\t\t<\/div>\n\t\t<\/section>\n\t\t\t\t<section class=\"elementor-section elementor-top-section elementor-element elementor-element-c5b6991 elementor-section-boxed elementor-section-height-default elementor-section-height-default\" data-id=\"c5b6991\" data-element_type=\"section\" data-e-type=\"section\">\n\t\t\t\t\t\t<div class=\"elementor-container elementor-column-gap-default\">\n\t\t\t\t\t<div class=\"elementor-column elementor-col-33 elementor-top-column elementor-element elementor-element-14ee4c0\" data-id=\"14ee4c0\" data-element_type=\"column\" data-e-type=\"column\">\n\t\t\t<div class=\"elementor-widget-wrap\">\n\t\t\t\t\t\t\t<\/div>\n\t\t<\/div>\n\t\t\t\t<div class=\"elementor-column elementor-col-33 elementor-top-column elementor-element elementor-element-da7a049\" data-id=\"da7a049\" data-element_type=\"column\" data-e-type=\"column\">\n\t\t\t<div class=\"elementor-widget-wrap elementor-element-populated\">\n\t\t\t\t\t\t<div class=\"elementor-element elementor-element-3645162 elementor-widget elementor-widget-button\" data-id=\"3645162\" data-element_type=\"widget\" data-e-type=\"widget\" data-widget_type=\"button.default\">\n\t\t\t\t<div class=\"elementor-widget-container\">\n\t\t\t\t\t\t\t\t\t<div class=\"elementor-button-wrapper\">\n\t\t\t\t\t<a class=\"elementor-button elementor-button-link elementor-size-sm\" href=\"http:\/\/www.losataos.org\/w\/sonidos-de-nuestra-corporacion\/\">\n\t\t\t\t\t\t<span class=\"elementor-button-content-wrapper\">\n\t\t\t\t\t\t\t\t\t<span class=\"elementor-button-text\">Escucha los sonidos de \"Los Ataos\"<\/span>\n\t\t\t\t\t<\/span>\n\t\t\t\t\t<\/a>\n\t\t\t\t<\/div>\n\t\t\t\t\t\t\t\t<\/div>\n\t\t\t\t<\/div>\n\t\t\t\t\t<\/div>\n\t\t<\/div>\n\t\t\t\t<div class=\"elementor-column elementor-col-33 elementor-top-column elementor-element elementor-element-c6b0330\" data-id=\"c6b0330\" data-element_type=\"column\" data-e-type=\"column\">\n\t\t\t<div class=\"elementor-widget-wrap\">\n\t\t\t\t\t\t\t<\/div>\n\t\t<\/div>\n\t\t\t\t\t<\/div>\n\t\t<\/section>\n\t\t\t\t<\/div>\n\t\t<\/div>","protected":false},"excerpt":{"rendered":"<p>Previous Next Su historia La m\u00fasica en los Ataos ha sido y es una constante lucha de supervivencia. Todo empieza en los a\u00f1os 40, pero de una manera informal, dependiendo del dinero que tenia la corporaci\u00f3n. Cada semana se contrataba entre 5 y 10 m\u00fasicos aproximadamente dependiendo de los incentivos de los hermanos, siendo habitual&hellip;&nbsp;<a href=\"https:\/\/www.losataos.org\/w\/grupo-de-musica-de-los-ataos\/\" rel=\"bookmark\">Leer m\u00e1s &raquo;<span class=\"screen-reader-text\">Grupo de M\u00fasica de los Ataos.<\/span><\/a><\/p>\n","protected":false},"author":2,"featured_media":0,"parent":0,"menu_order":0,"comment_status":"closed","ping_status":"closed","template":"","meta":{"neve_meta_sidebar":"","neve_meta_container":"","neve_meta_enable_content_width":"","neve_meta_content_width":0,"neve_meta_title_alignment":"","neve_meta_author_avatar":"","neve_post_elements_order":"","neve_meta_disable_header":"","neve_meta_disable_footer":"","neve_meta_disable_title":"","footnotes":""},"wf_page_folders":[13],"class_list":["post-1065","page","type-page","status-publish","hentry"],"jetpack_sharing_enabled":true,"_links":{"self":[{"href":"https:\/\/www.losataos.org\/w\/wp-json\/wp\/v2\/pages\/1065","targetHints":{"allow":["GET"]}}],"collection":[{"href":"https:\/\/www.losataos.org\/w\/wp-json\/wp\/v2\/pages"}],"about":[{"href":"https:\/\/www.losataos.org\/w\/wp-json\/wp\/v2\/types\/page"}],"author":[{"embeddable":true,"href":"https:\/\/www.losataos.org\/w\/wp-json\/wp\/v2\/users\/2"}],"replies":[{"embeddable":true,"href":"https:\/\/www.losataos.org\/w\/wp-json\/wp\/v2\/comments?post=1065"}],"version-history":[{"count":16,"href":"https:\/\/www.losataos.org\/w\/wp-json\/wp\/v2\/pages\/1065\/revisions"}],"predecessor-version":[{"id":2896,"href":"https:\/\/www.losataos.org\/w\/wp-json\/wp\/v2\/pages\/1065\/revisions\/2896"}],"wp:attachment":[{"href":"https:\/\/www.losataos.org\/w\/wp-json\/wp\/v2\/media?parent=1065"}],"wp:term":[{"taxonomy":"wf_page_folders","embeddable":true,"href":"https:\/\/www.losataos.org\/w\/wp-json\/wp\/v2\/wf_page_folders?post=1065"}],"curies":[{"name":"wp","href":"https:\/\/api.w.org\/{rel}","templated":true}]}}